{"id":82553,"date":"2026-03-03T19:05:21","date_gmt":"2026-03-03T18:05:21","guid":{"rendered":"https:\/\/cparici.com\/fr\/?post_type=listing&#038;p=82553"},"modified":"2026-03-04T08:59:37","modified_gmt":"2026-03-04T07:59:37","slug":"le-jardin-des-cedres","status":"publish","type":"listing","link":"https:\/\/cparici.com\/de\/annonce\/le-jardin-des-cedres\/","title":{"rendered":"Der Zederngarten"},"content":{"rendered":"<p>Le Jardin des C\u00e8dres est une maison d\u2019h\u00f4tes qui privil\u00e9gie l\u2019accueil, le confort, la convivialit\u00e9 et l\u2019authenticit\u00e9, dans un environnement calme et verdoyant. Situ\u00e9e \u00e0 Lavaur dans le Tarn, c\u0153ur d\u2019Occitanie, c\u2019est un point de d\u00e9part parfait pour explorer la r\u00e9gion.<\/p>\n<p>Auf den Etagen des Geb\u00e4udes aus dem 18. Jahrhundert empfangen Sie unsere vier G\u00e4stezimmer f\u00fcr einen Ausflug zu zweit, einen Familienurlaub, ein Wochenende mit Freunden oder einen beruflichen Zwischenstopp.<\/p>\n<p><span style=\"text-decoration: underline;\">Ausf\u00fchrliche Beschreibung:\u00a0<\/span><\/p>\n<p>Ideal gelegen zwischen Toulouse, Albi und Castres, nur wenige Minuten von Lavaur entfernt, bietet Ihnen \u00abLe Jardin des C\u00e8dres\u00bb einen Aufenthalt in einer unserer vier Unterk\u00fcnfte in G\u00e4stezimmern.<\/p>\n<p>Ob Sie sich nun unter den hundertj\u00e4hrigen Zedern erholen, im Pool planschen, eine wirklich nat\u00fcrliche Umgebung entdecken oder von den vielen Aktivit\u00e4ten profitieren m\u00f6chten, die der Tarn und Okzitanien zu bieten haben, es gibt tausend Gr\u00fcnde, sich im Jardin des C\u00e8dres aufzuhalten.<\/p>\n<p>L\u2019ensemble du parc de 1.2 ha est la disposition des h\u00f4tes, un cadre id\u00e9al pour se d\u00e9tendre et se reconnecter avec la nature. En \u00e9t\u00e9, vous pouvez profiter de la piscine ext\u00e9rieure, laisser les enfants s\u2019amuser au trampoline ou simplement vous promener dans le jardin et vous installer \u00e0 l\u2019ombre des c\u00e8dres centenaires.<\/p>\n<p>Unsere G\u00e4stezimmer befinden sich auf den Etagen des Hauses und sind \u00fcber eine Treppe erreichbar. Sie sind alle klimatisiert und bieten eine komfortable Gr\u00f6\u00dfe zwischen 30 und 60 m\u00b2. Alle Zimmer verf\u00fcgen \u00fcber ein eigenes Badezimmer mit Dusche.<\/p>\n<p>Die Zimmer im zweiten Stock f\u00fcr 1 bis 4 Personen unter dem Dachstuhl sind sehr authentisch, mit Backsteinen und Holzbalken. L'Aile bietet seinerseits separate R\u00e4ume mit einem Wohnzimmer und zwei privaten Schlafzimmern f\u00fcr Aufenthalte von bis zu 5 Personen.<\/p>\n<p>Ideal f\u00fcr Ausfl\u00fcge allein, zu zweit oder zu mehreren, im Rahmen unserer maximalen Kapazit\u00e4t von 15 Personen. Zustellbett auf Anfrage verf\u00fcgbar - Babybett auf Anfrage verf\u00fcgbar.<\/p>\n<p>Ein reichhaltiges Fr\u00fchst\u00fcck wird Ihr Erwachen begleiten, sei es im Saal oder im Freien.<\/p>\n<p>Abends bieten wir auf Vorbestellung sorgf\u00e4ltig zubereitete Mahlzeitentafeln oder Bretter an.<\/p>\n<p>Pour plus d\u2019espace et d\u2019autonomie, une salle commune est \u00e0 disposition de nos h\u00f4tes, \u00e9quip\u00e9e de boissons chaudes, d\u2019un r\u00e9frig\u00e9rateur, d\u2019un micro-ondes et de la vaisselle n\u00e9cessaire pour pr\u00e9parer de petits encas.<\/p>\n<p>Au plaisir de vous accueillir\u00a0!<\/p>","protected":false},"author":485,"featured_media":82544,"comment_status":"open","ping_status":"closed","template":"","meta":{"ngg_post_thumbnail":0},"listing_category":[1661],"event_category":[],"service_category":[],"rental_category":[1686],"classifieds_category":[],"listing_feature":[1607,1645,1914,1922,1858,1862,1627,1613,1908,1631,1642,1950,1640],"region":[2997,2998,2993,2091,2321],"class_list":["post-82553","listing","type-listing","status-publish","has-post-thumbnail","hentry","listing_category-hebergements","rental_category-chambre-dhotes","listing_feature-adapte-aux-enfants","listing_feature-cafetiere-nespresso","listing_feature-cb-acceptees","listing_feature-chaises-hautes-enfants-disponibles","listing_feature-lave-vaisselle","listing_feature-micro-ondes","listing_feature-non-fumeur","listing_feature-parking-gratuit","listing_feature-petit-dejeuner","listing_feature-piscine","listing_feature-piscine-partagee","listing_feature-restauration-sur-place","listing_feature-wifi","region-albi","region-castres","region-lavaur","region-occitanie-fr","region-tarn-fr"],"_links":{"self":[{"href":"https:\/\/cparici.com\/de\/wp-json\/wp\/v2\/listing\/82553","targetHints":{"allow":["GET"]}}],"collection":[{"href":"https:\/\/cparici.com\/de\/wp-json\/wp\/v2\/listing"}],"about":[{"href":"https:\/\/cparici.com\/de\/wp-json\/wp\/v2\/types\/listing"}],"author":[{"embeddable":true,"href":"https:\/\/cparici.com\/de\/wp-json\/wp\/v2\/users\/485"}],"replies":[{"embeddable":true,"href":"https:\/\/cparici.com\/de\/wp-json\/wp\/v2\/comments?post=82553"}],"version-history":[{"count":2,"href":"https:\/\/cparici.com\/de\/wp-json\/wp\/v2\/listing\/82553\/revisions"}],"predecessor-version":[{"id":82562,"href":"https:\/\/cparici.com\/de\/wp-json\/wp\/v2\/listing\/82553\/revisions\/82562"}],"wp:featuredmedia":[{"embeddable":true,"href":"https:\/\/cparici.com\/de\/wp-json\/wp\/v2\/media\/82544"}],"wp:attachment":[{"href":"https:\/\/cparici.com\/de\/wp-json\/wp\/v2\/media?parent=82553"}],"wp:term":[{"taxonomy":"listing_category","embeddable":true,"href":"https:\/\/cparici.com\/de\/wp-json\/wp\/v2\/listing_category?post=82553"},{"taxonomy":"event_category","embeddable":true,"href":"https:\/\/cparici.com\/de\/wp-json\/wp\/v2\/event_category?post=82553"},{"taxonomy":"service_category","embeddable":true,"href":"https:\/\/cparici.com\/de\/wp-json\/wp\/v2\/service_category?post=82553"},{"taxonomy":"rental_category","embeddable":true,"href":"https:\/\/cparici.com\/de\/wp-json\/wp\/v2\/rental_category?post=82553"},{"taxonomy":"classifieds_category","embeddable":true,"href":"https:\/\/cparici.com\/de\/wp-json\/wp\/v2\/classifieds_category?post=82553"},{"taxonomy":"listing_feature","embeddable":true,"href":"https:\/\/cparici.com\/de\/wp-json\/wp\/v2\/listing_feature?post=82553"},{"taxonomy":"region","embeddable":true,"href":"https:\/\/cparici.com\/de\/wp-json\/wp\/v2\/region?post=82553"}],"curies":[{"name":"wp","href":"https:\/\/api.w.org\/{rel}","templated":true}]}}