{"id":51094,"date":"2025-01-05T12:10:17","date_gmt":"2025-01-05T11:10:17","guid":{"rendered":"https:\/\/cparici.com\/?post_type=listing&#038;p=51094"},"modified":"2026-01-08T17:27:13","modified_gmt":"2026-01-08T16:27:13","slug":"la-villa-du-cabellou","status":"publish","type":"listing","link":"https:\/\/cparici.com\/en\/annonce\/la-villa-du-cabellou\/","title":{"rendered":"La Villa du Cabellou"},"content":{"rendered":"<div class=\"flex flex-col text-sm pb-25\">\n<article class=\"text-token-text-primary w-full focus:outline-none [--shadow-height:45px] has-data-writing-block:pointer-events-none has-data-writing-block:-mt-(--shadow-height) has-data-writing-block:pt-(--shadow-height) [&amp;:has([data-writing-block])&gt;*]:pointer-events-auto [content-visibility:auto] supports-[content-visibility:auto]:[contain-intrinsic-size:auto_100lvh] scroll-mt-[calc(var(--header-height)+min(200px,max(70px,20svh)))]\" dir=\"auto\" tabindex=\"-1\" data-turn-id=\"ef072eec-d6a8-458d-a1dc-f8e818ec6dc4\" data-testid=\"conversation-turn-2\" data-scroll-anchor=\"true\" data-turn=\"assistant\">\n<div class=\"text-base my-auto mx-auto pb-10 [--thread-content-margin:--spacing(4)] @w-sm\/main:[--thread-content-margin:--spacing(6)] @w-lg\/main:[--thread-content-margin:--spacing(16)] px-(--thread-content-margin)\">\n<div class=\"[--thread-content-max-width:40rem] @w-lg\/main:[--thread-content-max-width:48rem] mx-auto max-w-(--thread-content-max-width) flex-1 group\/turn-messages focus-visible:outline-hidden relative flex w-full min-w-0 flex-col agent-turn\" tabindex=\"-1\">\n<div class=\"flex max-w-full flex-col grow\">\n<div class=\"min-h-8 text-message relative flex w-full flex-col items-end gap-2 text-start break-words whitespace-normal [.text-message+&amp;]:mt-1\" dir=\"auto\" data-message-author-role=\"assistant\" data-message-id=\"e0a1826f-29b8-45d5-9d47-a846300ca01c\" data-message-model-slug=\"gpt-5-2\">\n<div class=\"flex w-full flex-col gap-1 empty:hidden first:pt-[1px]\">\n<div class=\"markdown prose dark:prose-invert w-full break-words light markdown-new-styling\">\n<p data-start=\"144\" data-end=\"575\">D\u00e9couvrez cette <strong data-start=\"160\" data-end=\"192\">charmante maison de vacances<\/strong> nich\u00e9e dans le quartier tr\u00e8s recherch\u00e9 du Cabellou \u00e0 <strong data-start=\"246\" data-end=\"287\"><span class=\"hover:entity-accent entity-underline inline cursor-pointer align-baseline\"><span class=\"whitespace-normal\">Concarneau<\/span><\/span><\/strong>, un lieu appr\u00e9ci\u00e9 pour son calme, sa proximit\u00e9 avec l\u2019oc\u00e9an et son atmosph\u00e8re authentique \ud83c\udf0a.<br data-start=\"381\" data-end=\"384\">Parfaitement adapt\u00e9e pour des <strong data-start=\"414\" data-end=\"450\">s\u00e9jours en famille ou entre amis<\/strong>, la maison peut accueillir <strong data-start=\"478\" data-end=\"501\">jusqu\u2019\u00e0 9 personnes<\/strong> et offre des espaces g\u00e9n\u00e9reux, pens\u00e9s pour le confort et la convivialit\u00e9.<\/p>\n<p data-start=\"577\" data-end=\"901\">D\u00e8s votre arriv\u00e9e, vous serez s\u00e9duits par une <strong data-start=\"623\" data-end=\"655\">belle pi\u00e8ce de vie lumineuse<\/strong>, propice aux moments de partage, ainsi qu\u2019une <strong data-start=\"702\" data-end=\"744\">cuisine s\u00e9par\u00e9e et enti\u00e8rement \u00e9quip\u00e9e<\/strong>, id\u00e9ale pour pr\u00e9parer de bons repas apr\u00e8s une journ\u00e9e au grand air \ud83c\udf7d\ufe0f.<br data-start=\"816\" data-end=\"819\">Le <strong data-start=\"822\" data-end=\"838\">terrain clos<\/strong> garantit tranquillit\u00e9 et s\u00e9curit\u00e9, notamment pour les enfants.<\/p>\n<p data-start=\"903\" data-end=\"1006\">\ud83d\udecf\ufe0f <strong data-start=\"907\" data-end=\"920\">C\u00f4t\u00e9 nuit<\/strong>, la maison dispose de <strong data-start=\"943\" data-end=\"975\">4 chambres situ\u00e9es \u00e0 l\u2019\u00e9tage<\/strong>, offrant \u00e0 chacun son espace :<\/p>\n<ul data-start=\"1007\" data-end=\"1212\">\n<li data-start=\"1007\" data-end=\"1050\">\n<p data-start=\"1009\" data-end=\"1050\">une chambre avec <strong data-start=\"1026\" data-end=\"1047\">deux lits simples<\/strong>,<\/p>\n<\/li>\n<li data-start=\"1051\" data-end=\"1090\">\n<p data-start=\"1053\" data-end=\"1090\">une chambre avec <strong data-start=\"1070\" data-end=\"1087\">un lit double<\/strong>,<\/p>\n<\/li>\n<li data-start=\"1091\" data-end=\"1147\">\n<p data-start=\"1093\" data-end=\"1147\">une chambre avec <strong data-start=\"1110\" data-end=\"1144\">un lit double et un lit simple<\/strong>,<\/p>\n<\/li>\n<li data-start=\"1148\" data-end=\"1212\">\n<p data-start=\"1150\" data-end=\"1212\">une quatri\u00e8me chambre confortable pour compl\u00e9ter l\u2019ensemble.<\/p>\n<\/li>\n<\/ul>\n<p data-start=\"1214\" data-end=\"1272\">\ud83d\udebf <strong data-start=\"1217\" data-end=\"1239\">Trois salles d\u2019eau<\/strong> viennent parfaire le confort :<\/p>\n<ul data-start=\"1273\" data-end=\"1408\">\n<li data-start=\"1273\" data-end=\"1327\">\n<p data-start=\"1275\" data-end=\"1327\">une salle d\u2019eau avec WC s\u00e9par\u00e9 au rez-de-chauss\u00e9e,<\/p>\n<\/li>\n<li data-start=\"1328\" data-end=\"1368\">\n<p data-start=\"1330\" data-end=\"1368\">une salle d\u2019eau privative \u00e0 l\u2019\u00e9tage,<\/p>\n<\/li>\n<li data-start=\"1369\" data-end=\"1408\">\n<p data-start=\"1371\" data-end=\"1408\">une salle d\u2019eau commune aux chambres.<\/p>\n<\/li>\n<\/ul>\n<p data-start=\"1410\" data-end=\"1921\">\ud83d\udccd <strong data-start=\"1413\" data-end=\"1442\">Un emplacement privil\u00e9gi\u00e9<\/strong><br data-start=\"1442\" data-end=\"1445\">\u00c0 seulement <strong data-start=\"1457\" data-end=\"1508\">2 minutes \u00e0 pied de la plage de la Belle \u00c9toile<\/strong> \ud83c\udfd6\ufe0f, vous profiterez pleinement des plaisirs de la mer sans contrainte. Le centre-ville de Concarneau est accessible en <strong data-start=\"1629\" data-end=\"1653\">5 minutes en voiture<\/strong>, pour fl\u00e2ner dans la ville close, d\u00e9couvrir les march\u00e9s locaux et savourer la gastronomie bretonne.<br data-start=\"1753\" data-end=\"1756\">Les amateurs de balades appr\u00e9cieront la proximit\u00e9 imm\u00e9diate du <strong data-start=\"1819\" data-end=\"1860\"><span class=\"hover:entity-accent entity-underline inline cursor-pointer align-baseline\"><span class=\"whitespace-normal\">GR34<\/span><\/span><\/strong>, offrant des panoramas exceptionnels le long du littoral \ud83c\udf3f.<\/p>\n<p data-start=\"1923\" data-end=\"2057\">\u2728 <strong data-start=\"1925\" data-end=\"1947\">Une adresse id\u00e9ale<\/strong> pour se ressourcer, profiter de l\u2019oc\u00e9an et cr\u00e9er de pr\u00e9cieux souvenirs dans un cadre paisible et authentique.<\/p>\n<p data-start=\"2059\" data-end=\"2185\" data-is-last-node=\"\" data-is-only-node=\"\">R\u00e9servez d\u00e8s maintenant et laissez-vous s\u00e9duire par cette maison accueillante pour des <strong data-start=\"2146\" data-end=\"2184\">vacances inoubliables \u00e0 Concarneau<\/strong>.<\/p>\n<\/div>\n<\/div>\n<\/div>\n<\/div>\n<\/div>\n<\/div>\n<\/article>\n<\/div>\n","protected":false},"author":101,"featured_media":51072,"comment_status":"open","ping_status":"closed","template":"","meta":{"ngg_post_thumbnail":0},"listing_category":[1661],"event_category":[],"service_category":[],"rental_category":[1714],"classifieds_category":[],"listing_feature":[1607,1645,1621,1867,1858,1862,1627,1613,1617,1640],"region":[1742,2418,2764],"class_list":["post-51094","listing","type-listing","status-publish","has-post-thumbnail","hentry","listing_category-hebergements","rental_category-maison-de-vacances","listing_feature-adapte-aux-enfants","listing_feature-cafetiere-nespresso","listing_feature-four","listing_feature-lave-linge","listing_feature-lave-vaisselle","listing_feature-micro-ondes","listing_feature-non-fumeur","listing_feature-parking-gratuit","listing_feature-plage-a-proximite","listing_feature-wifi","region-finistere","region-concarneau","region-finistere-sud"],"_links":{"self":[{"href":"https:\/\/cparici.com\/en\/wp-json\/wp\/v2\/listing\/51094","targetHints":{"allow":["GET"]}}],"collection":[{"href":"https:\/\/cparici.com\/en\/wp-json\/wp\/v2\/listing"}],"about":[{"href":"https:\/\/cparici.com\/en\/wp-json\/wp\/v2\/types\/listing"}],"author":[{"embeddable":true,"href":"https:\/\/cparici.com\/en\/wp-json\/wp\/v2\/users\/101"}],"replies":[{"embeddable":true,"href":"https:\/\/cparici.com\/en\/wp-json\/wp\/v2\/comments?post=51094"}],"version-history":[{"count":0,"href":"https:\/\/cparici.com\/en\/wp-json\/wp\/v2\/listing\/51094\/revisions"}],"wp:featuredmedia":[{"embeddable":true,"href":"https:\/\/cparici.com\/en\/wp-json\/wp\/v2\/media\/51072"}],"wp:attachment":[{"href":"https:\/\/cparici.com\/en\/wp-json\/wp\/v2\/media?parent=51094"}],"wp:term":[{"taxonomy":"listing_category","embeddable":true,"href":"https:\/\/cparici.com\/en\/wp-json\/wp\/v2\/listing_category?post=51094"},{"taxonomy":"event_category","embeddable":true,"href":"https:\/\/cparici.com\/en\/wp-json\/wp\/v2\/event_category?post=51094"},{"taxonomy":"service_category","embeddable":true,"href":"https:\/\/cparici.com\/en\/wp-json\/wp\/v2\/service_category?post=51094"},{"taxonomy":"rental_category","embeddable":true,"href":"https:\/\/cparici.com\/en\/wp-json\/wp\/v2\/rental_category?post=51094"},{"taxonomy":"classifieds_category","embeddable":true,"href":"https:\/\/cparici.com\/en\/wp-json\/wp\/v2\/classifieds_category?post=51094"},{"taxonomy":"listing_feature","embeddable":true,"href":"https:\/\/cparici.com\/en\/wp-json\/wp\/v2\/listing_feature?post=51094"},{"taxonomy":"region","embeddable":true,"href":"https:\/\/cparici.com\/en\/wp-json\/wp\/v2\/region?post=51094"}],"curies":[{"name":"wp","href":"https:\/\/api.w.org\/{rel}","templated":true}]}}