{"id":72501,"date":"2025-11-03T13:08:40","date_gmt":"2025-11-03T12:08:40","guid":{"rendered":"https:\/\/cparici.com\/?page_id=72501"},"modified":"2026-04-05T11:28:25","modified_gmt":"2026-04-05T09:28:25","slug":"louer-sa-residence-principale-en-meuble-de-tourisme","status":"publish","type":"page","link":"https:\/\/cparici.com\/en\/louer-sa-residence-principale-en-meuble-de-tourisme\/","title":{"rendered":"Renting out your principal residence as a furnished holiday home"},"content":{"rendered":"<article class=\"text-token-text-primary w-full focus:outline-none [--shadow-height:45px] has-data-writing-block:pointer-events-none has-data-writing-block:-mt-(--shadow-height) has-data-writing-block:pt-(--shadow-height) [&amp;:has([data-writing-block])&gt;*]:pointer-events-auto [content-visibility:auto] supports-[content-visibility:auto]:[contain-intrinsic-size:auto_100lvh] scroll-mt-[calc(var(--header-height)+min(200px,max(70px,20svh)))]\" dir=\"auto\" tabindex=\"-1\" data-turn-id=\"request-WEB:49960573-c8de-47f4-9423-c0894b65afd4-8\" data-testid=\"conversation-turn-2\" data-scroll-anchor=\"false\" data-turn=\"assistant\">\n<div class=\"text-base my-auto mx-auto [--thread-content-margin:--spacing(4)] thread-sm:[--thread-content-margin:--spacing(6)] thread-lg:[--thread-content-margin:--spacing(16)] px-(--thread-content-margin)\">\n<div class=\"[--thread-content-max-width:40rem] thread-lg:[--thread-content-max-width:48rem] mx-auto max-w-(--thread-content-max-width) flex-1 group\/turn-messages focus-visible:outline-hidden relative flex w-full min-w-0 flex-col agent-turn\" tabindex=\"-1\">\n<div class=\"flex max-w-full flex-col grow\">\n<div class=\"min-h-8 text-message relative flex w-full flex-col items-end gap-2 text-start break-words whitespace-normal [.text-message+&amp;]:mt-1\" dir=\"auto\" data-message-author-role=\"assistant\" data-message-id=\"dcbff7fa-d719-49f4-bdba-44d14116e3e6\" data-message-model-slug=\"gpt-4o\">\n<div class=\"flex w-full flex-col gap-1 empty:hidden first:pt-[1px]\">\n<div class=\"markdown prose dark:prose-invert w-full break-words light markdown-new-styling\">\n<h1 data-start=\"249\" data-end=\"333\">Les normes \u00e0 conna\u00eetre pour louer sa r\u00e9sidence principale en meubl\u00e9 de tourisme<\/h1>\n<\/div>\n<\/div>\n<\/div>\n<\/div>\n<\/div>\n<\/div>\n<\/article>\n<article class=\"text-token-text-primary w-full focus:outline-none [--shadow-height:45px] has-data-writing-block:pointer-events-none has-data-writing-block:-mt-(--shadow-height) has-data-writing-block:pt-(--shadow-height) [&amp;:has([data-writing-block])&gt;*]:pointer-events-auto [content-visibility:auto] supports-[content-visibility:auto]:[contain-intrinsic-size:auto_100lvh] scroll-mt-[calc(var(--header-height)+min(200px,max(70px,20svh)))]\" dir=\"auto\" tabindex=\"-1\" data-turn-id=\"request-WEB:49960573-c8de-47f4-9423-c0894b65afd4-9\" data-testid=\"conversation-turn-4\" data-scroll-anchor=\"true\" data-turn=\"assistant\">\n<div class=\"text-base my-auto mx-auto pb-10 [--thread-content-margin:--spacing(4)] thread-sm:[--thread-content-margin:--spacing(6)] thread-lg:[--thread-content-margin:--spacing(16)] px-(--thread-content-margin)\">\n<div class=\"[--thread-content-max-width:40rem] thread-lg:[--thread-content-max-width:48rem] mx-auto max-w-(--thread-content-max-width) flex-1 group\/turn-messages focus-visible:outline-hidden relative flex w-full min-w-0 flex-col agent-turn\" tabindex=\"-1\">\n<div class=\"flex max-w-full flex-col grow\">\n<div class=\"min-h-8 text-message relative flex w-full flex-col items-end gap-2 text-start break-words whitespace-normal [.text-message+&amp;]:mt-1\" dir=\"auto\" data-message-author-role=\"assistant\" data-message-id=\"d01c1647-0d0f-44e0-8467-62cfd98861fe\" data-message-model-slug=\"gpt-4o\">\n<div class=\"flex w-full flex-col gap-1 empty:hidden first:pt-[1px]\">\n<div class=\"markdown prose dark:prose-invert w-full break-words light markdown-new-styling\">\n<p data-start=\"223\" data-end=\"758\">Louer sa <strong data-start=\"232\" data-end=\"256\">r\u00e9sidence principale<\/strong> en tant que <strong data-start=\"269\" data-end=\"291\">meubl\u00e9 de tourisme<\/strong> impose de respecter un ensemble de <strong data-start=\"327\" data-end=\"363\">r\u00e8gles l\u00e9gales et r\u00e9glementaires<\/strong>. Avant de vous lancer, il est essentiel de conna\u00eetre les d\u00e9finitions, les seuils, les obligations d\u2019enregistrement, ainsi que les cons\u00e9quences en cas de non\u2011respect. Ces normes doivent \u00eatre respect\u00e9es pour que l\u2019activit\u00e9 soit licite et que vous ne perdiez pas le statut de r\u00e9sidence principale. Nous allons passer en revue point par point les diff\u00e9rentes normes, avec leurs fondements l\u00e9gaux.<\/p>\n<p data-start=\"223\" data-end=\"758\"><a href=\"https:\/\/cparici.com\/wp-content\/uploads\/2025\/11\/Louer-sa-residence-princiale-en-meuble-de-tourisme-ce-quil-faut-savoir.jpg\"><img decoding=\"async\" class=\"aligncenter wp-image-72502 size-full\" src=\"https:\/\/cparici.com\/wp-content\/uploads\/2025\/11\/Louer-sa-residence-princiale-en-meuble-de-tourisme-ce-quil-faut-savoir.jpg\" alt=\"Louer sa r\u00e9sidence principale en meubl\u00e9 de tourisme ce qu'il faut savoir\" width=\"1500\" height=\"530\" srcset=\"https:\/\/cparici.com\/wp-content\/uploads\/2025\/11\/Louer-sa-residence-princiale-en-meuble-de-tourisme-ce-quil-faut-savoir.jpg 1500w, https:\/\/cparici.com\/wp-content\/uploads\/2025\/11\/Louer-sa-residence-princiale-en-meuble-de-tourisme-ce-quil-faut-savoir-300x106.jpg 300w, https:\/\/cparici.com\/wp-content\/uploads\/2025\/11\/Louer-sa-residence-princiale-en-meuble-de-tourisme-ce-quil-faut-savoir-1024x362.jpg 1024w, https:\/\/cparici.com\/wp-content\/uploads\/2025\/11\/Louer-sa-residence-princiale-en-meuble-de-tourisme-ce-quil-faut-savoir-768x271.jpg 768w, https:\/\/cparici.com\/wp-content\/uploads\/2025\/11\/Louer-sa-residence-princiale-en-meuble-de-tourisme-ce-quil-faut-savoir-18x6.jpg 18w, https:\/\/cparici.com\/wp-content\/uploads\/2025\/11\/Louer-sa-residence-princiale-en-meuble-de-tourisme-ce-quil-faut-savoir-590x208.jpg 590w, https:\/\/cparici.com\/wp-content\/uploads\/2025\/11\/Louer-sa-residence-princiale-en-meuble-de-tourisme-ce-quil-faut-savoir-1200x424.jpg 1200w, https:\/\/cparici.com\/wp-content\/uploads\/2025\/11\/Louer-sa-residence-princiale-en-meuble-de-tourisme-ce-quil-faut-savoir-577x204.jpg 577w, https:\/\/cparici.com\/wp-content\/uploads\/2025\/11\/Louer-sa-residence-princiale-en-meuble-de-tourisme-ce-quil-faut-savoir-600x212.jpg 600w\" sizes=\"(max-width: 1500px) 100vw, 1500px\" \/><\/a><\/p>\n<h2 data-start=\"765\" data-end=\"835\">1. D\u00e9finition de la r\u00e9sidence principale et du meubl\u00e9 de tourisme<\/h2>\n<h3 data-start=\"836\" data-end=\"889\">1.1 Qu\u2019est\u2011ce que la \u00ab\u202fr\u00e9sidence principale\u202f\u00bb ?<\/h3>\n<p data-start=\"890\" data-end=\"1485\">La notion de <strong data-start=\"903\" data-end=\"927\">r\u00e9sidence principale<\/strong> est d\u00e9finie \u00e0 l\u2019article\u202f2 de la Loi n\u00b0 89\u2011462 du 6 juillet 1989 tendant \u00e0 am\u00e9liorer les rapports locatifs : \u00ab\u202fle logement que le locataire (ou le bailleur) occupe au moins <strong data-start=\"1100\" data-end=\"1120\">huit\u202fmois par an<\/strong>, sauf obligation professionnelle, raison de sant\u00e9 ou cas de force majeure.\u202f\u00bb <br data-start=\"1235\" data-end=\"1238\">Autrement dit, pour qu\u2019un logement soit qualifi\u00e9 de r\u00e9sidence principale, il doit \u00eatre effectivement occup\u00e9 de fa\u00e7on habituelle et continue durant l\u2019ann\u00e9e, avec des attaches personnelles et professionnelles.<\/p>\n<h3 data-start=\"1487\" data-end=\"1537\">1.2 Qu\u2019est\u2011ce qu\u2019un \u00ab\u202fmeubl\u00e9 de tourisme\u202f\u00bb ?<\/h3>\n<p data-start=\"1538\" data-end=\"1992\">Un <strong data-start=\"1541\" data-end=\"1563\">meubl\u00e9 de tourisme<\/strong> est un logement meubl\u00e9 propos\u00e9 \u00e0 une client\u00e8le de passage (touriste, s\u00e9jour de courte dur\u00e9e) qui n\u2019y \u00e9lit pas domicile. Cette notion ressort notamment de l\u2019article\u202fL\u202f324\u20111\u20111 du Code du tourisme.&nbsp;<\/p>\n<blockquote><p><em>&#8220;Les meubl\u00e9s de tourisme, dont le nombre est estim\u00e9 \u00e0 1,2 million, sont des villas, appartements ou studios meubl\u00e9s, \u00e0 l&#8217;usage exclusif du locataire. Ils sont offerts \u00e0 la location \u00e0 une client\u00e8le de passage qui n&#8217;y \u00e9lit pas domicile et qui y effectue un s\u00e9jour caract\u00e9ris\u00e9 par une location \u00e0 la journ\u00e9e, \u00e0 la semaine ou au mois (article L. 324-1-1 du code du tourisme). La dur\u00e9e maximale de la location qui constitue une location saisonni\u00e8re ne peut exc\u00e9der 90 jours cons\u00e9cutifs&#8221;&nbsp; <\/em>Source entreprises.gouv.fr<\/p><\/blockquote>\n<p data-start=\"1538\" data-end=\"1992\">Donc, proposer sa r\u00e9sidence principale en location touristique, c\u2019est la rendre disponible de fa\u00e7on courte pour des personnes de passage, ce qui va d\u00e9clencher des obligations sp\u00e9cifiques.<\/p>\n<h2 data-start=\"1999\" data-end=\"2034\">2. Limite annuelle de location<\/h2>\n<h3 data-start=\"2035\" data-end=\"2072\">2.1 Le seuil l\u00e9gal de 120 jours<\/h3>\n<p data-start=\"2073\" data-end=\"2820\">Pour la location de la <strong data-start=\"2096\" data-end=\"2120\">r\u00e9sidence principale<\/strong> en meubl\u00e9 de tourisme, la r\u00e8gle nationale est qu\u2019elle ne peut \u00eatre lou\u00e9e plus de <strong data-start=\"2202\" data-end=\"2222\">120 jours par an<\/strong> dans les communes ayant instaur\u00e9 la proc\u00e9dure d\u2019enregistrement. Cette limite d\u00e9coule de l\u2019article\u202fL\u202f324\u20111\u20111\u202fIV du Code du tourisme.&nbsp;<br data-start=\"2392\" data-end=\"2395\">Cette mesure a \u00e9t\u00e9 introduite par la Loi n\u00b0 2018\u20111021 du 23 novembre 2018 relative \u00e0 l\u2019\u00e9volution du logement, de l\u2019am\u00e9nagement et du num\u00e9rique (ELAN) (loi ELAN).&nbsp;<\/p>\n<blockquote>\n<p data-start=\"2073\" data-end=\"2820\"><em>&#8220;La loi n\u00b0 2018-1021 du 23 novembre 2018 portant \u00e9volution du logement, de l&#8217;am\u00e9nagement et du num\u00e9rique du logement, de l\u2019am\u00e9nagement et du num\u00e9rique (ELAN) introduit l\u2019interdiction pour un loueur de louer sa r\u00e9sidence principale plus de 120 jours par an, sauf exception (obligation professionnelle, raison de sant\u00e9 ou cas de force majeure). Cette interdiction est valable pour les locations dans les communes ayant mis en place la proc\u00e9dure du num\u00e9ro d\u2019enregistrement. Le loueur en infraction s\u2019expose \u00e0 une amende civile dont le montant peut aller jusqu\u2019\u00e0 10 000 euros. <\/em>Source entreprises.gouv.fr<\/p>\n<\/blockquote>\n<p data-start=\"2073\" data-end=\"2820\">Ainsi, si vous louez votre r\u00e9sidence principale en meubl\u00e9 touristique, vous devez v\u00e9rifier de ne pas d\u00e9passer ce seuil 120 jours\/an pour rester dans le cadre \u00ab r\u00e9sidence principale \u00bb. &#8220;<\/p>\n<h3 data-start=\"2822\" data-end=\"2867\">2.2 Possibilit\u00e9 de r\u00e9duction \u00e0 90 jours<\/h3>\n<p data-start=\"2868\" data-end=\"3304\">Un changement plus r\u00e9cent : par la Loi n\u00b0 2024\u20111039 du 19 novembre 2024 visant \u00e0 renforcer les outils de r\u00e9gulation des meubl\u00e9s de tourisme (dite \u00ab\u202floi Le\u202fMeur\u202f\u00bb), les communes ont d\u00e9sormais la possibilit\u00e9 de ramener ce seuil de 120 jours \u00e0 <strong data-start=\"3109\" data-end=\"3128\">90 jours par an<\/strong> pour la r\u00e9sidence principale.&nbsp;<br data-start=\"3198\" data-end=\"3201\">Exemple\u202f: \u00e0 <a href=\"https:\/\/cparici.com\/fr\/paris\/\">Paris<\/a>, la limite de 90 jours est d\u00e9j\u00e0 mentionn\u00e9e:<\/p>\n<blockquote>\n<p data-start=\"2868\" data-end=\"3304\"><em>&#8220;Vous souhaitez louer votre r\u00e9sidence principale en meubl\u00e9 touristique : la limite est de 90 jours par an&#8221;<\/em> Paris.fr<\/p>\n<\/blockquote>\n<h3 data-start=\"3306\" data-end=\"3343\">2.3 Cons\u00e9quences du d\u00e9passement<\/h3>\n<p data-start=\"3344\" data-end=\"3645\">En cas de d\u00e9passement de ces limites sans autorisation ou sans respect des proc\u00e9dures, votre logement peut perdre son statut de r\u00e9sidence principale, ou n\u00e9cessiter une autorisation de changement d\u2019usage. Vous risquez aussi des sanctions (amendes, astreintes).&nbsp;<\/p>\n<h2 data-start=\"3652\" data-end=\"3698\">3. D\u00e9claration et num\u00e9ro d\u2019enregistrement<\/h2>\n<h3 data-start=\"3699\" data-end=\"3734\">3.1 Obligation de d\u00e9claration<\/h3>\n<p data-start=\"3735\" data-end=\"4356\">La location en meubl\u00e9 de tourisme \u2014 m\u00eame pour une r\u00e9sidence principale \u2014 expose \u00e0 l\u2019obligation de d\u00e9claration ou d\u2019enregistrement aupr\u00e8s de la mairie ou du service comp\u00e9tent. Selon l\u2019article\u202fL\u202f324\u20111\u20111 du Code du tourisme, toute personne qui offre \u00e0 la location un <strong data-start=\"3999\" data-end=\"4021\">meubl\u00e9 touristique<\/strong> doit d\u00e9clarer s\u2019il s\u2019agit de sa r\u00e9sidence principale, le cas \u00e9ch\u00e9ant fournir un num\u00e9ro d\u2019enregistrement et figurer sur la plateforme.<\/p>\n<p data-start=\"3735\" data-end=\"4356\">&nbsp;<br data-start=\"4195\" data-end=\"4198\">Depuis la loi du 19\u202fnovembre\u202f2024, cette obligation se g\u00e9n\u00e9ralise \u00e0 toutes les communes via un t\u00e9l\u00e9service national.<\/p>\n<h3 data-start=\"4358\" data-end=\"4421\">3.2 Num\u00e9ro d\u2019enregistrement \u00e0 mentionner sur les annonces<\/h3>\n<p data-start=\"4422\" data-end=\"4670\">Dans les communes qui ont mis en place le syst\u00e8me, un num\u00e9ro d\u2019enregistrement doit figurer sur chaque annonce de location. Les plateformes en ligne peuvent \u00eatre oblig\u00e9es de retirer les annonces sans num\u00e9ro.&nbsp;<\/p>\n<h3 data-start=\"4672\" data-end=\"4717\">3.3 Sanctions en cas de non\u2011d\u00e9claration<\/h3>\n<p data-start=\"4718\" data-end=\"4961\">En l\u2019absence de d\u00e9claration ou de num\u00e9ro, le loueur s\u2019expose \u00e0 une amende civile pouvant aller jusqu\u2019\u00e0 <strong data-start=\"4821\" data-end=\"4833\">10\u202f000\u202f\u20ac<\/strong> (voire plus dans certaines communes) selon l\u2019article\u202fL\u202f324\u20111\u20111\u202fV du Code du tourisme.&nbsp;<\/p>\n<h2 data-start=\"4968\" data-end=\"5009\">4. Changement d\u2019usage \/ autorisation<\/h2>\n<h3 data-start=\"5010\" data-end=\"5062\">4.1 Quand le \u00ab\u202fchangement d\u2019usage\u202f\u00bb s\u2019applique<\/h3>\n<p data-start=\"5063\" data-end=\"5353\">Le \u00ab\u202fchangement d\u2019usage\u202f\u00bb consiste \u00e0 faire passer un local d\u2019habitation \u00e0 un usage d\u2019h\u00e9bergement touristique, ce qui transforme son r\u00e9gime. Cela devient obligatoire notamment pour une r\u00e9sidence secondaire lou\u00e9e en meubl\u00e9 de tourisme en zone tendue.&nbsp;<\/p>\n<h3 data-start=\"5355\" data-end=\"5409\">4.2 R\u00e9sidence principale vs r\u00e9sidence secondaire<\/h3>\n<p data-start=\"5410\" data-end=\"5955\">Si vous louez votre <strong data-start=\"5430\" data-end=\"5454\">r\u00e9sidence principale<\/strong>, le changement d\u2019usage n\u2019est en principe pas n\u00e9cessaire du fait que vous continuez d\u2019y habiter. Toutefois, si vous louez plus longtemps ou que vous changez l\u2019usage, il peut \u00eatre requis. (Article\u202fL\u202f631\u20117\u20111\u202fA du Code de la construction et de l\u2019habitation)&nbsp;<br data-start=\"5748\" data-end=\"5751\">Pour une r\u00e9sidence secondaire, ou un logement que vous ne d\u00e9clarez pas comme votre r\u00e9sidence principale, la proc\u00e9dure d\u2019autorisation est tr\u00e8s souvent obligatoire.&nbsp;<\/p>\n<h3 data-start=\"5957\" data-end=\"5984\">4.3 R\u00f4le des communes<\/h3>\n<p data-start=\"5985\" data-end=\"6230\">Avec la loi de novembre 2024, les communes peuvent imposer une autorisation pr\u00e9alable de meubl\u00e9 touristique ou limiter le nombre d\u2019autorisations, notamment en zone tendue ou \u00e0 forte pr\u00e9sence touristique.&nbsp;<\/p>\n<h2 data-start=\"6237\" data-end=\"6279\">5. Obligations li\u00e9es au logement lou\u00e9<\/h2>\n<h3 data-start=\"6280\" data-end=\"6320\">5.1 \u00c9tat, \u00e9quipement et conformit\u00e9<\/h3>\n<p data-start=\"6321\" data-end=\"6817\">Le logement propos\u00e9 en location touristique doit \u00eatre <strong data-start=\"6375\" data-end=\"6385\">meubl\u00e9<\/strong>, en bon \u00e9tat d\u2019usage, \u00e9quip\u00e9 pour permettre une occupation imm\u00e9diate. Cela rel\u00e8ve notamment de l\u2019obligation g\u00e9n\u00e9rale de d\u00e9cence du logement (article\u202f6 de la loi du 6 juillet 1989).&nbsp;<br data-start=\"6606\" data-end=\"6609\">De plus, il doit \u00eatre bien identifi\u00e9 comme tel dans les annonces, avec les \u00e9quipements n\u00e9cessaires pour l\u2019usage touristique (ex\u202f: literie, mobilier, cuisine \u00e9quip\u00e9e).&nbsp;<\/p>\n<h3 data-start=\"6819\" data-end=\"6873\">5.2 Respect du bail et des r\u00e8gles de copropri\u00e9t\u00e9<\/h3>\n<p data-start=\"6874\" data-end=\"7148\">M\u00eame si la location est courte, il convient de respecter le r\u00e8glement de copropri\u00e9t\u00e9, les r\u00e8gles relatives aux nuisances, etc. Certaines copropri\u00e9t\u00e9s interdisent la location de type meubl\u00e9 touristique. Il faut v\u00e9rifier le r\u00e8glement.&nbsp;<\/p>\n<h3 data-start=\"7150\" data-end=\"7196\">5.3 Assurance, fiscalit\u00e9, taxe de s\u00e9jour<\/h3>\n<p data-start=\"7197\" data-end=\"7466\">En tant que loueur vous devez vous assurer d\u2019\u00eatre couvert (assurance \u00ab\u202fmeubl\u00e9 touristique\u202f\u00bb ou extension), collecter et reverser \u00e9ventuellement la taxe de s\u00e9jour vers\u00e9e par les occupants si applicable dans la commune concern\u00e9e.&nbsp;<\/p>\n<h2 data-start=\"7473\" data-end=\"7513\">6. Fiscalit\u00e9 et r\u00e9gimes applicables<\/h2>\n<h3 data-start=\"7514\" data-end=\"7554\">6.1 Revenus de la location meubl\u00e9e<\/h3>\n<p data-start=\"7555\" data-end=\"8012\">Les recettes que vous tirez de la location de votre r\u00e9sidence principale en meubl\u00e9 doivent \u00eatre d\u00e9clar\u00e9es\u202f: il s\u2019agit d\u2019une activit\u00e9 de location meubl\u00e9e (souvent consid\u00e9r\u00e9e comme BIC \u2013 b\u00e9n\u00e9fices industriels et commerciaux).&nbsp;<br data-start=\"7818\" data-end=\"7821\">Si vous louez uniquement des pi\u00e8ces de votre r\u00e9sidence principale, certaines exon\u00e9rations ou abattements peuvent s\u2019appliquer dans des limites fix\u00e9es.&nbsp;<\/p>\n<h3 data-start=\"8014\" data-end=\"8041\">6.2 R\u00e9gime LMNP \/ LMP<\/h3>\n<p data-start=\"8042\" data-end=\"8347\">Selon l\u2019activit\u00e9 et le montant des recettes, vous pouvez entrer dans le cadre du statut de Loueur en Meubl\u00e9 Non Professionnel (LMNP) ou de Loueur en Meubl\u00e9 Professionnel (LMP). Cela a des cons\u00e9quences sur le r\u00e9gime fiscal, amortissements, et obligations sociales.<\/p>\n<h3 data-start=\"8349\" data-end=\"8399\">6.3 Impacts en cas de d\u00e9passement des r\u00e8gles<\/h3>\n<p data-start=\"8400\" data-end=\"8691\">Si vous d\u00e9passez la dur\u00e9e maximale sans autorisation ou sans changement d\u2019usage, vous risquez non seulement des sanctions mais aussi une requalification du logement (ex\u202f: r\u00e9sidence secondaire) entra\u00eenant une fiscalit\u00e9 plus lourde ou perte du statut.&nbsp;<\/p>\n<h2 data-start=\"8698\" data-end=\"8751\">7. V\u00e9rifier les r\u00e8gles locales et la copropri\u00e9t\u00e9<\/h2>\n<h3 data-start=\"8752\" data-end=\"8785\">7.1 R\u00e8gles selon la commune<\/h3>\n<p data-start=\"8786\" data-end=\"9147\">La r\u00e9glementation des <strong data-start=\"8808\" data-end=\"8831\">meubl\u00e9s de tourisme<\/strong> d\u00e9pend aussi des d\u00e9cisions locales\u202f: certaines communes peuvent d\u00e9cider d\u2019un seuil \u00e0 90 jours, d\u2019une obligation de dossier d\u2019autorisation, ou encore de quotas.&nbsp;<br data-start=\"9031\" data-end=\"9034\">Il est donc important de consulter la <strong data-start=\"9072\" data-end=\"9082\">mairie<\/strong> ou le service urbanisme de la commune o\u00f9 se situe le logement.<\/p>\n<h3 data-start=\"9149\" data-end=\"9183\">7.2 R\u00e8glement de copropri\u00e9t\u00e9<\/h3>\n<p data-start=\"9184\" data-end=\"9379\">Si vous \u00eates en copropri\u00e9t\u00e9, le r\u00e8glement peut limiter ou interdire la location touristique. Il convient de v\u00e9rifier les clauses et d\u2019informer le syndic.&nbsp;<\/p>\n<h2 data-start=\"9386\" data-end=\"9423\">8. Sanctions en cas d\u2019infraction<\/h2>\n<p data-start=\"9424\" data-end=\"9482\">Ne pas respecter les dispositions implique des risques\u202f:<\/p>\n<ul data-start=\"9483\" data-end=\"9908\">\n<li data-start=\"9483\" data-end=\"9638\">\n<p data-start=\"9485\" data-end=\"9638\">Amendes civiles pouvant atteindre 10\u202f000\u202f\u20ac voire plus en cas de fausse d\u00e9claration ou absence d\u2019enregistrement.&nbsp;<\/p>\n<\/li>\n<li data-start=\"9639\" data-end=\"9751\">\n<p data-start=\"9641\" data-end=\"9751\">Obligation de revenir \u00e0 l\u2019usage d\u2019habitation, astreinte journali\u00e8re.&nbsp;<\/p>\n<\/li>\n<li data-start=\"9752\" data-end=\"9908\">\n<p data-start=\"9754\" data-end=\"9908\">Dans certains cas, perte du statut de r\u00e9sidence principale, imposition plus lourde, requalification du logement.&nbsp;<\/p>\n<\/li>\n<\/ul>\n<h2 data-start=\"9915\" data-end=\"9965\">Conseils pratiques pour la mise en conformit\u00e9<\/h2>\n<ul data-start=\"9966\" data-end=\"10646\">\n<li data-start=\"9966\" data-end=\"10054\">\n<p data-start=\"9968\" data-end=\"10054\">V\u00e9rifiez que le logement est <strong data-start=\"9997\" data-end=\"10027\">votre r\u00e9sidence principale<\/strong> (\u2265\u202f8\u202fmois d\u2019occupation).<\/p>\n<\/li>\n<li data-start=\"10055\" data-end=\"10191\">\n<p data-start=\"10057\" data-end=\"10191\">Consultez la mairie : y\u2011a\u2011t\u2011il un num\u00e9ro d\u2019enregistrement, quelle est la limite de jours (120 ou 90) applicable dans votre commune\u202f?<\/p>\n<\/li>\n<li data-start=\"10192\" data-end=\"10286\">\n<p data-start=\"10194\" data-end=\"10286\">Enregistrez votre logement comme meubl\u00e9 de tourisme et mentionnez le num\u00e9ro sur l\u2019annonce.<\/p>\n<\/li>\n<li data-start=\"10287\" data-end=\"10390\">\n<p data-start=\"10289\" data-end=\"10390\">Ne d\u00e9passez pas la dur\u00e9e maximale de location pour rester dans le cadre de la r\u00e9sidence principale.<\/p>\n<\/li>\n<li data-start=\"10391\" data-end=\"10446\">\n<p data-start=\"10393\" data-end=\"10446\">V\u00e9rifiez le r\u00e8glement de copropri\u00e9t\u00e9 si applicable.<\/p>\n<\/li>\n<li data-start=\"10447\" data-end=\"10512\">\n<p data-start=\"10449\" data-end=\"10512\">D\u00e9clarez vos revenus et optez pour le bon r\u00e9gime (LMNP, etc).<\/p>\n<\/li>\n<li data-start=\"10513\" data-end=\"10560\">\n<p data-start=\"10515\" data-end=\"10560\">Assurez\u2011vous d\u2019avoir une assurance adapt\u00e9e.<\/p>\n<\/li>\n<li data-start=\"10561\" data-end=\"10646\">\n<p data-start=\"10563\" data-end=\"10646\">Suivez l\u2019\u00e9volution des textes l\u00e9gislatifs (notamment la loi de 19\u202fnovembre\u202f2024).<\/p>\n<\/li>\n<\/ul>\n<h2 data-start=\"10653\" data-end=\"10668\">Conclusion<\/h2>\n<p data-start=\"10669\" data-end=\"11246\">Louer sa <strong data-start=\"10678\" data-end=\"10724\">r\u00e9sidence principale en meubl\u00e9 de tourisme<\/strong> reste possible, mais <strong data-start=\"10746\" data-end=\"10770\">dans un cadre strict<\/strong>\u202f: d\u00e9finition claire de la r\u00e9sidence principale, limite de jours (120 ou 90), d\u00e9claration ou enregistrement, respect des obligations d\u2019\u00e9quipement, fiscalit\u00e9 adapt\u00e9e, et v\u00e9rification locale. En respectant ces normes, vous s\u00e9curisez votre activit\u00e9 et \u00e9vitez les risques juridiques ou financiers.<br data-start=\"11063\" data-end=\"11066\">Si vous souhaitez, je peux vous pr\u00e9parer un <strong data-start=\"11110\" data-end=\"11139\">check\u2011list t\u00e9l\u00e9chargeable<\/strong> des d\u00e9marches \u00e0 suivre ou une version localis\u00e9e pour la Nouvelle\u2011Aquitaine (ou votre commune de Saujon).<\/p>\n<h3 data-start=\"11254\" data-end=\"11455\">Cet article a \u00e9t\u00e9 r\u00e9dig\u00e9 \u00e0 partir des sources officielles et r\u00e8glementaires suivantes:<\/h3>\n<p><a href=\"https:\/\/www.entreprises.gouv.fr\/espace-entreprises\/s-informer-sur-la-reglementation\/les-meubles-de-tourisme\" target=\"_blank\" rel=\"noopener\">https:\/\/www.entreprises.gouv.fr\/espace-entreprises\/s-informer-sur-la-reglementation\/les-meubles-de-tourisme<\/a><\/p>\n<p><a href=\"https:\/\/www.paris.fr\/pages\/meubles-touristiques-3637\" target=\"_blank\" rel=\"noopener\">https:\/\/www.paris.fr\/pages\/meubles-touristiques-3637<\/a><\/p>\n<p><a href=\"https:\/\/www.impots.gouv.fr\/particulier\/questions\/je-souhaite-louer-une-partie-de-ma-residence-principale-en-location-meublee?utm_source=chatgpt.com\" target=\"_blank\" rel=\"noopener\">https:\/\/www.impots.gouv.fr\/particulier\/questions\/je-souhaite-louer-une-partie-de-ma-residence-principale-en-location-meublee<\/a><\/p>\n<\/div>\n<p>Les informations donn\u00e9es sont valables \u00e0 la date de la r\u00e9daction de l&#8217;article. Il vous appartient de v\u00e9rifier la mise \u00e0 jour des normes et r\u00e8glementations en vigueur.<\/p>\n<\/div>\n<\/div>\n<\/div>\n<\/div>\n<\/div>\n<\/article>\n","protected":false},"excerpt":{"rendered":"<p>Les normes \u00e0 conna\u00eetre pour louer sa r\u00e9sidence principale en meubl\u00e9 de tourisme Louer sa r\u00e9sidence principale en tant que meubl\u00e9 de tourisme impose de respecter un ensemble de r\u00e8gles l\u00e9gales et r\u00e9glementaires. Avant de vous lancer, il est essentiel de conna\u00eetre les d\u00e9finitions, les seuils, les obligations d\u2019enregistrement, ainsi que les cons\u00e9quences en cas [&hellip;]<\/p>\n","protected":false},"author":97,"featured_media":72502,"parent":0,"menu_order":0,"comment_status":"closed","ping_status":"closed","template":"","meta":{"ngg_post_thumbnail":0,"footnotes":""},"class_list":["post-72501","page","type-page","status-publish","has-post-thumbnail","hentry"],"_links":{"self":[{"href":"https:\/\/cparici.com\/en\/wp-json\/wp\/v2\/pages\/72501","targetHints":{"allow":["GET"]}}],"collection":[{"href":"https:\/\/cparici.com\/en\/wp-json\/wp\/v2\/pages"}],"about":[{"href":"https:\/\/cparici.com\/en\/wp-json\/wp\/v2\/types\/page"}],"author":[{"embeddable":true,"href":"https:\/\/cparici.com\/en\/wp-json\/wp\/v2\/users\/97"}],"replies":[{"embeddable":true,"href":"https:\/\/cparici.com\/en\/wp-json\/wp\/v2\/comments?post=72501"}],"version-history":[{"count":0,"href":"https:\/\/cparici.com\/en\/wp-json\/wp\/v2\/pages\/72501\/revisions"}],"wp:featuredmedia":[{"embeddable":true,"href":"https:\/\/cparici.com\/en\/wp-json\/wp\/v2\/media\/72502"}],"wp:attachment":[{"href":"https:\/\/cparici.com\/en\/wp-json\/wp\/v2\/media?parent=72501"}],"curies":[{"name":"wp","href":"https:\/\/api.w.org\/{rel}","templated":true}]}}