{"id":54611,"date":"2025-01-19T19:18:04","date_gmt":"2025-01-19T18:18:04","guid":{"rendered":"https:\/\/cparici.com\/?post_type=listing&#038;p=54611"},"modified":"2026-02-28T09:19:11","modified_gmt":"2026-02-28T08:19:11","slug":"bicoque-de-sophie","status":"publish","type":"listing","link":"https:\/\/cparici.com\/fr\/annonce\/bicoque-de-sophie\/","title":{"rendered":"Bicoque de Sophie"},"content":{"rendered":"<p data-start=\"0\" data-end=\"59\">\ud83c\udfe1 La Bicoque de Sophie, <strong data-start=\"3\" data-end=\"53\">Appartement cosy 5 Pers \u2013 \u00c0 250m de la plage !<\/strong> \ud83c\udf0a<\/p>\n<p data-start=\"61\" data-end=\"367\">Offrez-vous une escapade id\u00e9ale au c\u0153ur de la station baln\u00e9aire de <strong data-start=\"128\" data-end=\"156\">Saint-Georges-de-Didonne<\/strong> ! Cet <strong data-start=\"163\" data-end=\"199\">appartement tout confort de 45m\u00b2<\/strong>, situ\u00e9 au <strong data-start=\"210\" data-end=\"227\" data-is-only-node=\"\">premier \u00e9tage<\/strong>, dispose d\u2019un <strong data-start=\"242\" data-end=\"302\">balcon avec vue sur la place du village et ses commerces<\/strong>. Son <strong data-start=\"308\" data-end=\"328\">entr\u00e9e privative<\/strong> vous garantit calme et ind\u00e9pendance.<\/p>\n<p data-start=\"369\" data-end=\"660\"><strong data-start=\"369\" data-end=\"408\">Tout est pens\u00e9 pour votre confort :<\/strong><br data-start=\"408\" data-end=\"411\"><strong data-start=\"413\" data-end=\"441\">Emplacement exceptionnel<\/strong> \u2013 Plage, commerces et restaurants accessibles \u00e0 pied !<br data-start=\"496\" data-end=\"499\" data-is-only-node=\"\"><strong data-start=\"501\" data-end=\"531\">Draps et serviettes en option <\/strong>\u00a0\u2013 Voyagez l\u00e9ger et profitez d\u00e8s votre arriv\u00e9e.<br data-start=\"578\" data-end=\"581\"><strong data-start=\"583\" data-end=\"602\">WiFi disponible<\/strong> \u2013 Parfait pour surfer sur le web (hors t\u00e9l\u00e9chargement).<\/p>\n<h3 data-start=\"134\" data-end=\"177\"><strong data-start=\"138\" data-end=\"175\">Un espace fonctionnel et agr\u00e9able<\/strong><\/h3>\n<p data-start=\"178\" data-end=\"202\">Ce logement comprend :<\/p>\n<ul data-start=\"203\" data-end=\"774\">\n<li data-start=\"203\" data-end=\"268\"><strong data-start=\"205\" data-end=\"241\">Un salon \u00e9quip\u00e9 d\u2019une t\u00e9l\u00e9vision<\/strong>, id\u00e9al pour se d\u00e9tendre.<\/li>\n<li data-start=\"269\" data-end=\"496\"><strong data-start=\"271\" data-end=\"306\">Une cuisine enti\u00e8rement \u00e9quip\u00e9e<\/strong>, comprenant un four, un four micro-ondes, un lave-vaisselle, une machine \u00e0 laver le linge, une cafeti\u00e8re Nespresso, une bouilloire et tout le n\u00e9cessaire pour cuisiner en toute simplicit\u00e9.<\/li>\n<li data-start=\"497\" data-end=\"650\"><strong data-start=\"499\" data-end=\"521\">2 chambres et 1 espaces nuit<\/strong> :\n<ul data-start=\"528\" data-end=\"650\">\n<li data-start=\"528\" data-end=\"566\">Une chambre avec un <strong data-start=\"550\" data-end=\"564\">lit en 160<\/strong><\/li>\n<li data-start=\"569\" data-end=\"607\">Une chambre avec un <strong data-start=\"591\" data-end=\"605\">lit en 140<\/strong><\/li>\n<li data-start=\"610\" data-end=\"650\">Une mezzanine avec un <strong data-start=\"634\" data-end=\"648\">lit en 140<\/strong><\/li>\n<\/ul>\n<\/li>\n<li data-start=\"651\" data-end=\"697\"><strong data-start=\"653\" data-end=\"695\">Une salle de bain avec douche et un WC<\/strong><\/li>\n<\/ul>\n<h3 data-start=\"776\" data-end=\"808\"><strong data-start=\"780\" data-end=\"806\">Stationnement et acc\u00e8s<\/strong><\/h3>\n<p data-start=\"809\" data-end=\"1174\">La Bicoque de Sophie \u00e9tant situ\u00e9e <strong data-start=\"843\" data-end=\"865\">au c\u0153ur du village<\/strong>, le stationnement n\u2019est pas possible juste devant le logement. Cependant, <strong data-start=\"940\" data-end=\"1006\">des places gratuites sont disponibles dans les rues parall\u00e8les<\/strong>. Un <strong data-start=\"1011\" data-end=\"1036\">parking en zone bleue<\/strong> se trouve en face, facilitant le d\u00e9chargement des bagages. Nous vous indiquerons les possibilit\u00e9s de stationnement avant votre arriv\u00e9e.<\/p>\n<h3 data-start=\"1176\" data-end=\"1224\"><strong data-start=\"1180\" data-end=\"1222\">Forfait m\u00e9nage et conditions de d\u00e9part<\/strong><\/h3>\n<ul data-start=\"1225\" data-end=\"1610\">\n<li data-start=\"1225\" data-end=\"1370\"><strong data-start=\"1227\" data-end=\"1255\">Forfait m\u00e9nage en option<\/strong> :\n<ul data-start=\"1262\" data-end=\"1370\">\n<li data-start=\"1262\" data-end=\"1315\"><strong data-start=\"1264\" data-end=\"1272\">40 \u20ac<\/strong> pour les s\u00e9jours de <strong data-start=\"1293\" data-end=\"1313\">moins de 4 jours<\/strong><\/li>\n<li data-start=\"1318\" data-end=\"1370\"><strong data-start=\"1320\" data-end=\"1328\">80 \u20ac<\/strong> pour les s\u00e9jours de <strong data-start=\"1349\" data-end=\"1368\">4 jours et plus<\/strong><\/li>\n<\/ul>\n<\/li>\n<li data-start=\"1371\" data-end=\"1519\">Si vous choisissez de ne pas prendre l\u2019option m\u00e9nage, le <strong data-start=\"1430\" data-end=\"1466\">logement devra \u00eatre rendu propre<\/strong>, tant \u00e0 l\u2019int\u00e9rieur que dans ses abords imm\u00e9diats.<\/li>\n<li data-start=\"1520\" data-end=\"1610\"><strong data-start=\"1522\" data-end=\"1543\">Dans tous les cas<\/strong>, les poubelles doivent \u00eatre vid\u00e9es et le lave-vaisselle nettoy\u00e9.<\/li>\n<\/ul>\n<h3 data-start=\"1612\" data-end=\"1656\"><strong data-start=\"1616\" data-end=\"1654\">Consommation d\u2019\u00e9lectricit\u00e9 incluse<\/strong><\/h3>\n<p data-start=\"1657\" data-end=\"1903\">La location comprend une consommation journali\u00e8re de <strong data-start=\"1710\" data-end=\"1724\">20 kW\/jour<\/strong>, correspondant \u00e0 une utilisation raisonn\u00e9e. En cas de d\u00e9passement, l\u2019exc\u00e9dent sera factur\u00e9 au <strong data-start=\"1819\" data-end=\"1843\">tarif EDF en vigueur<\/strong>. <strong data-start=\"1845\" data-end=\"1901\">\u00c0 ce jour, aucun d\u00e9passement n\u2019a jamais \u00e9t\u00e9 factur\u00e9.<\/strong><\/p>\n<h3 data-start=\"1905\" data-end=\"1953\"><strong data-start=\"1909\" data-end=\"1951\">Ce que comprend le prix de la location<\/strong><\/h3>\n<ul data-start=\"1954\" data-end=\"2043\">\n<li data-start=\"1954\" data-end=\"1971\">L\u2019h\u00e9bergement<\/li>\n<li data-start=\"1972\" data-end=\"1981\">L\u2019eau<\/li>\n<li data-start=\"1982\" data-end=\"2043\">Une consommation \u00e9lectrique journali\u00e8re de <strong data-start=\"2027\" data-end=\"2041\">20 kW\/jour<\/strong><\/li>\n<\/ul>\n<p>Au rez-de-chauss\u00e9e, un magasin de d\u00e9coration.<br data-start=\"45\" data-end=\"48\">L\u2019entr\u00e9e est <strong data-start=\"61\" data-end=\"74\">privative<\/strong> pour plus de tranquillit\u00e9.<br data-start=\"101\" data-end=\"104\">Id\u00e9alement situ\u00e9 <strong data-start=\"121\" data-end=\"143\">au c\u0153ur du village<\/strong>, le stationnement est possible <strong data-start=\"175\" data-end=\"215\">dans les rues parall\u00e8les \u00e0 la maison<\/strong>. Je vous indiquerai les options disponibles avant votre arriv\u00e9e.<br data-start=\"280\" data-end=\"283\">Pour faciliter le d\u00e9chargement de vos bagages, vous pouvez utiliser le <strong data-start=\"354\" data-end=\"379\">parking en zone bleue<\/strong> situ\u00e9 juste en face de la location.<\/p>\n<p data-start=\"2045\" data-end=\"2181\" data-is-last-node=\"\" data-is-only-node=\"\">Un s\u00e9jour tout confort vous attend \u00e0 <strong data-start=\"2082\" data-end=\"2106\">La Bicoque de Sophie<\/strong>, o\u00f9 tout a \u00e9t\u00e9 pens\u00e9 pour que vous profitiez pleinement de votre escapade.<\/p>\n<p data-start=\"662\" data-end=\"789\">\ud83d\ude97 <strong data-start=\"665\" data-end=\"712\">On oublie la voiture, tout se fait \u00e0 pied !<\/strong> Profitez pleinement de vos vacances dans un cadre authentique et apaisant.<\/p>\n<p data-start=\"791\" data-end=\"896\">\u26a0\ufe0f <strong data-start=\"794\" data-end=\"805\">\u00c0 noter<\/strong> : Pour pr\u00e9server la tranquillit\u00e9 des lieux, les soir\u00e9es et f\u00eates ne sont pas autoris\u00e9es.<\/p>\n<p data-start=\"898\" data-end=\"1003\" data-is-last-node=\"\" data-is-only-node=\"\">\ud83d\udce9 <strong data-start=\"901\" data-end=\"998\">Ne tardez pas, r\u00e9servez d\u00e8s maintenant et vivez une exp\u00e9rience unique \u00e0 deux pas de l\u2019oc\u00e9an !<\/strong> \ud83c\udf0a\ud83d\udc99<\/p>\n<p data-start=\"706\" data-end=\"767\" data-is-last-node=\"\" data-is-only-node=\"\">\u00a0<\/p>\n","protected":false},"author":108,"featured_media":54601,"comment_status":"open","ping_status":"closed","template":"","meta":{"ngg_post_thumbnail":0},"listing_category":[1661],"event_category":[],"service_category":[],"rental_category":[1684],"classifieds_category":[],"listing_feature":[1607,1645,1621,1867,1627,1617],"region":[2438,2059],"class_list":["post-54611","listing","type-listing","status-publish","has-post-thumbnail","hentry","listing_category-hebergements","rental_category-appartement","listing_feature-adapte-aux-enfants","listing_feature-cafetiere-nespresso","listing_feature-four","listing_feature-lave-linge","listing_feature-non-fumeur","listing_feature-plage-a-proximite","region-royan","region-charente-maritime-fr"],"_links":{"self":[{"href":"https:\/\/cparici.com\/fr\/wp-json\/wp\/v2\/listing\/54611","targetHints":{"allow":["GET"]}}],"collection":[{"href":"https:\/\/cparici.com\/fr\/wp-json\/wp\/v2\/listing"}],"about":[{"href":"https:\/\/cparici.com\/fr\/wp-json\/wp\/v2\/types\/listing"}],"author":[{"embeddable":true,"href":"https:\/\/cparici.com\/fr\/wp-json\/wp\/v2\/users\/108"}],"replies":[{"embeddable":true,"href":"https:\/\/cparici.com\/fr\/wp-json\/wp\/v2\/comments?post=54611"}],"version-history":[{"count":1,"href":"https:\/\/cparici.com\/fr\/wp-json\/wp\/v2\/listing\/54611\/revisions"}],"predecessor-version":[{"id":82362,"href":"https:\/\/cparici.com\/fr\/wp-json\/wp\/v2\/listing\/54611\/revisions\/82362"}],"wp:featuredmedia":[{"embeddable":true,"href":"https:\/\/cparici.com\/fr\/wp-json\/wp\/v2\/media\/54601"}],"wp:attachment":[{"href":"https:\/\/cparici.com\/fr\/wp-json\/wp\/v2\/media?parent=54611"}],"wp:term":[{"taxonomy":"listing_category","embeddable":true,"href":"https:\/\/cparici.com\/fr\/wp-json\/wp\/v2\/listing_category?post=54611"},{"taxonomy":"event_category","embeddable":true,"href":"https:\/\/cparici.com\/fr\/wp-json\/wp\/v2\/event_category?post=54611"},{"taxonomy":"service_category","embeddable":true,"href":"https:\/\/cparici.com\/fr\/wp-json\/wp\/v2\/service_category?post=54611"},{"taxonomy":"rental_category","embeddable":true,"href":"https:\/\/cparici.com\/fr\/wp-json\/wp\/v2\/rental_category?post=54611"},{"taxonomy":"classifieds_category","embeddable":true,"href":"https:\/\/cparici.com\/fr\/wp-json\/wp\/v2\/classifieds_category?post=54611"},{"taxonomy":"listing_feature","embeddable":true,"href":"https:\/\/cparici.com\/fr\/wp-json\/wp\/v2\/listing_feature?post=54611"},{"taxonomy":"region","embeddable":true,"href":"https:\/\/cparici.com\/fr\/wp-json\/wp\/v2\/region?post=54611"}],"curies":[{"name":"wp","href":"https:\/\/api.w.org\/{rel}","templated":true}]}}