{"id":76684,"date":"2026-02-05T15:41:09","date_gmt":"2026-02-05T14:41:09","guid":{"rendered":"https:\/\/cparici.com\/?page_id=76684"},"modified":"2026-02-05T15:41:09","modified_gmt":"2026-02-05T14:41:09","slug":"decouvrir-nos-annonces","status":"publish","type":"page","link":"https:\/\/cparici.com\/fr\/decouvrir-nos-annonces\/","title":{"rendered":"D\u00e9couvrir nos annonces"},"content":{"rendered":"\r\n\t\t\t<div class=\"row margin-bottom-25\">\r\n\r\n\t\t\t\t\n\t<div class=\"col-md-3 col-xs-6\">\n\t\t<!-- Layout Switcher -->\n\t\t<div class=\"layout-switcher\">\n\t\t\t\t\t\t\t<a href=\"#\" data-layout=\"grid\" class=\"grid\"><i class=\"fa fa-th\"><\/i><\/a>\n\t\t\t\t<a href=\"#\" data-layout=\"list\" class=\"list\"><i class=\"fa fa-align-justify\"><\/i><\/a>\n\t\t\t\t\t<\/div>\n\t<\/div>\n\n\n<!-- Sorting \/ Layout Switcher -->\n\t<div class=\"col-md-9\">\n\t\t\t<div class=\"fullwidth-filters  ajax-search \">\n\n\t\t\t\t\t\t\t<!-- Panel Dropdown -->\n\t\t\t\t<div class=\"panel-dropdown wide float-right\" id=\"tax-listing_feature-panel\">\n\t\t\t\t\t<a href=\"#\">Plus de filtres<\/a>\n\t\t\t\t\t<div class=\"panel-dropdown-content checkboxes\">\n\t\t\t\t\t\t\t\t\t\t\t\t<div class=\"row\">\n\n\t\t\t\t\t\t\t\t\t\t\t\t\t\t\t<div class=\"notification warning\">\n\t\t\t\t\t\t\t\t\t<p>Veuillez choisir une cat\u00e9gorie pour afficher les filtres<\/p>\n\t\t\t\t\t\t\t\t<\/div>\n\n\t\t\t\t\t\t\t\n\t\t\t\t\t\t<\/div>\n\n\t\t\t\t\t\t<!-- Buttons -->\n\t\t\t\t\t\t<div class=\"panel-buttons\">\n\t\t\t\t\t\t\t<span class=\"panel-cancel\">Annuler<\/span>\n\t\t\t\t\t\t\t<button class=\"panel-apply\">Appliquer<\/button>\n\t\t\t\t\t\t<\/div>\n\n\t\t\t\t\t<\/div>\n\t\t\t\t<\/div>\n\t\t\t\t<!-- Panel Dropdown \/ End -->\n\t\t\t\n\t\t\t\t\t\t\t\t\t<!-- Panel Dropdown-->\n\t\t\t\t<div class=\"panel-dropdown float-right\">\n\t\t\t\t\t<a href=\"#\">Rayon de distance<\/a>\n\t\t\t\t\t<div class=\"panel-dropdown-content radius-dropdown\">\n\t\t\t\t\t\t\t\t\t\t\t\t<input form=\"listeo_core-search-form\" name=\"search_radius\" class=\"distance-radius\" type=\"range\" min=\"1\" max=\"100\" step=\"1\" value=\"30\" data-title=\"Rayon autour de la destination s\u00e9lectionn\u00e9e\">\n\t\t\t\t\t\t<div class=\"panel-buttons\">\n\t\t\t\t\t\t\t<span class=\"panel-disable\" data-disable=\"D\u00e9sactiver\" data-enable=\"Activer\">D\u00e9sactiver<\/span>\n\t\t\t\t\t\t\t<button class=\"panel-apply\">Appliquer<\/button>\n\t\t\t\t\t\t<\/div>\n\t\t\t\t\t<\/div>\n\t\t\t\t<\/div>\n\t\t\t\t<!-- Panel Dropdown \/ End -->\n\t\t\t\n\t\t\t\t\t\t\t<!-- Sort by -->\n\t\t\t\t<div class=\"sort-by\">\n\t\t\t\t\t<div class=\"sort-by-select\">\n\t\t\t\t\t\t\t\t\t\t\t\t\t\t\t\t\t\t<select form=\"listeo_core-search-form\" name=\"listeo_core_order\" data-placeholder=\"Ordre par d\u00e9faut\" class=\"select2-sortby orderby\">\n\t\t\t\t\t\t\t<option  value=\"default\">Ordre par d\u00e9faut<\/option>\n\t\t\t\t\t\t\t\t\t\t\t\t\t\t\t<option  value=\"best-match\">\n\t\t\t\t\t\t\t\t\tMeilleur r\u00e9sultat\t\t\t\t\t\t\t\t<\/option>\n\t\t\t\t\t\t\t\t\t\t\t\t\t\t\t\t\t\t\t\t\t\t<option  value=\"distance\" class=\"distance-sort\">\n\t\t\t\t\t\t\t\t\tProche en premier\t\t\t\t\t\t\t\t<\/option>\n\t\t\t\t\t\t\t\t\t\t\t\t\t\t\t\t\t\t\t\t\t\t\t\t\t\t\t\t <option  value=\"highest-rated\">Les mieux not\u00e9es<\/option>\t\t\t\t\t\t\t\t\t\t\t\t\t\t\t<option  value=\"reviewed\">Les plus comment\u00e9s<\/option>\t\t\t\t\t\t\t\t\t\t\t\t\t\t<option  value=\"date-desc\">Annonces r\u00e9centes<\/option>\t\t\t\t\t\t\t<option  value=\"date-asc\">Annonces anciennes<\/option>\t\t\t\t\t\t\t<option  value=\"title\">Alphabetiquement<\/option>\t\t\t\t\t\t\t<option  value=\"featured\">En vedette<\/option>\t\t\t\t\t\t\t<option  value=\"views\">Les plus vues<\/option>\t\t\t\t\t\t\t<option  value=\"verified\">V\u00e9rifi\u00e9<\/option>\t\t\t\t\t\t\t<option  value=\"upcoming-event\">\u00c9v\u00e9nement \u00e0 venir<\/option>\t\t\t\t\t\t\t<option  selected='selected' value=\"rand\">Al\u00e9atoirement<\/option>\t\t\t\t\t\t<\/select>\n\t\t\t\t\t<\/div>\n\t\t\t\t<\/div>\n\t\t\t\t<!-- Sort by \/ End -->\n\t\t\t\n\t\t\t\n\t\t<\/div>\n\t\t<\/div>\t\t\t<\/div>\r\n\t\t<!-- Listings -->\r\n\r\n<div id=\"listeo-listings-container\" \r\ndata-counter=\"90\" \r\ndata-style=\"list\"  \r\ndata-custom_class=\"\" \r\ndata-per_page=\"90\" \r\ndata-grid_columns=\"2\" \r\n data-region=\"\"  data-category=\"\"  data-feature=\"\"  data-service_category=\"\"  data-rental_category=\"\"  data-event_category=\"\"  data-classifieds_category=\"\" class=\" list-layout row  ajax-search\">\r\n\t<div class=\"loader-ajax-container\" > <div class=\"loader-ajax\"><\/div> <\/div><!-- Listing Item -->\r\n\r\n\r\n<div  class=\"listing-card-container-nl margin-bottom-30 listing-geo-data\" \r\n\t\tdata-title=\"Chaumi\u00e8re de charme avec piscine et spa \u00e0 5 minutes d\u2019Honfleur\"\r\n\t\tdata-listing-type=\"rental\"\r\n\t\tdata-classifieds-price=\"&euro;\"\r\n\t\tdata-friendly-address=\"34 le gros Ch\u00eane 14600 Ablon\"\r\n\t\tdata-address=\"34 le gros Ch\u00eane 14600 Ablon\"\r\n\t\tdata-image=\"https:\/\/cparici.com\/wp-content\/uploads\/2025\/12\/IMG_4720-520x397.jpeg\"\r\n\t\tdata-longitude=\"0.270837\"\r\n\t\tdata-latitude=\"49.38015\"\r\n\t\t\t\t\tdata-rating=\"0\"\r\n\t\t\tdata-reviews=\"0\"\r\n\t\t\t\tdata-icon=\"&lt;svg xmlns=&quot;http:\/\/www.w3.org\/2000\/svg&quot; width=&quot;800px&quot; height=&quot;800px&quot; viewBox=&quot;0 0 45 45&quot; fill=&quot;none&quot;&gt;\n&lt;path d=&quot;M24.155 8.78099L24.33 8.94499L37.402 21.787L36 23.213L34.2 21.445L34.201 35C34.201 36.054 33.385 36.918 32.35 36.994L32.201 37H12.201C11.147 37 10.283 36.184 10.206 35.149L10.201 35L10.2 21.446L8.402 23.213L7 21.787L20.058 8.95799C21.171 7.82199 22.966 7.75899 24.155 8.78099ZM21.569 10.285L21.473 10.372L12.2 19.481L12.201 35L17.2 34.999L17.201 25C17.201 23.946 18.017 23.082 19.052 23.005L19.201 23H25.201C26.255 23 27.119 23.816 27.196 24.851L27.201 25L27.2 34.999L32.201 35L32.2 19.48L22.901 10.344C22.537 9.98699 21.969 9.96499 21.569 10.285ZM25.201 25H19.201L19.2 34.999H25.2L25.201 25Z&quot; fill=&quot;#3C3C3C&quot;\/&gt;\n&lt;\/svg&gt;\"\r\n\r\n\t>\r\n\t<div class=\"listing-card-nl\">\r\n\t\t<!-- ===== LEFT: IMAGE SLIDER ===== -->\r\n\t\t<div class=\"listing-image-container-nl\">\r\n\t\t\t<a href=\"https:\/\/cparici.com\/fr\/annonce\/chaumiere-de-charme-avec-piscine-et-spa-a-5-minutes-dhonfleur-2\/\">\r\n\t\t\t\t<div class=\"slider-wrapper-nl\">\r\n\t\t\t\t\t\t\t\t\t<img decoding=\"async\" src=\"https:\/\/cparici.com\/wp-content\/uploads\/2025\/12\/IMG_4720-520x397.jpeg\" alt=\"2 Chaumi\u00e8res de charme \u00e0 louer Calvados\" class=\"slider-image-nl\">\r\n\t\t\t\t\t\t<img decoding=\"async\" src=\"https:\/\/cparici.com\/wp-content\/uploads\/2025\/12\/IMG_4721-520x397.jpeg\" alt=\"Chaumi\u00e8re Normandie avec piscine et spa\" class=\"slider-image-nl\">\r\n\t\t\t\t\t\t<img decoding=\"async\" src=\"https:\/\/cparici.com\/wp-content\/uploads\/2025\/12\/IMG_2622-520x397.jpeg\" alt=\"G\u00eete avec jardin en normandie Les 2 Chaumi\u00e8res\" class=\"slider-image-nl\">\r\n\t\t\t\t\t\t<\/div>\r\n\t\t\t<\/a>\r\n\r\n\t\t\t\t\t\t<div class=\"slider-arrow-nl left-nl\" id=\"prevBtn\"><i class=\"fa-solid fa-chevron-left\"><\/i><\/div>\r\n\t\t\t<div class=\"slider-arrow-nl right-nl\" id=\"nextBtn\"><i class=\"fa-solid fa-chevron-right\"><\/i><\/div>\r\n\t\t\t<div class=\"image-overlay-top-nl\">\r\n\r\n\t\t\t\t<span class=\"listing-category-tag-nl\">H\u00e9bergements<\/span>\t\t\t\t\r\n\t\t\t\t\t\t\t\t\t\t\t\t<div class=\"favorite-icon-nl\" id=\"favoriteBtn\">\r\n\t\t\t\t\t\t\t\t<span class=\"save fa-regular fa-heart tooltip left\" title=\"Connexion pour marquer des \u00e9l\u00e9ments\"><\/span>\r\n\t\t\t\t\t\t\t<\/div>\r\n\t\t\t\t\t\t\t\t\t\t\t\r\n\r\n\t\t\t\t\t\t\t<\/div>\r\n\t\t<\/div>\r\n\r\n\t\t<!-- ===== RIGHT: LISTING DETAILS (NOW 2-COLUMN) ===== -->\r\n\t\t<a href=\"https:\/\/cparici.com\/fr\/annonce\/chaumiere-de-charme-avec-piscine-et-spa-a-5-minutes-dhonfleur-2\/\" class=\"listing-details-nl\">\r\n\r\n\t\t\t<!-- Main Content Column (Left) -->\r\n\t\t\t<div class=\"details-main-col-nl\">\r\n\t\t\t\t<div class=\"listing-badges-nl\">\r\n\t\t\t\t\t\t\t\t\t\t\t\t\t\t<\/div>\r\n\t\t\t\t<h2 class=\"listing-title-nl\">Chaumi\u00e8re de charme avec piscine et spa \u00e0 5 minutes d\u2019Honfleur\t\t\t\t\t<div class=\"listing-title-badges-nl\">\r\n\t\t\t\t\t\t\t\t\t\t\t\t\t\t\t\t\t<\/div>\r\n\t\t\t\t<\/h2>\r\n\t\t\t\t<p class=\"listing-location-nl\">34 le gros Ch\u00eane 14600 Ablon<\/p>\r\n\r\n\t\t\t\t\r\n\t\t\t\t\t<div class=\"listing-amenities-nl\">\r\n\t\t\t\t\t\t\r\n\t\t\t\t\t<\/div>\r\n\t\t\t\t\t\t\t<\/div>\r\n\r\n\t\t\t<!-- Sidebar Column (Right) -->\r\n\t\t\t<div class=\"details-sidebar-col-nl\">\r\n\t\t\t\t<div class=\"details-sidebar-upper-nl\">\r\n\r\n\t\t\t\t\t\t\t\t\t<\/div>\r\n\t\t\t\t\t\t\t\t\t\t<div class=\"listing-booking-nl\">\r\n\t\t\t\t\t\t\t<p class=\"price-nl\">400,00&euro; - 900,00&euro;<\/p>\r\n\t\t\t\t\t\t\t\t\t\t\t\t\t<\/div>\r\n\t\t\t\t\r\n\r\n\t\t\t<\/div>\r\n\r\n\r\n\t\t<\/a>\r\n\t<\/div>\r\n<\/div>\r\n\r\n\r\n<!-- Listing Item \/ End --><!-- Listing Item -->\r\n\r\n\r\n<div  class=\"listing-card-container-nl margin-bottom-30 listing-geo-data\" \r\n\t\tdata-title=\"Gite de vacances Cantal avec p\u00eache.\"\r\n\t\tdata-listing-type=\"rental\"\r\n\t\tdata-classifieds-price=\"&euro;\"\r\n\t\tdata-friendly-address=\"Roum\u00e9goux\"\r\n\t\tdata-address=\"Roum\u00e9goux\"\r\n\t\tdata-image=\"https:\/\/cparici.com\/wp-content\/uploads\/2026\/02\/ch-merisier-520x397.jpg\"\r\n\t\tdata-longitude=\"2.179373\"\r\n\t\tdata-latitude=\"44.867743\"\r\n\t\t\t\t\tdata-rating=\"0\"\r\n\t\t\tdata-reviews=\"0\"\r\n\t\t\t\tdata-icon=\"&lt;svg xmlns=&quot;http:\/\/www.w3.org\/2000\/svg&quot; width=&quot;800px&quot; height=&quot;800px&quot; viewBox=&quot;0 0 45 45&quot; fill=&quot;none&quot;&gt;\n&lt;path d=&quot;M24.155 8.78099L24.33 8.94499L37.402 21.787L36 23.213L34.2 21.445L34.201 35C34.201 36.054 33.385 36.918 32.35 36.994L32.201 37H12.201C11.147 37 10.283 36.184 10.206 35.149L10.201 35L10.2 21.446L8.402 23.213L7 21.787L20.058 8.95799C21.171 7.82199 22.966 7.75899 24.155 8.78099ZM21.569 10.285L21.473 10.372L12.2 19.481L12.201 35L17.2 34.999L17.201 25C17.201 23.946 18.017 23.082 19.052 23.005L19.201 23H25.201C26.255 23 27.119 23.816 27.196 24.851L27.201 25L27.2 34.999L32.201 35L32.2 19.48L22.901 10.344C22.537 9.98699 21.969 9.96499 21.569 10.285ZM25.201 25H19.201L19.2 34.999H25.2L25.201 25Z&quot; fill=&quot;#3C3C3C&quot;\/&gt;\n&lt;\/svg&gt;\"\r\n\r\n\t>\r\n\t<div class=\"listing-card-nl\">\r\n\t\t<!-- ===== LEFT: IMAGE SLIDER ===== -->\r\n\t\t<div class=\"listing-image-container-nl\">\r\n\t\t\t<a href=\"https:\/\/cparici.com\/fr\/annonce\/gite-de-vacances-cantal-avec-peche\/\">\r\n\t\t\t\t<div class=\"slider-wrapper-nl\">\r\n\t\t\t\t\t\t\t\t\t<img decoding=\"async\" src=\"https:\/\/cparici.com\/wp-content\/uploads\/2026\/02\/ch-merisier-520x397.jpg\" alt=\"Gite de vacances Cantal avec p\u00eache.\" class=\"slider-image-nl\">\r\n\t\t\t\t\t\t<img decoding=\"async\" src=\"https:\/\/cparici.com\/wp-content\/uploads\/2026\/02\/chalet-merisier-520x397.jpg\" alt=\"Gite de vacances Cantal avec p\u00eache.\" class=\"slider-image-nl\">\r\n\t\t\t\t\t\t<img decoding=\"async\" src=\"https:\/\/cparici.com\/wp-content\/uploads\/2026\/02\/IMG_0328exterieur-520x397.jpg\" alt=\"Gite de vacances Cantal avec p\u00eache.\" class=\"slider-image-nl\">\r\n\t\t\t\t\t\t<\/div>\r\n\t\t\t<\/a>\r\n\r\n\t\t\t\t\t\t\t\t<div class=\"status-button-nl closed-nl\">\r\n\t\t\t\t\t\tFerm\u00e9 maintenant\t\t\t\t\t<\/div>\r\n\t\t\t\t\t\t<div class=\"slider-arrow-nl left-nl\" id=\"prevBtn\"><i class=\"fa-solid fa-chevron-left\"><\/i><\/div>\r\n\t\t\t<div class=\"slider-arrow-nl right-nl\" id=\"nextBtn\"><i class=\"fa-solid fa-chevron-right\"><\/i><\/div>\r\n\t\t\t<div class=\"image-overlay-top-nl\">\r\n\r\n\t\t\t\t<span class=\"listing-category-tag-nl\">H\u00e9bergements<\/span>\t\t\t\t\r\n\t\t\t\t\t\t\t\t\t\t\t\t<div class=\"favorite-icon-nl\" id=\"favoriteBtn\">\r\n\t\t\t\t\t\t\t\t<span class=\"save fa-regular fa-heart tooltip left\" title=\"Connexion pour marquer des \u00e9l\u00e9ments\"><\/span>\r\n\t\t\t\t\t\t\t<\/div>\r\n\t\t\t\t\t\t\t\t\t\t\t\r\n\r\n\t\t\t\t\t\t\t<\/div>\r\n\t\t<\/div>\r\n\r\n\t\t<!-- ===== RIGHT: LISTING DETAILS (NOW 2-COLUMN) ===== -->\r\n\t\t<a href=\"https:\/\/cparici.com\/fr\/annonce\/gite-de-vacances-cantal-avec-peche\/\" class=\"listing-details-nl\">\r\n\r\n\t\t\t<!-- Main Content Column (Left) -->\r\n\t\t\t<div class=\"details-main-col-nl\">\r\n\t\t\t\t<div class=\"listing-badges-nl\">\r\n\t\t\t\t\t\t\t\t\t\t<span class=\"badge-nl featured-nl\"><i class=\"fa-solid fa-star\"><\/i> En vedette<\/span>\t\t\t\t<\/div>\r\n\t\t\t\t<h2 class=\"listing-title-nl\">Gite de vacances Cantal avec p\u00eache.\t\t\t\t\t<div class=\"listing-title-badges-nl\">\r\n\t\t\t\t\t\t\t\t\t\t\t\t\t\t\t\t\t<\/div>\r\n\t\t\t\t<\/h2>\r\n\t\t\t\t<p class=\"listing-location-nl\">Roum\u00e9goux<\/p>\r\n\r\n\t\t\t\t\r\n\t\t\t\t\t<div class=\"listing-amenities-nl\">\r\n\t\t\t\t\t\t\r\n\t\t\t\t\t<\/div>\r\n\t\t\t\t\t\t\t<\/div>\r\n\r\n\t\t\t<!-- Sidebar Column (Right) -->\r\n\t\t\t<div class=\"details-sidebar-col-nl\">\r\n\t\t\t\t<div class=\"details-sidebar-upper-nl\">\r\n\r\n\t\t\t\t\t\t\t\t\t<\/div>\r\n\t\t\t\t\t\t\t\t\t\t<div class=\"listing-booking-nl\">\r\n\t\t\t\t\t\t\t<p class=\"price-nl\">68,00&euro; - 95,00&euro;<\/p>\r\n\t\t\t\t\t\t\t\t\t\t\t\t\t<\/div>\r\n\t\t\t\t\r\n\r\n\t\t\t<\/div>\r\n\r\n\r\n\t\t<\/a>\r\n\t<\/div>\r\n<\/div>\r\n\r\n\r\n<!-- Listing Item \/ End --><!-- Listing Item -->\r\n\r\n\r\n<div  class=\"listing-card-container-nl margin-bottom-30 listing-geo-data\" \r\n\t\tdata-title=\"Maison de vacances Ty Rosc&#8217;OFF\"\r\n\t\tdata-listing-type=\"rental\"\r\n\t\tdata-classifieds-price=\"&euro;\"\r\n\t\tdata-friendly-address=\"Roscoff 400m du centre historique\"\r\n\t\tdata-address=\"Roscoff 400m du centre historique\"\r\n\t\tdata-image=\"https:\/\/cparici.com\/wp-content\/uploads\/2026\/01\/maison-roscoff-520x397.jpeg\"\r\n\t\tdata-longitude=\"-3.971965312957764\"\r\n\t\tdata-latitude=\"48.72219081931061\"\r\n\t\t\t\t\tdata-rating=\"0\"\r\n\t\t\tdata-reviews=\"0\"\r\n\t\t\t\tdata-icon=\"&lt;svg xmlns=&quot;http:\/\/www.w3.org\/2000\/svg&quot; width=&quot;800px&quot; height=&quot;800px&quot; viewBox=&quot;0 0 45 45&quot; fill=&quot;none&quot;&gt;\n&lt;path d=&quot;M24.155 8.78099L24.33 8.94499L37.402 21.787L36 23.213L34.2 21.445L34.201 35C34.201 36.054 33.385 36.918 32.35 36.994L32.201 37H12.201C11.147 37 10.283 36.184 10.206 35.149L10.201 35L10.2 21.446L8.402 23.213L7 21.787L20.058 8.95799C21.171 7.82199 22.966 7.75899 24.155 8.78099ZM21.569 10.285L21.473 10.372L12.2 19.481L12.201 35L17.2 34.999L17.201 25C17.201 23.946 18.017 23.082 19.052 23.005L19.201 23H25.201C26.255 23 27.119 23.816 27.196 24.851L27.201 25L27.2 34.999L32.201 35L32.2 19.48L22.901 10.344C22.537 9.98699 21.969 9.96499 21.569 10.285ZM25.201 25H19.201L19.2 34.999H25.2L25.201 25Z&quot; fill=&quot;#3C3C3C&quot;\/&gt;\n&lt;\/svg&gt;\"\r\n\r\n\t>\r\n\t<div class=\"listing-card-nl\">\r\n\t\t<!-- ===== LEFT: IMAGE SLIDER ===== -->\r\n\t\t<div class=\"listing-image-container-nl\">\r\n\t\t\t<a href=\"https:\/\/cparici.com\/fr\/annonce\/maison-de-vacances-ty-roscoff\/\">\r\n\t\t\t\t<div class=\"slider-wrapper-nl\">\r\n\t\t\t\t\t\t\t\t\t<img decoding=\"async\" src=\"https:\/\/cparici.com\/wp-content\/uploads\/2026\/01\/maison-roscoff-520x397.jpeg\" alt=\"Location vacances Roscoff Ty Roscoff\" class=\"slider-image-nl\">\r\n\t\t\t\t\t\t<img decoding=\"async\" src=\"https:\/\/cparici.com\/wp-content\/uploads\/2026\/01\/location-vacances-roscoff-520x397.jpeg\" alt=\"Location vacances Roscoff proche plage\" class=\"slider-image-nl\">\r\n\t\t\t\t\t\t<img decoding=\"async\" src=\"https:\/\/cparici.com\/wp-content\/uploads\/2026\/01\/cuisine-roscoff-1-480x397.jpg\" alt=\"gite de vacances Roscoff bord de mer\" class=\"slider-image-nl\">\r\n\t\t\t\t\t\t<\/div>\r\n\t\t\t<\/a>\r\n\r\n\t\t\t\t\t\t<div class=\"slider-arrow-nl left-nl\" id=\"prevBtn\"><i class=\"fa-solid fa-chevron-left\"><\/i><\/div>\r\n\t\t\t<div class=\"slider-arrow-nl right-nl\" id=\"nextBtn\"><i class=\"fa-solid fa-chevron-right\"><\/i><\/div>\r\n\t\t\t<div class=\"image-overlay-top-nl\">\r\n\r\n\t\t\t\t<span class=\"listing-category-tag-nl\">H\u00e9bergements<\/span>\t\t\t\t\r\n\t\t\t\t\t\t\t\t\t\t\t\t<div class=\"favorite-icon-nl\" id=\"favoriteBtn\">\r\n\t\t\t\t\t\t\t\t<span class=\"save fa-regular fa-heart tooltip left\" title=\"Connexion pour marquer des \u00e9l\u00e9ments\"><\/span>\r\n\t\t\t\t\t\t\t<\/div>\r\n\t\t\t\t\t\t\t\t\t\t\t\r\n\r\n\t\t\t\t\t\t\t<\/div>\r\n\t\t<\/div>\r\n\r\n\t\t<!-- ===== RIGHT: LISTING DETAILS (NOW 2-COLUMN) ===== -->\r\n\t\t<a href=\"https:\/\/cparici.com\/fr\/annonce\/maison-de-vacances-ty-roscoff\/\" class=\"listing-details-nl\">\r\n\r\n\t\t\t<!-- Main Content Column (Left) -->\r\n\t\t\t<div class=\"details-main-col-nl\">\r\n\t\t\t\t<div class=\"listing-badges-nl\">\r\n\t\t\t\t\t\t\t\t\t\t\t\t\t\t<\/div>\r\n\t\t\t\t<h2 class=\"listing-title-nl\">Maison de vacances Ty Rosc&#8217;OFF\t\t\t\t\t<div class=\"listing-title-badges-nl\">\r\n\t\t\t\t\t\t\t\t\t\t\t\t\t\t\t\t\t<\/div>\r\n\t\t\t\t<\/h2>\r\n\t\t\t\t<p class=\"listing-location-nl\">Roscoff 400m du centre historique<\/p>\r\n\r\n\t\t\t\t\r\n\t\t\t\t\t<div class=\"listing-amenities-nl\">\r\n\t\t\t\t\t\t\r\n\t\t\t\t\t<\/div>\r\n\t\t\t\t\t\t\t<\/div>\r\n\r\n\t\t\t<!-- Sidebar Column (Right) -->\r\n\t\t\t<div class=\"details-sidebar-col-nl\">\r\n\t\t\t\t<div class=\"details-sidebar-upper-nl\">\r\n\r\n\t\t\t\t\t\t\t\t\t<\/div>\r\n\t\t\t\t\t\t\t\t\t\t<div class=\"listing-booking-nl\">\r\n\t\t\t\t\t\t\t<p class=\"price-nl\">140,00&euro; - 280,00&euro;<\/p>\r\n\t\t\t\t\t\t\t\t\t\t\t\t\t<\/div>\r\n\t\t\t\t\r\n\r\n\t\t\t<\/div>\r\n\r\n\r\n\t\t<\/a>\r\n\t<\/div>\r\n<\/div>\r\n\r\n\r\n<!-- Listing Item \/ End --><!-- Listing Item -->\r\n\r\n\r\n<div  class=\"listing-card-container-nl margin-bottom-30 listing-geo-data\" \r\n\t\tdata-title=\"Ker Ad\u00e8le : long\u00e8re cosy au c\u0153ur d&#8217;un bois\"\r\n\t\tdata-listing-type=\"rental\"\r\n\t\tdata-classifieds-price=\"&euro;\"\r\n\t\tdata-friendly-address=\"2 Kerservant 56160 Plo\u00ebrdut\"\r\n\t\tdata-address=\"2 Kerservant 56160 Plo\u00ebrdut\"\r\n\t\tdata-image=\"https:\/\/cparici.com\/wp-content\/uploads\/2025\/07\/20250522_110930-520x397.jpg\"\r\n\t\tdata-longitude=\"-3.2624159\"\r\n\t\tdata-latitude=\"48.1284891\"\r\n\t\t\t\t\tdata-rating=\"5\"\r\n\t\t\tdata-reviews=\"21\"\r\n\t\t\t\tdata-icon=\"&lt;svg xmlns=&quot;http:\/\/www.w3.org\/2000\/svg&quot; width=&quot;800px&quot; height=&quot;800px&quot; viewBox=&quot;0 0 45 45&quot; fill=&quot;none&quot;&gt;\n&lt;path d=&quot;M24.155 8.78099L24.33 8.94499L37.402 21.787L36 23.213L34.2 21.445L34.201 35C34.201 36.054 33.385 36.918 32.35 36.994L32.201 37H12.201C11.147 37 10.283 36.184 10.206 35.149L10.201 35L10.2 21.446L8.402 23.213L7 21.787L20.058 8.95799C21.171 7.82199 22.966 7.75899 24.155 8.78099ZM21.569 10.285L21.473 10.372L12.2 19.481L12.201 35L17.2 34.999L17.201 25C17.201 23.946 18.017 23.082 19.052 23.005L19.201 23H25.201C26.255 23 27.119 23.816 27.196 24.851L27.201 25L27.2 34.999L32.201 35L32.2 19.48L22.901 10.344C22.537 9.98699 21.969 9.96499 21.569 10.285ZM25.201 25H19.201L19.2 34.999H25.2L25.201 25Z&quot; fill=&quot;#3C3C3C&quot;\/&gt;\n&lt;\/svg&gt;\"\r\n\r\n\t>\r\n\t<div class=\"listing-card-nl\">\r\n\t\t<!-- ===== LEFT: IMAGE SLIDER ===== -->\r\n\t\t<div class=\"listing-image-container-nl\">\r\n\t\t\t<a href=\"https:\/\/cparici.com\/fr\/annonce\/ker-adele-longere-cosy-au-coeur-dun-bois\/\">\r\n\t\t\t\t<div class=\"slider-wrapper-nl\">\r\n\t\t\t\t\t\t\t\t\t<img decoding=\"async\" src=\"https:\/\/cparici.com\/wp-content\/uploads\/2025\/07\/20250522_110930-520x397.jpg\" alt=\"Keradele Ploerdut\" class=\"slider-image-nl\">\r\n\t\t\t\t\t\t<img decoding=\"async\" src=\"https:\/\/cparici.com\/wp-content\/uploads\/2025\/07\/20240628_200627-520x397.jpg\" alt=\"Ker Adel Ploerdut\" class=\"slider-image-nl\">\r\n\t\t\t\t\t\t<img decoding=\"async\" src=\"https:\/\/cparici.com\/wp-content\/uploads\/2025\/07\/0061_2W3A6747_WEB-1-520x397.jpg\" alt=\"Location vacances Vallee de Kerservant\" class=\"slider-image-nl\">\r\n\t\t\t\t\t\t<\/div>\r\n\t\t\t<\/a>\r\n\r\n\t\t\t\t\t\t\t\t<div class=\"status-button-nl\">\r\n\t\t\t\t\t\tOuvert maintenant\t\t\t\t\t<\/div>\r\n\t\t\t\t\t\t\t<div class=\"slider-arrow-nl left-nl\" id=\"prevBtn\"><i class=\"fa-solid fa-chevron-left\"><\/i><\/div>\r\n\t\t\t<div class=\"slider-arrow-nl right-nl\" id=\"nextBtn\"><i class=\"fa-solid fa-chevron-right\"><\/i><\/div>\r\n\t\t\t<div class=\"image-overlay-top-nl\">\r\n\r\n\t\t\t\t<span class=\"listing-category-tag-nl\">H\u00e9bergements<\/span>\t\t\t\t\r\n\t\t\t\t\t\t\t\t\t\t\t\t<div class=\"favorite-icon-nl\" id=\"favoriteBtn\">\r\n\t\t\t\t\t\t\t\t<span class=\"save fa-regular fa-heart tooltip left\" title=\"Connexion pour marquer des \u00e9l\u00e9ments\"><\/span>\r\n\t\t\t\t\t\t\t<\/div>\r\n\t\t\t\t\t\t\t\t\t\t\t\r\n\r\n\t\t\t\t\t\t\t<\/div>\r\n\t\t<\/div>\r\n\r\n\t\t<!-- ===== RIGHT: LISTING DETAILS (NOW 2-COLUMN) ===== -->\r\n\t\t<a href=\"https:\/\/cparici.com\/fr\/annonce\/ker-adele-longere-cosy-au-coeur-dun-bois\/\" class=\"listing-details-nl\">\r\n\r\n\t\t\t<!-- Main Content Column (Left) -->\r\n\t\t\t<div class=\"details-main-col-nl\">\r\n\t\t\t\t<div class=\"listing-badges-nl\">\r\n\t\t\t\t\t\t\t\t\t\t\t\t\t\t<\/div>\r\n\t\t\t\t<h2 class=\"listing-title-nl\">Ker Ad\u00e8le : long\u00e8re cosy au c\u0153ur d&#8217;un bois\t\t\t\t\t<div class=\"listing-title-badges-nl\">\r\n\t\t\t\t\t\t\t\t\t\t\t\t\t\t\t\t\t<\/div>\r\n\t\t\t\t<\/h2>\r\n\t\t\t\t<p class=\"listing-location-nl\">2 Kerservant 56160 Plo\u00ebrdut<\/p>\r\n\r\n\t\t\t\t\r\n\t\t\t\t\t<div class=\"listing-amenities-nl\">\r\n\t\t\t\t\t\t\r\n\t\t\t\t\t<\/div>\r\n\t\t\t\t\t\t\t<\/div>\r\n\r\n\t\t\t<!-- Sidebar Column (Right) -->\r\n\t\t\t<div class=\"details-sidebar-col-nl\">\r\n\t\t\t\t<div class=\"details-sidebar-upper-nl\">\r\n\r\n\t\t\t\t\t\t\t\t\t\t\t\t<div class=\"listing-rating-nl\">\r\n\t\t\t\t\t\t\t\t<div class=\"stars-nl\" data-rating=\"5\">\r\n\r\n\t\t\t\t\t\t\t\t\t<div class=\"listing-rating-nl\">\n                      <div class=\"stars-nl\">\n                          <i class=\"fa-solid fa-star\"><\/i>\n                            <i class=\"fa-solid fa-star\"><\/i>\n                            <i class=\"fa-solid fa-star\"><\/i>\n                            <i class=\"fa-solid fa-star\"><\/i>\n                            <i class=\"fa-solid fa-star\"><\/i>\n                      <\/div>\n                       <div class=\"rating-text-nl\">5.0 <span>(21)<\/span><\/div><\/div> \t\t\t\t\t\t\t\t<\/div>\r\n\t\t\t\t\t\t\t<\/div>\r\n\t\t\t\t\t\t\t\t\t<\/div>\r\n\t\t\t\t\t\t\t\t\t\t<div class=\"listing-booking-nl\">\r\n\t\t\t\t\t\t\t<p class=\"price-nl\">95,00&euro; - 180,00&euro;<\/p>\r\n\t\t\t\t\t\t\t\t\t\t\t\t\t<\/div>\r\n\t\t\t\t\r\n\r\n\t\t\t<\/div>\r\n\r\n\r\n\t\t<\/a>\r\n\t<\/div>\r\n<\/div>\r\n\r\n\r\n<!-- Listing Item \/ End --><!-- Listing Item -->\r\n\r\n\r\n<div  class=\"listing-card-container-nl margin-bottom-30 listing-geo-data\" \r\n\t\tdata-title=\"La Perrini\u00e8re Appartement face mer Royan\"\r\n\t\tdata-listing-type=\"rental\"\r\n\t\tdata-classifieds-price=\"&euro;\"\r\n\t\tdata-friendly-address=\"royan\"\r\n\t\tdata-address=\"royan\"\r\n\t\tdata-image=\"https:\/\/cparici.com\/wp-content\/uploads\/2025\/05\/366880516.jpg\"\r\n\t\tdata-longitude=\"-1.0197084\"\r\n\t\tdata-latitude=\"45.6217724\"\r\n\t\t\t\t\tdata-rating=\"0\"\r\n\t\t\tdata-reviews=\"0\"\r\n\t\t\t\tdata-icon=\"&lt;svg xmlns=&quot;http:\/\/www.w3.org\/2000\/svg&quot; width=&quot;800px&quot; height=&quot;800px&quot; viewBox=&quot;0 0 45 45&quot; fill=&quot;none&quot;&gt;\n&lt;path d=&quot;M24.155 8.78099L24.33 8.94499L37.402 21.787L36 23.213L34.2 21.445L34.201 35C34.201 36.054 33.385 36.918 32.35 36.994L32.201 37H12.201C11.147 37 10.283 36.184 10.206 35.149L10.201 35L10.2 21.446L8.402 23.213L7 21.787L20.058 8.95799C21.171 7.82199 22.966 7.75899 24.155 8.78099ZM21.569 10.285L21.473 10.372L12.2 19.481L12.201 35L17.2 34.999L17.201 25C17.201 23.946 18.017 23.082 19.052 23.005L19.201 23H25.201C26.255 23 27.119 23.816 27.196 24.851L27.201 25L27.2 34.999L32.201 35L32.2 19.48L22.901 10.344C22.537 9.98699 21.969 9.96499 21.569 10.285ZM25.201 25H19.201L19.2 34.999H25.2L25.201 25Z&quot; fill=&quot;#3C3C3C&quot;\/&gt;\n&lt;\/svg&gt;\"\r\n\r\n\t>\r\n\t<div class=\"listing-card-nl\">\r\n\t\t<!-- ===== LEFT: IMAGE SLIDER ===== -->\r\n\t\t<div class=\"listing-image-container-nl\">\r\n\t\t\t<a href=\"https:\/\/cparici.com\/fr\/annonce\/appartement-face-mer\/\">\r\n\t\t\t\t<div class=\"slider-wrapper-nl\">\r\n\t\t\t\t\t\t\t\t\t<img decoding=\"async\" src=\"https:\/\/cparici.com\/wp-content\/uploads\/2025\/05\/366880516.jpg\" alt=\"La Perrini\u00e8re Appartement face mer Royan\" class=\"slider-image-nl\">\r\n\t\t\t\t\t\t<img decoding=\"async\" src=\"https:\/\/cparici.com\/wp-content\/uploads\/2025\/05\/11-520x397.jpg\" alt=\"La Perrini\u00e8re Appartement face mer Royan\" class=\"slider-image-nl\">\r\n\t\t\t\t\t\t<img decoding=\"async\" src=\"https:\/\/cparici.com\/wp-content\/uploads\/2025\/05\/2-520x397.jpg\" alt=\"La Perrini\u00e8re Appartement face mer Royan\" class=\"slider-image-nl\">\r\n\t\t\t\t\t\t<\/div>\r\n\t\t\t<\/a>\r\n\r\n\t\t\t\t\t\t\t\t<div class=\"status-button-nl closed-nl\">\r\n\t\t\t\t\t\tFerm\u00e9 maintenant\t\t\t\t\t<\/div>\r\n\t\t\t\t\t\t<div class=\"slider-arrow-nl left-nl\" id=\"prevBtn\"><i class=\"fa-solid fa-chevron-left\"><\/i><\/div>\r\n\t\t\t<div class=\"slider-arrow-nl right-nl\" id=\"nextBtn\"><i class=\"fa-solid fa-chevron-right\"><\/i><\/div>\r\n\t\t\t<div class=\"image-overlay-top-nl\">\r\n\r\n\t\t\t\t<span class=\"listing-category-tag-nl\">H\u00e9bergements<\/span>\t\t\t\t\r\n\t\t\t\t\t\t\t\t\t\t\t\t<div class=\"favorite-icon-nl\" id=\"favoriteBtn\">\r\n\t\t\t\t\t\t\t\t<span class=\"save fa-regular fa-heart tooltip left\" title=\"Connexion pour marquer des \u00e9l\u00e9ments\"><\/span>\r\n\t\t\t\t\t\t\t<\/div>\r\n\t\t\t\t\t\t\t\t\t\t\t\r\n\r\n\t\t\t\t\t\t\t<\/div>\r\n\t\t<\/div>\r\n\r\n\t\t<!-- ===== RIGHT: LISTING DETAILS (NOW 2-COLUMN) ===== -->\r\n\t\t<a href=\"https:\/\/cparici.com\/fr\/annonce\/appartement-face-mer\/\" class=\"listing-details-nl\">\r\n\r\n\t\t\t<!-- Main Content Column (Left) -->\r\n\t\t\t<div class=\"details-main-col-nl\">\r\n\t\t\t\t<div class=\"listing-badges-nl\">\r\n\t\t\t\t\t\t\t\t\t\t<span class=\"badge-nl featured-nl\"><i class=\"fa-solid fa-star\"><\/i> En vedette<\/span>\t\t\t\t<\/div>\r\n\t\t\t\t<h2 class=\"listing-title-nl\">La Perrini\u00e8re Appartement face mer Royan\t\t\t\t\t<div class=\"listing-title-badges-nl\">\r\n\t\t\t\t\t\t\t\t\t\t\t\t\t\t\t\t\t<\/div>\r\n\t\t\t\t<\/h2>\r\n\t\t\t\t<p class=\"listing-location-nl\">royan<\/p>\r\n\r\n\t\t\t\t\t\t\t<\/div>\r\n\r\n\t\t\t<!-- Sidebar Column (Right) -->\r\n\t\t\t<div class=\"details-sidebar-col-nl\">\r\n\t\t\t\t<div class=\"details-sidebar-upper-nl\">\r\n\r\n\t\t\t\t\t\t\t\t\t<\/div>\r\n\t\t\t\t\t\t\t\t\t\t<div class=\"listing-booking-nl\">\r\n\t\t\t\t\t\t\t<p class=\"price-nl\">260,00&euro; - 390,00&euro;<\/p>\r\n\t\t\t\t\t\t\t\t\t\t\t\t\t<\/div>\r\n\t\t\t\t\r\n\r\n\t\t\t<\/div>\r\n\r\n\r\n\t\t<\/a>\r\n\t<\/div>\r\n<\/div>\r\n\r\n\r\n<!-- Listing Item \/ End --><!-- Listing Item -->\r\n\r\n\r\n<div  class=\"listing-card-container-nl margin-bottom-30 listing-geo-data\" \r\n\t\tdata-title=\"Appartement Cosy Biscarrosse Lumineux, Hypercentre, Wifi, Parking\"\r\n\t\tdata-listing-type=\"rental\"\r\n\t\tdata-classifieds-price=\"&euro;\"\r\n\t\tdata-friendly-address=\"Biscarrosse Bourg\"\r\n\t\tdata-address=\"Biscarrosse Bourg\"\r\n\t\tdata-image=\"https:\/\/cparici.com\/wp-content\/uploads\/2025\/06\/WhatsApp-Image-2025-06-02-a-17.46.59_8023a50f-520x397.jpg\"\r\n\t\tdata-longitude=\"-1.1627186\"\r\n\t\tdata-latitude=\"44.3951459\"\r\n\t\t\t\t\tdata-rating=\"0\"\r\n\t\t\tdata-reviews=\"0\"\r\n\t\t\t\tdata-icon=\"&lt;svg xmlns=&quot;http:\/\/www.w3.org\/2000\/svg&quot; width=&quot;800px&quot; height=&quot;800px&quot; viewBox=&quot;0 0 45 45&quot; fill=&quot;none&quot;&gt;\n&lt;path d=&quot;M24.155 8.78099L24.33 8.94499L37.402 21.787L36 23.213L34.2 21.445L34.201 35C34.201 36.054 33.385 36.918 32.35 36.994L32.201 37H12.201C11.147 37 10.283 36.184 10.206 35.149L10.201 35L10.2 21.446L8.402 23.213L7 21.787L20.058 8.95799C21.171 7.82199 22.966 7.75899 24.155 8.78099ZM21.569 10.285L21.473 10.372L12.2 19.481L12.201 35L17.2 34.999L17.201 25C17.201 23.946 18.017 23.082 19.052 23.005L19.201 23H25.201C26.255 23 27.119 23.816 27.196 24.851L27.201 25L27.2 34.999L32.201 35L32.2 19.48L22.901 10.344C22.537 9.98699 21.969 9.96499 21.569 10.285ZM25.201 25H19.201L19.2 34.999H25.2L25.201 25Z&quot; fill=&quot;#3C3C3C&quot;\/&gt;\n&lt;\/svg&gt;\"\r\n\r\n\t>\r\n\t<div class=\"listing-card-nl\">\r\n\t\t<!-- ===== LEFT: IMAGE SLIDER ===== -->\r\n\t\t<div class=\"listing-image-container-nl\">\r\n\t\t\t<a href=\"https:\/\/cparici.com\/fr\/annonce\/appartement-cosy-biscarrosse-lumineux-hypercentre-wifi-parking\/\">\r\n\t\t\t\t<div class=\"slider-wrapper-nl\">\r\n\t\t\t\t\t\t\t\t\t<img decoding=\"async\" src=\"https:\/\/cparici.com\/wp-content\/uploads\/2025\/06\/WhatsApp-Image-2025-06-02-a-17.46.59_8023a50f-520x397.jpg\" alt=\"Appartement Cosy Biscarrosse Lumineux, Hypercentre, Wifi, Parking\" class=\"slider-image-nl\">\r\n\t\t\t\t\t\t<img decoding=\"async\" src=\"https:\/\/cparici.com\/wp-content\/uploads\/2025\/06\/WhatsApp-Image-2025-06-02-a-17.35.47_6c9b8d77-520x397.jpg\" alt=\"Appartement Cosy Biscarrosse Lumineux, Hypercentre, Wifi, Parking\" class=\"slider-image-nl\">\r\n\t\t\t\t\t\t<img decoding=\"async\" src=\"https:\/\/cparici.com\/wp-content\/uploads\/2025\/06\/WhatsApp-Image-2025-06-02-a-17.35.47_4ac93fff-520x397.jpg\" alt=\"Appartement Cosy Biscarrosse Lumineux, Hypercentre, Wifi, Parking\" class=\"slider-image-nl\">\r\n\t\t\t\t\t\t<\/div>\r\n\t\t\t<\/a>\r\n\r\n\t\t\t\t\t\t\t\t<div class=\"status-button-nl closed-nl\">\r\n\t\t\t\t\t\tFerm\u00e9 maintenant\t\t\t\t\t<\/div>\r\n\t\t\t\t\t\t<div class=\"slider-arrow-nl left-nl\" id=\"prevBtn\"><i class=\"fa-solid fa-chevron-left\"><\/i><\/div>\r\n\t\t\t<div class=\"slider-arrow-nl right-nl\" id=\"nextBtn\"><i class=\"fa-solid fa-chevron-right\"><\/i><\/div>\r\n\t\t\t<div class=\"image-overlay-top-nl\">\r\n\r\n\t\t\t\t<span class=\"listing-category-tag-nl\">H\u00e9bergements<\/span>\t\t\t\t\r\n\t\t\t\t\t\t\t\t\t\t\t\t<div class=\"favorite-icon-nl\" id=\"favoriteBtn\">\r\n\t\t\t\t\t\t\t\t<span class=\"save fa-regular fa-heart tooltip left\" title=\"Connexion pour marquer des \u00e9l\u00e9ments\"><\/span>\r\n\t\t\t\t\t\t\t<\/div>\r\n\t\t\t\t\t\t\t\t\t\t\t\r\n\r\n\t\t\t\t\t\t\t<\/div>\r\n\t\t<\/div>\r\n\r\n\t\t<!-- ===== RIGHT: LISTING DETAILS (NOW 2-COLUMN) ===== -->\r\n\t\t<a href=\"https:\/\/cparici.com\/fr\/annonce\/appartement-cosy-biscarrosse-lumineux-hypercentre-wifi-parking\/\" class=\"listing-details-nl\">\r\n\r\n\t\t\t<!-- Main Content Column (Left) -->\r\n\t\t\t<div class=\"details-main-col-nl\">\r\n\t\t\t\t<div class=\"listing-badges-nl\">\r\n\t\t\t\t\t\t\t\t\t\t\t\t\t\t<\/div>\r\n\t\t\t\t<h2 class=\"listing-title-nl\">Appartement Cosy Biscarrosse Lumineux, Hypercentre, Wifi, Parking\t\t\t\t\t<div class=\"listing-title-badges-nl\">\r\n\t\t\t\t\t\t\t\t\t\t\t\t\t\t\t\t\t<\/div>\r\n\t\t\t\t<\/h2>\r\n\t\t\t\t<p class=\"listing-location-nl\">Biscarrosse Bourg<\/p>\r\n\r\n\t\t\t\t\r\n\t\t\t\t\t<div class=\"listing-amenities-nl\">\r\n\t\t\t\t\t\t\r\n\t\t\t\t\t<\/div>\r\n\t\t\t\t\t\t\t<\/div>\r\n\r\n\t\t\t<!-- Sidebar Column (Right) -->\r\n\t\t\t<div class=\"details-sidebar-col-nl\">\r\n\t\t\t\t<div class=\"details-sidebar-upper-nl\">\r\n\r\n\t\t\t\t\t\t\t\t\t<\/div>\r\n\t\t\t\t\t\t\t\t\t\t<div class=\"listing-booking-nl\">\r\n\t\t\t\t\t\t\t<p class=\"price-nl\">45,00&euro; - 70,00&euro;<\/p>\r\n\t\t\t\t\t\t\t\t\t\t\t\t\t<\/div>\r\n\t\t\t\t\r\n\r\n\t\t\t<\/div>\r\n\r\n\r\n\t\t<\/a>\r\n\t<\/div>\r\n<\/div>\r\n\r\n\r\n<!-- Listing Item \/ End --><!-- Listing Item -->\r\n\r\n\r\n<div  class=\"listing-card-container-nl margin-bottom-30 listing-geo-data\" \r\n\t\tdata-title=\"Rout&#8217;art des Vignes\"\r\n\t\tdata-listing-type=\"service\"\r\n\t\tdata-classifieds-price=\"&euro;\"\r\n\t\tdata-friendly-address=\"\"\r\n\t\tdata-address=\"Reims, France\"\r\n\t\tdata-image=\"https:\/\/cparici.com\/wp-content\/uploads\/2026\/01\/136A3056-520x397.jpg\"\r\n\t\tdata-longitude=\"4.031696\"\r\n\t\tdata-latitude=\"49.258329\"\r\n\t\t\t\t\tdata-rating=\"0\"\r\n\t\t\tdata-reviews=\"0\"\r\n\t\t\t\tdata-icon=\"&lt;svg xmlns=&quot;http:\/\/www.w3.org\/2000\/svg&quot; xmlns:xlink=&quot;http:\/\/www.w3.org\/1999\/xlink&quot; fill=&quot;#000000&quot; width=&quot;800px&quot; height=&quot;800px&quot; viewBox=&quot;0 0 50 50&quot;&gt;&lt;path d=&quot;M24.982422 2 A 1.0001 1.0001 0 0 0 24.535156 2.1132812L3.5351562 13.113281 A 1.0001 1.0001 0 0 0 3 14L3 17 A 1.0001 1.0001 0 0 0 4 18L5 18L5 19.400391C5 20.612292 5.8642937 21.645028 7 21.921875L7 40.011719L4.0996094 40.011719L4.265625 40.025391C3.0336039 39.818002 2 40.874696 2 42.03125L2 44.779297C2 45.959462 2.9340538 47 4.0996094 47L45.800781 47C46.966337 47 47.900391 46.037413 47.900391 44.880859L47.900391 42.132812C47.900391 40.976259 46.966337 40.011719 45.800781 40.011719L43 40.011719L43 21.921875C44.135706 21.645028 45 20.612292 45 19.400391L45 18L46 18 A 1.0001 1.0001 0 0 0 47 17L47 14 A 1.0001 1.0001 0 0 0 46.464844 13.113281L25.464844 2.1132812 A 1.0001 1.0001 0 0 0 24.982422 2 z M 25 4.1308594L45 14.605469L45 16L44.167969 16 A 1.0001 1.0001 0 0 0 43.841797 16L34.154297 16 A 1.0001 1.0001 0 0 0 33.984375 15.986328 A 1.0001 1.0001 0 0 0 33.839844 16L30.167969 16 A 1.0001 1.0001 0 0 0 29.841797 16L20.154297 16 A 1.0001 1.0001 0 0 0 19.984375 15.986328 A 1.0001 1.0001 0 0 0 19.839844 16L16.167969 16 A 1.0001 1.0001 0 0 0 15.841797 16L6.1542969 16 A 1.0001 1.0001 0 0 0 5.984375 15.986328 A 1.0001 1.0001 0 0 0 5.8398438 16L5 16L5 14.605469L25 4.1308594 z M 7 18L15 18L15 19.400391C15 19.781872 14.781872 20 14.400391 20L7.5996094 20C7.2181279 20 7 19.781872 7 19.400391L7 18 z M 17 18L19 18L19 19.400391C19 20.612292 19.864294 21.645028 21 21.921875L21 40.011719L15 40.011719L15 21.921875C16.135706 21.645028 17 20.612292 17 19.400391L17 18 z M 21 18L29 18L29 19.400391C29 19.781872 28.781872 20 28.400391 20L21.599609 20C21.218128 20 21 19.781872 21 19.400391L21 18 z M 31 18L33 18L33 19.400391C33 20.612292 33.864294 21.645028 35 21.921875L35 40.011719L29 40.011719L29 21.921875C30.135706 21.645028 31 20.612292 31 19.400391L31 18 z M 35 18L43 18L43 19.400391C43 19.781872 42.781872 20 42.400391 20L35.599609 20C35.218128 20 35 19.781872 35 19.400391L35 18 z M 9 22L13 22L13 40L9 40L9 22 z M 23 22L27 22L27 40L23 40L23 22 z M 37 22L41 22L41 40L37 40L37 22 z M 3.984375 42.003906 A 1.0001 1.0001 0 0 0 4.0996094 42.011719L45.800781 42.011719C45.835221 42.011719 45.900391 42.067369 45.900391 42.132812L45.900391 44.880859C45.900391 44.946308 45.835226 45 45.800781 45L4.0996094 45C4.0651649 45 4 45.023132 4 44.779297L4 42.03125C4 42.008135 3.9913337 42.007741 3.984375 42.003906 z&quot;\/&gt;&lt;\/svg&gt;\"\r\n\r\n\t>\r\n\t<div class=\"listing-card-nl\">\r\n\t\t<!-- ===== LEFT: IMAGE SLIDER ===== -->\r\n\t\t<div class=\"listing-image-container-nl\">\r\n\t\t\t<a href=\"https:\/\/cparici.com\/fr\/annonce\/routart-des-vignes\/\">\r\n\t\t\t\t<div class=\"slider-wrapper-nl\">\r\n\t\t\t\t\t\t\t\t\t<img decoding=\"async\" src=\"https:\/\/cparici.com\/wp-content\/uploads\/2026\/01\/136A3056-520x397.jpg\" alt=\"Rout&#039;art des Vignes reims\" class=\"slider-image-nl\">\r\n\t\t\t\t\t\t<img decoding=\"async\" src=\"https:\/\/cparici.com\/wp-content\/uploads\/2026\/01\/136A3063-520x397.jpg\" alt=\"Rout&#039;art des Vignes\" class=\"slider-image-nl\">\r\n\t\t\t\t\t\t<img decoding=\"async\" src=\"https:\/\/cparici.com\/wp-content\/uploads\/2026\/01\/IMG_1927-520x397.jpg\" alt=\"Rout&#039;art des Vignes champagne\" class=\"slider-image-nl\">\r\n\t\t\t\t\t\t<\/div>\r\n\t\t\t<\/a>\r\n\r\n\t\t\t\t\t\t<div class=\"slider-arrow-nl left-nl\" id=\"prevBtn\"><i class=\"fa-solid fa-chevron-left\"><\/i><\/div>\r\n\t\t\t<div class=\"slider-arrow-nl right-nl\" id=\"nextBtn\"><i class=\"fa-solid fa-chevron-right\"><\/i><\/div>\r\n\t\t\t<div class=\"image-overlay-top-nl\">\r\n\r\n\t\t\t\t<span class=\"listing-category-tag-nl\">Visite &amp; D\u00e9couverte patrimoine<\/span>\t\t\t\t\r\n\t\t\t\t\t\t\t\t\t\t\t\t<div class=\"favorite-icon-nl\" id=\"favoriteBtn\">\r\n\t\t\t\t\t\t\t\t<span class=\"save fa-regular fa-heart tooltip left\" title=\"Connexion pour marquer des \u00e9l\u00e9ments\"><\/span>\r\n\t\t\t\t\t\t\t<\/div>\r\n\t\t\t\t\t\t\t\t\t\t\t\r\n\r\n\t\t\t\t\t\t\t<\/div>\r\n\t\t<\/div>\r\n\r\n\t\t<!-- ===== RIGHT: LISTING DETAILS (NOW 2-COLUMN) ===== -->\r\n\t\t<a href=\"https:\/\/cparici.com\/fr\/annonce\/routart-des-vignes\/\" class=\"listing-details-nl\">\r\n\r\n\t\t\t<!-- Main Content Column (Left) -->\r\n\t\t\t<div class=\"details-main-col-nl\">\r\n\t\t\t\t<div class=\"listing-badges-nl\">\r\n\t\t\t\t\t\t\t\t\t\t\t\t\t\t<\/div>\r\n\t\t\t\t<h2 class=\"listing-title-nl\">Rout&#8217;art des Vignes\t\t\t\t\t<div class=\"listing-title-badges-nl\">\r\n\t\t\t\t\t\t\t\t\t\t\t\t\t\t\t\t\t<\/div>\r\n\t\t\t\t<\/h2>\r\n\t\t\t\t<p class=\"listing-location-nl\">Reims, France<\/p>\r\n\r\n\t\t\t\t\r\n\t\t\t\t\t<div class=\"listing-amenities-nl\">\r\n\t\t\t\t\t\t\r\n\t\t\t\t\t<\/div>\r\n\t\t\t\t\t\t\t<\/div>\r\n\r\n\t\t\t<!-- Sidebar Column (Right) -->\r\n\t\t\t<div class=\"details-sidebar-col-nl\">\r\n\t\t\t\t<div class=\"details-sidebar-upper-nl\">\r\n\r\n\t\t\t\t\t\t\t\t\t<\/div>\r\n\t\t\t\t\r\n\r\n\t\t\t<\/div>\r\n\r\n\r\n\t\t<\/a>\r\n\t<\/div>\r\n<\/div>\r\n\r\n\r\n<!-- Listing Item \/ End --><!-- Listing Item -->\r\n\r\n\r\n<div  class=\"listing-card-container-nl margin-bottom-30 listing-geo-data\" \r\n\t\tdata-title=\"Villa Grand large 12 Pers &#8211; Concarneau &#8211; Le Cabellou\"\r\n\t\tdata-listing-type=\"rental\"\r\n\t\tdata-classifieds-price=\"&euro;\"\r\n\t\tdata-friendly-address=\"Concarneau, proche plage et centre\"\r\n\t\tdata-address=\"Concarneau, proche plage et centre\"\r\n\t\tdata-image=\"https:\/\/cparici.com\/wp-content\/uploads\/2025\/12\/maison-villa-piscine-520x397.jpg\"\r\n\t\tdata-longitude=\"-3.913984\"\r\n\t\tdata-latitude=\"47.857957\"\r\n\t\t\t\t\tdata-rating=\"0\"\r\n\t\t\tdata-reviews=\"0\"\r\n\t\t\t\tdata-icon=\"&lt;svg xmlns=&quot;http:\/\/www.w3.org\/2000\/svg&quot; width=&quot;800px&quot; height=&quot;800px&quot; viewBox=&quot;0 0 45 45&quot; fill=&quot;none&quot;&gt;\n&lt;path d=&quot;M24.155 8.78099L24.33 8.94499L37.402 21.787L36 23.213L34.2 21.445L34.201 35C34.201 36.054 33.385 36.918 32.35 36.994L32.201 37H12.201C11.147 37 10.283 36.184 10.206 35.149L10.201 35L10.2 21.446L8.402 23.213L7 21.787L20.058 8.95799C21.171 7.82199 22.966 7.75899 24.155 8.78099ZM21.569 10.285L21.473 10.372L12.2 19.481L12.201 35L17.2 34.999L17.201 25C17.201 23.946 18.017 23.082 19.052 23.005L19.201 23H25.201C26.255 23 27.119 23.816 27.196 24.851L27.201 25L27.2 34.999L32.201 35L32.2 19.48L22.901 10.344C22.537 9.98699 21.969 9.96499 21.569 10.285ZM25.201 25H19.201L19.2 34.999H25.2L25.201 25Z&quot; fill=&quot;#3C3C3C&quot;\/&gt;\n&lt;\/svg&gt;\"\r\n\r\n\t>\r\n\t<div class=\"listing-card-nl\">\r\n\t\t<!-- ===== LEFT: IMAGE SLIDER ===== -->\r\n\t\t<div class=\"listing-image-container-nl\">\r\n\t\t\t<a href=\"https:\/\/cparici.com\/fr\/annonce\/villa-grand-large-12-pers-concarneau-le-cabellou\/\">\r\n\t\t\t\t<div class=\"slider-wrapper-nl\">\r\n\t\t\t\t\t\t\t\t\t<img decoding=\"async\" src=\"https:\/\/cparici.com\/wp-content\/uploads\/2025\/12\/maison-villa-piscine-520x397.jpg\" alt=\"Villa Grand large 12 Pers &#8211; Concarneau &#8211; Le Cabellou\" class=\"slider-image-nl\">\r\n\t\t\t\t\t\t<img decoding=\"async\" src=\"https:\/\/cparici.com\/wp-content\/uploads\/2025\/12\/grande-villa-piscine-2-520x397.jpg\" alt=\"Villa Grand large 12 Pers &#8211; Concarneau &#8211; Le Cabellou\" class=\"slider-image-nl\">\r\n\t\t\t\t\t\t<img decoding=\"async\" src=\"https:\/\/cparici.com\/wp-content\/uploads\/2025\/12\/grande-villa-piscine-520x397.jpg\" alt=\"Villa Grand large 12 Pers &#8211; Concarneau &#8211; Le Cabellou\" class=\"slider-image-nl\">\r\n\t\t\t\t\t\t<\/div>\r\n\t\t\t<\/a>\r\n\r\n\t\t\t\t\t\t<div class=\"slider-arrow-nl left-nl\" id=\"prevBtn\"><i class=\"fa-solid fa-chevron-left\"><\/i><\/div>\r\n\t\t\t<div class=\"slider-arrow-nl right-nl\" id=\"nextBtn\"><i class=\"fa-solid fa-chevron-right\"><\/i><\/div>\r\n\t\t\t<div class=\"image-overlay-top-nl\">\r\n\r\n\t\t\t\t<span class=\"listing-category-tag-nl\">H\u00e9bergements<\/span>\t\t\t\t\r\n\t\t\t\t\t\t\t\t\t\t\t\t<div class=\"favorite-icon-nl\" id=\"favoriteBtn\">\r\n\t\t\t\t\t\t\t\t<span class=\"save fa-regular fa-heart tooltip left\" title=\"Connexion pour marquer des \u00e9l\u00e9ments\"><\/span>\r\n\t\t\t\t\t\t\t<\/div>\r\n\t\t\t\t\t\t\t\t\t\t\t\r\n\r\n\t\t\t\t\t\t\t<\/div>\r\n\t\t<\/div>\r\n\r\n\t\t<!-- ===== RIGHT: LISTING DETAILS (NOW 2-COLUMN) ===== -->\r\n\t\t<a href=\"https:\/\/cparici.com\/fr\/annonce\/villa-grand-large-12-pers-concarneau-le-cabellou\/\" class=\"listing-details-nl\">\r\n\r\n\t\t\t<!-- Main Content Column (Left) -->\r\n\t\t\t<div class=\"details-main-col-nl\">\r\n\t\t\t\t<div class=\"listing-badges-nl\">\r\n\t\t\t\t\t\t\t\t\t\t\t\t\t\t<\/div>\r\n\t\t\t\t<h2 class=\"listing-title-nl\">Villa Grand large 12 Pers &#8211; Concarneau &#8211; Le Cabellou\t\t\t\t\t<div class=\"listing-title-badges-nl\">\r\n\t\t\t\t\t\t\t\t\t\t\t\t\t\t\t\t\t<\/div>\r\n\t\t\t\t<\/h2>\r\n\t\t\t\t<p class=\"listing-location-nl\">Concarneau, proche plage et centre<\/p>\r\n\r\n\t\t\t\t\r\n\t\t\t\t\t<div class=\"listing-amenities-nl\">\r\n\t\t\t\t\t\t\r\n\t\t\t\t\t<\/div>\r\n\t\t\t\t\t\t\t<\/div>\r\n\r\n\t\t\t<!-- Sidebar Column (Right) -->\r\n\t\t\t<div class=\"details-sidebar-col-nl\">\r\n\t\t\t\t<div class=\"details-sidebar-upper-nl\">\r\n\r\n\t\t\t\t\t\t\t\t\t<\/div>\r\n\t\t\t\t\t\t\t\t\t\t<div class=\"listing-booking-nl\">\r\n\t\t\t\t\t\t\t<p class=\"price-nl\">410,00&euro; - 450,00&euro;<\/p>\r\n\t\t\t\t\t\t\t\t\t\t\t\t\t<\/div>\r\n\t\t\t\t\r\n\r\n\t\t\t<\/div>\r\n\r\n\r\n\t\t<\/a>\r\n\t<\/div>\r\n<\/div>\r\n\r\n\r\n<!-- Listing Item \/ End --><!-- Listing Item -->\r\n\r\n\r\n<div  class=\"listing-card-container-nl margin-bottom-30 listing-geo-data\" \r\n\t\tdata-title=\"TY KERZONT , g\u00eete de charme , entre mer et campagne, \u00e0 15 minutes de Perros-Guirec\"\r\n\t\tdata-listing-type=\"rental\"\r\n\t\tdata-classifieds-price=\"&euro;\"\r\n\t\tdata-friendly-address=\"1 Kerzont, Coatr\u00e9ven\"\r\n\t\tdata-address=\"1 Kerzont, Coatr\u00e9ven\"\r\n\t\tdata-image=\"https:\/\/cparici.com\/wp-content\/uploads\/2026\/01\/Gite-Ty-Kerzont-520x397.jpg\"\r\n\t\tdata-longitude=\"-3.324334\"\r\n\t\tdata-latitude=\"48.764011\"\r\n\t\t\t\t\tdata-rating=\"4.9\"\r\n\t\t\tdata-reviews=\"29\"\r\n\t\t\t\tdata-icon=\"&lt;svg xmlns=&quot;http:\/\/www.w3.org\/2000\/svg&quot; width=&quot;800px&quot; height=&quot;800px&quot; viewBox=&quot;0 0 45 45&quot; fill=&quot;none&quot;&gt;\n&lt;path d=&quot;M24.155 8.78099L24.33 8.94499L37.402 21.787L36 23.213L34.2 21.445L34.201 35C34.201 36.054 33.385 36.918 32.35 36.994L32.201 37H12.201C11.147 37 10.283 36.184 10.206 35.149L10.201 35L10.2 21.446L8.402 23.213L7 21.787L20.058 8.95799C21.171 7.82199 22.966 7.75899 24.155 8.78099ZM21.569 10.285L21.473 10.372L12.2 19.481L12.201 35L17.2 34.999L17.201 25C17.201 23.946 18.017 23.082 19.052 23.005L19.201 23H25.201C26.255 23 27.119 23.816 27.196 24.851L27.201 25L27.2 34.999L32.201 35L32.2 19.48L22.901 10.344C22.537 9.98699 21.969 9.96499 21.569 10.285ZM25.201 25H19.201L19.2 34.999H25.2L25.201 25Z&quot; fill=&quot;#3C3C3C&quot;\/&gt;\n&lt;\/svg&gt;\"\r\n\r\n\t>\r\n\t<div class=\"listing-card-nl\">\r\n\t\t<!-- ===== LEFT: IMAGE SLIDER ===== -->\r\n\t\t<div class=\"listing-image-container-nl\">\r\n\t\t\t<a href=\"https:\/\/cparici.com\/fr\/annonce\/ty-kerzont-gite-de-charme-entre-mer-et-campagne-a-15-minutes-de-perros-guirec\/\">\r\n\t\t\t\t<div class=\"slider-wrapper-nl\">\r\n\t\t\t\t\t\t\t\t\t<img decoding=\"async\" src=\"https:\/\/cparici.com\/wp-content\/uploads\/2026\/01\/Gite-Ty-Kerzont-520x397.jpg\" alt=\"location vacances Perros Guirrec\" class=\"slider-image-nl\">\r\n\t\t\t\t\t\t<img decoding=\"async\" src=\"https:\/\/cparici.com\/wp-content\/uploads\/2026\/01\/DSC_0375-520x397.jpg\" alt=\"gite Perros Guirrec\" class=\"slider-image-nl\">\r\n\t\t\t\t\t\t<img decoding=\"async\" src=\"https:\/\/cparici.com\/wp-content\/uploads\/2026\/01\/DSC_0484-520x397.jpg\" alt=\"gite Perros Guirrec Ty Kerzont\" class=\"slider-image-nl\">\r\n\t\t\t\t\t\t<\/div>\r\n\t\t\t<\/a>\r\n\r\n\t\t\t\t\t\t<div class=\"slider-arrow-nl left-nl\" id=\"prevBtn\"><i class=\"fa-solid fa-chevron-left\"><\/i><\/div>\r\n\t\t\t<div class=\"slider-arrow-nl right-nl\" id=\"nextBtn\"><i class=\"fa-solid fa-chevron-right\"><\/i><\/div>\r\n\t\t\t<div class=\"image-overlay-top-nl\">\r\n\r\n\t\t\t\t<span class=\"listing-category-tag-nl\">H\u00e9bergements<\/span>\t\t\t\t\r\n\t\t\t\t\t\t\t\t\t\t\t\t<div class=\"favorite-icon-nl\" id=\"favoriteBtn\">\r\n\t\t\t\t\t\t\t\t<span class=\"save fa-regular fa-heart tooltip left\" title=\"Connexion pour marquer des \u00e9l\u00e9ments\"><\/span>\r\n\t\t\t\t\t\t\t<\/div>\r\n\t\t\t\t\t\t\t\t\t\t\t\r\n\r\n\t\t\t\t\t\t\t<\/div>\r\n\t\t<\/div>\r\n\r\n\t\t<!-- ===== RIGHT: LISTING DETAILS (NOW 2-COLUMN) ===== -->\r\n\t\t<a href=\"https:\/\/cparici.com\/fr\/annonce\/ty-kerzont-gite-de-charme-entre-mer-et-campagne-a-15-minutes-de-perros-guirec\/\" class=\"listing-details-nl\">\r\n\r\n\t\t\t<!-- Main Content Column (Left) -->\r\n\t\t\t<div class=\"details-main-col-nl\">\r\n\t\t\t\t<div class=\"listing-badges-nl\">\r\n\t\t\t\t\t\t\t\t\t\t\t\t\t\t<\/div>\r\n\t\t\t\t<h2 class=\"listing-title-nl\">TY KERZONT , g\u00eete de charme , entre mer et campagne, \u00e0 15 minutes de Perros-Guirec\t\t\t\t\t<div class=\"listing-title-badges-nl\">\r\n\t\t\t\t\t\t\t\t\t\t\t\t\t\t\t\t\t<\/div>\r\n\t\t\t\t<\/h2>\r\n\t\t\t\t<p class=\"listing-location-nl\">1 Kerzont, Coatr\u00e9ven<\/p>\r\n\r\n\t\t\t\t\r\n\t\t\t\t\t<div class=\"listing-amenities-nl\">\r\n\t\t\t\t\t\t\r\n\t\t\t\t\t<\/div>\r\n\t\t\t\t\t\t\t<\/div>\r\n\r\n\t\t\t<!-- Sidebar Column (Right) -->\r\n\t\t\t<div class=\"details-sidebar-col-nl\">\r\n\t\t\t\t<div class=\"details-sidebar-upper-nl\">\r\n\r\n\t\t\t\t\t\t\t\t\t\t\t\t<div class=\"listing-rating-nl\">\r\n\t\t\t\t\t\t\t\t<div class=\"stars-nl\" data-rating=\"4.9\">\r\n\r\n\t\t\t\t\t\t\t\t\t<div class=\"listing-rating-nl\">\n                      <div class=\"stars-nl\">\n                          <i class=\"fa-solid fa-star\"><\/i>\n                            <i class=\"fa-solid fa-star\"><\/i>\n                            <i class=\"fa-solid fa-star\"><\/i>\n                            <i class=\"fa-solid fa-star\"><\/i>\n                            <i class=\"fa-solid fa-star-half-stroke\"><\/i>\n                      <\/div>\n                       <div class=\"rating-text-nl\">4.9 <span>(29)<\/span><\/div><\/div> \t\t\t\t\t\t\t\t<\/div>\r\n\t\t\t\t\t\t\t<\/div>\r\n\t\t\t\t\t\t\t\t\t<\/div>\r\n\t\t\t\t\t\t\t\t\t\t<div class=\"listing-booking-nl\">\r\n\t\t\t\t\t\t\t<p class=\"price-nl\">89,00&euro; - 122,00&euro;<\/p>\r\n\t\t\t\t\t\t\t\t\t\t\t\t\t<\/div>\r\n\t\t\t\t\r\n\r\n\t\t\t<\/div>\r\n\r\n\r\n\t\t<\/a>\r\n\t<\/div>\r\n<\/div>\r\n\r\n\r\n<!-- Listing Item \/ End --><!-- Listing Item -->\r\n\r\n\r\n<div  class=\"listing-card-container-nl margin-bottom-30 listing-geo-data\" \r\n\t\tdata-title=\"La cabane du bon chemin et spa\"\r\n\t\tdata-listing-type=\"rental\"\r\n\t\tdata-classifieds-price=\"&euro;\"\r\n\t\tdata-friendly-address=\"42 rue jean mac\u00e9 53000 Laval\"\r\n\t\tdata-address=\"42 rue jean mac\u00e9 53000 Laval\"\r\n\t\tdata-image=\"https:\/\/cparici.com\/wp-content\/uploads\/2026\/01\/cabane-1-520x397.jpg\"\r\n\t\tdata-longitude=\"-0.7760287\"\r\n\t\tdata-latitude=\"48.076059\"\r\n\t\t\t\t\tdata-rating=\"4.8\"\r\n\t\t\tdata-reviews=\"25\"\r\n\t\t\t\tdata-icon=\"&lt;svg xmlns=&quot;http:\/\/www.w3.org\/2000\/svg&quot; width=&quot;800px&quot; height=&quot;800px&quot; viewBox=&quot;0 0 45 45&quot; fill=&quot;none&quot;&gt;\n&lt;path d=&quot;M24.155 8.78099L24.33 8.94499L37.402 21.787L36 23.213L34.2 21.445L34.201 35C34.201 36.054 33.385 36.918 32.35 36.994L32.201 37H12.201C11.147 37 10.283 36.184 10.206 35.149L10.201 35L10.2 21.446L8.402 23.213L7 21.787L20.058 8.95799C21.171 7.82199 22.966 7.75899 24.155 8.78099ZM21.569 10.285L21.473 10.372L12.2 19.481L12.201 35L17.2 34.999L17.201 25C17.201 23.946 18.017 23.082 19.052 23.005L19.201 23H25.201C26.255 23 27.119 23.816 27.196 24.851L27.201 25L27.2 34.999L32.201 35L32.2 19.48L22.901 10.344C22.537 9.98699 21.969 9.96499 21.569 10.285ZM25.201 25H19.201L19.2 34.999H25.2L25.201 25Z&quot; fill=&quot;#3C3C3C&quot;\/&gt;\n&lt;\/svg&gt;\"\r\n\r\n\t>\r\n\t<div class=\"listing-card-nl\">\r\n\t\t<!-- ===== LEFT: IMAGE SLIDER ===== -->\r\n\t\t<div class=\"listing-image-container-nl\">\r\n\t\t\t<a href=\"https:\/\/cparici.com\/fr\/annonce\/la-cabane-du-bon-chemin-et-spa\/\">\r\n\t\t\t\t<div class=\"slider-wrapper-nl\">\r\n\t\t\t\t\t\t\t\t\t<img decoding=\"async\" src=\"https:\/\/cparici.com\/wp-content\/uploads\/2026\/01\/cabane-1-520x397.jpg\" alt=\"La cabane du bon chemin maison d&#039;hotes Laval\" class=\"slider-image-nl\">\r\n\t\t\t\t\t\t<img decoding=\"async\" src=\"https:\/\/cparici.com\/wp-content\/uploads\/2026\/01\/1000044878-520x397.jpg\" alt=\"La cabane du bon chemin Laval\" class=\"slider-image-nl\">\r\n\t\t\t\t\t\t<img decoding=\"async\" src=\"https:\/\/cparici.com\/wp-content\/uploads\/2026\/01\/28-Mayenne-Cabane-520x397.jpg\" alt=\"Chambre d&#039;hotes laval\" class=\"slider-image-nl\">\r\n\t\t\t\t\t\t<\/div>\r\n\t\t\t<\/a>\r\n\r\n\t\t\t\t\t\t<div class=\"slider-arrow-nl left-nl\" id=\"prevBtn\"><i class=\"fa-solid fa-chevron-left\"><\/i><\/div>\r\n\t\t\t<div class=\"slider-arrow-nl right-nl\" id=\"nextBtn\"><i class=\"fa-solid fa-chevron-right\"><\/i><\/div>\r\n\t\t\t<div class=\"image-overlay-top-nl\">\r\n\r\n\t\t\t\t<span class=\"listing-category-tag-nl\">H\u00e9bergements<\/span>\t\t\t\t\r\n\t\t\t\t\t\t\t\t\t\t\t\t<div class=\"favorite-icon-nl\" id=\"favoriteBtn\">\r\n\t\t\t\t\t\t\t\t<span class=\"save fa-regular fa-heart tooltip left\" title=\"Connexion pour marquer des \u00e9l\u00e9ments\"><\/span>\r\n\t\t\t\t\t\t\t<\/div>\r\n\t\t\t\t\t\t\t\t\t\t\t\r\n\r\n\t\t\t\t\t\t\t<\/div>\r\n\t\t<\/div>\r\n\r\n\t\t<!-- ===== RIGHT: LISTING DETAILS (NOW 2-COLUMN) ===== -->\r\n\t\t<a href=\"https:\/\/cparici.com\/fr\/annonce\/la-cabane-du-bon-chemin-et-spa\/\" class=\"listing-details-nl\">\r\n\r\n\t\t\t<!-- Main Content Column (Left) -->\r\n\t\t\t<div class=\"details-main-col-nl\">\r\n\t\t\t\t<div class=\"listing-badges-nl\">\r\n\t\t\t\t\t\t\t\t\t\t\t\t\t\t<\/div>\r\n\t\t\t\t<h2 class=\"listing-title-nl\">La cabane du bon chemin et spa\t\t\t\t\t<div class=\"listing-title-badges-nl\">\r\n\t\t\t\t\t\t\t\t\t\t\t\t\t\t\t\t\t<\/div>\r\n\t\t\t\t<\/h2>\r\n\t\t\t\t<p class=\"listing-location-nl\">42 rue jean mac\u00e9 53000 Laval<\/p>\r\n\r\n\t\t\t\t\r\n\t\t\t\t\t<div class=\"listing-amenities-nl\">\r\n\t\t\t\t\t\t\r\n\t\t\t\t\t<\/div>\r\n\t\t\t\t\t\t\t<\/div>\r\n\r\n\t\t\t<!-- Sidebar Column (Right) -->\r\n\t\t\t<div class=\"details-sidebar-col-nl\">\r\n\t\t\t\t<div class=\"details-sidebar-upper-nl\">\r\n\r\n\t\t\t\t\t\t\t\t\t\t\t\t<div class=\"listing-rating-nl\">\r\n\t\t\t\t\t\t\t\t<div class=\"stars-nl\" data-rating=\"4.8\">\r\n\r\n\t\t\t\t\t\t\t\t\t<div class=\"listing-rating-nl\">\n                      <div class=\"stars-nl\">\n                          <i class=\"fa-solid fa-star\"><\/i>\n                            <i class=\"fa-solid fa-star\"><\/i>\n                            <i class=\"fa-solid fa-star\"><\/i>\n                            <i class=\"fa-solid fa-star\"><\/i>\n                            <i class=\"fa-solid fa-star-half-stroke\"><\/i>\n                      <\/div>\n                       <div class=\"rating-text-nl\">4.8 <span>(25)<\/span><\/div><\/div> \t\t\t\t\t\t\t\t<\/div>\r\n\t\t\t\t\t\t\t<\/div>\r\n\t\t\t\t\t\t\t\t\t<\/div>\r\n\t\t\t\t\t\t\t\t\t\t<div class=\"listing-booking-nl\">\r\n\t\t\t\t\t\t\t<p class=\"price-nl\">95,00&euro; - 150,00&euro;<\/p>\r\n\t\t\t\t\t\t\t\t\t\t\t\t\t<\/div>\r\n\t\t\t\t\r\n\r\n\t\t\t<\/div>\r\n\r\n\r\n\t\t<\/a>\r\n\t<\/div>\r\n<\/div>\r\n\r\n\r\n<!-- Listing Item \/ End --><!-- Listing Item -->\r\n\r\n\r\n<div  class=\"listing-card-container-nl margin-bottom-30 listing-geo-data\" \r\n\t\tdata-title=\"G\u00eete \u00ab\u00a0Chez Papy\u00a0\u00bb proche du Puy du Fou (maison de vacances jusqu\u2019\u00e0 20 personnes)\"\r\n\t\tdata-listing-type=\"rental\"\r\n\t\tdata-classifieds-price=\"&euro;\"\r\n\t\tdata-friendly-address=\"Lieu-dit Le Plessis - 79140 Combrand\"\r\n\t\tdata-address=\"Lieu-dit Le Plessis - 79140 Combrand\"\r\n\t\tdata-image=\"https:\/\/cparici.com\/wp-content\/uploads\/2025\/06\/IMG_8674-1-520x397.jpeg\"\r\n\t\tdata-longitude=\"-0.715826\"\r\n\t\tdata-latitude=\"46.8379819\"\r\n\t\t\t\t\tdata-rating=\"0\"\r\n\t\t\tdata-reviews=\"0\"\r\n\t\t\t\tdata-icon=\"&lt;svg xmlns=&quot;http:\/\/www.w3.org\/2000\/svg&quot; width=&quot;800px&quot; height=&quot;800px&quot; viewBox=&quot;0 0 45 45&quot; fill=&quot;none&quot;&gt;\n&lt;path d=&quot;M24.155 8.78099L24.33 8.94499L37.402 21.787L36 23.213L34.2 21.445L34.201 35C34.201 36.054 33.385 36.918 32.35 36.994L32.201 37H12.201C11.147 37 10.283 36.184 10.206 35.149L10.201 35L10.2 21.446L8.402 23.213L7 21.787L20.058 8.95799C21.171 7.82199 22.966 7.75899 24.155 8.78099ZM21.569 10.285L21.473 10.372L12.2 19.481L12.201 35L17.2 34.999L17.201 25C17.201 23.946 18.017 23.082 19.052 23.005L19.201 23H25.201C26.255 23 27.119 23.816 27.196 24.851L27.201 25L27.2 34.999L32.201 35L32.2 19.48L22.901 10.344C22.537 9.98699 21.969 9.96499 21.569 10.285ZM25.201 25H19.201L19.2 34.999H25.2L25.201 25Z&quot; fill=&quot;#3C3C3C&quot;\/&gt;\n&lt;\/svg&gt;\"\r\n\r\n\t>\r\n\t<div class=\"listing-card-nl\">\r\n\t\t<!-- ===== LEFT: IMAGE SLIDER ===== -->\r\n\t\t<div class=\"listing-image-container-nl\">\r\n\t\t\t<a href=\"https:\/\/cparici.com\/fr\/annonce\/gite-chez-papy-proche-du-puy-du-fou-maison-de-vacances-jusqua-20-personnes\/\">\r\n\t\t\t\t<div class=\"slider-wrapper-nl\">\r\n\t\t\t\t\t\t\t\t\t<img decoding=\"async\" src=\"https:\/\/cparici.com\/wp-content\/uploads\/2025\/06\/IMG_8674-1-520x397.jpeg\" alt=\"G\u00eete chez papy Combrand\" class=\"slider-image-nl\">\r\n\t\t\t\t\t\t<img decoding=\"async\" src=\"https:\/\/cparici.com\/wp-content\/uploads\/2025\/06\/IMG_7002-520x397.jpeg\" alt=\"G\u00eete chez papy proche Puy du Fou\" class=\"slider-image-nl\">\r\n\t\t\t\t\t\t<img decoding=\"async\" src=\"https:\/\/cparici.com\/wp-content\/uploads\/2025\/06\/IMG_9281-520x397.jpeg\" alt=\"G\u00eete 20 personnes Deux Sevres\" class=\"slider-image-nl\">\r\n\t\t\t\t\t\t<\/div>\r\n\t\t\t<\/a>\r\n\r\n\t\t\t\t\t\t\t\t<div class=\"status-button-nl closed-nl\">\r\n\t\t\t\t\t\tFerm\u00e9 maintenant\t\t\t\t\t<\/div>\r\n\t\t\t\t\t\t<div class=\"slider-arrow-nl left-nl\" id=\"prevBtn\"><i class=\"fa-solid fa-chevron-left\"><\/i><\/div>\r\n\t\t\t<div class=\"slider-arrow-nl right-nl\" id=\"nextBtn\"><i class=\"fa-solid fa-chevron-right\"><\/i><\/div>\r\n\t\t\t<div class=\"image-overlay-top-nl\">\r\n\r\n\t\t\t\t<span class=\"listing-category-tag-nl\">H\u00e9bergements<\/span>\t\t\t\t\r\n\t\t\t\t\t\t\t\t\t\t\t\t<div class=\"favorite-icon-nl\" id=\"favoriteBtn\">\r\n\t\t\t\t\t\t\t\t<span class=\"save fa-regular fa-heart tooltip left\" title=\"Connexion pour marquer des \u00e9l\u00e9ments\"><\/span>\r\n\t\t\t\t\t\t\t<\/div>\r\n\t\t\t\t\t\t\t\t\t\t\t\r\n\r\n\t\t\t\t\t\t\t<\/div>\r\n\t\t<\/div>\r\n\r\n\t\t<!-- ===== RIGHT: LISTING DETAILS (NOW 2-COLUMN) ===== -->\r\n\t\t<a href=\"https:\/\/cparici.com\/fr\/annonce\/gite-chez-papy-proche-du-puy-du-fou-maison-de-vacances-jusqua-20-personnes\/\" class=\"listing-details-nl\">\r\n\r\n\t\t\t<!-- Main Content Column (Left) -->\r\n\t\t\t<div class=\"details-main-col-nl\">\r\n\t\t\t\t<div class=\"listing-badges-nl\">\r\n\t\t\t\t\t\t\t\t\t\t\t\t\t\t<\/div>\r\n\t\t\t\t<h2 class=\"listing-title-nl\">G\u00eete \u00ab\u00a0Chez Papy\u00a0\u00bb proche du Puy du Fou (maison de vacances jusqu\u2019\u00e0 20 personnes)\t\t\t\t\t<div class=\"listing-title-badges-nl\">\r\n\t\t\t\t\t\t\t\t\t\t\t\t\t\t\t\t\t<\/div>\r\n\t\t\t\t<\/h2>\r\n\t\t\t\t<p class=\"listing-location-nl\">Lieu-dit Le Plessis - 79140 Combrand<\/p>\r\n\r\n\t\t\t\t\r\n\t\t\t\t\t<div class=\"listing-amenities-nl\">\r\n\t\t\t\t\t\t\r\n\t\t\t\t\t<\/div>\r\n\t\t\t\t\t\t\t<\/div>\r\n\r\n\t\t\t<!-- Sidebar Column (Right) -->\r\n\t\t\t<div class=\"details-sidebar-col-nl\">\r\n\t\t\t\t<div class=\"details-sidebar-upper-nl\">\r\n\r\n\t\t\t\t\t\t\t\t\t<\/div>\r\n\t\t\t\t\t\t\t\t\t\t<div class=\"listing-booking-nl\">\r\n\t\t\t\t\t\t\t<p class=\"price-nl\">300,00&euro; - 350,00&euro;<\/p>\r\n\t\t\t\t\t\t\t\t\t\t\t\t\t<\/div>\r\n\t\t\t\t\r\n\r\n\t\t\t<\/div>\r\n\r\n\r\n\t\t<\/a>\r\n\t<\/div>\r\n<\/div>\r\n\r\n\r\n<!-- Listing Item \/ End --><!-- Listing Item -->\r\n\r\n\r\n<div  class=\"listing-card-container-nl margin-bottom-30 listing-geo-data\" \r\n\t\tdata-title=\"Rosemarine, 2-4 Pers\"\r\n\t\tdata-listing-type=\"rental\"\r\n\t\tdata-classifieds-price=\"&euro;\"\r\n\t\tdata-friendly-address=\"La Corniche\"\r\n\t\tdata-address=\"La Corniche\"\r\n\t\tdata-image=\"https:\/\/cparici.com\/wp-content\/uploads\/2025\/01\/Rosemarine-1-520x397.jpg\"\r\n\t\tdata-longitude=\"-3.917989999999999\"\r\n\t\tdata-latitude=\"47.86985079999999\"\r\n\t\t\t\t\tdata-rating=\"0\"\r\n\t\t\tdata-reviews=\"0\"\r\n\t\t\t\tdata-icon=\"&lt;svg xmlns=&quot;http:\/\/www.w3.org\/2000\/svg&quot; width=&quot;800px&quot; height=&quot;800px&quot; viewBox=&quot;0 0 45 45&quot; fill=&quot;none&quot;&gt;\n&lt;path d=&quot;M24.155 8.78099L24.33 8.94499L37.402 21.787L36 23.213L34.2 21.445L34.201 35C34.201 36.054 33.385 36.918 32.35 36.994L32.201 37H12.201C11.147 37 10.283 36.184 10.206 35.149L10.201 35L10.2 21.446L8.402 23.213L7 21.787L20.058 8.95799C21.171 7.82199 22.966 7.75899 24.155 8.78099ZM21.569 10.285L21.473 10.372L12.2 19.481L12.201 35L17.2 34.999L17.201 25C17.201 23.946 18.017 23.082 19.052 23.005L19.201 23H25.201C26.255 23 27.119 23.816 27.196 24.851L27.201 25L27.2 34.999L32.201 35L32.2 19.48L22.901 10.344C22.537 9.98699 21.969 9.96499 21.569 10.285ZM25.201 25H19.201L19.2 34.999H25.2L25.201 25Z&quot; fill=&quot;#3C3C3C&quot;\/&gt;\n&lt;\/svg&gt;\"\r\n\r\n\t>\r\n\t<div class=\"listing-card-nl\">\r\n\t\t<!-- ===== LEFT: IMAGE SLIDER ===== -->\r\n\t\t<div class=\"listing-image-container-nl\">\r\n\t\t\t<a href=\"https:\/\/cparici.com\/fr\/annonce\/rosemarine-2-4-pers-3\/\">\r\n\t\t\t\t<div class=\"slider-wrapper-nl\">\r\n\t\t\t\t\t\t\t\t\t<img decoding=\"async\" src=\"https:\/\/cparici.com\/wp-content\/uploads\/2025\/01\/Rosemarine-1-520x397.jpg\" alt=\"Rosemarine, 2-4 Pers\" class=\"slider-image-nl\">\r\n\t\t\t\t\t\t<img decoding=\"async\" src=\"https:\/\/cparici.com\/wp-content\/uploads\/2025\/01\/Rosemarine-2-520x397.jpg\" alt=\"Rosemarine, 2-4 Pers\" class=\"slider-image-nl\">\r\n\t\t\t\t\t\t<img decoding=\"async\" src=\"https:\/\/cparici.com\/wp-content\/uploads\/2025\/01\/Rosemarine-3-520x397.jpg\" alt=\"Rosemarine, 2-4 Pers\" class=\"slider-image-nl\">\r\n\t\t\t\t\t\t<\/div>\r\n\t\t\t<\/a>\r\n\r\n\t\t\t\t\t\t<div class=\"slider-arrow-nl left-nl\" id=\"prevBtn\"><i class=\"fa-solid fa-chevron-left\"><\/i><\/div>\r\n\t\t\t<div class=\"slider-arrow-nl right-nl\" id=\"nextBtn\"><i class=\"fa-solid fa-chevron-right\"><\/i><\/div>\r\n\t\t\t<div class=\"image-overlay-top-nl\">\r\n\r\n\t\t\t\t<span class=\"listing-category-tag-nl\">H\u00e9bergements<\/span>\t\t\t\t\r\n\t\t\t\t\t\t\t\t\t\t\t\t<div class=\"favorite-icon-nl\" id=\"favoriteBtn\">\r\n\t\t\t\t\t\t\t\t<span class=\"save fa-regular fa-heart tooltip left\" title=\"Connexion pour marquer des \u00e9l\u00e9ments\"><\/span>\r\n\t\t\t\t\t\t\t<\/div>\r\n\t\t\t\t\t\t\t\t\t\t\t\r\n\r\n\t\t\t\t\t\t\t<\/div>\r\n\t\t<\/div>\r\n\r\n\t\t<!-- ===== RIGHT: LISTING DETAILS (NOW 2-COLUMN) ===== -->\r\n\t\t<a href=\"https:\/\/cparici.com\/fr\/annonce\/rosemarine-2-4-pers-3\/\" class=\"listing-details-nl\">\r\n\r\n\t\t\t<!-- Main Content Column (Left) -->\r\n\t\t\t<div class=\"details-main-col-nl\">\r\n\t\t\t\t<div class=\"listing-badges-nl\">\r\n\t\t\t\t\t\t\t\t\t\t\t\t\t\t<\/div>\r\n\t\t\t\t<h2 class=\"listing-title-nl\">Rosemarine, 2-4 Pers\t\t\t\t\t<div class=\"listing-title-badges-nl\">\r\n\t\t\t\t\t\t\t\t\t\t\t\t\t\t\t\t\t<\/div>\r\n\t\t\t\t<\/h2>\r\n\t\t\t\t<p class=\"listing-location-nl\">La Corniche<\/p>\r\n\r\n\t\t\t\t\t\t<div class=\"listing-features-nl\">\r\n\t\t\t\t\t\t\t\t\t\t\t\t<!-- Regular Field Template -->\r\n\t\t\t\t\t<div class=\"feature-tag-nl main-detail-_guests\">\r\n\t\t\t\t\t\t<i class=\"fas fa-check\"><\/i>\r\n\t\t\t\t\t\t\t\t\t\t\t\t\t\t\t\t\t\t\t\t<span>4<\/span>\r\n\t\t\t\t\t\t\t\t\t\t\t\t<div class=\"tooltip-nl\">Guest(s)<\/div>\r\n\t\t\t\t\t<\/div>\r\n\t\t\t\t\t\t\t\t\t\t\t\t\t\t\t\t<!-- Regular Field Template -->\r\n\t\t\t\t\t<div class=\"feature-tag-nl main-detail-_number_of_bedrooms\">\r\n\t\t\t\t\t\t<i class=\"fas fa-check\"><\/i>\r\n\t\t\t\t\t\t\t\t\t\t\t\t\t\t\t\t\t\t\t\t<span>1<\/span>\r\n\t\t\t\t\t\t\t\t\t\t\t\t<div class=\"tooltip-nl\">Bedroom(s)<\/div>\r\n\t\t\t\t\t<\/div>\r\n\t\t\t\t\t\t\t\t\t\t<\/div>\r\n\r\n\t\t\t\t\t<div class=\"listing-amenities-nl\">\r\n\t\t\t\t\t\t<div class=\"amenity-icon-nl\"><i class=\"empty\"><\/i> <span class=\"tooltip-nl\">acc\u00e8s handicap\u00e9<\/span><\/div>\r\n\t\t\t\t\t<\/div>\r\n\t\t\t\t\t\t\t<\/div>\r\n\r\n\t\t\t<!-- Sidebar Column (Right) -->\r\n\t\t\t<div class=\"details-sidebar-col-nl\">\r\n\t\t\t\t<div class=\"details-sidebar-upper-nl\">\r\n\r\n\t\t\t\t\t\t\t\t\t<\/div>\r\n\t\t\t\t\t\t\t\t\t\t<div class=\"listing-booking-nl\">\r\n\t\t\t\t\t\t\t<p class=\"price-nl\">Commence \u00e0 partir de 140,00&euro;<\/p>\r\n\t\t\t\t\t\t\t\t\t\t\t\t\t<\/div>\r\n\t\t\t\t\r\n\r\n\t\t\t<\/div>\r\n\r\n\r\n\t\t<\/a>\r\n\t<\/div>\r\n<\/div>\r\n\r\n\r\n<!-- Listing Item \/ End --><!-- Listing Item -->\r\n\r\n\r\n<div  class=\"listing-card-container-nl margin-bottom-30 listing-geo-data\" \r\n\t\tdata-title=\"Chalet 6 pers au bord de la rivi\u00e8re \u2013 Dr\u00f4me Proven\u00e7ale, La Vall\u00e9e Bleue.\"\r\n\t\tdata-listing-type=\"rental\"\r\n\t\tdata-classifieds-price=\"&euro;\"\r\n\t\tdata-friendly-address=\"277 Route de Nyons, 26510 Sahune, France\"\r\n\t\tdata-address=\"277 Route de Nyons, 26510 Sahune, France\"\r\n\t\tdata-image=\"https:\/\/cparici.com\/wp-content\/uploads\/2025\/12\/chalet-520x397.jpg\"\r\n\t\tdata-longitude=\"5.261438\"\r\n\t\tdata-latitude=\"44.412241\"\r\n\t\t\t\t\tdata-rating=\"0\"\r\n\t\t\tdata-reviews=\"0\"\r\n\t\t\t\tdata-icon=\"&lt;svg xmlns=&quot;http:\/\/www.w3.org\/2000\/svg&quot; width=&quot;800px&quot; height=&quot;800px&quot; viewBox=&quot;0 0 45 45&quot; fill=&quot;none&quot;&gt;\n&lt;path d=&quot;M24.155 8.78099L24.33 8.94499L37.402 21.787L36 23.213L34.2 21.445L34.201 35C34.201 36.054 33.385 36.918 32.35 36.994L32.201 37H12.201C11.147 37 10.283 36.184 10.206 35.149L10.201 35L10.2 21.446L8.402 23.213L7 21.787L20.058 8.95799C21.171 7.82199 22.966 7.75899 24.155 8.78099ZM21.569 10.285L21.473 10.372L12.2 19.481L12.201 35L17.2 34.999L17.201 25C17.201 23.946 18.017 23.082 19.052 23.005L19.201 23H25.201C26.255 23 27.119 23.816 27.196 24.851L27.201 25L27.2 34.999L32.201 35L32.2 19.48L22.901 10.344C22.537 9.98699 21.969 9.96499 21.569 10.285ZM25.201 25H19.201L19.2 34.999H25.2L25.201 25Z&quot; fill=&quot;#3C3C3C&quot;\/&gt;\n&lt;\/svg&gt;\"\r\n\r\n\t>\r\n\t<div class=\"listing-card-nl\">\r\n\t\t<!-- ===== LEFT: IMAGE SLIDER ===== -->\r\n\t\t<div class=\"listing-image-container-nl\">\r\n\t\t\t<a href=\"https:\/\/cparici.com\/fr\/annonce\/chalet-6-pers-au-bord-de-la-riviere-drome-provencale-la-vallee-bleue\/\">\r\n\t\t\t\t<div class=\"slider-wrapper-nl\">\r\n\t\t\t\t\t\t\t\t\t<img decoding=\"async\" src=\"https:\/\/cparici.com\/wp-content\/uploads\/2025\/12\/chalet-520x397.jpg\" alt=\"Chalet 6 pers au bord de la rivi\u00e8re \u2013 Dr\u00f4me Proven\u00e7ale, La Vall\u00e9e Bleue.\" class=\"slider-image-nl\">\r\n\t\t\t\t\t\t<img decoding=\"async\" src=\"https:\/\/cparici.com\/wp-content\/uploads\/2025\/12\/accueil-520x397.jpg\" alt=\"Chalet 6 pers au bord de la rivi\u00e8re \u2013 Dr\u00f4me Proven\u00e7ale, La Vall\u00e9e Bleue.\" class=\"slider-image-nl\">\r\n\t\t\t\t\t\t<img decoding=\"async\" src=\"https:\/\/cparici.com\/wp-content\/uploads\/2025\/12\/chalet2.jpg\" alt=\"Chalet 6 pers au bord de la rivi\u00e8re \u2013 Dr\u00f4me Proven\u00e7ale, La Vall\u00e9e Bleue.\" class=\"slider-image-nl\">\r\n\t\t\t\t\t\t<\/div>\r\n\t\t\t<\/a>\r\n\r\n\t\t\t\t\t\t<div class=\"slider-arrow-nl left-nl\" id=\"prevBtn\"><i class=\"fa-solid fa-chevron-left\"><\/i><\/div>\r\n\t\t\t<div class=\"slider-arrow-nl right-nl\" id=\"nextBtn\"><i class=\"fa-solid fa-chevron-right\"><\/i><\/div>\r\n\t\t\t<div class=\"image-overlay-top-nl\">\r\n\r\n\t\t\t\t<span class=\"listing-category-tag-nl\">H\u00e9bergements<\/span>\t\t\t\t\r\n\t\t\t\t\t\t\t\t\t\t\t\t<div class=\"favorite-icon-nl\" id=\"favoriteBtn\">\r\n\t\t\t\t\t\t\t\t<span class=\"save fa-regular fa-heart tooltip left\" title=\"Connexion pour marquer des \u00e9l\u00e9ments\"><\/span>\r\n\t\t\t\t\t\t\t<\/div>\r\n\t\t\t\t\t\t\t\t\t\t\t\r\n\r\n\t\t\t\t\t\t\t<\/div>\r\n\t\t<\/div>\r\n\r\n\t\t<!-- ===== RIGHT: LISTING DETAILS (NOW 2-COLUMN) ===== -->\r\n\t\t<a href=\"https:\/\/cparici.com\/fr\/annonce\/chalet-6-pers-au-bord-de-la-riviere-drome-provencale-la-vallee-bleue\/\" class=\"listing-details-nl\">\r\n\r\n\t\t\t<!-- Main Content Column (Left) -->\r\n\t\t\t<div class=\"details-main-col-nl\">\r\n\t\t\t\t<div class=\"listing-badges-nl\">\r\n\t\t\t\t\t\t\t\t\t\t\t\t\t\t<\/div>\r\n\t\t\t\t<h2 class=\"listing-title-nl\">Chalet 6 pers au bord de la rivi\u00e8re \u2013 Dr\u00f4me Proven\u00e7ale, La Vall\u00e9e Bleue.\t\t\t\t\t<div class=\"listing-title-badges-nl\">\r\n\t\t\t\t\t\t\t\t\t\t\t\t\t\t\t\t\t<\/div>\r\n\t\t\t\t<\/h2>\r\n\t\t\t\t<p class=\"listing-location-nl\">277 Route de Nyons, 26510 Sahune, France<\/p>\r\n\r\n\t\t\t\t\t\t\t<\/div>\r\n\r\n\t\t\t<!-- Sidebar Column (Right) -->\r\n\t\t\t<div class=\"details-sidebar-col-nl\">\r\n\t\t\t\t<div class=\"details-sidebar-upper-nl\">\r\n\r\n\t\t\t\t\t\t\t\t\t<\/div>\r\n\t\t\t\t\t\t\t\t\t\t<div class=\"listing-booking-nl\">\r\n\t\t\t\t\t\t\t<p class=\"price-nl\">140,00&euro; - 1\u00a0100,00&euro;<\/p>\r\n\t\t\t\t\t\t\t\t\t\t\t\t\t<\/div>\r\n\t\t\t\t\r\n\r\n\t\t\t<\/div>\r\n\r\n\r\n\t\t<\/a>\r\n\t<\/div>\r\n<\/div>\r\n\r\n\r\n<!-- Listing Item \/ End --><!-- Listing Item -->\r\n\r\n\r\n<div  class=\"listing-card-container-nl margin-bottom-30 listing-geo-data\" \r\n\t\tdata-title=\"Villa L\u00e9onie\"\r\n\t\tdata-listing-type=\"rental\"\r\n\t\tdata-classifieds-price=\"&euro;\"\r\n\t\tdata-friendly-address=\"Kerlouan\"\r\n\t\tdata-address=\"Kerlouan\"\r\n\t\tdata-image=\"https:\/\/cparici.com\/wp-content\/uploads\/2025\/03\/1-520x397.jpg\"\r\n\t\tdata-longitude=\"-4.357733\"\r\n\t\tdata-latitude=\"48.651003\"\r\n\t\t\t\t\tdata-rating=\"5\"\r\n\t\t\tdata-reviews=\"31\"\r\n\t\t\t\tdata-icon=\"&lt;svg xmlns=&quot;http:\/\/www.w3.org\/2000\/svg&quot; width=&quot;800px&quot; height=&quot;800px&quot; viewBox=&quot;0 0 45 45&quot; fill=&quot;none&quot;&gt;\n&lt;path d=&quot;M24.155 8.78099L24.33 8.94499L37.402 21.787L36 23.213L34.2 21.445L34.201 35C34.201 36.054 33.385 36.918 32.35 36.994L32.201 37H12.201C11.147 37 10.283 36.184 10.206 35.149L10.201 35L10.2 21.446L8.402 23.213L7 21.787L20.058 8.95799C21.171 7.82199 22.966 7.75899 24.155 8.78099ZM21.569 10.285L21.473 10.372L12.2 19.481L12.201 35L17.2 34.999L17.201 25C17.201 23.946 18.017 23.082 19.052 23.005L19.201 23H25.201C26.255 23 27.119 23.816 27.196 24.851L27.201 25L27.2 34.999L32.201 35L32.2 19.48L22.901 10.344C22.537 9.98699 21.969 9.96499 21.569 10.285ZM25.201 25H19.201L19.2 34.999H25.2L25.201 25Z&quot; fill=&quot;#3C3C3C&quot;\/&gt;\n&lt;\/svg&gt;\"\r\n\r\n\t>\r\n\t<div class=\"listing-card-nl\">\r\n\t\t<!-- ===== LEFT: IMAGE SLIDER ===== -->\r\n\t\t<div class=\"listing-image-container-nl\">\r\n\t\t\t<a href=\"https:\/\/cparici.com\/fr\/annonce\/villa-leonie\/\">\r\n\t\t\t\t<div class=\"slider-wrapper-nl\">\r\n\t\t\t\t\t\t\t\t\t<img decoding=\"async\" src=\"https:\/\/cparici.com\/wp-content\/uploads\/2025\/03\/1-520x397.jpg\" alt=\"Villa Leoni Kerlouan\" class=\"slider-image-nl\">\r\n\t\t\t\t\t\t<img decoding=\"async\" src=\"https:\/\/cparici.com\/wp-content\/uploads\/2025\/03\/2-520x397.jpg\" alt=\"Villa Kerleonie Kerlouan\" class=\"slider-image-nl\">\r\n\t\t\t\t\t\t<img decoding=\"async\" src=\"https:\/\/cparici.com\/wp-content\/uploads\/2025\/03\/3-520x397.jpg\" alt=\"Location vacances Kerlouan leonie\" class=\"slider-image-nl\">\r\n\t\t\t\t\t\t<\/div>\r\n\t\t\t<\/a>\r\n\r\n\t\t\t\t\t\t<div class=\"slider-arrow-nl left-nl\" id=\"prevBtn\"><i class=\"fa-solid fa-chevron-left\"><\/i><\/div>\r\n\t\t\t<div class=\"slider-arrow-nl right-nl\" id=\"nextBtn\"><i class=\"fa-solid fa-chevron-right\"><\/i><\/div>\r\n\t\t\t<div class=\"image-overlay-top-nl\">\r\n\r\n\t\t\t\t<span class=\"listing-category-tag-nl\">H\u00e9bergements<\/span>\t\t\t\t\r\n\t\t\t\t\t\t\t\t\t\t\t\t<div class=\"favorite-icon-nl\" id=\"favoriteBtn\">\r\n\t\t\t\t\t\t\t\t<span class=\"save fa-regular fa-heart tooltip left\" title=\"Connexion pour marquer des \u00e9l\u00e9ments\"><\/span>\r\n\t\t\t\t\t\t\t<\/div>\r\n\t\t\t\t\t\t\t\t\t\t\t\r\n\r\n\t\t\t\t\t\t\t<\/div>\r\n\t\t<\/div>\r\n\r\n\t\t<!-- ===== RIGHT: LISTING DETAILS (NOW 2-COLUMN) ===== -->\r\n\t\t<a href=\"https:\/\/cparici.com\/fr\/annonce\/villa-leonie\/\" class=\"listing-details-nl\">\r\n\r\n\t\t\t<!-- Main Content Column (Left) -->\r\n\t\t\t<div class=\"details-main-col-nl\">\r\n\t\t\t\t<div class=\"listing-badges-nl\">\r\n\t\t\t\t\t\t\t\t\t\t<span class=\"badge-nl featured-nl\"><i class=\"fa-solid fa-star\"><\/i> En vedette<\/span>\t\t\t\t<\/div>\r\n\t\t\t\t<h2 class=\"listing-title-nl\">Villa L\u00e9onie\t\t\t\t\t<div class=\"listing-title-badges-nl\">\r\n\t\t\t\t\t\t\t\t\t\t\t\t\t\t\t\t\t<\/div>\r\n\t\t\t\t<\/h2>\r\n\t\t\t\t<p class=\"listing-location-nl\">Kerlouan<\/p>\r\n\r\n\t\t\t\t\r\n\t\t\t\t\t<div class=\"listing-amenities-nl\">\r\n\t\t\t\t\t\t\r\n\t\t\t\t\t<\/div>\r\n\t\t\t\t\t\t\t<\/div>\r\n\r\n\t\t\t<!-- Sidebar Column (Right) -->\r\n\t\t\t<div class=\"details-sidebar-col-nl\">\r\n\t\t\t\t<div class=\"details-sidebar-upper-nl\">\r\n\r\n\t\t\t\t\t\t\t\t\t\t\t\t<div class=\"listing-rating-nl\">\r\n\t\t\t\t\t\t\t\t<div class=\"stars-nl\" data-rating=\"5\">\r\n\r\n\t\t\t\t\t\t\t\t\t<div class=\"listing-rating-nl\">\n                      <div class=\"stars-nl\">\n                          <i class=\"fa-solid fa-star\"><\/i>\n                            <i class=\"fa-solid fa-star\"><\/i>\n                            <i class=\"fa-solid fa-star\"><\/i>\n                            <i class=\"fa-solid fa-star\"><\/i>\n                            <i class=\"fa-solid fa-star\"><\/i>\n                      <\/div>\n                       <div class=\"rating-text-nl\">5.0 <span>(31)<\/span><\/div><\/div> \t\t\t\t\t\t\t\t<\/div>\r\n\t\t\t\t\t\t\t<\/div>\r\n\t\t\t\t\t\t\t\t\t<\/div>\r\n\t\t\t\t\t\t\t\t\t\t<div class=\"listing-booking-nl\">\r\n\t\t\t\t\t\t\t<p class=\"price-nl\">360,00&euro; - 800,00&euro;<\/p>\r\n\t\t\t\t\t\t\t\t\t\t\t\t\t<\/div>\r\n\t\t\t\t\r\n\r\n\t\t\t<\/div>\r\n\r\n\r\n\t\t<\/a>\r\n\t<\/div>\r\n<\/div>\r\n\r\n\r\n<!-- Listing Item \/ End --><!-- Listing Item -->\r\n\r\n\r\n<div  class=\"listing-card-container-nl margin-bottom-30 listing-geo-data\" \r\n\t\tdata-title=\"Chambres d&#8217;h\u00f4tes L&#8217;Or\u00e9liane en Provence SPA &amp; oenotourisme\"\r\n\t\tdata-listing-type=\"rental\"\r\n\t\tdata-classifieds-price=\"&euro;\"\r\n\t\tdata-friendly-address=\"217 RUE DU BARON LEROY 84470 CHATEAUNEUF DE GADAGNE\"\r\n\t\tdata-address=\"217 RUE DU BARON LEROY 84470 CHATEAUNEUF DE GADAGNE\"\r\n\t\tdata-image=\"https:\/\/cparici.com\/wp-content\/uploads\/2026\/04\/XH2S4506-HDR-Modifier-520x397.jpg\"\r\n\t\tdata-longitude=\"4.947011994639\"\r\n\t\tdata-latitude=\"43.927133010666\"\r\n\t\t\t\t\tdata-rating=\"4.9\"\r\n\t\t\tdata-reviews=\"147\"\r\n\t\t\t\tdata-icon=\"&lt;svg xmlns=&quot;http:\/\/www.w3.org\/2000\/svg&quot; width=&quot;800px&quot; height=&quot;800px&quot; viewBox=&quot;0 0 45 45&quot; fill=&quot;none&quot;&gt;\n&lt;path d=&quot;M24.155 8.78099L24.33 8.94499L37.402 21.787L36 23.213L34.2 21.445L34.201 35C34.201 36.054 33.385 36.918 32.35 36.994L32.201 37H12.201C11.147 37 10.283 36.184 10.206 35.149L10.201 35L10.2 21.446L8.402 23.213L7 21.787L20.058 8.95799C21.171 7.82199 22.966 7.75899 24.155 8.78099ZM21.569 10.285L21.473 10.372L12.2 19.481L12.201 35L17.2 34.999L17.201 25C17.201 23.946 18.017 23.082 19.052 23.005L19.201 23H25.201C26.255 23 27.119 23.816 27.196 24.851L27.201 25L27.2 34.999L32.201 35L32.2 19.48L22.901 10.344C22.537 9.98699 21.969 9.96499 21.569 10.285ZM25.201 25H19.201L19.2 34.999H25.2L25.201 25Z&quot; fill=&quot;#3C3C3C&quot;\/&gt;\n&lt;\/svg&gt;\"\r\n\r\n\t>\r\n\t<div class=\"listing-card-nl\">\r\n\t\t<!-- ===== LEFT: IMAGE SLIDER ===== -->\r\n\t\t<div class=\"listing-image-container-nl\">\r\n\t\t\t<a href=\"https:\/\/cparici.com\/fr\/annonce\/chambres-dhotes-loreliane-en-provence-spa-oenotourisme\/\">\r\n\t\t\t\t<div class=\"slider-wrapper-nl\">\r\n\t\t\t\t\t\t\t\t\t<img decoding=\"async\" src=\"https:\/\/cparici.com\/wp-content\/uploads\/2026\/04\/XH2S4506-HDR-Modifier-520x397.jpg\" alt=\"Chambres d&#8217;h\u00f4tes L&#8217;Or\u00e9liane en Provence SPA &amp; oenotourisme\" class=\"slider-image-nl\">\r\n\t\t\t\t\t\t<img decoding=\"async\" src=\"https:\/\/cparici.com\/wp-content\/uploads\/2026\/04\/2024-05-L_Oreliane-\u00a9-i.meulemans-@agencelabellevie-44-520x397.jpg\" alt=\"Chambres d&#8217;h\u00f4tes L&#8217;Or\u00e9liane en Provence SPA &amp; oenotourisme\" class=\"slider-image-nl\">\r\n\t\t\t\t\t\t<img decoding=\"async\" src=\"https:\/\/cparici.com\/wp-content\/uploads\/2026\/04\/2024-05-L_Oreliane-\u00a9-i.meulemans-@agencelabellevie-47-1-520x397.jpg\" alt=\"Chambres d&#8217;h\u00f4tes L&#8217;Or\u00e9liane en Provence SPA &amp; oenotourisme\" class=\"slider-image-nl\">\r\n\t\t\t\t\t\t<\/div>\r\n\t\t\t<\/a>\r\n\r\n\t\t\t\t\t\t<div class=\"slider-arrow-nl left-nl\" id=\"prevBtn\"><i class=\"fa-solid fa-chevron-left\"><\/i><\/div>\r\n\t\t\t<div class=\"slider-arrow-nl right-nl\" id=\"nextBtn\"><i class=\"fa-solid fa-chevron-right\"><\/i><\/div>\r\n\t\t\t<div class=\"image-overlay-top-nl\">\r\n\r\n\t\t\t\t<span class=\"listing-category-tag-nl\">H\u00e9bergements<\/span>\t\t\t\t\r\n\t\t\t\t\t\t\t\t\t\t\t\t<div class=\"favorite-icon-nl\" id=\"favoriteBtn\">\r\n\t\t\t\t\t\t\t\t<span class=\"save fa-regular fa-heart tooltip left\" title=\"Connexion pour marquer des \u00e9l\u00e9ments\"><\/span>\r\n\t\t\t\t\t\t\t<\/div>\r\n\t\t\t\t\t\t\t\t\t\t\t\r\n\r\n\t\t\t\t\t\t\t<\/div>\r\n\t\t<\/div>\r\n\r\n\t\t<!-- ===== RIGHT: LISTING DETAILS (NOW 2-COLUMN) ===== -->\r\n\t\t<a href=\"https:\/\/cparici.com\/fr\/annonce\/chambres-dhotes-loreliane-en-provence-spa-oenotourisme\/\" class=\"listing-details-nl\">\r\n\r\n\t\t\t<!-- Main Content Column (Left) -->\r\n\t\t\t<div class=\"details-main-col-nl\">\r\n\t\t\t\t<div class=\"listing-badges-nl\">\r\n\t\t\t\t\t\t\t\t\t\t<span class=\"badge-nl featured-nl\"><i class=\"fa-solid fa-star\"><\/i> En vedette<\/span>\t\t\t\t<\/div>\r\n\t\t\t\t<h2 class=\"listing-title-nl\">Chambres d&#8217;h\u00f4tes L&#8217;Or\u00e9liane en Provence SPA &amp; oenotourisme\t\t\t\t\t<div class=\"listing-title-badges-nl\">\r\n\t\t\t\t\t\t\t\t\t\t\t\t\t\t\t\t\t<\/div>\r\n\t\t\t\t<\/h2>\r\n\t\t\t\t<p class=\"listing-location-nl\">217 RUE DU BARON LEROY 84470 CHATEAUNEUF DE GADAGNE<\/p>\r\n\r\n\t\t\t\t\r\n\t\t\t\t\t<div class=\"listing-amenities-nl\">\r\n\t\t\t\t\t\t\r\n\t\t\t\t\t<\/div>\r\n\t\t\t\t\t\t\t<\/div>\r\n\r\n\t\t\t<!-- Sidebar Column (Right) -->\r\n\t\t\t<div class=\"details-sidebar-col-nl\">\r\n\t\t\t\t<div class=\"details-sidebar-upper-nl\">\r\n\r\n\t\t\t\t\t\t\t\t\t\t\t\t<div class=\"listing-rating-nl\">\r\n\t\t\t\t\t\t\t\t<div class=\"stars-nl\" data-rating=\"4.9\">\r\n\r\n\t\t\t\t\t\t\t\t\t<div class=\"listing-rating-nl\">\n                      <div class=\"stars-nl\">\n                          <i class=\"fa-solid fa-star\"><\/i>\n                            <i class=\"fa-solid fa-star\"><\/i>\n                            <i class=\"fa-solid fa-star\"><\/i>\n                            <i class=\"fa-solid fa-star\"><\/i>\n                            <i class=\"fa-solid fa-star-half-stroke\"><\/i>\n                      <\/div>\n                       <div class=\"rating-text-nl\">4.9 <span>(147)<\/span><\/div><\/div> \t\t\t\t\t\t\t\t<\/div>\r\n\t\t\t\t\t\t\t<\/div>\r\n\t\t\t\t\t\t\t\t\t<\/div>\r\n\t\t\t\t\t\t\t\t\t\t<div class=\"listing-booking-nl\">\r\n\t\t\t\t\t\t\t<p class=\"price-nl\">115,00&euro; - 180,00&euro;<\/p>\r\n\t\t\t\t\t\t\t\t\t\t\t\t\t<\/div>\r\n\t\t\t\t\r\n\r\n\t\t\t<\/div>\r\n\r\n\r\n\t\t<\/a>\r\n\t<\/div>\r\n<\/div>\r\n\r\n\r\n<!-- Listing Item \/ End --><!-- Listing Item -->\r\n\r\n\r\n<div  class=\"listing-card-container-nl margin-bottom-30 listing-geo-data\" \r\n\t\tdata-title=\"Maison Le Bonheur, 4 pers\"\r\n\t\tdata-listing-type=\"rental\"\r\n\t\tdata-classifieds-price=\"&euro;\"\r\n\t\tdata-friendly-address=\"Concarneau, Le Porzou\"\r\n\t\tdata-address=\"Concarneau, Le Porzou\"\r\n\t\tdata-image=\"https:\/\/cparici.com\/wp-content\/uploads\/2025\/01\/le-bonheur-1-520x397.jpg\"\r\n\t\tdata-longitude=\"-3.9016358\"\r\n\t\tdata-latitude=\"47.8660765\"\r\n\t\t\t\t\tdata-rating=\"0\"\r\n\t\t\tdata-reviews=\"0\"\r\n\t\t\t\tdata-icon=\"&lt;svg xmlns=&quot;http:\/\/www.w3.org\/2000\/svg&quot; width=&quot;800px&quot; height=&quot;800px&quot; viewBox=&quot;0 0 45 45&quot; fill=&quot;none&quot;&gt;\n&lt;path d=&quot;M24.155 8.78099L24.33 8.94499L37.402 21.787L36 23.213L34.2 21.445L34.201 35C34.201 36.054 33.385 36.918 32.35 36.994L32.201 37H12.201C11.147 37 10.283 36.184 10.206 35.149L10.201 35L10.2 21.446L8.402 23.213L7 21.787L20.058 8.95799C21.171 7.82199 22.966 7.75899 24.155 8.78099ZM21.569 10.285L21.473 10.372L12.2 19.481L12.201 35L17.2 34.999L17.201 25C17.201 23.946 18.017 23.082 19.052 23.005L19.201 23H25.201C26.255 23 27.119 23.816 27.196 24.851L27.201 25L27.2 34.999L32.201 35L32.2 19.48L22.901 10.344C22.537 9.98699 21.969 9.96499 21.569 10.285ZM25.201 25H19.201L19.2 34.999H25.2L25.201 25Z&quot; fill=&quot;#3C3C3C&quot;\/&gt;\n&lt;\/svg&gt;\"\r\n\r\n\t>\r\n\t<div class=\"listing-card-nl\">\r\n\t\t<!-- ===== LEFT: IMAGE SLIDER ===== -->\r\n\t\t<div class=\"listing-image-container-nl\">\r\n\t\t\t<a href=\"https:\/\/cparici.com\/fr\/annonce\/maison-le-bonheur-4-pers\/\">\r\n\t\t\t\t<div class=\"slider-wrapper-nl\">\r\n\t\t\t\t\t\t\t\t\t<img decoding=\"async\" src=\"https:\/\/cparici.com\/wp-content\/uploads\/2025\/01\/le-bonheur-1-520x397.jpg\" alt=\"Maison Le Bonheur, 4 pers\" class=\"slider-image-nl\">\r\n\t\t\t\t\t\t<img decoding=\"async\" src=\"https:\/\/cparici.com\/wp-content\/uploads\/2025\/01\/le-bonheur-2-520x397.jpg\" alt=\"Maison Le Bonheur, 4 pers\" class=\"slider-image-nl\">\r\n\t\t\t\t\t\t<img decoding=\"async\" src=\"https:\/\/cparici.com\/wp-content\/uploads\/2025\/01\/le-bonheur-3-520x397.jpg\" alt=\"Maison Le Bonheur, 4 pers\" class=\"slider-image-nl\">\r\n\t\t\t\t\t\t<\/div>\r\n\t\t\t<\/a>\r\n\r\n\t\t\t\t\t\t<div class=\"slider-arrow-nl left-nl\" id=\"prevBtn\"><i class=\"fa-solid fa-chevron-left\"><\/i><\/div>\r\n\t\t\t<div class=\"slider-arrow-nl right-nl\" id=\"nextBtn\"><i class=\"fa-solid fa-chevron-right\"><\/i><\/div>\r\n\t\t\t<div class=\"image-overlay-top-nl\">\r\n\r\n\t\t\t\t<span class=\"listing-category-tag-nl\">H\u00e9bergements<\/span>\t\t\t\t\r\n\t\t\t\t\t\t\t\t\t\t\t\t<div class=\"favorite-icon-nl\" id=\"favoriteBtn\">\r\n\t\t\t\t\t\t\t\t<span class=\"save fa-regular fa-heart tooltip left\" title=\"Connexion pour marquer des \u00e9l\u00e9ments\"><\/span>\r\n\t\t\t\t\t\t\t<\/div>\r\n\t\t\t\t\t\t\t\t\t\t\t\r\n\r\n\t\t\t\t\t\t\t<\/div>\r\n\t\t<\/div>\r\n\r\n\t\t<!-- ===== RIGHT: LISTING DETAILS (NOW 2-COLUMN) ===== -->\r\n\t\t<a href=\"https:\/\/cparici.com\/fr\/annonce\/maison-le-bonheur-4-pers\/\" class=\"listing-details-nl\">\r\n\r\n\t\t\t<!-- Main Content Column (Left) -->\r\n\t\t\t<div class=\"details-main-col-nl\">\r\n\t\t\t\t<div class=\"listing-badges-nl\">\r\n\t\t\t\t\t\t\t\t\t\t\t\t\t\t<\/div>\r\n\t\t\t\t<h2 class=\"listing-title-nl\">Maison Le Bonheur, 4 pers\t\t\t\t\t<div class=\"listing-title-badges-nl\">\r\n\t\t\t\t\t\t\t\t\t\t\t\t\t\t\t\t\t<\/div>\r\n\t\t\t\t<\/h2>\r\n\t\t\t\t<p class=\"listing-location-nl\">Concarneau, Le Porzou<\/p>\r\n\r\n\t\t\t\t\t\t<div class=\"listing-features-nl\">\r\n\t\t\t\t\t\t\t\t\t\t\t\t<!-- Regular Field Template -->\r\n\t\t\t\t\t<div class=\"feature-tag-nl main-detail-_size\">\r\n\t\t\t\t\t\t<i class=\"fas fa-check\"><\/i>\r\n\t\t\t\t\t\t\t\t\t\t\t\t\t\t\t\t\t\t\t\t<span>70<\/span>\r\n\t\t\t\t\t\t\t\t\t\t\t\t<div class=\"tooltip-nl\">Size<\/div>\r\n\t\t\t\t\t<\/div>\r\n\t\t\t\t\t\t\t\t\t\t\t\t\t\t\t\t<!-- Regular Field Template -->\r\n\t\t\t\t\t<div class=\"feature-tag-nl main-detail-_guests\">\r\n\t\t\t\t\t\t<i class=\"fas fa-check\"><\/i>\r\n\t\t\t\t\t\t\t\t\t\t\t\t\t\t\t\t\t\t\t\t<span>4<\/span>\r\n\t\t\t\t\t\t\t\t\t\t\t\t<div class=\"tooltip-nl\">Guest(s)<\/div>\r\n\t\t\t\t\t<\/div>\r\n\t\t\t\t\t\t\t\t\t\t\t\t\t\t\t\t<!-- Regular Field Template -->\r\n\t\t\t\t\t<div class=\"feature-tag-nl main-detail-_number_of_bedrooms\">\r\n\t\t\t\t\t\t<i class=\"fas fa-check\"><\/i>\r\n\t\t\t\t\t\t\t\t\t\t\t\t\t\t\t\t\t\t\t\t<span>2<\/span>\r\n\t\t\t\t\t\t\t\t\t\t\t\t<div class=\"tooltip-nl\">Bedroom(s)<\/div>\r\n\t\t\t\t\t<\/div>\r\n\t\t\t\t\t\t\t\t\t\t<\/div>\r\n\r\n\t\t\t\t\t<div class=\"listing-amenities-nl\">\r\n\t\t\t\t\t\t\r\n\t\t\t\t\t<\/div>\r\n\t\t\t\t\t\t\t<\/div>\r\n\r\n\t\t\t<!-- Sidebar Column (Right) -->\r\n\t\t\t<div class=\"details-sidebar-col-nl\">\r\n\t\t\t\t<div class=\"details-sidebar-upper-nl\">\r\n\r\n\t\t\t\t\t\t\t\t\t<\/div>\r\n\t\t\t\t\t\t\t\t\t\t<div class=\"listing-booking-nl\">\r\n\t\t\t\t\t\t\t<p class=\"price-nl\">117,00&euro; - 0,00&euro;<\/p>\r\n\t\t\t\t\t\t\t\t\t\t\t\t\t<\/div>\r\n\t\t\t\t\r\n\r\n\t\t\t<\/div>\r\n\r\n\r\n\t\t<\/a>\r\n\t<\/div>\r\n<\/div>\r\n\r\n\r\n<!-- Listing Item \/ End --><!-- Listing Item -->\r\n\r\n\r\n<div  class=\"listing-card-container-nl margin-bottom-30 listing-geo-data\" \r\n\t\tdata-title=\"Location Vacances Votre Annonce ici\"\r\n\t\tdata-listing-type=\"rental\"\r\n\t\tdata-classifieds-price=\"&euro;\"\r\n\t\tdata-friendly-address=\"39\u20ac\/an\"\r\n\t\tdata-address=\"39\u20ac\/an\"\r\n\t\tdata-image=\"https:\/\/cparici.com\/wp-content\/uploads\/2024\/10\/vue-mer-hebergement-location-520x397.jpg\"\r\n\t\tdata-longitude=\"-0.9542766999999999\"\r\n\t\tdata-latitude=\"45.55482319999999\"\r\n\t\t\t\t\tdata-rating=\"0\"\r\n\t\t\tdata-reviews=\"0\"\r\n\t\t\t\tdata-icon=\"&lt;svg xmlns=&quot;http:\/\/www.w3.org\/2000\/svg&quot; width=&quot;800px&quot; height=&quot;800px&quot; viewBox=&quot;0 0 45 45&quot; fill=&quot;none&quot;&gt;\n&lt;path d=&quot;M24.155 8.78099L24.33 8.94499L37.402 21.787L36 23.213L34.2 21.445L34.201 35C34.201 36.054 33.385 36.918 32.35 36.994L32.201 37H12.201C11.147 37 10.283 36.184 10.206 35.149L10.201 35L10.2 21.446L8.402 23.213L7 21.787L20.058 8.95799C21.171 7.82199 22.966 7.75899 24.155 8.78099ZM21.569 10.285L21.473 10.372L12.2 19.481L12.201 35L17.2 34.999L17.201 25C17.201 23.946 18.017 23.082 19.052 23.005L19.201 23H25.201C26.255 23 27.119 23.816 27.196 24.851L27.201 25L27.2 34.999L32.201 35L32.2 19.48L22.901 10.344C22.537 9.98699 21.969 9.96499 21.569 10.285ZM25.201 25H19.201L19.2 34.999H25.2L25.201 25Z&quot; fill=&quot;#3C3C3C&quot;\/&gt;\n&lt;\/svg&gt;\"\r\n\r\n\t>\r\n\t<div class=\"listing-card-nl\">\r\n\t\t<!-- ===== LEFT: IMAGE SLIDER ===== -->\r\n\t\t<div class=\"listing-image-container-nl\">\r\n\t\t\t<a href=\"https:\/\/cparici.com\/fr\/annonce\/location-vacances-votre-annonce-ici\/\">\r\n\t\t\t\t<div class=\"slider-wrapper-nl\">\r\n\t\t\t\t\t\t\t\t\t<img decoding=\"async\" src=\"https:\/\/cparici.com\/wp-content\/uploads\/2024\/10\/vue-mer-hebergement-location-520x397.jpg\" alt=\"Location Vacances Votre Annonce ici\" class=\"slider-image-nl\">\r\n\t\t\t\t\t\t<img decoding=\"async\" src=\"https:\/\/cparici.com\/wp-content\/uploads\/2024\/10\/location-chambre-520x397.jpg\" alt=\"Location Vacances Votre Annonce ici\" class=\"slider-image-nl\">\r\n\t\t\t\t\t\t<img decoding=\"async\" src=\"https:\/\/cparici.com\/wp-content\/uploads\/2024\/10\/location-terrasse-jardin-520x397.jpg\" alt=\"Location Vacances Votre Annonce ici\" class=\"slider-image-nl\">\r\n\t\t\t\t\t\t<\/div>\r\n\t\t\t<\/a>\r\n\r\n\t\t\t\t\t\t<div class=\"slider-arrow-nl left-nl\" id=\"prevBtn\"><i class=\"fa-solid fa-chevron-left\"><\/i><\/div>\r\n\t\t\t<div class=\"slider-arrow-nl right-nl\" id=\"nextBtn\"><i class=\"fa-solid fa-chevron-right\"><\/i><\/div>\r\n\t\t\t<div class=\"image-overlay-top-nl\">\r\n\r\n\t\t\t\t<span class=\"listing-category-tag-nl\">H\u00e9bergements<\/span>\t\t\t\t\r\n\t\t\t\t\t\t\t\t\t\t\t\t<div class=\"favorite-icon-nl\" id=\"favoriteBtn\">\r\n\t\t\t\t\t\t\t\t<span class=\"save fa-regular fa-heart tooltip left\" title=\"Connexion pour marquer des \u00e9l\u00e9ments\"><\/span>\r\n\t\t\t\t\t\t\t<\/div>\r\n\t\t\t\t\t\t\t\t\t\t\t\r\n\r\n\t\t\t\t\t\t\t<\/div>\r\n\t\t<\/div>\r\n\r\n\t\t<!-- ===== RIGHT: LISTING DETAILS (NOW 2-COLUMN) ===== -->\r\n\t\t<a href=\"https:\/\/cparici.com\/fr\/annonce\/location-vacances-votre-annonce-ici\/\" class=\"listing-details-nl\">\r\n\r\n\t\t\t<!-- Main Content Column (Left) -->\r\n\t\t\t<div class=\"details-main-col-nl\">\r\n\t\t\t\t<div class=\"listing-badges-nl\">\r\n\t\t\t\t\t\t\t\t\t\t\t\t\t\t<\/div>\r\n\t\t\t\t<h2 class=\"listing-title-nl\">Location Vacances Votre Annonce ici\t\t\t\t\t<div class=\"listing-title-badges-nl\">\r\n\t\t\t\t\t\t\t\t\t\t\t\t\t\t\t\t\t<\/div>\r\n\t\t\t\t<\/h2>\r\n\t\t\t\t<p class=\"listing-location-nl\">39\u20ac\/an<\/p>\r\n\r\n\t\t\t\t\t\t<div class=\"listing-features-nl\">\r\n\t\t\t\t\t\t\t\t\t\t\t\t<!-- Regular Field Template -->\r\n\t\t\t\t\t<div class=\"feature-tag-nl main-detail-_size\">\r\n\t\t\t\t\t\t<i class=\"fas fa-check\"><\/i>\r\n\t\t\t\t\t\t\t\t\t\t\t\t\t\t\t\t\t\t\t\t<span>110<\/span>\r\n\t\t\t\t\t\t\t\t\t\t\t\t<div class=\"tooltip-nl\">Size<\/div>\r\n\t\t\t\t\t<\/div>\r\n\t\t\t\t\t\t\t\t\t\t\t\t\t\t\t\t<!-- Regular Field Template -->\r\n\t\t\t\t\t<div class=\"feature-tag-nl main-detail-_guests\">\r\n\t\t\t\t\t\t<i class=\"fas fa-check\"><\/i>\r\n\t\t\t\t\t\t\t\t\t\t\t\t\t\t\t\t\t\t\t\t<span>8<\/span>\r\n\t\t\t\t\t\t\t\t\t\t\t\t<div class=\"tooltip-nl\">Guest(s)<\/div>\r\n\t\t\t\t\t<\/div>\r\n\t\t\t\t\t\t\t\t\t\t\t\t\t\t\t\t<!-- Regular Field Template -->\r\n\t\t\t\t\t<div class=\"feature-tag-nl main-detail-_number_of_bedrooms\">\r\n\t\t\t\t\t\t<i class=\"fas fa-check\"><\/i>\r\n\t\t\t\t\t\t\t\t\t\t\t\t\t\t\t\t\t\t\t\t<span>3<\/span>\r\n\t\t\t\t\t\t\t\t\t\t\t\t<div class=\"tooltip-nl\">Bedroom(s)<\/div>\r\n\t\t\t\t\t<\/div>\r\n\t\t\t\t\t\t\t\t\t\t<\/div>\r\n\t\t\t<\/div>\r\n\r\n\t\t\t<!-- Sidebar Column (Right) -->\r\n\t\t\t<div class=\"details-sidebar-col-nl\">\r\n\t\t\t\t<div class=\"details-sidebar-upper-nl\">\r\n\r\n\t\t\t\t\t\t\t\t\t<\/div>\r\n\t\t\t\t\t\t\t\t\t\t<div class=\"listing-booking-nl\">\r\n\t\t\t\t\t\t\t<p class=\"price-nl\">200,00&euro; - 300,00&euro;<\/p>\r\n\t\t\t\t\t\t\t\t\t\t\t\t\t<\/div>\r\n\t\t\t\t\r\n\r\n\t\t\t<\/div>\r\n\r\n\r\n\t\t<\/a>\r\n\t<\/div>\r\n<\/div>\r\n\r\n\r\n<!-- Listing Item \/ End --><!-- Listing Item -->\r\n\r\n\r\n<div  class=\"listing-card-container-nl margin-bottom-30 listing-geo-data\" \r\n\t\tdata-title=\"Maison d&#8217;h\u00f4tes au Domaine des Catalpas Souillac\"\r\n\t\tdata-listing-type=\"rental\"\r\n\t\tdata-classifieds-price=\"&euro;\"\r\n\t\tdata-friendly-address=\"38 Avenue du G\u00e9n\u00e9ral de Gaulle, 46200 Souillac, France\"\r\n\t\tdata-address=\"38 Avenue du G\u00e9n\u00e9ral de Gaulle, 46200 Souillac, France\"\r\n\t\tdata-image=\"https:\/\/cparici.com\/wp-content\/uploads\/2026\/03\/media-1617160912720-mars_31_2021_05_21-1-520x397.jpg\"\r\n\t\tdata-longitude=\"1.4774153\"\r\n\t\tdata-latitude=\"44.899541\"\r\n\t\t\t\t\tdata-rating=\"4.8\"\r\n\t\t\tdata-reviews=\"94\"\r\n\t\t\t\tdata-icon=\"&lt;svg xmlns=&quot;http:\/\/www.w3.org\/2000\/svg&quot; width=&quot;800px&quot; height=&quot;800px&quot; viewBox=&quot;0 0 45 45&quot; fill=&quot;none&quot;&gt;\n&lt;path d=&quot;M24.155 8.78099L24.33 8.94499L37.402 21.787L36 23.213L34.2 21.445L34.201 35C34.201 36.054 33.385 36.918 32.35 36.994L32.201 37H12.201C11.147 37 10.283 36.184 10.206 35.149L10.201 35L10.2 21.446L8.402 23.213L7 21.787L20.058 8.95799C21.171 7.82199 22.966 7.75899 24.155 8.78099ZM21.569 10.285L21.473 10.372L12.2 19.481L12.201 35L17.2 34.999L17.201 25C17.201 23.946 18.017 23.082 19.052 23.005L19.201 23H25.201C26.255 23 27.119 23.816 27.196 24.851L27.201 25L27.2 34.999L32.201 35L32.2 19.48L22.901 10.344C22.537 9.98699 21.969 9.96499 21.569 10.285ZM25.201 25H19.201L19.2 34.999H25.2L25.201 25Z&quot; fill=&quot;#3C3C3C&quot;\/&gt;\n&lt;\/svg&gt;\"\r\n\r\n\t>\r\n\t<div class=\"listing-card-nl\">\r\n\t\t<!-- ===== LEFT: IMAGE SLIDER ===== -->\r\n\t\t<div class=\"listing-image-container-nl\">\r\n\t\t\t<a href=\"https:\/\/cparici.com\/fr\/annonce\/maison-dhotes-au-domaine-des-catalpas-souillac-2\/\">\r\n\t\t\t\t<div class=\"slider-wrapper-nl\">\r\n\t\t\t\t\t\t\t\t\t<img decoding=\"async\" src=\"https:\/\/cparici.com\/wp-content\/uploads\/2026\/03\/media-1617160912720-mars_31_2021_05_21-1-520x397.jpg\" alt=\"domaine des Catalpas\" class=\"slider-image-nl\">\r\n\t\t\t\t\t\t<img decoding=\"async\" src=\"https:\/\/cparici.com\/wp-content\/uploads\/2026\/03\/20180519_110257-520x397.jpg\" alt=\"Maison d&#8217;h\u00f4tes au Domaine des Catalpas Souillac\" class=\"slider-image-nl\">\r\n\t\t\t\t\t\t<img decoding=\"async\" src=\"https:\/\/cparici.com\/wp-content\/uploads\/2026\/03\/20220712_153558-1-520x397.jpg\" alt=\"Maison d&#8217;h\u00f4tes au Domaine des Catalpas Souillac\" class=\"slider-image-nl\">\r\n\t\t\t\t\t\t<\/div>\r\n\t\t\t<\/a>\r\n\r\n\t\t\t\t\t\t\t\t<div class=\"status-button-nl closed-nl\">\r\n\t\t\t\t\t\tFerm\u00e9 maintenant\t\t\t\t\t<\/div>\r\n\t\t\t\t\t\t<div class=\"slider-arrow-nl left-nl\" id=\"prevBtn\"><i class=\"fa-solid fa-chevron-left\"><\/i><\/div>\r\n\t\t\t<div class=\"slider-arrow-nl right-nl\" id=\"nextBtn\"><i class=\"fa-solid fa-chevron-right\"><\/i><\/div>\r\n\t\t\t<div class=\"image-overlay-top-nl\">\r\n\r\n\t\t\t\t<span class=\"listing-category-tag-nl\">H\u00e9bergements<\/span>\t\t\t\t\r\n\t\t\t\t\t\t\t\t\t\t\t\t<div class=\"favorite-icon-nl\" id=\"favoriteBtn\">\r\n\t\t\t\t\t\t\t\t<span class=\"save fa-regular fa-heart tooltip left\" title=\"Connexion pour marquer des \u00e9l\u00e9ments\"><\/span>\r\n\t\t\t\t\t\t\t<\/div>\r\n\t\t\t\t\t\t\t\t\t\t\t\r\n\r\n\t\t\t\t\t\t\t<\/div>\r\n\t\t<\/div>\r\n\r\n\t\t<!-- ===== RIGHT: LISTING DETAILS (NOW 2-COLUMN) ===== -->\r\n\t\t<a href=\"https:\/\/cparici.com\/fr\/annonce\/maison-dhotes-au-domaine-des-catalpas-souillac-2\/\" class=\"listing-details-nl\">\r\n\r\n\t\t\t<!-- Main Content Column (Left) -->\r\n\t\t\t<div class=\"details-main-col-nl\">\r\n\t\t\t\t<div class=\"listing-badges-nl\">\r\n\t\t\t\t\t\t\t\t\t\t<span class=\"badge-nl featured-nl\"><i class=\"fa-solid fa-star\"><\/i> En vedette<\/span>\t\t\t\t<\/div>\r\n\t\t\t\t<h2 class=\"listing-title-nl\">Maison d&#8217;h\u00f4tes au Domaine des Catalpas Souillac\t\t\t\t\t<div class=\"listing-title-badges-nl\">\r\n\t\t\t\t\t\t\t\t\t\t\t\t\t\t\t\t\t<\/div>\r\n\t\t\t\t<\/h2>\r\n\t\t\t\t<p class=\"listing-location-nl\">38 Avenue du G\u00e9n\u00e9ral de Gaulle, 46200 Souillac, France<\/p>\r\n\r\n\t\t\t\t\r\n\t\t\t\t\t<div class=\"listing-amenities-nl\">\r\n\t\t\t\t\t\t\r\n\t\t\t\t\t<\/div>\r\n\t\t\t\t\t\t\t<\/div>\r\n\r\n\t\t\t<!-- Sidebar Column (Right) -->\r\n\t\t\t<div class=\"details-sidebar-col-nl\">\r\n\t\t\t\t<div class=\"details-sidebar-upper-nl\">\r\n\r\n\t\t\t\t\t\t\t\t\t\t\t\t<div class=\"listing-rating-nl\">\r\n\t\t\t\t\t\t\t\t<div class=\"stars-nl\" data-rating=\"4.8\">\r\n\r\n\t\t\t\t\t\t\t\t\t<div class=\"listing-rating-nl\">\n                      <div class=\"stars-nl\">\n                          <i class=\"fa-solid fa-star\"><\/i>\n                            <i class=\"fa-solid fa-star\"><\/i>\n                            <i class=\"fa-solid fa-star\"><\/i>\n                            <i class=\"fa-solid fa-star\"><\/i>\n                            <i class=\"fa-solid fa-star-half-stroke\"><\/i>\n                      <\/div>\n                       <div class=\"rating-text-nl\">4.8 <span>(94)<\/span><\/div><\/div> \t\t\t\t\t\t\t\t<\/div>\r\n\t\t\t\t\t\t\t<\/div>\r\n\t\t\t\t\t\t\t\t\t<\/div>\r\n\t\t\t\t\t\t\t\t\t\t<div class=\"listing-booking-nl\">\r\n\t\t\t\t\t\t\t<p class=\"price-nl\">55,00&euro; - 75,00&euro;<\/p>\r\n\t\t\t\t\t\t\t\t\t\t\t\t\t<\/div>\r\n\t\t\t\t\r\n\r\n\t\t\t<\/div>\r\n\r\n\r\n\t\t<\/a>\r\n\t<\/div>\r\n<\/div>\r\n\r\n\r\n<!-- Listing Item \/ End --><!-- Listing Item -->\r\n\r\n\r\n<div  class=\"listing-card-container-nl margin-bottom-30 listing-geo-data\" \r\n\t\tdata-title=\"Maison de vacances \u00e0 800 m des plages &#8211; v\u00e9los disponibles\"\r\n\t\tdata-listing-type=\"rental\"\r\n\t\tdata-classifieds-price=\"&euro;\"\r\n\t\tdata-friendly-address=\"1 chemin Menez Rouz\"\r\n\t\tdata-address=\"1 chemin Menez Rouz\"\r\n\t\tdata-image=\"https:\/\/cparici.com\/wp-content\/uploads\/2025\/12\/1000049483-520x397.jpg\"\r\n\t\tdata-longitude=\"-4.0407185\"\r\n\t\tdata-latitude=\"47.857186\"\r\n\t\t\t\t\tdata-rating=\"0\"\r\n\t\t\tdata-reviews=\"0\"\r\n\t\t\t\tdata-icon=\"&lt;svg xmlns=&quot;http:\/\/www.w3.org\/2000\/svg&quot; width=&quot;800px&quot; height=&quot;800px&quot; viewBox=&quot;0 0 45 45&quot; fill=&quot;none&quot;&gt;\n&lt;path d=&quot;M24.155 8.78099L24.33 8.94499L37.402 21.787L36 23.213L34.2 21.445L34.201 35C34.201 36.054 33.385 36.918 32.35 36.994L32.201 37H12.201C11.147 37 10.283 36.184 10.206 35.149L10.201 35L10.2 21.446L8.402 23.213L7 21.787L20.058 8.95799C21.171 7.82199 22.966 7.75899 24.155 8.78099ZM21.569 10.285L21.473 10.372L12.2 19.481L12.201 35L17.2 34.999L17.201 25C17.201 23.946 18.017 23.082 19.052 23.005L19.201 23H25.201C26.255 23 27.119 23.816 27.196 24.851L27.201 25L27.2 34.999L32.201 35L32.2 19.48L22.901 10.344C22.537 9.98699 21.969 9.96499 21.569 10.285ZM25.201 25H19.201L19.2 34.999H25.2L25.201 25Z&quot; fill=&quot;#3C3C3C&quot;\/&gt;\n&lt;\/svg&gt;\"\r\n\r\n\t>\r\n\t<div class=\"listing-card-nl\">\r\n\t\t<!-- ===== LEFT: IMAGE SLIDER ===== -->\r\n\t\t<div class=\"listing-image-container-nl\">\r\n\t\t\t<a href=\"https:\/\/cparici.com\/fr\/annonce\/maison-de-vacances-a-800-m-des-plages-velos-disponibles\/\">\r\n\t\t\t\t<div class=\"slider-wrapper-nl\">\r\n\t\t\t\t\t\t\t\t\t<img decoding=\"async\" src=\"https:\/\/cparici.com\/wp-content\/uploads\/2025\/12\/1000049483-520x397.jpg\" alt=\"Les Cerisiers du Rouz location vacances\" class=\"slider-image-nl\">\r\n\t\t\t\t\t\t<img decoding=\"async\" src=\"https:\/\/cparici.com\/wp-content\/uploads\/2025\/12\/1000049467-520x397.jpg\" alt=\"Les Cerisiers du Rouz gite de vacances\" class=\"slider-image-nl\">\r\n\t\t\t\t\t\t<img decoding=\"async\" src=\"https:\/\/cparici.com\/wp-content\/uploads\/2026\/01\/cerisier-du-rouz-location-vacances-fouesnant-jardin-1-520x397.jpg\" alt=\"location vacances fouesnant avec terrasse\" class=\"slider-image-nl\">\r\n\t\t\t\t\t\t<\/div>\r\n\t\t\t<\/a>\r\n\r\n\t\t\t\t\t\t<div class=\"slider-arrow-nl left-nl\" id=\"prevBtn\"><i class=\"fa-solid fa-chevron-left\"><\/i><\/div>\r\n\t\t\t<div class=\"slider-arrow-nl right-nl\" id=\"nextBtn\"><i class=\"fa-solid fa-chevron-right\"><\/i><\/div>\r\n\t\t\t<div class=\"image-overlay-top-nl\">\r\n\r\n\t\t\t\t<span class=\"listing-category-tag-nl\">H\u00e9bergements<\/span>\t\t\t\t\r\n\t\t\t\t\t\t\t\t\t\t\t\t<div class=\"favorite-icon-nl\" id=\"favoriteBtn\">\r\n\t\t\t\t\t\t\t\t<span class=\"save fa-regular fa-heart tooltip left\" title=\"Connexion pour marquer des \u00e9l\u00e9ments\"><\/span>\r\n\t\t\t\t\t\t\t<\/div>\r\n\t\t\t\t\t\t\t\t\t\t\t\r\n\r\n\t\t\t\t\t\t\t<\/div>\r\n\t\t<\/div>\r\n\r\n\t\t<!-- ===== RIGHT: LISTING DETAILS (NOW 2-COLUMN) ===== -->\r\n\t\t<a href=\"https:\/\/cparici.com\/fr\/annonce\/maison-de-vacances-a-800-m-des-plages-velos-disponibles\/\" class=\"listing-details-nl\">\r\n\r\n\t\t\t<!-- Main Content Column (Left) -->\r\n\t\t\t<div class=\"details-main-col-nl\">\r\n\t\t\t\t<div class=\"listing-badges-nl\">\r\n\t\t\t\t\t\t\t\t\t\t\t\t\t\t<\/div>\r\n\t\t\t\t<h2 class=\"listing-title-nl\">Maison de vacances \u00e0 800 m des plages &#8211; v\u00e9los disponibles\t\t\t\t\t<div class=\"listing-title-badges-nl\">\r\n\t\t\t\t\t\t\t\t\t\t\t\t\t\t\t\t\t<\/div>\r\n\t\t\t\t<\/h2>\r\n\t\t\t\t<p class=\"listing-location-nl\">1 chemin Menez Rouz<\/p>\r\n\r\n\t\t\t\t\r\n\t\t\t\t\t<div class=\"listing-amenities-nl\">\r\n\t\t\t\t\t\t\r\n\t\t\t\t\t<\/div>\r\n\t\t\t\t\t\t\t<\/div>\r\n\r\n\t\t\t<!-- Sidebar Column (Right) -->\r\n\t\t\t<div class=\"details-sidebar-col-nl\">\r\n\t\t\t\t<div class=\"details-sidebar-upper-nl\">\r\n\r\n\t\t\t\t\t\t\t\t\t<\/div>\r\n\t\t\t\t\t\t\t\t\t\t<div class=\"listing-booking-nl\">\r\n\t\t\t\t\t\t\t<p class=\"price-nl\">190,00&euro; - 340,00&euro;<\/p>\r\n\t\t\t\t\t\t\t\t\t\t\t\t\t<\/div>\r\n\t\t\t\t\r\n\r\n\t\t\t<\/div>\r\n\r\n\r\n\t\t<\/a>\r\n\t<\/div>\r\n<\/div>\r\n\r\n\r\n<!-- Listing Item \/ End --><!-- Listing Item -->\r\n\r\n\r\n<div  class=\"listing-card-container-nl margin-bottom-30 listing-geo-data\" \r\n\t\tdata-title=\"Maison de Vacances Ty Eon Mor\"\r\n\t\tdata-listing-type=\"rental\"\r\n\t\tdata-classifieds-price=\"&euro;\"\r\n\t\tdata-friendly-address=\"saint-Pol-de-L\u00e9on , 150 m plage de Sainte-Anne\"\r\n\t\tdata-address=\"saint-Pol-de-L\u00e9on , 150 m plage de Sainte-Anne\"\r\n\t\tdata-image=\"https:\/\/cparici.com\/wp-content\/uploads\/2026\/01\/IMG-20260130-WA0028-520x397.jpg\"\r\n\t\tdata-longitude=\"-3.969706\"\r\n\t\tdata-latitude=\"48.6889036\"\r\n\t\t\t\t\tdata-rating=\"0\"\r\n\t\t\tdata-reviews=\"0\"\r\n\t\t\t\tdata-icon=\"&lt;svg xmlns=&quot;http:\/\/www.w3.org\/2000\/svg&quot; width=&quot;800px&quot; height=&quot;800px&quot; viewBox=&quot;0 0 45 45&quot; fill=&quot;none&quot;&gt;\n&lt;path d=&quot;M24.155 8.78099L24.33 8.94499L37.402 21.787L36 23.213L34.2 21.445L34.201 35C34.201 36.054 33.385 36.918 32.35 36.994L32.201 37H12.201C11.147 37 10.283 36.184 10.206 35.149L10.201 35L10.2 21.446L8.402 23.213L7 21.787L20.058 8.95799C21.171 7.82199 22.966 7.75899 24.155 8.78099ZM21.569 10.285L21.473 10.372L12.2 19.481L12.201 35L17.2 34.999L17.201 25C17.201 23.946 18.017 23.082 19.052 23.005L19.201 23H25.201C26.255 23 27.119 23.816 27.196 24.851L27.201 25L27.2 34.999L32.201 35L32.2 19.48L22.901 10.344C22.537 9.98699 21.969 9.96499 21.569 10.285ZM25.201 25H19.201L19.2 34.999H25.2L25.201 25Z&quot; fill=&quot;#3C3C3C&quot;\/&gt;\n&lt;\/svg&gt;\"\r\n\r\n\t>\r\n\t<div class=\"listing-card-nl\">\r\n\t\t<!-- ===== LEFT: IMAGE SLIDER ===== -->\r\n\t\t<div class=\"listing-image-container-nl\">\r\n\t\t\t<a href=\"https:\/\/cparici.com\/fr\/annonce\/maison-de-vacances-ty-eon-mor\/\">\r\n\t\t\t\t<div class=\"slider-wrapper-nl\">\r\n\t\t\t\t\t\t\t\t\t<img decoding=\"async\" src=\"https:\/\/cparici.com\/wp-content\/uploads\/2026\/01\/IMG-20260130-WA0028-520x397.jpg\" alt=\"Location vacances st pol de l\u00e9on\" class=\"slider-image-nl\">\r\n\t\t\t\t\t\t<img decoding=\"async\" src=\"https:\/\/cparici.com\/wp-content\/uploads\/2026\/01\/IMG-20260130-WA0031-520x397.jpg\" alt=\"Ty Eon Location vacances\" class=\"slider-image-nl\">\r\n\t\t\t\t\t\t<img decoding=\"async\" src=\"https:\/\/cparici.com\/wp-content\/uploads\/2026\/01\/IMG-20260130-WA0025-520x397.jpg\" alt=\"Gite de vacances Ty Eon\" class=\"slider-image-nl\">\r\n\t\t\t\t\t\t<\/div>\r\n\t\t\t<\/a>\r\n\r\n\t\t\t\t\t\t<div class=\"slider-arrow-nl left-nl\" id=\"prevBtn\"><i class=\"fa-solid fa-chevron-left\"><\/i><\/div>\r\n\t\t\t<div class=\"slider-arrow-nl right-nl\" id=\"nextBtn\"><i class=\"fa-solid fa-chevron-right\"><\/i><\/div>\r\n\t\t\t<div class=\"image-overlay-top-nl\">\r\n\r\n\t\t\t\t<span class=\"listing-category-tag-nl\">H\u00e9bergements<\/span>\t\t\t\t\r\n\t\t\t\t\t\t\t\t\t\t\t\t<div class=\"favorite-icon-nl\" id=\"favoriteBtn\">\r\n\t\t\t\t\t\t\t\t<span class=\"save fa-regular fa-heart tooltip left\" title=\"Connexion pour marquer des \u00e9l\u00e9ments\"><\/span>\r\n\t\t\t\t\t\t\t<\/div>\r\n\t\t\t\t\t\t\t\t\t\t\t\r\n\r\n\t\t\t\t\t\t\t<\/div>\r\n\t\t<\/div>\r\n\r\n\t\t<!-- ===== RIGHT: LISTING DETAILS (NOW 2-COLUMN) ===== -->\r\n\t\t<a href=\"https:\/\/cparici.com\/fr\/annonce\/maison-de-vacances-ty-eon-mor\/\" class=\"listing-details-nl\">\r\n\r\n\t\t\t<!-- Main Content Column (Left) -->\r\n\t\t\t<div class=\"details-main-col-nl\">\r\n\t\t\t\t<div class=\"listing-badges-nl\">\r\n\t\t\t\t\t\t\t\t\t\t<span class=\"badge-nl featured-nl\"><i class=\"fa-solid fa-star\"><\/i> En vedette<\/span>\t\t\t\t<\/div>\r\n\t\t\t\t<h2 class=\"listing-title-nl\">Maison de Vacances Ty Eon Mor\t\t\t\t\t<div class=\"listing-title-badges-nl\">\r\n\t\t\t\t\t\t\t\t\t\t\t\t\t\t\t\t\t<\/div>\r\n\t\t\t\t<\/h2>\r\n\t\t\t\t<p class=\"listing-location-nl\">saint-Pol-de-L\u00e9on , 150 m plage de Sainte-Anne<\/p>\r\n\r\n\t\t\t\t\r\n\t\t\t\t\t<div class=\"listing-amenities-nl\">\r\n\t\t\t\t\t\t\r\n\t\t\t\t\t<\/div>\r\n\t\t\t\t\t\t\t<\/div>\r\n\r\n\t\t\t<!-- Sidebar Column (Right) -->\r\n\t\t\t<div class=\"details-sidebar-col-nl\">\r\n\t\t\t\t<div class=\"details-sidebar-upper-nl\">\r\n\r\n\t\t\t\t\t\t\t\t\t<\/div>\r\n\t\t\t\t\t\t\t\t\t\t<div class=\"listing-booking-nl\">\r\n\t\t\t\t\t\t\t<p class=\"price-nl\">93,00&euro; - 207,00&euro;<\/p>\r\n\t\t\t\t\t\t\t\t\t\t\t\t\t<\/div>\r\n\t\t\t\t\r\n\r\n\t\t\t<\/div>\r\n\r\n\r\n\t\t<\/a>\r\n\t<\/div>\r\n<\/div>\r\n\r\n\r\n<!-- Listing Item \/ End --><!-- Listing Item -->\r\n\r\n\r\n<div  class=\"listing-card-container-nl margin-bottom-30 listing-geo-data\" \r\n\t\tdata-title=\"Le Belv\u00e9d\u00e8re, Vue mer 6Pers\"\r\n\t\tdata-listing-type=\"rental\"\r\n\t\tdata-classifieds-price=\"&euro;\"\r\n\t\tdata-friendly-address=\"Les Sables Blancs\"\r\n\t\tdata-address=\"Les Sables Blancs\"\r\n\t\tdata-image=\"https:\/\/cparici.com\/wp-content\/uploads\/2025\/01\/le-belvedere-3-520x397.jpg\"\r\n\t\tdata-longitude=\"-3.9304455\"\r\n\t\tdata-latitude=\"47.8818643\"\r\n\t\t\t\t\tdata-rating=\"0\"\r\n\t\t\tdata-reviews=\"0\"\r\n\t\t\t\tdata-icon=\"&lt;svg xmlns=&quot;http:\/\/www.w3.org\/2000\/svg&quot; width=&quot;800px&quot; height=&quot;800px&quot; viewBox=&quot;0 0 45 45&quot; fill=&quot;none&quot;&gt;\n&lt;path d=&quot;M24.155 8.78099L24.33 8.94499L37.402 21.787L36 23.213L34.2 21.445L34.201 35C34.201 36.054 33.385 36.918 32.35 36.994L32.201 37H12.201C11.147 37 10.283 36.184 10.206 35.149L10.201 35L10.2 21.446L8.402 23.213L7 21.787L20.058 8.95799C21.171 7.82199 22.966 7.75899 24.155 8.78099ZM21.569 10.285L21.473 10.372L12.2 19.481L12.201 35L17.2 34.999L17.201 25C17.201 23.946 18.017 23.082 19.052 23.005L19.201 23H25.201C26.255 23 27.119 23.816 27.196 24.851L27.201 25L27.2 34.999L32.201 35L32.2 19.48L22.901 10.344C22.537 9.98699 21.969 9.96499 21.569 10.285ZM25.201 25H19.201L19.2 34.999H25.2L25.201 25Z&quot; fill=&quot;#3C3C3C&quot;\/&gt;\n&lt;\/svg&gt;\"\r\n\r\n\t>\r\n\t<div class=\"listing-card-nl\">\r\n\t\t<!-- ===== LEFT: IMAGE SLIDER ===== -->\r\n\t\t<div class=\"listing-image-container-nl\">\r\n\t\t\t<a href=\"https:\/\/cparici.com\/fr\/annonce\/le-belvedere-vue-mer-6pers\/\">\r\n\t\t\t\t<div class=\"slider-wrapper-nl\">\r\n\t\t\t\t\t\t\t\t\t<img decoding=\"async\" src=\"https:\/\/cparici.com\/wp-content\/uploads\/2025\/01\/le-belvedere-3-520x397.jpg\" alt=\"Le Belv\u00e9d\u00e8re, Vue mer 6Pers\" class=\"slider-image-nl\">\r\n\t\t\t\t\t\t<img decoding=\"async\" src=\"https:\/\/cparici.com\/wp-content\/uploads\/2025\/01\/le-belvedere-4-520x397.jpg\" alt=\"Le Belv\u00e9d\u00e8re, Vue mer 6Pers\" class=\"slider-image-nl\">\r\n\t\t\t\t\t\t<img decoding=\"async\" src=\"https:\/\/cparici.com\/wp-content\/uploads\/2025\/01\/le-belvedere-5-520x397.jpg\" alt=\"Le Belv\u00e9d\u00e8re, Vue mer 6Pers\" class=\"slider-image-nl\">\r\n\t\t\t\t\t\t<\/div>\r\n\t\t\t<\/a>\r\n\r\n\t\t\t\t\t\t<div class=\"slider-arrow-nl left-nl\" id=\"prevBtn\"><i class=\"fa-solid fa-chevron-left\"><\/i><\/div>\r\n\t\t\t<div class=\"slider-arrow-nl right-nl\" id=\"nextBtn\"><i class=\"fa-solid fa-chevron-right\"><\/i><\/div>\r\n\t\t\t<div class=\"image-overlay-top-nl\">\r\n\r\n\t\t\t\t<span class=\"listing-category-tag-nl\">H\u00e9bergements<\/span>\t\t\t\t\r\n\t\t\t\t\t\t\t\t\t\t\t\t<div class=\"favorite-icon-nl\" id=\"favoriteBtn\">\r\n\t\t\t\t\t\t\t\t<span class=\"save fa-regular fa-heart tooltip left\" title=\"Connexion pour marquer des \u00e9l\u00e9ments\"><\/span>\r\n\t\t\t\t\t\t\t<\/div>\r\n\t\t\t\t\t\t\t\t\t\t\t\r\n\r\n\t\t\t\t\t\t\t<\/div>\r\n\t\t<\/div>\r\n\r\n\t\t<!-- ===== RIGHT: LISTING DETAILS (NOW 2-COLUMN) ===== -->\r\n\t\t<a href=\"https:\/\/cparici.com\/fr\/annonce\/le-belvedere-vue-mer-6pers\/\" class=\"listing-details-nl\">\r\n\r\n\t\t\t<!-- Main Content Column (Left) -->\r\n\t\t\t<div class=\"details-main-col-nl\">\r\n\t\t\t\t<div class=\"listing-badges-nl\">\r\n\t\t\t\t\t\t\t\t\t\t\t\t\t\t<\/div>\r\n\t\t\t\t<h2 class=\"listing-title-nl\">Le Belv\u00e9d\u00e8re, Vue mer 6Pers\t\t\t\t\t<div class=\"listing-title-badges-nl\">\r\n\t\t\t\t\t\t\t\t\t\t\t\t\t\t\t\t\t<\/div>\r\n\t\t\t\t<\/h2>\r\n\t\t\t\t<p class=\"listing-location-nl\">Les Sables Blancs<\/p>\r\n\r\n\t\t\t\t\t\t<div class=\"listing-features-nl\">\r\n\t\t\t\t\t\t\t\t\t\t\t\t<!-- Regular Field Template -->\r\n\t\t\t\t\t<div class=\"feature-tag-nl main-detail-_size\">\r\n\t\t\t\t\t\t<i class=\"fas fa-check\"><\/i>\r\n\t\t\t\t\t\t\t\t\t\t\t\t\t\t\t\t\t\t\t\t<span>100<\/span>\r\n\t\t\t\t\t\t\t\t\t\t\t\t<div class=\"tooltip-nl\">Size<\/div>\r\n\t\t\t\t\t<\/div>\r\n\t\t\t\t\t\t\t\t\t\t\t\t\t\t\t\t<!-- Regular Field Template -->\r\n\t\t\t\t\t<div class=\"feature-tag-nl main-detail-_guests\">\r\n\t\t\t\t\t\t<i class=\"fas fa-check\"><\/i>\r\n\t\t\t\t\t\t\t\t\t\t\t\t\t\t\t\t\t\t\t\t<span>6<\/span>\r\n\t\t\t\t\t\t\t\t\t\t\t\t<div class=\"tooltip-nl\">Guest(s)<\/div>\r\n\t\t\t\t\t<\/div>\r\n\t\t\t\t\t\t\t\t\t\t\t\t\t\t\t\t<!-- Regular Field Template -->\r\n\t\t\t\t\t<div class=\"feature-tag-nl main-detail-_number_of_bedrooms\">\r\n\t\t\t\t\t\t<i class=\"fas fa-check\"><\/i>\r\n\t\t\t\t\t\t\t\t\t\t\t\t\t\t\t\t\t\t\t\t<span>3<\/span>\r\n\t\t\t\t\t\t\t\t\t\t\t\t<div class=\"tooltip-nl\">Bedroom(s)<\/div>\r\n\t\t\t\t\t<\/div>\r\n\t\t\t\t\t\t\t\t\t\t<\/div>\r\n\r\n\t\t\t\t\t<div class=\"listing-amenities-nl\">\r\n\t\t\t\t\t\t\r\n\t\t\t\t\t<\/div>\r\n\t\t\t\t\t\t\t<\/div>\r\n\r\n\t\t\t<!-- Sidebar Column (Right) -->\r\n\t\t\t<div class=\"details-sidebar-col-nl\">\r\n\t\t\t\t<div class=\"details-sidebar-upper-nl\">\r\n\r\n\t\t\t\t\t\t\t\t\t<\/div>\r\n\t\t\t\t\t\t\t\t\t\t<div class=\"listing-booking-nl\">\r\n\t\t\t\t\t\t\t<p class=\"price-nl\">215,00&euro; - 300,00&euro;<\/p>\r\n\t\t\t\t\t\t\t\t\t\t\t\t\t<\/div>\r\n\t\t\t\t\r\n\r\n\t\t\t<\/div>\r\n\r\n\r\n\t\t<\/a>\r\n\t<\/div>\r\n<\/div>\r\n\r\n\r\n<!-- Listing Item \/ End --><!-- Listing Item -->\r\n\r\n\r\n<div  class=\"listing-card-container-nl margin-bottom-30 listing-geo-data\" \r\n\t\tdata-title=\"Tiny house &#8211; Passy-Grigny en Champagne, France\"\r\n\t\tdata-listing-type=\"rental\"\r\n\t\tdata-classifieds-price=\"&euro;\"\r\n\t\tdata-friendly-address=\"Passy-Grigny, France\"\r\n\t\tdata-address=\"Passy-Grigny, France\"\r\n\t\tdata-image=\"https:\/\/cparici.com\/wp-content\/uploads\/2025\/12\/0e4f5567-68a6-466b-9a05-959f8282d12e-1-520x397.avif\"\r\n\t\tdata-longitude=\"3.674683\"\r\n\t\tdata-latitude=\"49.122335\"\r\n\t\t\t\t\tdata-rating=\"4.9\"\r\n\t\t\tdata-reviews=\"9\"\r\n\t\t\t\tdata-icon=\"&lt;svg xmlns=&quot;http:\/\/www.w3.org\/2000\/svg&quot; width=&quot;800px&quot; height=&quot;800px&quot; viewBox=&quot;0 0 45 45&quot; fill=&quot;none&quot;&gt;\n&lt;path d=&quot;M24.155 8.78099L24.33 8.94499L37.402 21.787L36 23.213L34.2 21.445L34.201 35C34.201 36.054 33.385 36.918 32.35 36.994L32.201 37H12.201C11.147 37 10.283 36.184 10.206 35.149L10.201 35L10.2 21.446L8.402 23.213L7 21.787L20.058 8.95799C21.171 7.82199 22.966 7.75899 24.155 8.78099ZM21.569 10.285L21.473 10.372L12.2 19.481L12.201 35L17.2 34.999L17.201 25C17.201 23.946 18.017 23.082 19.052 23.005L19.201 23H25.201C26.255 23 27.119 23.816 27.196 24.851L27.201 25L27.2 34.999L32.201 35L32.2 19.48L22.901 10.344C22.537 9.98699 21.969 9.96499 21.569 10.285ZM25.201 25H19.201L19.2 34.999H25.2L25.201 25Z&quot; fill=&quot;#3C3C3C&quot;\/&gt;\n&lt;\/svg&gt;\"\r\n\r\n\t>\r\n\t<div class=\"listing-card-nl\">\r\n\t\t<!-- ===== LEFT: IMAGE SLIDER ===== -->\r\n\t\t<div class=\"listing-image-container-nl\">\r\n\t\t\t<a href=\"https:\/\/cparici.com\/fr\/annonce\/tiny-house-passy-grigny-en-champagne-france\/\">\r\n\t\t\t\t<div class=\"slider-wrapper-nl\">\r\n\t\t\t\t\t\t\t\t\t<img decoding=\"async\" src=\"https:\/\/cparici.com\/wp-content\/uploads\/2025\/12\/0e4f5567-68a6-466b-9a05-959f8282d12e-1-520x397.avif\" alt=\"Tiny House Passy Grigny\" class=\"slider-image-nl\">\r\n\t\t\t\t\t\t<img decoding=\"async\" src=\"https:\/\/cparici.com\/wp-content\/uploads\/2025\/12\/1c6e6588-f5cb-44ea-a857-3e8872165704-1-520x397.avif\" alt=\"Tiny House Logement insolite Passy Grigny\" class=\"slider-image-nl\">\r\n\t\t\t\t\t\t<img decoding=\"async\" src=\"https:\/\/cparici.com\/wp-content\/uploads\/2025\/12\/ce764a38-9ed2-49f6-8083-49e2e4fd5afa-520x397.avif\" alt=\"Location vacances avec bain nordique reims\" class=\"slider-image-nl\">\r\n\t\t\t\t\t\t<\/div>\r\n\t\t\t<\/a>\r\n\r\n\t\t\t\t\t\t<div class=\"slider-arrow-nl left-nl\" id=\"prevBtn\"><i class=\"fa-solid fa-chevron-left\"><\/i><\/div>\r\n\t\t\t<div class=\"slider-arrow-nl right-nl\" id=\"nextBtn\"><i class=\"fa-solid fa-chevron-right\"><\/i><\/div>\r\n\t\t\t<div class=\"image-overlay-top-nl\">\r\n\r\n\t\t\t\t<span class=\"listing-category-tag-nl\">H\u00e9bergements<\/span>\t\t\t\t\r\n\t\t\t\t\t\t\t\t\t\t\t\t<div class=\"favorite-icon-nl\" id=\"favoriteBtn\">\r\n\t\t\t\t\t\t\t\t<span class=\"save fa-regular fa-heart tooltip left\" title=\"Connexion pour marquer des \u00e9l\u00e9ments\"><\/span>\r\n\t\t\t\t\t\t\t<\/div>\r\n\t\t\t\t\t\t\t\t\t\t\t\r\n\r\n\t\t\t\t\t\t\t<\/div>\r\n\t\t<\/div>\r\n\r\n\t\t<!-- ===== RIGHT: LISTING DETAILS (NOW 2-COLUMN) ===== -->\r\n\t\t<a href=\"https:\/\/cparici.com\/fr\/annonce\/tiny-house-passy-grigny-en-champagne-france\/\" class=\"listing-details-nl\">\r\n\r\n\t\t\t<!-- Main Content Column (Left) -->\r\n\t\t\t<div class=\"details-main-col-nl\">\r\n\t\t\t\t<div class=\"listing-badges-nl\">\r\n\t\t\t\t\t\t\t\t\t\t\t\t\t\t<\/div>\r\n\t\t\t\t<h2 class=\"listing-title-nl\">Tiny house &#8211; Passy-Grigny en Champagne, France\t\t\t\t\t<div class=\"listing-title-badges-nl\">\r\n\t\t\t\t\t\t\t\t\t\t\t\t\t\t\t\t\t<\/div>\r\n\t\t\t\t<\/h2>\r\n\t\t\t\t<p class=\"listing-location-nl\">Passy-Grigny, France<\/p>\r\n\r\n\t\t\t\t\r\n\t\t\t\t\t<div class=\"listing-amenities-nl\">\r\n\t\t\t\t\t\t\r\n\t\t\t\t\t<\/div>\r\n\t\t\t\t\t\t\t<\/div>\r\n\r\n\t\t\t<!-- Sidebar Column (Right) -->\r\n\t\t\t<div class=\"details-sidebar-col-nl\">\r\n\t\t\t\t<div class=\"details-sidebar-upper-nl\">\r\n\r\n\t\t\t\t\t\t\t\t\t\t\t\t<div class=\"listing-rating-nl\">\r\n\t\t\t\t\t\t\t\t<div class=\"stars-nl\" data-rating=\"4.9\">\r\n\r\n\t\t\t\t\t\t\t\t\t<div class=\"listing-rating-nl\">\n                      <div class=\"stars-nl\">\n                          <i class=\"fa-solid fa-star\"><\/i>\n                            <i class=\"fa-solid fa-star\"><\/i>\n                            <i class=\"fa-solid fa-star\"><\/i>\n                            <i class=\"fa-solid fa-star\"><\/i>\n                            <i class=\"fa-solid fa-star-half-stroke\"><\/i>\n                      <\/div>\n                       <div class=\"rating-text-nl\">4.9 <span>(9)<\/span><\/div><\/div> \t\t\t\t\t\t\t\t<\/div>\r\n\t\t\t\t\t\t\t<\/div>\r\n\t\t\t\t\t\t\t\t\t<\/div>\r\n\t\t\t\t\t\t\t\t\t\t<div class=\"listing-booking-nl\">\r\n\t\t\t\t\t\t\t<p class=\"price-nl\">Commence \u00e0 partir de 376,00&euro;<\/p>\r\n\t\t\t\t\t\t\t\t\t\t\t\t\t<\/div>\r\n\t\t\t\t\r\n\r\n\t\t\t<\/div>\r\n\r\n\r\n\t\t<\/a>\r\n\t<\/div>\r\n<\/div>\r\n\r\n\r\n<!-- Listing Item \/ End --><!-- Listing Item -->\r\n\r\n\r\n<div  class=\"listing-card-container-nl margin-bottom-30 listing-geo-data\" \r\n\t\tdata-title=\"Le Jardin des C\u00e8dres\"\r\n\t\tdata-listing-type=\"rental\"\r\n\t\tdata-classifieds-price=\"&euro;\"\r\n\t\tdata-friendly-address=\"467 route de Lacougotte-Cadoul 81500 Lavaur\"\r\n\t\tdata-address=\"467 route de Lacougotte-Cadoul 81500 Lavaur\"\r\n\t\tdata-image=\"https:\/\/cparici.com\/wp-content\/uploads\/2026\/03\/IMG_20250929_151233-520x397.jpg\"\r\n\t\tdata-longitude=\"1.737957\"\r\n\t\tdata-latitude=\"43.670266\"\r\n\t\t\t\t\tdata-rating=\"0\"\r\n\t\t\tdata-reviews=\"0\"\r\n\t\t\t\tdata-icon=\"&lt;svg xmlns=&quot;http:\/\/www.w3.org\/2000\/svg&quot; width=&quot;800px&quot; height=&quot;800px&quot; viewBox=&quot;0 0 45 45&quot; fill=&quot;none&quot;&gt;\n&lt;path d=&quot;M24.155 8.78099L24.33 8.94499L37.402 21.787L36 23.213L34.2 21.445L34.201 35C34.201 36.054 33.385 36.918 32.35 36.994L32.201 37H12.201C11.147 37 10.283 36.184 10.206 35.149L10.201 35L10.2 21.446L8.402 23.213L7 21.787L20.058 8.95799C21.171 7.82199 22.966 7.75899 24.155 8.78099ZM21.569 10.285L21.473 10.372L12.2 19.481L12.201 35L17.2 34.999L17.201 25C17.201 23.946 18.017 23.082 19.052 23.005L19.201 23H25.201C26.255 23 27.119 23.816 27.196 24.851L27.201 25L27.2 34.999L32.201 35L32.2 19.48L22.901 10.344C22.537 9.98699 21.969 9.96499 21.569 10.285ZM25.201 25H19.201L19.2 34.999H25.2L25.201 25Z&quot; fill=&quot;#3C3C3C&quot;\/&gt;\n&lt;\/svg&gt;\"\r\n\r\n\t>\r\n\t<div class=\"listing-card-nl\">\r\n\t\t<!-- ===== LEFT: IMAGE SLIDER ===== -->\r\n\t\t<div class=\"listing-image-container-nl\">\r\n\t\t\t<a href=\"https:\/\/cparici.com\/fr\/annonce\/le-jardin-des-cedres\/\">\r\n\t\t\t\t<div class=\"slider-wrapper-nl\">\r\n\t\t\t\t\t\t\t\t\t<img decoding=\"async\" src=\"https:\/\/cparici.com\/wp-content\/uploads\/2026\/03\/IMG_20250929_151233-520x397.jpg\" alt=\"Le Jardin des C\u00e8dres\" class=\"slider-image-nl\">\r\n\t\t\t\t\t\t<img decoding=\"async\" src=\"https:\/\/cparici.com\/wp-content\/uploads\/2026\/03\/IMG_20250929_151153-520x397.jpg\" alt=\"Le Jardin des C\u00e8dres\" class=\"slider-image-nl\">\r\n\t\t\t\t\t\t<img decoding=\"async\" src=\"https:\/\/cparici.com\/wp-content\/uploads\/2026\/03\/IMG_20250929_151206-520x397.jpg\" alt=\"Le Jardin des C\u00e8dres\" class=\"slider-image-nl\">\r\n\t\t\t\t\t\t<\/div>\r\n\t\t\t<\/a>\r\n\r\n\t\t\t\t\t\t<div class=\"slider-arrow-nl left-nl\" id=\"prevBtn\"><i class=\"fa-solid fa-chevron-left\"><\/i><\/div>\r\n\t\t\t<div class=\"slider-arrow-nl right-nl\" id=\"nextBtn\"><i class=\"fa-solid fa-chevron-right\"><\/i><\/div>\r\n\t\t\t<div class=\"image-overlay-top-nl\">\r\n\r\n\t\t\t\t<span class=\"listing-category-tag-nl\">H\u00e9bergements<\/span>\t\t\t\t\r\n\t\t\t\t\t\t\t\t\t\t\t\t<div class=\"favorite-icon-nl\" id=\"favoriteBtn\">\r\n\t\t\t\t\t\t\t\t<span class=\"save fa-regular fa-heart tooltip left\" title=\"Connexion pour marquer des \u00e9l\u00e9ments\"><\/span>\r\n\t\t\t\t\t\t\t<\/div>\r\n\t\t\t\t\t\t\t\t\t\t\t\r\n\r\n\t\t\t\t\t\t\t<\/div>\r\n\t\t<\/div>\r\n\r\n\t\t<!-- ===== RIGHT: LISTING DETAILS (NOW 2-COLUMN) ===== -->\r\n\t\t<a href=\"https:\/\/cparici.com\/fr\/annonce\/le-jardin-des-cedres\/\" class=\"listing-details-nl\">\r\n\r\n\t\t\t<!-- Main Content Column (Left) -->\r\n\t\t\t<div class=\"details-main-col-nl\">\r\n\t\t\t\t<div class=\"listing-badges-nl\">\r\n\t\t\t\t\t\t\t\t\t\t\t\t\t\t<\/div>\r\n\t\t\t\t<h2 class=\"listing-title-nl\">Le Jardin des C\u00e8dres\t\t\t\t\t<div class=\"listing-title-badges-nl\">\r\n\t\t\t\t\t\t\t\t\t\t\t\t\t\t\t\t\t<\/div>\r\n\t\t\t\t<\/h2>\r\n\t\t\t\t<p class=\"listing-location-nl\">467 route de Lacougotte-Cadoul 81500 Lavaur<\/p>\r\n\r\n\t\t\t\t\r\n\t\t\t\t\t<div class=\"listing-amenities-nl\">\r\n\t\t\t\t\t\t\r\n\t\t\t\t\t<\/div>\r\n\t\t\t\t\t\t\t<\/div>\r\n\r\n\t\t\t<!-- Sidebar Column (Right) -->\r\n\t\t\t<div class=\"details-sidebar-col-nl\">\r\n\t\t\t\t<div class=\"details-sidebar-upper-nl\">\r\n\r\n\t\t\t\t\t\t\t\t\t<\/div>\r\n\t\t\t\t\t\t\t\t\t\t<div class=\"listing-booking-nl\">\r\n\t\t\t\t\t\t\t<p class=\"price-nl\">75,00&euro; - 175,00&euro;<\/p>\r\n\t\t\t\t\t\t\t\t\t\t\t\t\t<\/div>\r\n\t\t\t\t\r\n\r\n\t\t\t<\/div>\r\n\r\n\r\n\t\t<\/a>\r\n\t<\/div>\r\n<\/div>\r\n\r\n\r\n<!-- Listing Item \/ End --><!-- Listing Item -->\r\n\r\n\r\n<div  class=\"listing-card-container-nl margin-bottom-30 listing-geo-data\" \r\n\t\tdata-title=\"Roby, 6 Pers\"\r\n\t\tdata-listing-type=\"rental\"\r\n\t\tdata-classifieds-price=\"&euro;\"\r\n\t\tdata-friendly-address=\"Tr\u00e9gunc\"\r\n\t\tdata-address=\"Tr\u00e9gunc\"\r\n\t\tdata-image=\"https:\/\/cparici.com\/wp-content\/uploads\/2025\/01\/Roby-1-520x397.jpg\"\r\n\t\tdata-longitude=\"-3.841297699999999\"\r\n\t\tdata-latitude=\"47.8522621\"\r\n\t\t\t\t\tdata-rating=\"0\"\r\n\t\t\tdata-reviews=\"0\"\r\n\t\t\t\tdata-icon=\"&lt;svg xmlns=&quot;http:\/\/www.w3.org\/2000\/svg&quot; width=&quot;800px&quot; height=&quot;800px&quot; viewBox=&quot;0 0 45 45&quot; fill=&quot;none&quot;&gt;\n&lt;path d=&quot;M24.155 8.78099L24.33 8.94499L37.402 21.787L36 23.213L34.2 21.445L34.201 35C34.201 36.054 33.385 36.918 32.35 36.994L32.201 37H12.201C11.147 37 10.283 36.184 10.206 35.149L10.201 35L10.2 21.446L8.402 23.213L7 21.787L20.058 8.95799C21.171 7.82199 22.966 7.75899 24.155 8.78099ZM21.569 10.285L21.473 10.372L12.2 19.481L12.201 35L17.2 34.999L17.201 25C17.201 23.946 18.017 23.082 19.052 23.005L19.201 23H25.201C26.255 23 27.119 23.816 27.196 24.851L27.201 25L27.2 34.999L32.201 35L32.2 19.48L22.901 10.344C22.537 9.98699 21.969 9.96499 21.569 10.285ZM25.201 25H19.201L19.2 34.999H25.2L25.201 25Z&quot; fill=&quot;#3C3C3C&quot;\/&gt;\n&lt;\/svg&gt;\"\r\n\r\n\t>\r\n\t<div class=\"listing-card-nl\">\r\n\t\t<!-- ===== LEFT: IMAGE SLIDER ===== -->\r\n\t\t<div class=\"listing-image-container-nl\">\r\n\t\t\t<a href=\"https:\/\/cparici.com\/fr\/annonce\/roby-6-pers-2\/\">\r\n\t\t\t\t<div class=\"slider-wrapper-nl\">\r\n\t\t\t\t\t\t\t\t\t<img decoding=\"async\" src=\"https:\/\/cparici.com\/wp-content\/uploads\/2025\/01\/Roby-1-520x397.jpg\" alt=\"Roby, 6 Pers\" class=\"slider-image-nl\">\r\n\t\t\t\t\t\t<img decoding=\"async\" src=\"https:\/\/cparici.com\/wp-content\/uploads\/2025\/01\/Roby-2-520x397.jpg\" alt=\"Roby, 6 Pers\" class=\"slider-image-nl\">\r\n\t\t\t\t\t\t<img decoding=\"async\" src=\"https:\/\/cparici.com\/wp-content\/uploads\/2025\/01\/Roby-3-520x397.jpg\" alt=\"Roby, 6 Pers\" class=\"slider-image-nl\">\r\n\t\t\t\t\t\t<\/div>\r\n\t\t\t<\/a>\r\n\r\n\t\t\t\t\t\t<div class=\"slider-arrow-nl left-nl\" id=\"prevBtn\"><i class=\"fa-solid fa-chevron-left\"><\/i><\/div>\r\n\t\t\t<div class=\"slider-arrow-nl right-nl\" id=\"nextBtn\"><i class=\"fa-solid fa-chevron-right\"><\/i><\/div>\r\n\t\t\t<div class=\"image-overlay-top-nl\">\r\n\r\n\t\t\t\t<span class=\"listing-category-tag-nl\">H\u00e9bergements<\/span>\t\t\t\t\r\n\t\t\t\t\t\t\t\t\t\t\t\t<div class=\"favorite-icon-nl\" id=\"favoriteBtn\">\r\n\t\t\t\t\t\t\t\t<span class=\"save fa-regular fa-heart tooltip left\" title=\"Connexion pour marquer des \u00e9l\u00e9ments\"><\/span>\r\n\t\t\t\t\t\t\t<\/div>\r\n\t\t\t\t\t\t\t\t\t\t\t\r\n\r\n\t\t\t\t\t\t\t<\/div>\r\n\t\t<\/div>\r\n\r\n\t\t<!-- ===== RIGHT: LISTING DETAILS (NOW 2-COLUMN) ===== -->\r\n\t\t<a href=\"https:\/\/cparici.com\/fr\/annonce\/roby-6-pers-2\/\" class=\"listing-details-nl\">\r\n\r\n\t\t\t<!-- Main Content Column (Left) -->\r\n\t\t\t<div class=\"details-main-col-nl\">\r\n\t\t\t\t<div class=\"listing-badges-nl\">\r\n\t\t\t\t\t\t\t\t\t\t\t\t\t\t<\/div>\r\n\t\t\t\t<h2 class=\"listing-title-nl\">Roby, 6 Pers\t\t\t\t\t<div class=\"listing-title-badges-nl\">\r\n\t\t\t\t\t\t\t\t\t\t\t\t\t\t\t\t\t<\/div>\r\n\t\t\t\t<\/h2>\r\n\t\t\t\t<p class=\"listing-location-nl\">Tr\u00e9gunc<\/p>\r\n\r\n\t\t\t\t\t\t<div class=\"listing-features-nl\">\r\n\t\t\t\t\t\t\t\t\t\t\t\t<!-- Regular Field Template -->\r\n\t\t\t\t\t<div class=\"feature-tag-nl main-detail-_guests\">\r\n\t\t\t\t\t\t<i class=\"fas fa-check\"><\/i>\r\n\t\t\t\t\t\t\t\t\t\t\t\t\t\t\t\t\t\t\t\t<span>6<\/span>\r\n\t\t\t\t\t\t\t\t\t\t\t\t<div class=\"tooltip-nl\">Guest(s)<\/div>\r\n\t\t\t\t\t<\/div>\r\n\t\t\t\t\t\t\t\t\t\t\t\t\t\t\t\t<!-- Regular Field Template -->\r\n\t\t\t\t\t<div class=\"feature-tag-nl main-detail-_number_of_bedrooms\">\r\n\t\t\t\t\t\t<i class=\"fas fa-check\"><\/i>\r\n\t\t\t\t\t\t\t\t\t\t\t\t\t\t\t\t\t\t\t\t<span>3<\/span>\r\n\t\t\t\t\t\t\t\t\t\t\t\t<div class=\"tooltip-nl\">Bedroom(s)<\/div>\r\n\t\t\t\t\t<\/div>\r\n\t\t\t\t\t\t\t\t\t\t<\/div>\r\n\r\n\t\t\t\t\t<div class=\"listing-amenities-nl\">\r\n\t\t\t\t\t\t\r\n\t\t\t\t\t<\/div>\r\n\t\t\t\t\t\t\t<\/div>\r\n\r\n\t\t\t<!-- Sidebar Column (Right) -->\r\n\t\t\t<div class=\"details-sidebar-col-nl\">\r\n\t\t\t\t<div class=\"details-sidebar-upper-nl\">\r\n\r\n\t\t\t\t\t\t\t\t\t<\/div>\r\n\t\t\t\t\t\t\t\t\t\t<div class=\"listing-booking-nl\">\r\n\t\t\t\t\t\t\t<p class=\"price-nl\">Commence \u00e0 partir de 150,00&euro;<\/p>\r\n\t\t\t\t\t\t\t\t\t\t\t\t\t<\/div>\r\n\t\t\t\t\r\n\r\n\t\t\t<\/div>\r\n\r\n\r\n\t\t<\/a>\r\n\t<\/div>\r\n<\/div>\r\n\r\n\r\n<!-- Listing Item \/ End --><!-- Listing Item -->\r\n\r\n\r\n<div  class=\"listing-card-container-nl margin-bottom-30 listing-geo-data\" \r\n\t\tdata-title=\"LE DOUZE\"\r\n\t\tdata-listing-type=\"rental\"\r\n\t\tdata-classifieds-price=\"&euro;\"\r\n\t\tdata-friendly-address=\"41 ter rue de paradis\"\r\n\t\tdata-address=\"41 ter rue de paradis\"\r\n\t\tdata-image=\"https:\/\/cparici.com\/wp-content\/uploads\/2025\/03\/DSC06292-HDR-520x397.jpg\"\r\n\t\tdata-longitude=\"-1.1430937\"\r\n\t\tdata-latitude=\"45.7162024\"\r\n\t\t\t\t\tdata-rating=\"5\"\r\n\t\t\tdata-reviews=\"4\"\r\n\t\t\t\tdata-icon=\"&lt;svg xmlns=&quot;http:\/\/www.w3.org\/2000\/svg&quot; width=&quot;800px&quot; height=&quot;800px&quot; viewBox=&quot;0 0 45 45&quot; fill=&quot;none&quot;&gt;\n&lt;path d=&quot;M24.155 8.78099L24.33 8.94499L37.402 21.787L36 23.213L34.2 21.445L34.201 35C34.201 36.054 33.385 36.918 32.35 36.994L32.201 37H12.201C11.147 37 10.283 36.184 10.206 35.149L10.201 35L10.2 21.446L8.402 23.213L7 21.787L20.058 8.95799C21.171 7.82199 22.966 7.75899 24.155 8.78099ZM21.569 10.285L21.473 10.372L12.2 19.481L12.201 35L17.2 34.999L17.201 25C17.201 23.946 18.017 23.082 19.052 23.005L19.201 23H25.201C26.255 23 27.119 23.816 27.196 24.851L27.201 25L27.2 34.999L32.201 35L32.2 19.48L22.901 10.344C22.537 9.98699 21.969 9.96499 21.569 10.285ZM25.201 25H19.201L19.2 34.999H25.2L25.201 25Z&quot; fill=&quot;#3C3C3C&quot;\/&gt;\n&lt;\/svg&gt;\"\r\n\r\n\t>\r\n\t<div class=\"listing-card-nl\">\r\n\t\t<!-- ===== LEFT: IMAGE SLIDER ===== -->\r\n\t\t<div class=\"listing-image-container-nl\">\r\n\t\t\t<a href=\"https:\/\/cparici.com\/fr\/annonce\/le-douze\/\">\r\n\t\t\t\t<div class=\"slider-wrapper-nl\">\r\n\t\t\t\t\t\t\t\t\t<img decoding=\"async\" src=\"https:\/\/cparici.com\/wp-content\/uploads\/2025\/03\/DSC06292-HDR-520x397.jpg\" alt=\"LE DOUZE\" class=\"slider-image-nl\">\r\n\t\t\t\t\t\t<img decoding=\"async\" src=\"https:\/\/cparici.com\/wp-content\/uploads\/2025\/03\/DSC06295-HDR-520x397.jpg\" alt=\"LE DOUZE\" class=\"slider-image-nl\">\r\n\t\t\t\t\t\t<img decoding=\"async\" src=\"https:\/\/cparici.com\/wp-content\/uploads\/2025\/03\/DSC06307-HDR-520x397.jpg\" alt=\"LE DOUZE\" class=\"slider-image-nl\">\r\n\t\t\t\t\t\t<\/div>\r\n\t\t\t<\/a>\r\n\r\n\t\t\t\t\t\t\t\t<div class=\"status-button-nl closed-nl\">\r\n\t\t\t\t\t\tFerm\u00e9 maintenant\t\t\t\t\t<\/div>\r\n\t\t\t\t\t\t<div class=\"slider-arrow-nl left-nl\" id=\"prevBtn\"><i class=\"fa-solid fa-chevron-left\"><\/i><\/div>\r\n\t\t\t<div class=\"slider-arrow-nl right-nl\" id=\"nextBtn\"><i class=\"fa-solid fa-chevron-right\"><\/i><\/div>\r\n\t\t\t<div class=\"image-overlay-top-nl\">\r\n\r\n\t\t\t\t<span class=\"listing-category-tag-nl\">H\u00e9bergements<\/span>\t\t\t\t\r\n\t\t\t\t\t\t\t\t\t\t\t\t<div class=\"favorite-icon-nl\" id=\"favoriteBtn\">\r\n\t\t\t\t\t\t\t\t<span class=\"save fa-regular fa-heart tooltip left\" title=\"Connexion pour marquer des \u00e9l\u00e9ments\"><\/span>\r\n\t\t\t\t\t\t\t<\/div>\r\n\t\t\t\t\t\t\t\t\t\t\t\r\n\r\n\t\t\t\t\t\t\t<\/div>\r\n\t\t<\/div>\r\n\r\n\t\t<!-- ===== RIGHT: LISTING DETAILS (NOW 2-COLUMN) ===== -->\r\n\t\t<a href=\"https:\/\/cparici.com\/fr\/annonce\/le-douze\/\" class=\"listing-details-nl\">\r\n\r\n\t\t\t<!-- Main Content Column (Left) -->\r\n\t\t\t<div class=\"details-main-col-nl\">\r\n\t\t\t\t<div class=\"listing-badges-nl\">\r\n\t\t\t\t\t\t\t\t\t\t<span class=\"badge-nl featured-nl\"><i class=\"fa-solid fa-star\"><\/i> En vedette<\/span>\t\t\t\t<\/div>\r\n\t\t\t\t<h2 class=\"listing-title-nl\">LE DOUZE\t\t\t\t\t<div class=\"listing-title-badges-nl\">\r\n\t\t\t\t\t\t\t\t\t\t\t\t\t<div class=\"verified-icon-nl title-badge-nl\">\r\n\t\t\t\t\t\t\t\t<i class=\"fa fa-check\"><\/i>\r\n\t\t\t\t\t\t\t\t<span class=\"tooltip-nl\">Annonce v\u00e9rifi\u00e9e<\/span>\r\n\t\t\t\t\t\t\t<\/div>\r\n\t\t\t\t\t\t\t\t\t\t\t\t\t\t\t\t\t<\/div>\r\n\t\t\t\t<\/h2>\r\n\t\t\t\t<p class=\"listing-location-nl\">41 ter rue de paradis<\/p>\r\n\r\n\t\t\t\t\r\n\t\t\t\t\t<div class=\"listing-amenities-nl\">\r\n\t\t\t\t\t\t\r\n\t\t\t\t\t<\/div>\r\n\t\t\t\t\t\t\t<\/div>\r\n\r\n\t\t\t<!-- Sidebar Column (Right) -->\r\n\t\t\t<div class=\"details-sidebar-col-nl\">\r\n\t\t\t\t<div class=\"details-sidebar-upper-nl\">\r\n\r\n\t\t\t\t\t\t\t\t\t\t\t\t<div class=\"listing-rating-nl\">\r\n\t\t\t\t\t\t\t\t<div class=\"stars-nl\" data-rating=\"5\">\r\n\r\n\t\t\t\t\t\t\t\t\t<div class=\"listing-rating-nl\">\n                      <div class=\"stars-nl\">\n                          <i class=\"fa-solid fa-star\"><\/i>\n                            <i class=\"fa-solid fa-star\"><\/i>\n                            <i class=\"fa-solid fa-star\"><\/i>\n                            <i class=\"fa-solid fa-star\"><\/i>\n                            <i class=\"fa-solid fa-star\"><\/i>\n                      <\/div>\n                       <div class=\"rating-text-nl\">5.0 <span>(4)<\/span><\/div><\/div> \t\t\t\t\t\t\t\t<\/div>\r\n\t\t\t\t\t\t\t<\/div>\r\n\t\t\t\t\t\t\t\t\t<\/div>\r\n\t\t\t\t\t\t\t\t\t\t<div class=\"listing-booking-nl\">\r\n\t\t\t\t\t\t\t<p class=\"price-nl\">150,00&euro; - 171,00&euro;<\/p>\r\n\t\t\t\t\t\t\t\t\t\t\t\t\t<\/div>\r\n\t\t\t\t\r\n\r\n\t\t\t<\/div>\r\n\r\n\r\n\t\t<\/a>\r\n\t<\/div>\r\n<\/div>\r\n\r\n\r\n<!-- Listing Item \/ End --><!-- Listing Item -->\r\n\r\n\r\n<div  class=\"listing-card-container-nl margin-bottom-30 listing-geo-data\" \r\n\t\tdata-title=\"la maison d&#8217;Aurelie\"\r\n\t\tdata-listing-type=\"rental\"\r\n\t\tdata-classifieds-price=\"&euro;\"\r\n\t\tdata-friendly-address=\"28 CHEMIN DES FONTANILLES LE CAYROU\"\r\n\t\tdata-address=\"28 CHEMIN DES FONTANILLES LE CAYROU\"\r\n\t\tdata-image=\"https:\/\/cparici.com\/wp-content\/uploads\/2026\/04\/photo-13-520x397.jpg\"\r\n\t\tdata-longitude=\"2.312295\"\r\n\t\tdata-latitude=\"44.44915899999999\"\r\n\t\t\t\t\tdata-rating=\"0\"\r\n\t\t\tdata-reviews=\"0\"\r\n\t\t\t\tdata-icon=\"&lt;svg xmlns=&quot;http:\/\/www.w3.org\/2000\/svg&quot; width=&quot;800px&quot; height=&quot;800px&quot; viewBox=&quot;0 0 45 45&quot; fill=&quot;none&quot;&gt;\n&lt;path d=&quot;M24.155 8.78099L24.33 8.94499L37.402 21.787L36 23.213L34.2 21.445L34.201 35C34.201 36.054 33.385 36.918 32.35 36.994L32.201 37H12.201C11.147 37 10.283 36.184 10.206 35.149L10.201 35L10.2 21.446L8.402 23.213L7 21.787L20.058 8.95799C21.171 7.82199 22.966 7.75899 24.155 8.78099ZM21.569 10.285L21.473 10.372L12.2 19.481L12.201 35L17.2 34.999L17.201 25C17.201 23.946 18.017 23.082 19.052 23.005L19.201 23H25.201C26.255 23 27.119 23.816 27.196 24.851L27.201 25L27.2 34.999L32.201 35L32.2 19.48L22.901 10.344C22.537 9.98699 21.969 9.96499 21.569 10.285ZM25.201 25H19.201L19.2 34.999H25.2L25.201 25Z&quot; fill=&quot;#3C3C3C&quot;\/&gt;\n&lt;\/svg&gt;\"\r\n\r\n\t>\r\n\t<div class=\"listing-card-nl\">\r\n\t\t<!-- ===== LEFT: IMAGE SLIDER ===== -->\r\n\t\t<div class=\"listing-image-container-nl\">\r\n\t\t\t<a href=\"https:\/\/cparici.com\/fr\/annonce\/la-maison-daurelie-2\/\">\r\n\t\t\t\t<div class=\"slider-wrapper-nl\">\r\n\t\t\t\t\t\t\t\t\t<img decoding=\"async\" src=\"https:\/\/cparici.com\/wp-content\/uploads\/2026\/04\/photo-13-520x397.jpg\" alt=\"la maison d&#8217;Aurelie\" class=\"slider-image-nl\">\r\n\t\t\t\t\t\t<img decoding=\"async\" src=\"https:\/\/cparici.com\/wp-content\/uploads\/2026\/04\/photo-12-520x397.jpg\" alt=\"la maison d&#8217;Aurelie\" class=\"slider-image-nl\">\r\n\t\t\t\t\t\t<img decoding=\"async\" src=\"https:\/\/cparici.com\/wp-content\/uploads\/2026\/04\/photo-11-520x397.jpg\" alt=\"la maison d&#8217;Aurelie\" class=\"slider-image-nl\">\r\n\t\t\t\t\t\t<\/div>\r\n\t\t\t<\/a>\r\n\r\n\t\t\t\t\t\t<div class=\"slider-arrow-nl left-nl\" id=\"prevBtn\"><i class=\"fa-solid fa-chevron-left\"><\/i><\/div>\r\n\t\t\t<div class=\"slider-arrow-nl right-nl\" id=\"nextBtn\"><i class=\"fa-solid fa-chevron-right\"><\/i><\/div>\r\n\t\t\t<div class=\"image-overlay-top-nl\">\r\n\r\n\t\t\t\t<span class=\"listing-category-tag-nl\">H\u00e9bergements<\/span>\t\t\t\t\r\n\t\t\t\t\t\t\t\t\t\t\t\t<div class=\"favorite-icon-nl\" id=\"favoriteBtn\">\r\n\t\t\t\t\t\t\t\t<span class=\"save fa-regular fa-heart tooltip left\" title=\"Connexion pour marquer des \u00e9l\u00e9ments\"><\/span>\r\n\t\t\t\t\t\t\t<\/div>\r\n\t\t\t\t\t\t\t\t\t\t\t\r\n\r\n\t\t\t\t\t\t\t<\/div>\r\n\t\t<\/div>\r\n\r\n\t\t<!-- ===== RIGHT: LISTING DETAILS (NOW 2-COLUMN) ===== -->\r\n\t\t<a href=\"https:\/\/cparici.com\/fr\/annonce\/la-maison-daurelie-2\/\" class=\"listing-details-nl\">\r\n\r\n\t\t\t<!-- Main Content Column (Left) -->\r\n\t\t\t<div class=\"details-main-col-nl\">\r\n\t\t\t\t<div class=\"listing-badges-nl\">\r\n\t\t\t\t\t\t\t\t\t\t\t\t\t\t<\/div>\r\n\t\t\t\t<h2 class=\"listing-title-nl\">la maison d&#8217;Aurelie\t\t\t\t\t<div class=\"listing-title-badges-nl\">\r\n\t\t\t\t\t\t\t\t\t\t\t\t\t\t\t\t\t<\/div>\r\n\t\t\t\t<\/h2>\r\n\t\t\t\t<p class=\"listing-location-nl\">28 CHEMIN DES FONTANILLES LE CAYROU<\/p>\r\n\r\n\t\t\t\t\r\n\t\t\t\t\t<div class=\"listing-amenities-nl\">\r\n\t\t\t\t\t\t\r\n\t\t\t\t\t<\/div>\r\n\t\t\t\t\t\t\t<\/div>\r\n\r\n\t\t\t<!-- Sidebar Column (Right) -->\r\n\t\t\t<div class=\"details-sidebar-col-nl\">\r\n\t\t\t\t<div class=\"details-sidebar-upper-nl\">\r\n\r\n\t\t\t\t\t\t\t\t\t<\/div>\r\n\t\t\t\t\t\t\t\t\t\t<div class=\"listing-booking-nl\">\r\n\t\t\t\t\t\t\t<p class=\"price-nl\">80,00&euro; - 80,00&euro;<\/p>\r\n\t\t\t\t\t\t\t\t\t\t\t\t\t<\/div>\r\n\t\t\t\t\r\n\r\n\t\t\t<\/div>\r\n\r\n\r\n\t\t<\/a>\r\n\t<\/div>\r\n<\/div>\r\n\r\n\r\n<!-- Listing Item \/ End --><!-- Listing Item -->\r\n\r\n\r\n<div  class=\"listing-card-container-nl margin-bottom-30 listing-geo-data\" \r\n\t\tdata-title=\"Gite cantal avec SPA ext\u00e9rieur priv\u00e9\"\r\n\t\tdata-listing-type=\"rental\"\r\n\t\tdata-classifieds-price=\"&euro;\"\r\n\t\tdata-friendly-address=\"Roum\u00e9goux\"\r\n\t\tdata-address=\"Roum\u00e9goux\"\r\n\t\tdata-image=\"https:\/\/cparici.com\/wp-content\/uploads\/2026\/02\/IMG_4774-520x397.jpg\"\r\n\t\tdata-longitude=\"2.1792639\"\r\n\t\tdata-latitude=\"44.86729\"\r\n\t\t\t\t\tdata-rating=\"0\"\r\n\t\t\tdata-reviews=\"0\"\r\n\t\t\t\tdata-icon=\"&lt;svg xmlns=&quot;http:\/\/www.w3.org\/2000\/svg&quot; width=&quot;800px&quot; height=&quot;800px&quot; viewBox=&quot;0 0 45 45&quot; fill=&quot;none&quot;&gt;\n&lt;path d=&quot;M24.155 8.78099L24.33 8.94499L37.402 21.787L36 23.213L34.2 21.445L34.201 35C34.201 36.054 33.385 36.918 32.35 36.994L32.201 37H12.201C11.147 37 10.283 36.184 10.206 35.149L10.201 35L10.2 21.446L8.402 23.213L7 21.787L20.058 8.95799C21.171 7.82199 22.966 7.75899 24.155 8.78099ZM21.569 10.285L21.473 10.372L12.2 19.481L12.201 35L17.2 34.999L17.201 25C17.201 23.946 18.017 23.082 19.052 23.005L19.201 23H25.201C26.255 23 27.119 23.816 27.196 24.851L27.201 25L27.2 34.999L32.201 35L32.2 19.48L22.901 10.344C22.537 9.98699 21.969 9.96499 21.569 10.285ZM25.201 25H19.201L19.2 34.999H25.2L25.201 25Z&quot; fill=&quot;#3C3C3C&quot;\/&gt;\n&lt;\/svg&gt;\"\r\n\r\n\t>\r\n\t<div class=\"listing-card-nl\">\r\n\t\t<!-- ===== LEFT: IMAGE SLIDER ===== -->\r\n\t\t<div class=\"listing-image-container-nl\">\r\n\t\t\t<a href=\"https:\/\/cparici.com\/fr\/annonce\/gite-cantal-avec-spa-exterieur-prive\/\">\r\n\t\t\t\t<div class=\"slider-wrapper-nl\">\r\n\t\t\t\t\t\t\t\t\t<img decoding=\"async\" src=\"https:\/\/cparici.com\/wp-content\/uploads\/2026\/02\/IMG_4774-520x397.jpg\" alt=\"Gite cantal avec SPA ext\u00e9rieur priv\u00e9\" class=\"slider-image-nl\">\r\n\t\t\t\t\t\t<img decoding=\"async\" src=\"https:\/\/cparici.com\/wp-content\/uploads\/2026\/02\/IMG_6302-520x397.jpg\" alt=\"Gite cantal avec SPA ext\u00e9rieur priv\u00e9\" class=\"slider-image-nl\">\r\n\t\t\t\t\t\t<img decoding=\"async\" src=\"https:\/\/cparici.com\/wp-content\/uploads\/2026\/02\/IMG_6299-520x397.jpg\" alt=\"Gite cantal avec SPA ext\u00e9rieur priv\u00e9\" class=\"slider-image-nl\">\r\n\t\t\t\t\t\t<\/div>\r\n\t\t\t<\/a>\r\n\r\n\t\t\t\t\t\t<div class=\"slider-arrow-nl left-nl\" id=\"prevBtn\"><i class=\"fa-solid fa-chevron-left\"><\/i><\/div>\r\n\t\t\t<div class=\"slider-arrow-nl right-nl\" id=\"nextBtn\"><i class=\"fa-solid fa-chevron-right\"><\/i><\/div>\r\n\t\t\t<div class=\"image-overlay-top-nl\">\r\n\r\n\t\t\t\t<span class=\"listing-category-tag-nl\">H\u00e9bergements<\/span>\t\t\t\t\r\n\t\t\t\t\t\t\t\t\t\t\t\t<div class=\"favorite-icon-nl\" id=\"favoriteBtn\">\r\n\t\t\t\t\t\t\t\t<span class=\"save fa-regular fa-heart tooltip left\" title=\"Connexion pour marquer des \u00e9l\u00e9ments\"><\/span>\r\n\t\t\t\t\t\t\t<\/div>\r\n\t\t\t\t\t\t\t\t\t\t\t\r\n\r\n\t\t\t\t\t\t\t<\/div>\r\n\t\t<\/div>\r\n\r\n\t\t<!-- ===== RIGHT: LISTING DETAILS (NOW 2-COLUMN) ===== -->\r\n\t\t<a href=\"https:\/\/cparici.com\/fr\/annonce\/gite-cantal-avec-spa-exterieur-prive\/\" class=\"listing-details-nl\">\r\n\r\n\t\t\t<!-- Main Content Column (Left) -->\r\n\t\t\t<div class=\"details-main-col-nl\">\r\n\t\t\t\t<div class=\"listing-badges-nl\">\r\n\t\t\t\t\t\t\t\t\t\t\t\t\t\t<\/div>\r\n\t\t\t\t<h2 class=\"listing-title-nl\">Gite cantal avec SPA ext\u00e9rieur priv\u00e9\t\t\t\t\t<div class=\"listing-title-badges-nl\">\r\n\t\t\t\t\t\t\t\t\t\t\t\t\t\t\t\t\t<\/div>\r\n\t\t\t\t<\/h2>\r\n\t\t\t\t<p class=\"listing-location-nl\">Roum\u00e9goux<\/p>\r\n\r\n\t\t\t\t\r\n\t\t\t\t\t<div class=\"listing-amenities-nl\">\r\n\t\t\t\t\t\t\r\n\t\t\t\t\t<\/div>\r\n\t\t\t\t\t\t\t<\/div>\r\n\r\n\t\t\t<!-- Sidebar Column (Right) -->\r\n\t\t\t<div class=\"details-sidebar-col-nl\">\r\n\t\t\t\t<div class=\"details-sidebar-upper-nl\">\r\n\r\n\t\t\t\t\t\t\t\t\t<\/div>\r\n\t\t\t\t\t\t\t\t\t\t<div class=\"listing-booking-nl\">\r\n\t\t\t\t\t\t\t<p class=\"price-nl\">125,00&euro; - 160,00&euro;<\/p>\r\n\t\t\t\t\t\t\t\t\t\t\t\t\t<\/div>\r\n\t\t\t\t\r\n\r\n\t\t\t<\/div>\r\n\r\n\r\n\t\t<\/a>\r\n\t<\/div>\r\n<\/div>\r\n\r\n\r\n<!-- Listing Item \/ End --><!-- Listing Item -->\r\n\r\n\r\n<div  class=\"listing-card-container-nl margin-bottom-30 listing-geo-data\" \r\n\t\tdata-title=\"Le Rospico, Appartement Vue Mer N\u00e9vez\"\r\n\t\tdata-listing-type=\"rental\"\r\n\t\tdata-classifieds-price=\"&euro;\"\r\n\t\tdata-friendly-address=\"Plage de Rospico, N\u00e9vez\"\r\n\t\tdata-address=\"Plage de Rospico, N\u00e9vez\"\r\n\t\tdata-image=\"https:\/\/cparici.com\/wp-content\/uploads\/2026\/03\/anse-de-rospico-520x397.jpg\"\r\n\t\tdata-longitude=\"-3.765314324812224\"\r\n\t\tdata-latitude=\"47.79152794554884\"\r\n\t\t\t\t\tdata-rating=\"0\"\r\n\t\t\tdata-reviews=\"0\"\r\n\t\t\t\tdata-icon=\"&lt;svg xmlns=&quot;http:\/\/www.w3.org\/2000\/svg&quot; width=&quot;800px&quot; height=&quot;800px&quot; viewBox=&quot;0 0 45 45&quot; fill=&quot;none&quot;&gt;\n&lt;path d=&quot;M24.155 8.78099L24.33 8.94499L37.402 21.787L36 23.213L34.2 21.445L34.201 35C34.201 36.054 33.385 36.918 32.35 36.994L32.201 37H12.201C11.147 37 10.283 36.184 10.206 35.149L10.201 35L10.2 21.446L8.402 23.213L7 21.787L20.058 8.95799C21.171 7.82199 22.966 7.75899 24.155 8.78099ZM21.569 10.285L21.473 10.372L12.2 19.481L12.201 35L17.2 34.999L17.201 25C17.201 23.946 18.017 23.082 19.052 23.005L19.201 23H25.201C26.255 23 27.119 23.816 27.196 24.851L27.201 25L27.2 34.999L32.201 35L32.2 19.48L22.901 10.344C22.537 9.98699 21.969 9.96499 21.569 10.285ZM25.201 25H19.201L19.2 34.999H25.2L25.201 25Z&quot; fill=&quot;#3C3C3C&quot;\/&gt;\n&lt;\/svg&gt;\"\r\n\r\n\t>\r\n\t<div class=\"listing-card-nl\">\r\n\t\t<!-- ===== LEFT: IMAGE SLIDER ===== -->\r\n\t\t<div class=\"listing-image-container-nl\">\r\n\t\t\t<a href=\"https:\/\/cparici.com\/fr\/annonce\/le-rospico-appartement-vue-mer-nevez\/\">\r\n\t\t\t\t<div class=\"slider-wrapper-nl\">\r\n\t\t\t\t\t\t\t\t\t<img decoding=\"async\" src=\"https:\/\/cparici.com\/wp-content\/uploads\/2026\/03\/anse-de-rospico-520x397.jpg\" alt=\"Le Rospico, Appartement Vue Mer N\u00e9vez\" class=\"slider-image-nl\">\r\n\t\t\t\t\t\t<img decoding=\"async\" src=\"https:\/\/cparici.com\/wp-content\/uploads\/2026\/03\/appartement-rospico-plage-520x397.jpg\" alt=\"Le Rospico, Appartement Vue Mer N\u00e9vez\" class=\"slider-image-nl\">\r\n\t\t\t\t\t\t<img decoding=\"async\" src=\"https:\/\/cparici.com\/wp-content\/uploads\/2026\/03\/appartement-rospico-plage-nevez-520x397.jpg\" alt=\"Le Rospico, Appartement Vue Mer N\u00e9vez\" class=\"slider-image-nl\">\r\n\t\t\t\t\t\t<\/div>\r\n\t\t\t<\/a>\r\n\r\n\t\t\t\t\t\t<div class=\"slider-arrow-nl left-nl\" id=\"prevBtn\"><i class=\"fa-solid fa-chevron-left\"><\/i><\/div>\r\n\t\t\t<div class=\"slider-arrow-nl right-nl\" id=\"nextBtn\"><i class=\"fa-solid fa-chevron-right\"><\/i><\/div>\r\n\t\t\t<div class=\"image-overlay-top-nl\">\r\n\r\n\t\t\t\t<span class=\"listing-category-tag-nl\">H\u00e9bergements<\/span>\t\t\t\t\r\n\t\t\t\t\t\t\t\t\t\t\t\t<div class=\"favorite-icon-nl\" id=\"favoriteBtn\">\r\n\t\t\t\t\t\t\t\t<span class=\"save fa-regular fa-heart tooltip left\" title=\"Connexion pour marquer des \u00e9l\u00e9ments\"><\/span>\r\n\t\t\t\t\t\t\t<\/div>\r\n\t\t\t\t\t\t\t\t\t\t\t\r\n\r\n\t\t\t\t\t\t\t<\/div>\r\n\t\t<\/div>\r\n\r\n\t\t<!-- ===== RIGHT: LISTING DETAILS (NOW 2-COLUMN) ===== -->\r\n\t\t<a href=\"https:\/\/cparici.com\/fr\/annonce\/le-rospico-appartement-vue-mer-nevez\/\" class=\"listing-details-nl\">\r\n\r\n\t\t\t<!-- Main Content Column (Left) -->\r\n\t\t\t<div class=\"details-main-col-nl\">\r\n\t\t\t\t<div class=\"listing-badges-nl\">\r\n\t\t\t\t\t\t\t\t\t\t\t\t\t\t<\/div>\r\n\t\t\t\t<h2 class=\"listing-title-nl\">Le Rospico, Appartement Vue Mer N\u00e9vez\t\t\t\t\t<div class=\"listing-title-badges-nl\">\r\n\t\t\t\t\t\t\t\t\t\t\t\t\t\t\t\t\t<\/div>\r\n\t\t\t\t<\/h2>\r\n\t\t\t\t<p class=\"listing-location-nl\">Plage de Rospico, N\u00e9vez<\/p>\r\n\r\n\t\t\t\t\r\n\t\t\t\t\t<div class=\"listing-amenities-nl\">\r\n\t\t\t\t\t\t\r\n\t\t\t\t\t<\/div>\r\n\t\t\t\t\t\t\t<\/div>\r\n\r\n\t\t\t<!-- Sidebar Column (Right) -->\r\n\t\t\t<div class=\"details-sidebar-col-nl\">\r\n\t\t\t\t<div class=\"details-sidebar-upper-nl\">\r\n\r\n\t\t\t\t\t\t\t\t\t<\/div>\r\n\t\t\t\t\t\t\t\t\t\t<div class=\"listing-booking-nl\">\r\n\t\t\t\t\t\t\t<p class=\"price-nl\">160,00&euro; - 0,00&euro;<\/p>\r\n\t\t\t\t\t\t\t\t\t\t\t\t\t<\/div>\r\n\t\t\t\t\r\n\r\n\t\t\t<\/div>\r\n\r\n\r\n\t\t<\/a>\r\n\t<\/div>\r\n<\/div>\r\n\r\n\r\n<!-- Listing Item \/ End --><!-- Listing Item -->\r\n\r\n\r\n<div  class=\"listing-card-container-nl margin-bottom-30 listing-geo-data\" \r\n\t\tdata-title=\"Villa du 13, 10 Pers avec piscine Concarneau &#8211; Le Cabellou\"\r\n\t\tdata-listing-type=\"rental\"\r\n\t\tdata-classifieds-price=\"&euro;\"\r\n\t\tdata-friendly-address=\"Le Cabellou, Concarneau\"\r\n\t\tdata-address=\"Le Cabellou, Concarneau\"\r\n\t\tdata-image=\"https:\/\/cparici.com\/wp-content\/uploads\/2025\/12\/piscine-exterieur-520x397.jpg\"\r\n\t\tdata-longitude=\"-3.912996599999999\"\r\n\t\tdata-latitude=\"47.8574682\"\r\n\t\t\t\t\tdata-rating=\"0\"\r\n\t\t\tdata-reviews=\"0\"\r\n\t\t\t\tdata-icon=\"&lt;svg xmlns=&quot;http:\/\/www.w3.org\/2000\/svg&quot; width=&quot;800px&quot; height=&quot;800px&quot; viewBox=&quot;0 0 45 45&quot; fill=&quot;none&quot;&gt;\n&lt;path d=&quot;M24.155 8.78099L24.33 8.94499L37.402 21.787L36 23.213L34.2 21.445L34.201 35C34.201 36.054 33.385 36.918 32.35 36.994L32.201 37H12.201C11.147 37 10.283 36.184 10.206 35.149L10.201 35L10.2 21.446L8.402 23.213L7 21.787L20.058 8.95799C21.171 7.82199 22.966 7.75899 24.155 8.78099ZM21.569 10.285L21.473 10.372L12.2 19.481L12.201 35L17.2 34.999L17.201 25C17.201 23.946 18.017 23.082 19.052 23.005L19.201 23H25.201C26.255 23 27.119 23.816 27.196 24.851L27.201 25L27.2 34.999L32.201 35L32.2 19.48L22.901 10.344C22.537 9.98699 21.969 9.96499 21.569 10.285ZM25.201 25H19.201L19.2 34.999H25.2L25.201 25Z&quot; fill=&quot;#3C3C3C&quot;\/&gt;\n&lt;\/svg&gt;\"\r\n\r\n\t>\r\n\t<div class=\"listing-card-nl\">\r\n\t\t<!-- ===== LEFT: IMAGE SLIDER ===== -->\r\n\t\t<div class=\"listing-image-container-nl\">\r\n\t\t\t<a href=\"https:\/\/cparici.com\/fr\/annonce\/villa-du-13-10-pers-avec-piscine-concarneau-le-cabellou\/\">\r\n\t\t\t\t<div class=\"slider-wrapper-nl\">\r\n\t\t\t\t\t\t\t\t\t<img decoding=\"async\" src=\"https:\/\/cparici.com\/wp-content\/uploads\/2025\/12\/piscine-exterieur-520x397.jpg\" alt=\"Villa du 13, 10 Pers avec piscine Concarneau &#8211; Le Cabellou\" class=\"slider-image-nl\">\r\n\t\t\t\t\t\t<img decoding=\"async\" src=\"https:\/\/cparici.com\/wp-content\/uploads\/2025\/12\/salon-520x397.jpg\" alt=\"Villa du 13, 10 Pers avec piscine Concarneau &#8211; Le Cabellou\" class=\"slider-image-nl\">\r\n\t\t\t\t\t\t<img decoding=\"async\" src=\"https:\/\/cparici.com\/wp-content\/uploads\/2025\/12\/cuisine-520x397.jpg\" alt=\"Villa du 13, 10 Pers avec piscine Concarneau &#8211; Le Cabellou\" class=\"slider-image-nl\">\r\n\t\t\t\t\t\t<\/div>\r\n\t\t\t<\/a>\r\n\r\n\t\t\t\t\t\t<div class=\"slider-arrow-nl left-nl\" id=\"prevBtn\"><i class=\"fa-solid fa-chevron-left\"><\/i><\/div>\r\n\t\t\t<div class=\"slider-arrow-nl right-nl\" id=\"nextBtn\"><i class=\"fa-solid fa-chevron-right\"><\/i><\/div>\r\n\t\t\t<div class=\"image-overlay-top-nl\">\r\n\r\n\t\t\t\t<span class=\"listing-category-tag-nl\">H\u00e9bergements<\/span>\t\t\t\t\r\n\t\t\t\t\t\t\t\t\t\t\t\t<div class=\"favorite-icon-nl\" id=\"favoriteBtn\">\r\n\t\t\t\t\t\t\t\t<span class=\"save fa-regular fa-heart tooltip left\" title=\"Connexion pour marquer des \u00e9l\u00e9ments\"><\/span>\r\n\t\t\t\t\t\t\t<\/div>\r\n\t\t\t\t\t\t\t\t\t\t\t\r\n\r\n\t\t\t\t\t\t\t<\/div>\r\n\t\t<\/div>\r\n\r\n\t\t<!-- ===== RIGHT: LISTING DETAILS (NOW 2-COLUMN) ===== -->\r\n\t\t<a href=\"https:\/\/cparici.com\/fr\/annonce\/villa-du-13-10-pers-avec-piscine-concarneau-le-cabellou\/\" class=\"listing-details-nl\">\r\n\r\n\t\t\t<!-- Main Content Column (Left) -->\r\n\t\t\t<div class=\"details-main-col-nl\">\r\n\t\t\t\t<div class=\"listing-badges-nl\">\r\n\t\t\t\t\t\t\t\t\t\t\t\t\t\t<\/div>\r\n\t\t\t\t<h2 class=\"listing-title-nl\">Villa du 13, 10 Pers avec piscine Concarneau &#8211; Le Cabellou\t\t\t\t\t<div class=\"listing-title-badges-nl\">\r\n\t\t\t\t\t\t\t\t\t\t\t\t\t\t\t\t\t<\/div>\r\n\t\t\t\t<\/h2>\r\n\t\t\t\t<p class=\"listing-location-nl\">Le Cabellou, Concarneau<\/p>\r\n\r\n\t\t\t\t\r\n\t\t\t\t\t<div class=\"listing-amenities-nl\">\r\n\t\t\t\t\t\t\r\n\t\t\t\t\t<\/div>\r\n\t\t\t\t\t\t\t<\/div>\r\n\r\n\t\t\t<!-- Sidebar Column (Right) -->\r\n\t\t\t<div class=\"details-sidebar-col-nl\">\r\n\t\t\t\t<div class=\"details-sidebar-upper-nl\">\r\n\r\n\t\t\t\t\t\t\t\t\t<\/div>\r\n\t\t\t\t\t\t\t\t\t\t<div class=\"listing-booking-nl\">\r\n\t\t\t\t\t\t\t<p class=\"price-nl\">360,00&euro; - 380,00&euro;<\/p>\r\n\t\t\t\t\t\t\t\t\t\t\t\t\t<\/div>\r\n\t\t\t\t\r\n\r\n\t\t\t<\/div>\r\n\r\n\r\n\t\t<\/a>\r\n\t<\/div>\r\n<\/div>\r\n\r\n\r\n<!-- Listing Item \/ End --><!-- Listing Item -->\r\n\r\n\r\n<div  class=\"listing-card-container-nl margin-bottom-30 listing-geo-data\" \r\n\t\tdata-title=\"Gite \u00e0 la ferme avec \u00e9tang de P\u00eache priv\u00e9\"\r\n\t\tdata-listing-type=\"rental\"\r\n\t\tdata-classifieds-price=\"&euro;\"\r\n\t\tdata-friendly-address=\"Roumegoux\"\r\n\t\tdata-address=\"Roumegoux\"\r\n\t\tdata-image=\"https:\/\/cparici.com\/wp-content\/uploads\/2026\/02\/etang-le-refrus-520x397.jpg\"\r\n\t\tdata-longitude=\"2.1792639\"\r\n\t\tdata-latitude=\"44.86729\"\r\n\t\t\t\t\tdata-rating=\"0\"\r\n\t\t\tdata-reviews=\"0\"\r\n\t\t\t\tdata-icon=\"&lt;svg xmlns=&quot;http:\/\/www.w3.org\/2000\/svg&quot; width=&quot;800px&quot; height=&quot;800px&quot; viewBox=&quot;0 0 45 45&quot; fill=&quot;none&quot;&gt;\n&lt;path d=&quot;M24.155 8.78099L24.33 8.94499L37.402 21.787L36 23.213L34.2 21.445L34.201 35C34.201 36.054 33.385 36.918 32.35 36.994L32.201 37H12.201C11.147 37 10.283 36.184 10.206 35.149L10.201 35L10.2 21.446L8.402 23.213L7 21.787L20.058 8.95799C21.171 7.82199 22.966 7.75899 24.155 8.78099ZM21.569 10.285L21.473 10.372L12.2 19.481L12.201 35L17.2 34.999L17.201 25C17.201 23.946 18.017 23.082 19.052 23.005L19.201 23H25.201C26.255 23 27.119 23.816 27.196 24.851L27.201 25L27.2 34.999L32.201 35L32.2 19.48L22.901 10.344C22.537 9.98699 21.969 9.96499 21.569 10.285ZM25.201 25H19.201L19.2 34.999H25.2L25.201 25Z&quot; fill=&quot;#3C3C3C&quot;\/&gt;\n&lt;\/svg&gt;\"\r\n\r\n\t>\r\n\t<div class=\"listing-card-nl\">\r\n\t\t<!-- ===== LEFT: IMAGE SLIDER ===== -->\r\n\t\t<div class=\"listing-image-container-nl\">\r\n\t\t\t<a href=\"https:\/\/cparici.com\/fr\/annonce\/gite-a-la-ferme-avec-etang-de-peche-prive\/\">\r\n\t\t\t\t<div class=\"slider-wrapper-nl\">\r\n\t\t\t\t\t\t\t\t\t<img decoding=\"async\" src=\"https:\/\/cparici.com\/wp-content\/uploads\/2026\/02\/etang-le-refrus-520x397.jpg\" alt=\"Gite \u00e0 la ferme avec \u00e9tang de P\u00eache priv\u00e9\" class=\"slider-image-nl\">\r\n\t\t\t\t\t\t<img decoding=\"async\" src=\"https:\/\/cparici.com\/wp-content\/uploads\/2026\/02\/IMG_6204-520x397.jpg\" alt=\"Gite \u00e0 la ferme avec \u00e9tang de P\u00eache priv\u00e9\" class=\"slider-image-nl\">\r\n\t\t\t\t\t\t<img decoding=\"async\" src=\"https:\/\/cparici.com\/wp-content\/uploads\/2026\/02\/IMG_6200-520x397.jpg\" alt=\"Gite \u00e0 la ferme avec \u00e9tang de P\u00eache priv\u00e9\" class=\"slider-image-nl\">\r\n\t\t\t\t\t\t<\/div>\r\n\t\t\t<\/a>\r\n\r\n\t\t\t\t\t\t<div class=\"slider-arrow-nl left-nl\" id=\"prevBtn\"><i class=\"fa-solid fa-chevron-left\"><\/i><\/div>\r\n\t\t\t<div class=\"slider-arrow-nl right-nl\" id=\"nextBtn\"><i class=\"fa-solid fa-chevron-right\"><\/i><\/div>\r\n\t\t\t<div class=\"image-overlay-top-nl\">\r\n\r\n\t\t\t\t<span class=\"listing-category-tag-nl\">H\u00e9bergements<\/span>\t\t\t\t\r\n\t\t\t\t\t\t\t\t\t\t\t\t<div class=\"favorite-icon-nl\" id=\"favoriteBtn\">\r\n\t\t\t\t\t\t\t\t<span class=\"save fa-regular fa-heart tooltip left\" title=\"Connexion pour marquer des \u00e9l\u00e9ments\"><\/span>\r\n\t\t\t\t\t\t\t<\/div>\r\n\t\t\t\t\t\t\t\t\t\t\t\r\n\r\n\t\t\t\t\t\t\t<\/div>\r\n\t\t<\/div>\r\n\r\n\t\t<!-- ===== RIGHT: LISTING DETAILS (NOW 2-COLUMN) ===== -->\r\n\t\t<a href=\"https:\/\/cparici.com\/fr\/annonce\/gite-a-la-ferme-avec-etang-de-peche-prive\/\" class=\"listing-details-nl\">\r\n\r\n\t\t\t<!-- Main Content Column (Left) -->\r\n\t\t\t<div class=\"details-main-col-nl\">\r\n\t\t\t\t<div class=\"listing-badges-nl\">\r\n\t\t\t\t\t\t\t\t\t\t<span class=\"badge-nl featured-nl\"><i class=\"fa-solid fa-star\"><\/i> En vedette<\/span>\t\t\t\t<\/div>\r\n\t\t\t\t<h2 class=\"listing-title-nl\">Gite \u00e0 la ferme avec \u00e9tang de P\u00eache priv\u00e9\t\t\t\t\t<div class=\"listing-title-badges-nl\">\r\n\t\t\t\t\t\t\t\t\t\t\t\t\t\t\t\t\t<\/div>\r\n\t\t\t\t<\/h2>\r\n\t\t\t\t<p class=\"listing-location-nl\">Roumegoux<\/p>\r\n\r\n\t\t\t\t\r\n\t\t\t\t\t<div class=\"listing-amenities-nl\">\r\n\t\t\t\t\t\t\r\n\t\t\t\t\t<\/div>\r\n\t\t\t\t\t\t\t<\/div>\r\n\r\n\t\t\t<!-- Sidebar Column (Right) -->\r\n\t\t\t<div class=\"details-sidebar-col-nl\">\r\n\t\t\t\t<div class=\"details-sidebar-upper-nl\">\r\n\r\n\t\t\t\t\t\t\t\t\t<\/div>\r\n\t\t\t\t\t\t\t\t\t\t<div class=\"listing-booking-nl\">\r\n\t\t\t\t\t\t\t<p class=\"price-nl\">68,00&euro; - 95,00&euro;<\/p>\r\n\t\t\t\t\t\t\t\t\t\t\t\t\t<\/div>\r\n\t\t\t\t\r\n\r\n\t\t\t<\/div>\r\n\r\n\r\n\t\t<\/a>\r\n\t<\/div>\r\n<\/div>\r\n\r\n\r\n<!-- Listing Item \/ End --><!-- Listing Item -->\r\n\r\n\r\n<div  class=\"listing-card-container-nl margin-bottom-30 listing-geo-data\" \r\n\t\tdata-title=\"Brise Marine, 4 Pers\"\r\n\t\tdata-listing-type=\"rental\"\r\n\t\tdata-classifieds-price=\"&euro;\"\r\n\t\tdata-friendly-address=\"La Corniche\"\r\n\t\tdata-address=\"La Corniche\"\r\n\t\tdata-image=\"https:\/\/cparici.com\/wp-content\/uploads\/2025\/01\/brise-marine-1-520x397.jpg\"\r\n\t\tdata-longitude=\"-3.9236476\"\r\n\t\tdata-latitude=\"47.8707177\"\r\n\t\t\t\t\tdata-rating=\"0\"\r\n\t\t\tdata-reviews=\"0\"\r\n\t\t\t\tdata-icon=\"&lt;svg xmlns=&quot;http:\/\/www.w3.org\/2000\/svg&quot; width=&quot;800px&quot; height=&quot;800px&quot; viewBox=&quot;0 0 45 45&quot; fill=&quot;none&quot;&gt;\n&lt;path d=&quot;M24.155 8.78099L24.33 8.94499L37.402 21.787L36 23.213L34.2 21.445L34.201 35C34.201 36.054 33.385 36.918 32.35 36.994L32.201 37H12.201C11.147 37 10.283 36.184 10.206 35.149L10.201 35L10.2 21.446L8.402 23.213L7 21.787L20.058 8.95799C21.171 7.82199 22.966 7.75899 24.155 8.78099ZM21.569 10.285L21.473 10.372L12.2 19.481L12.201 35L17.2 34.999L17.201 25C17.201 23.946 18.017 23.082 19.052 23.005L19.201 23H25.201C26.255 23 27.119 23.816 27.196 24.851L27.201 25L27.2 34.999L32.201 35L32.2 19.48L22.901 10.344C22.537 9.98699 21.969 9.96499 21.569 10.285ZM25.201 25H19.201L19.2 34.999H25.2L25.201 25Z&quot; fill=&quot;#3C3C3C&quot;\/&gt;\n&lt;\/svg&gt;\"\r\n\r\n\t>\r\n\t<div class=\"listing-card-nl\">\r\n\t\t<!-- ===== LEFT: IMAGE SLIDER ===== -->\r\n\t\t<div class=\"listing-image-container-nl\">\r\n\t\t\t<a href=\"https:\/\/cparici.com\/fr\/annonce\/brise-marine-4-pers-2\/\">\r\n\t\t\t\t<div class=\"slider-wrapper-nl\">\r\n\t\t\t\t\t\t\t\t\t<img decoding=\"async\" src=\"https:\/\/cparici.com\/wp-content\/uploads\/2025\/01\/brise-marine-1-520x397.jpg\" alt=\"Brise Marine, 4 Pers\" class=\"slider-image-nl\">\r\n\t\t\t\t\t\t<img decoding=\"async\" src=\"https:\/\/cparici.com\/wp-content\/uploads\/2025\/01\/brise-marine-2-520x397.jpg\" alt=\"Brise Marine, 4 Pers\" class=\"slider-image-nl\">\r\n\t\t\t\t\t\t<img decoding=\"async\" src=\"https:\/\/cparici.com\/wp-content\/uploads\/2025\/01\/brise-marine-3-520x397.jpg\" alt=\"Brise Marine, 4 Pers\" class=\"slider-image-nl\">\r\n\t\t\t\t\t\t<\/div>\r\n\t\t\t<\/a>\r\n\r\n\t\t\t\t\t\t<div class=\"slider-arrow-nl left-nl\" id=\"prevBtn\"><i class=\"fa-solid fa-chevron-left\"><\/i><\/div>\r\n\t\t\t<div class=\"slider-arrow-nl right-nl\" id=\"nextBtn\"><i class=\"fa-solid fa-chevron-right\"><\/i><\/div>\r\n\t\t\t<div class=\"image-overlay-top-nl\">\r\n\r\n\t\t\t\t<span class=\"listing-category-tag-nl\">H\u00e9bergements<\/span>\t\t\t\t\r\n\t\t\t\t\t\t\t\t\t\t\t\t<div class=\"favorite-icon-nl\" id=\"favoriteBtn\">\r\n\t\t\t\t\t\t\t\t<span class=\"save fa-regular fa-heart tooltip left\" title=\"Connexion pour marquer des \u00e9l\u00e9ments\"><\/span>\r\n\t\t\t\t\t\t\t<\/div>\r\n\t\t\t\t\t\t\t\t\t\t\t\r\n\r\n\t\t\t\t\t\t\t<\/div>\r\n\t\t<\/div>\r\n\r\n\t\t<!-- ===== RIGHT: LISTING DETAILS (NOW 2-COLUMN) ===== -->\r\n\t\t<a href=\"https:\/\/cparici.com\/fr\/annonce\/brise-marine-4-pers-2\/\" class=\"listing-details-nl\">\r\n\r\n\t\t\t<!-- Main Content Column (Left) -->\r\n\t\t\t<div class=\"details-main-col-nl\">\r\n\t\t\t\t<div class=\"listing-badges-nl\">\r\n\t\t\t\t\t\t\t\t\t\t\t\t\t\t<\/div>\r\n\t\t\t\t<h2 class=\"listing-title-nl\">Brise Marine, 4 Pers\t\t\t\t\t<div class=\"listing-title-badges-nl\">\r\n\t\t\t\t\t\t\t\t\t\t\t\t\t\t\t\t\t<\/div>\r\n\t\t\t\t<\/h2>\r\n\t\t\t\t<p class=\"listing-location-nl\">La Corniche<\/p>\r\n\r\n\t\t\t\t\t\t<div class=\"listing-features-nl\">\r\n\t\t\t\t\t\t\t\t\t\t\t\t<!-- Regular Field Template -->\r\n\t\t\t\t\t<div class=\"feature-tag-nl main-detail-_size\">\r\n\t\t\t\t\t\t<i class=\"fas fa-check\"><\/i>\r\n\t\t\t\t\t\t\t\t\t\t\t\t\t\t\t\t\t\t\t\t<span>66<\/span>\r\n\t\t\t\t\t\t\t\t\t\t\t\t<div class=\"tooltip-nl\">Size<\/div>\r\n\t\t\t\t\t<\/div>\r\n\t\t\t\t\t\t\t\t\t\t\t\t\t\t\t\t<!-- Regular Field Template -->\r\n\t\t\t\t\t<div class=\"feature-tag-nl main-detail-_guests\">\r\n\t\t\t\t\t\t<i class=\"fas fa-check\"><\/i>\r\n\t\t\t\t\t\t\t\t\t\t\t\t\t\t\t\t\t\t\t\t<span>4<\/span>\r\n\t\t\t\t\t\t\t\t\t\t\t\t<div class=\"tooltip-nl\">Guest(s)<\/div>\r\n\t\t\t\t\t<\/div>\r\n\t\t\t\t\t\t\t\t\t\t\t\t\t\t\t\t<!-- Regular Field Template -->\r\n\t\t\t\t\t<div class=\"feature-tag-nl main-detail-_number_of_bedrooms\">\r\n\t\t\t\t\t\t<i class=\"fas fa-check\"><\/i>\r\n\t\t\t\t\t\t\t\t\t\t\t\t\t\t\t\t\t\t\t\t<span>2<\/span>\r\n\t\t\t\t\t\t\t\t\t\t\t\t<div class=\"tooltip-nl\">Bedroom(s)<\/div>\r\n\t\t\t\t\t<\/div>\r\n\t\t\t\t\t\t\t\t\t\t<\/div>\r\n\r\n\t\t\t\t\t<div class=\"listing-amenities-nl\">\r\n\t\t\t\t\t\t\r\n\t\t\t\t\t<\/div>\r\n\t\t\t\t\t\t\t<\/div>\r\n\r\n\t\t\t<!-- Sidebar Column (Right) -->\r\n\t\t\t<div class=\"details-sidebar-col-nl\">\r\n\t\t\t\t<div class=\"details-sidebar-upper-nl\">\r\n\r\n\t\t\t\t\t\t\t\t\t<\/div>\r\n\t\t\t\t\t\t\t\t\t\t<div class=\"listing-booking-nl\">\r\n\t\t\t\t\t\t\t<p class=\"price-nl\">Commence \u00e0 partir de 180,00&euro;<\/p>\r\n\t\t\t\t\t\t\t\t\t\t\t\t\t<\/div>\r\n\t\t\t\t\r\n\r\n\t\t\t<\/div>\r\n\r\n\r\n\t\t<\/a>\r\n\t<\/div>\r\n<\/div>\r\n\r\n\r\n<!-- Listing Item \/ End --><!-- Listing Item -->\r\n\r\n\r\n<div  class=\"listing-card-container-nl margin-bottom-30 listing-geo-data\" \r\n\t\tdata-title=\"Un air de Bicoque &#8211; G\u00eete cosy 6 pers. \u00e0 5 min des plages de Cabourg et Houlgate\"\r\n\t\tdata-listing-type=\"rental\"\r\n\t\tdata-classifieds-price=\"&euro;\"\r\n\t\tdata-friendly-address=\"32 Rue de la Lib\u00e9ration, Dives-sur-Mer, France\"\r\n\t\tdata-address=\"32 Rue de la Lib\u00e9ration, Dives-sur-Mer, France\"\r\n\t\tdata-image=\"https:\/\/cparici.com\/wp-content\/uploads\/2026\/01\/1R2A5956_HDR-copie-520x397.jpg\"\r\n\t\tdata-longitude=\"-0.104263\"\r\n\t\tdata-latitude=\"49.2881751\"\r\n\t\t\t\t\tdata-rating=\"5\"\r\n\t\t\tdata-reviews=\"10\"\r\n\t\t\t\tdata-icon=\"&lt;svg xmlns=&quot;http:\/\/www.w3.org\/2000\/svg&quot; width=&quot;800px&quot; height=&quot;800px&quot; viewBox=&quot;0 0 45 45&quot; fill=&quot;none&quot;&gt;\n&lt;path d=&quot;M24.155 8.78099L24.33 8.94499L37.402 21.787L36 23.213L34.2 21.445L34.201 35C34.201 36.054 33.385 36.918 32.35 36.994L32.201 37H12.201C11.147 37 10.283 36.184 10.206 35.149L10.201 35L10.2 21.446L8.402 23.213L7 21.787L20.058 8.95799C21.171 7.82199 22.966 7.75899 24.155 8.78099ZM21.569 10.285L21.473 10.372L12.2 19.481L12.201 35L17.2 34.999L17.201 25C17.201 23.946 18.017 23.082 19.052 23.005L19.201 23H25.201C26.255 23 27.119 23.816 27.196 24.851L27.201 25L27.2 34.999L32.201 35L32.2 19.48L22.901 10.344C22.537 9.98699 21.969 9.96499 21.569 10.285ZM25.201 25H19.201L19.2 34.999H25.2L25.201 25Z&quot; fill=&quot;#3C3C3C&quot;\/&gt;\n&lt;\/svg&gt;\"\r\n\r\n\t>\r\n\t<div class=\"listing-card-nl\">\r\n\t\t<!-- ===== LEFT: IMAGE SLIDER ===== -->\r\n\t\t<div class=\"listing-image-container-nl\">\r\n\t\t\t<a href=\"https:\/\/cparici.com\/fr\/annonce\/un-air-de-bicoque-gite-cosy-6-pers-a-5-min-des-plages-de-cabourg-et-houlgate\/\">\r\n\t\t\t\t<div class=\"slider-wrapper-nl\">\r\n\t\t\t\t\t\t\t\t\t<img decoding=\"async\" src=\"https:\/\/cparici.com\/wp-content\/uploads\/2026\/01\/1R2A5956_HDR-copie-520x397.jpg\" alt=\"location vacances dives sur mer\" class=\"slider-image-nl\">\r\n\t\t\t\t\t\t<img decoding=\"async\" src=\"https:\/\/cparici.com\/wp-content\/uploads\/2026\/01\/1R2A5935_HDR-copie-520x397.jpg\" alt=\"Gite Cabourg Houlgate Un air de Bicoque\" class=\"slider-image-nl\">\r\n\t\t\t\t\t\t<img decoding=\"async\" src=\"https:\/\/cparici.com\/wp-content\/uploads\/2026\/01\/1R2A5932_HDR-copie-520x397.jpg\" alt=\"Chambre location vacances \u00e0 Dives sur mer entre Cabourg et Houlgate\" class=\"slider-image-nl\">\r\n\t\t\t\t\t\t<\/div>\r\n\t\t\t<\/a>\r\n\r\n\t\t\t\t\t\t<div class=\"slider-arrow-nl left-nl\" id=\"prevBtn\"><i class=\"fa-solid fa-chevron-left\"><\/i><\/div>\r\n\t\t\t<div class=\"slider-arrow-nl right-nl\" id=\"nextBtn\"><i class=\"fa-solid fa-chevron-right\"><\/i><\/div>\r\n\t\t\t<div class=\"image-overlay-top-nl\">\r\n\r\n\t\t\t\t<span class=\"listing-category-tag-nl\">H\u00e9bergements<\/span>\t\t\t\t\r\n\t\t\t\t\t\t\t\t\t\t\t\t<div class=\"favorite-icon-nl\" id=\"favoriteBtn\">\r\n\t\t\t\t\t\t\t\t<span class=\"save fa-regular fa-heart tooltip left\" title=\"Connexion pour marquer des \u00e9l\u00e9ments\"><\/span>\r\n\t\t\t\t\t\t\t<\/div>\r\n\t\t\t\t\t\t\t\t\t\t\t\r\n\r\n\t\t\t\t\t\t\t<\/div>\r\n\t\t<\/div>\r\n\r\n\t\t<!-- ===== RIGHT: LISTING DETAILS (NOW 2-COLUMN) ===== -->\r\n\t\t<a href=\"https:\/\/cparici.com\/fr\/annonce\/un-air-de-bicoque-gite-cosy-6-pers-a-5-min-des-plages-de-cabourg-et-houlgate\/\" class=\"listing-details-nl\">\r\n\r\n\t\t\t<!-- Main Content Column (Left) -->\r\n\t\t\t<div class=\"details-main-col-nl\">\r\n\t\t\t\t<div class=\"listing-badges-nl\">\r\n\t\t\t\t\t\t\t\t\t\t<span class=\"badge-nl featured-nl\"><i class=\"fa-solid fa-star\"><\/i> En vedette<\/span>\t\t\t\t<\/div>\r\n\t\t\t\t<h2 class=\"listing-title-nl\">Un air de Bicoque &#8211; G\u00eete cosy 6 pers. \u00e0 5 min des plages de Cabourg et Houlgate\t\t\t\t\t<div class=\"listing-title-badges-nl\">\r\n\t\t\t\t\t\t\t\t\t\t\t\t\t\t\t\t\t<\/div>\r\n\t\t\t\t<\/h2>\r\n\t\t\t\t<p class=\"listing-location-nl\">32 Rue de la Lib\u00e9ration, Dives-sur-Mer, France<\/p>\r\n\r\n\t\t\t\t\r\n\t\t\t\t\t<div class=\"listing-amenities-nl\">\r\n\t\t\t\t\t\t\r\n\t\t\t\t\t<\/div>\r\n\t\t\t\t\t\t\t<\/div>\r\n\r\n\t\t\t<!-- Sidebar Column (Right) -->\r\n\t\t\t<div class=\"details-sidebar-col-nl\">\r\n\t\t\t\t<div class=\"details-sidebar-upper-nl\">\r\n\r\n\t\t\t\t\t\t\t\t\t\t\t\t<div class=\"listing-rating-nl\">\r\n\t\t\t\t\t\t\t\t<div class=\"stars-nl\" data-rating=\"5\">\r\n\r\n\t\t\t\t\t\t\t\t\t<div class=\"listing-rating-nl\">\n                      <div class=\"stars-nl\">\n                          <i class=\"fa-solid fa-star\"><\/i>\n                            <i class=\"fa-solid fa-star\"><\/i>\n                            <i class=\"fa-solid fa-star\"><\/i>\n                            <i class=\"fa-solid fa-star\"><\/i>\n                            <i class=\"fa-solid fa-star\"><\/i>\n                      <\/div>\n                       <div class=\"rating-text-nl\">5.0 <span>(10)<\/span><\/div><\/div> \t\t\t\t\t\t\t\t<\/div>\r\n\t\t\t\t\t\t\t<\/div>\r\n\t\t\t\t\t\t\t\t\t<\/div>\r\n\t\t\t\t\t\t\t\t\t\t<div class=\"listing-booking-nl\">\r\n\t\t\t\t\t\t\t<p class=\"price-nl\">130,00&euro; - 200,00&euro;<\/p>\r\n\t\t\t\t\t\t\t\t\t\t\t\t\t<\/div>\r\n\t\t\t\t\r\n\r\n\t\t\t<\/div>\r\n\r\n\r\n\t\t<\/a>\r\n\t<\/div>\r\n<\/div>\r\n\r\n\r\n<!-- Listing Item \/ End --><!-- Listing Item -->\r\n\r\n\r\n<div  class=\"listing-card-container-nl margin-bottom-30 listing-geo-data\" \r\n\t\tdata-title=\"Chambres d\u2019H\u00f4te de charme\"\r\n\t\tdata-listing-type=\"rental\"\r\n\t\tdata-classifieds-price=\"&euro;\"\r\n\t\tdata-friendly-address=\"Le Gray, 22490 Pleslin Trigavou\"\r\n\t\tdata-address=\"Le Gray, 22490 Pleslin Trigavou\"\r\n\t\tdata-image=\"https:\/\/cparici.com\/wp-content\/uploads\/2026\/01\/9DE6BAB5-52E1-486D-AAC6-080CF3E1B4BB-1-520x397.jpeg\"\r\n\t\tdata-longitude=\"-2.0794163\"\r\n\t\tdata-latitude=\"48.5413717\"\r\n\t\t\t\t\tdata-rating=\"4.7\"\r\n\t\t\tdata-reviews=\"71\"\r\n\t\t\t\tdata-icon=\"&lt;svg xmlns=&quot;http:\/\/www.w3.org\/2000\/svg&quot; width=&quot;800px&quot; height=&quot;800px&quot; viewBox=&quot;0 0 45 45&quot; fill=&quot;none&quot;&gt;\n&lt;path d=&quot;M24.155 8.78099L24.33 8.94499L37.402 21.787L36 23.213L34.2 21.445L34.201 35C34.201 36.054 33.385 36.918 32.35 36.994L32.201 37H12.201C11.147 37 10.283 36.184 10.206 35.149L10.201 35L10.2 21.446L8.402 23.213L7 21.787L20.058 8.95799C21.171 7.82199 22.966 7.75899 24.155 8.78099ZM21.569 10.285L21.473 10.372L12.2 19.481L12.201 35L17.2 34.999L17.201 25C17.201 23.946 18.017 23.082 19.052 23.005L19.201 23H25.201C26.255 23 27.119 23.816 27.196 24.851L27.201 25L27.2 34.999L32.201 35L32.2 19.48L22.901 10.344C22.537 9.98699 21.969 9.96499 21.569 10.285ZM25.201 25H19.201L19.2 34.999H25.2L25.201 25Z&quot; fill=&quot;#3C3C3C&quot;\/&gt;\n&lt;\/svg&gt;\"\r\n\r\n\t>\r\n\t<div class=\"listing-card-nl\">\r\n\t\t<!-- ===== LEFT: IMAGE SLIDER ===== -->\r\n\t\t<div class=\"listing-image-container-nl\">\r\n\t\t\t<a href=\"https:\/\/cparici.com\/fr\/annonce\/chambres-dhote-de-charme-2\/\">\r\n\t\t\t\t<div class=\"slider-wrapper-nl\">\r\n\t\t\t\t\t\t\t\t\t<img decoding=\"async\" src=\"https:\/\/cparici.com\/wp-content\/uploads\/2026\/01\/9DE6BAB5-52E1-486D-AAC6-080CF3E1B4BB-1-520x397.jpeg\" alt=\"Au gray du temps suspendu chambre d&#039;hotes\" class=\"slider-image-nl\">\r\n\t\t\t\t\t\t<img decoding=\"async\" src=\"https:\/\/cparici.com\/wp-content\/uploads\/2026\/01\/IMG_0613-520x397.jpeg\" alt=\"chambres d&#039;hotes Cote d&#039;armor Au Gray du temps suspendu\" class=\"slider-image-nl\">\r\n\t\t\t\t\t\t<img decoding=\"async\" src=\"https:\/\/cparici.com\/wp-content\/uploads\/2026\/01\/IMG_0612-520x397.jpeg\" alt=\"chambres d&#039;hotes Cote d&#039;armor Dinard\" class=\"slider-image-nl\">\r\n\t\t\t\t\t\t<\/div>\r\n\t\t\t<\/a>\r\n\r\n\t\t\t\t\t\t\t\t<div class=\"status-button-nl closed-nl\">\r\n\t\t\t\t\t\tFerm\u00e9 maintenant\t\t\t\t\t<\/div>\r\n\t\t\t\t\t\t<div class=\"slider-arrow-nl left-nl\" id=\"prevBtn\"><i class=\"fa-solid fa-chevron-left\"><\/i><\/div>\r\n\t\t\t<div class=\"slider-arrow-nl right-nl\" id=\"nextBtn\"><i class=\"fa-solid fa-chevron-right\"><\/i><\/div>\r\n\t\t\t<div class=\"image-overlay-top-nl\">\r\n\r\n\t\t\t\t<span class=\"listing-category-tag-nl\">H\u00e9bergements<\/span>\t\t\t\t\r\n\t\t\t\t\t\t\t\t\t\t\t\t<div class=\"favorite-icon-nl\" id=\"favoriteBtn\">\r\n\t\t\t\t\t\t\t\t<span class=\"save fa-regular fa-heart tooltip left\" title=\"Connexion pour marquer des \u00e9l\u00e9ments\"><\/span>\r\n\t\t\t\t\t\t\t<\/div>\r\n\t\t\t\t\t\t\t\t\t\t\t\r\n\r\n\t\t\t\t\t\t\t<\/div>\r\n\t\t<\/div>\r\n\r\n\t\t<!-- ===== RIGHT: LISTING DETAILS (NOW 2-COLUMN) ===== -->\r\n\t\t<a href=\"https:\/\/cparici.com\/fr\/annonce\/chambres-dhote-de-charme-2\/\" class=\"listing-details-nl\">\r\n\r\n\t\t\t<!-- Main Content Column (Left) -->\r\n\t\t\t<div class=\"details-main-col-nl\">\r\n\t\t\t\t<div class=\"listing-badges-nl\">\r\n\t\t\t\t\t\t\t\t\t\t\t\t\t\t<\/div>\r\n\t\t\t\t<h2 class=\"listing-title-nl\">Chambres d\u2019H\u00f4te de charme\t\t\t\t\t<div class=\"listing-title-badges-nl\">\r\n\t\t\t\t\t\t\t\t\t\t\t\t\t\t\t\t\t<\/div>\r\n\t\t\t\t<\/h2>\r\n\t\t\t\t<p class=\"listing-location-nl\">Le Gray, 22490 Pleslin Trigavou<\/p>\r\n\r\n\t\t\t\t\r\n\t\t\t\t\t<div class=\"listing-amenities-nl\">\r\n\t\t\t\t\t\t\r\n\t\t\t\t\t<\/div>\r\n\t\t\t\t\t\t\t<\/div>\r\n\r\n\t\t\t<!-- Sidebar Column (Right) -->\r\n\t\t\t<div class=\"details-sidebar-col-nl\">\r\n\t\t\t\t<div class=\"details-sidebar-upper-nl\">\r\n\r\n\t\t\t\t\t\t\t\t\t\t\t\t<div class=\"listing-rating-nl\">\r\n\t\t\t\t\t\t\t\t<div class=\"stars-nl\" data-rating=\"4.7\">\r\n\r\n\t\t\t\t\t\t\t\t\t<div class=\"listing-rating-nl\">\n                      <div class=\"stars-nl\">\n                          <i class=\"fa-solid fa-star\"><\/i>\n                            <i class=\"fa-solid fa-star\"><\/i>\n                            <i class=\"fa-solid fa-star\"><\/i>\n                            <i class=\"fa-solid fa-star\"><\/i>\n                            <i class=\"fa-solid fa-star-half-stroke\"><\/i>\n                      <\/div>\n                       <div class=\"rating-text-nl\">4.7 <span>(71)<\/span><\/div><\/div> \t\t\t\t\t\t\t\t<\/div>\r\n\t\t\t\t\t\t\t<\/div>\r\n\t\t\t\t\t\t\t\t\t<\/div>\r\n\t\t\t\t\t\t\t\t\t\t<div class=\"listing-booking-nl\">\r\n\t\t\t\t\t\t\t<p class=\"price-nl\">62,00&euro; - 80,00&euro;<\/p>\r\n\t\t\t\t\t\t\t\t\t\t\t\t\t<\/div>\r\n\t\t\t\t\r\n\r\n\t\t\t<\/div>\r\n\r\n\r\n\t\t<\/a>\r\n\t<\/div>\r\n<\/div>\r\n\r\n\r\n<!-- Listing Item \/ End --><!-- Listing Item -->\r\n\r\n\r\n<div  class=\"listing-card-container-nl margin-bottom-30 listing-geo-data\" \r\n\t\tdata-title=\"Gite et chambres d&#8217;h\u00f4tes &#8220;La Parenth\u00e8se&#8221;\"\r\n\t\tdata-listing-type=\"rental\"\r\n\t\tdata-classifieds-price=\"&euro;\"\r\n\t\tdata-friendly-address=\"820 Chemin du Pont de Labourd, Bardos, France\"\r\n\t\tdata-address=\"820 Chemin du Pont de Labourd, Bardos, France\"\r\n\t\tdata-image=\"https:\/\/cparici.com\/wp-content\/uploads\/2026\/02\/20210503_113950-520x397.jpg\"\r\n\t\tdata-longitude=\"-1.1890639\"\r\n\t\tdata-latitude=\"43.463971\"\r\n\t\t\t\t\tdata-rating=\"5\"\r\n\t\t\tdata-reviews=\"10\"\r\n\t\t\t\tdata-icon=\"&lt;svg xmlns=&quot;http:\/\/www.w3.org\/2000\/svg&quot; width=&quot;800px&quot; height=&quot;800px&quot; viewBox=&quot;0 0 45 45&quot; fill=&quot;none&quot;&gt;\n&lt;path d=&quot;M24.155 8.78099L24.33 8.94499L37.402 21.787L36 23.213L34.2 21.445L34.201 35C34.201 36.054 33.385 36.918 32.35 36.994L32.201 37H12.201C11.147 37 10.283 36.184 10.206 35.149L10.201 35L10.2 21.446L8.402 23.213L7 21.787L20.058 8.95799C21.171 7.82199 22.966 7.75899 24.155 8.78099ZM21.569 10.285L21.473 10.372L12.2 19.481L12.201 35L17.2 34.999L17.201 25C17.201 23.946 18.017 23.082 19.052 23.005L19.201 23H25.201C26.255 23 27.119 23.816 27.196 24.851L27.201 25L27.2 34.999L32.201 35L32.2 19.48L22.901 10.344C22.537 9.98699 21.969 9.96499 21.569 10.285ZM25.201 25H19.201L19.2 34.999H25.2L25.201 25Z&quot; fill=&quot;#3C3C3C&quot;\/&gt;\n&lt;\/svg&gt;\"\r\n\r\n\t>\r\n\t<div class=\"listing-card-nl\">\r\n\t\t<!-- ===== LEFT: IMAGE SLIDER ===== -->\r\n\t\t<div class=\"listing-image-container-nl\">\r\n\t\t\t<a href=\"https:\/\/cparici.com\/fr\/annonce\/gite-et-chambres-dhotes-la-parenthese\/\">\r\n\t\t\t\t<div class=\"slider-wrapper-nl\">\r\n\t\t\t\t\t\t\t\t\t<img decoding=\"async\" src=\"https:\/\/cparici.com\/wp-content\/uploads\/2026\/02\/20210503_113950-520x397.jpg\" alt=\"Gite et chambres d&#8217;h\u00f4tes &#8220;La Parenth\u00e8se&#8221;\" class=\"slider-image-nl\">\r\n\t\t\t\t\t\t<img decoding=\"async\" src=\"https:\/\/cparici.com\/wp-content\/uploads\/2026\/02\/20210516_123254-520x397.jpg\" alt=\"Gite et chambres d&#8217;h\u00f4tes &#8220;La Parenth\u00e8se&#8221;\" class=\"slider-image-nl\">\r\n\t\t\t\t\t\t<img decoding=\"async\" src=\"https:\/\/cparici.com\/wp-content\/uploads\/2026\/02\/IMG_20210109_224839_468-520x397.jpg\" alt=\"Gite et chambres d&#8217;h\u00f4tes &#8220;La Parenth\u00e8se&#8221;\" class=\"slider-image-nl\">\r\n\t\t\t\t\t\t<\/div>\r\n\t\t\t<\/a>\r\n\r\n\t\t\t\t\t\t<div class=\"slider-arrow-nl left-nl\" id=\"prevBtn\"><i class=\"fa-solid fa-chevron-left\"><\/i><\/div>\r\n\t\t\t<div class=\"slider-arrow-nl right-nl\" id=\"nextBtn\"><i class=\"fa-solid fa-chevron-right\"><\/i><\/div>\r\n\t\t\t<div class=\"image-overlay-top-nl\">\r\n\r\n\t\t\t\t<span class=\"listing-category-tag-nl\">H\u00e9bergements<\/span>\t\t\t\t\r\n\t\t\t\t\t\t\t\t\t\t\t\t<div class=\"favorite-icon-nl\" id=\"favoriteBtn\">\r\n\t\t\t\t\t\t\t\t<span class=\"save fa-regular fa-heart tooltip left\" title=\"Connexion pour marquer des \u00e9l\u00e9ments\"><\/span>\r\n\t\t\t\t\t\t\t<\/div>\r\n\t\t\t\t\t\t\t\t\t\t\t\r\n\r\n\t\t\t\t\t\t\t<\/div>\r\n\t\t<\/div>\r\n\r\n\t\t<!-- ===== RIGHT: LISTING DETAILS (NOW 2-COLUMN) ===== -->\r\n\t\t<a href=\"https:\/\/cparici.com\/fr\/annonce\/gite-et-chambres-dhotes-la-parenthese\/\" class=\"listing-details-nl\">\r\n\r\n\t\t\t<!-- Main Content Column (Left) -->\r\n\t\t\t<div class=\"details-main-col-nl\">\r\n\t\t\t\t<div class=\"listing-badges-nl\">\r\n\t\t\t\t\t\t\t\t\t\t<span class=\"badge-nl featured-nl\"><i class=\"fa-solid fa-star\"><\/i> En vedette<\/span>\t\t\t\t<\/div>\r\n\t\t\t\t<h2 class=\"listing-title-nl\">Gite et chambres d&#8217;h\u00f4tes &#8220;La Parenth\u00e8se&#8221;\t\t\t\t\t<div class=\"listing-title-badges-nl\">\r\n\t\t\t\t\t\t\t\t\t\t\t\t\t\t\t\t\t<\/div>\r\n\t\t\t\t<\/h2>\r\n\t\t\t\t<p class=\"listing-location-nl\">820 Chemin du Pont de Labourd, Bardos, France<\/p>\r\n\r\n\t\t\t\t\r\n\t\t\t\t\t<div class=\"listing-amenities-nl\">\r\n\t\t\t\t\t\t\r\n\t\t\t\t\t<\/div>\r\n\t\t\t\t\t\t\t<\/div>\r\n\r\n\t\t\t<!-- Sidebar Column (Right) -->\r\n\t\t\t<div class=\"details-sidebar-col-nl\">\r\n\t\t\t\t<div class=\"details-sidebar-upper-nl\">\r\n\r\n\t\t\t\t\t\t\t\t\t\t\t\t<div class=\"listing-rating-nl\">\r\n\t\t\t\t\t\t\t\t<div class=\"stars-nl\" data-rating=\"5\">\r\n\r\n\t\t\t\t\t\t\t\t\t<div class=\"listing-rating-nl\">\n                      <div class=\"stars-nl\">\n                          <i class=\"fa-solid fa-star\"><\/i>\n                            <i class=\"fa-solid fa-star\"><\/i>\n                            <i class=\"fa-solid fa-star\"><\/i>\n                            <i class=\"fa-solid fa-star\"><\/i>\n                            <i class=\"fa-solid fa-star\"><\/i>\n                      <\/div>\n                       <div class=\"rating-text-nl\">5.0 <span>(10)<\/span><\/div><\/div> \t\t\t\t\t\t\t\t<\/div>\r\n\t\t\t\t\t\t\t<\/div>\r\n\t\t\t\t\t\t\t\t\t<\/div>\r\n\t\t\t\t\t\t\t\t\t\t<div class=\"listing-booking-nl\">\r\n\t\t\t\t\t\t\t<p class=\"price-nl\">80,00&euro; - 0,00&euro;<\/p>\r\n\t\t\t\t\t\t\t\t\t\t\t\t\t<\/div>\r\n\t\t\t\t\r\n\r\n\t\t\t<\/div>\r\n\r\n\r\n\t\t<\/a>\r\n\t<\/div>\r\n<\/div>\r\n\r\n\r\n<!-- Listing Item \/ End --><!-- Listing Item -->\r\n\r\n\r\n<div  class=\"listing-card-container-nl margin-bottom-30 listing-geo-data\" \r\n\t\tdata-title=\"Appartement Le Phare, 2 pers\"\r\n\t\tdata-listing-type=\"rental\"\r\n\t\tdata-classifieds-price=\"&euro;\"\r\n\t\tdata-friendly-address=\"Avenue des Sables Blancs\"\r\n\t\tdata-address=\"Avenue des Sables Blancs\"\r\n\t\tdata-image=\"https:\/\/cparici.com\/wp-content\/uploads\/2025\/01\/DSC1538-520x397.jpg\"\r\n\t\tdata-longitude=\"-3.9297422\"\r\n\t\tdata-latitude=\"47.8785418\"\r\n\t\t\t\t\tdata-rating=\"0\"\r\n\t\t\tdata-reviews=\"0\"\r\n\t\t\t\tdata-icon=\"&lt;svg xmlns=&quot;http:\/\/www.w3.org\/2000\/svg&quot; width=&quot;800px&quot; height=&quot;800px&quot; viewBox=&quot;0 0 45 45&quot; fill=&quot;none&quot;&gt;\n&lt;path d=&quot;M24.155 8.78099L24.33 8.94499L37.402 21.787L36 23.213L34.2 21.445L34.201 35C34.201 36.054 33.385 36.918 32.35 36.994L32.201 37H12.201C11.147 37 10.283 36.184 10.206 35.149L10.201 35L10.2 21.446L8.402 23.213L7 21.787L20.058 8.95799C21.171 7.82199 22.966 7.75899 24.155 8.78099ZM21.569 10.285L21.473 10.372L12.2 19.481L12.201 35L17.2 34.999L17.201 25C17.201 23.946 18.017 23.082 19.052 23.005L19.201 23H25.201C26.255 23 27.119 23.816 27.196 24.851L27.201 25L27.2 34.999L32.201 35L32.2 19.48L22.901 10.344C22.537 9.98699 21.969 9.96499 21.569 10.285ZM25.201 25H19.201L19.2 34.999H25.2L25.201 25Z&quot; fill=&quot;#3C3C3C&quot;\/&gt;\n&lt;\/svg&gt;\"\r\n\r\n\t>\r\n\t<div class=\"listing-card-nl\">\r\n\t\t<!-- ===== LEFT: IMAGE SLIDER ===== -->\r\n\t\t<div class=\"listing-image-container-nl\">\r\n\t\t\t<a href=\"https:\/\/cparici.com\/fr\/annonce\/appartement-le-phare-2-pers\/\">\r\n\t\t\t\t<div class=\"slider-wrapper-nl\">\r\n\t\t\t\t\t\t\t\t\t<img decoding=\"async\" src=\"https:\/\/cparici.com\/wp-content\/uploads\/2025\/01\/DSC1538-520x397.jpg\" alt=\"Appartement Le Phare, 2 pers\" class=\"slider-image-nl\">\r\n\t\t\t\t\t\t<img decoding=\"async\" src=\"https:\/\/cparici.com\/wp-content\/uploads\/2025\/01\/DSC1541-520x397.jpg\" alt=\"Appartement Le Phare, 2 pers\" class=\"slider-image-nl\">\r\n\t\t\t\t\t\t<img decoding=\"async\" src=\"https:\/\/cparici.com\/wp-content\/uploads\/2025\/01\/DSC1531-520x397.jpg\" alt=\"Appartement Le Phare, 2 pers\" class=\"slider-image-nl\">\r\n\t\t\t\t\t\t<\/div>\r\n\t\t\t<\/a>\r\n\r\n\t\t\t\t\t\t<div class=\"slider-arrow-nl left-nl\" id=\"prevBtn\"><i class=\"fa-solid fa-chevron-left\"><\/i><\/div>\r\n\t\t\t<div class=\"slider-arrow-nl right-nl\" id=\"nextBtn\"><i class=\"fa-solid fa-chevron-right\"><\/i><\/div>\r\n\t\t\t<div class=\"image-overlay-top-nl\">\r\n\r\n\t\t\t\t<span class=\"listing-category-tag-nl\">H\u00e9bergements<\/span>\t\t\t\t\r\n\t\t\t\t\t\t\t\t\t\t\t\t<div class=\"favorite-icon-nl\" id=\"favoriteBtn\">\r\n\t\t\t\t\t\t\t\t<span class=\"save fa-regular fa-heart tooltip left\" title=\"Connexion pour marquer des \u00e9l\u00e9ments\"><\/span>\r\n\t\t\t\t\t\t\t<\/div>\r\n\t\t\t\t\t\t\t\t\t\t\t\r\n\r\n\t\t\t\t\t\t\t<\/div>\r\n\t\t<\/div>\r\n\r\n\t\t<!-- ===== RIGHT: LISTING DETAILS (NOW 2-COLUMN) ===== -->\r\n\t\t<a href=\"https:\/\/cparici.com\/fr\/annonce\/appartement-le-phare-2-pers\/\" class=\"listing-details-nl\">\r\n\r\n\t\t\t<!-- Main Content Column (Left) -->\r\n\t\t\t<div class=\"details-main-col-nl\">\r\n\t\t\t\t<div class=\"listing-badges-nl\">\r\n\t\t\t\t\t\t\t\t\t\t\t\t\t\t<\/div>\r\n\t\t\t\t<h2 class=\"listing-title-nl\">Appartement Le Phare, 2 pers\t\t\t\t\t<div class=\"listing-title-badges-nl\">\r\n\t\t\t\t\t\t\t\t\t\t\t\t\t<div class=\"verified-icon-nl title-badge-nl\">\r\n\t\t\t\t\t\t\t\t<i class=\"fa fa-check\"><\/i>\r\n\t\t\t\t\t\t\t\t<span class=\"tooltip-nl\">Annonce v\u00e9rifi\u00e9e<\/span>\r\n\t\t\t\t\t\t\t<\/div>\r\n\t\t\t\t\t\t\t\t\t\t\t\t\t\t\t\t\t<\/div>\r\n\t\t\t\t<\/h2>\r\n\t\t\t\t<p class=\"listing-location-nl\">Avenue des Sables Blancs<\/p>\r\n\r\n\t\t\t\t\t\t<div class=\"listing-features-nl\">\r\n\t\t\t\t\t\t\t\t\t\t\t\t<!-- Regular Field Template -->\r\n\t\t\t\t\t<div class=\"feature-tag-nl main-detail-_size\">\r\n\t\t\t\t\t\t<i class=\"fas fa-check\"><\/i>\r\n\t\t\t\t\t\t\t\t\t\t\t\t\t\t\t\t\t\t\t\t<span>50<\/span>\r\n\t\t\t\t\t\t\t\t\t\t\t\t<div class=\"tooltip-nl\">Size<\/div>\r\n\t\t\t\t\t<\/div>\r\n\t\t\t\t\t\t\t\t\t\t\t\t\t\t\t\t<!-- Regular Field Template -->\r\n\t\t\t\t\t<div class=\"feature-tag-nl main-detail-_guests\">\r\n\t\t\t\t\t\t<i class=\"fas fa-check\"><\/i>\r\n\t\t\t\t\t\t\t\t\t\t\t\t\t\t\t\t\t\t\t\t<span>2<\/span>\r\n\t\t\t\t\t\t\t\t\t\t\t\t<div class=\"tooltip-nl\">Guest(s)<\/div>\r\n\t\t\t\t\t<\/div>\r\n\t\t\t\t\t\t\t\t\t\t\t\t\t\t\t\t<!-- Regular Field Template -->\r\n\t\t\t\t\t<div class=\"feature-tag-nl main-detail-_number_of_bedrooms\">\r\n\t\t\t\t\t\t<i class=\"fas fa-check\"><\/i>\r\n\t\t\t\t\t\t\t\t\t\t\t\t\t\t\t\t\t\t\t\t<span>1<\/span>\r\n\t\t\t\t\t\t\t\t\t\t\t\t<div class=\"tooltip-nl\">Bedroom(s)<\/div>\r\n\t\t\t\t\t<\/div>\r\n\t\t\t\t\t\t\t\t\t\t<\/div>\r\n\r\n\t\t\t\t\t<div class=\"listing-amenities-nl\">\r\n\t\t\t\t\t\t\r\n\t\t\t\t\t<\/div>\r\n\t\t\t\t\t\t\t<\/div>\r\n\r\n\t\t\t<!-- Sidebar Column (Right) -->\r\n\t\t\t<div class=\"details-sidebar-col-nl\">\r\n\t\t\t\t<div class=\"details-sidebar-upper-nl\">\r\n\r\n\t\t\t\t\t\t\t\t\t<\/div>\r\n\t\t\t\t\t\t\t\t\t\t<div class=\"listing-booking-nl\">\r\n\t\t\t\t\t\t\t<p class=\"price-nl\">110,00&euro; - 0,00&euro;<\/p>\r\n\t\t\t\t\t\t\t\t\t\t\t\t\t<\/div>\r\n\t\t\t\t\r\n\r\n\t\t\t<\/div>\r\n\r\n\r\n\t\t<\/a>\r\n\t<\/div>\r\n<\/div>\r\n\r\n\r\n<!-- Listing Item \/ End --><!-- Listing Item -->\r\n\r\n\r\n<div  class=\"listing-card-container-nl margin-bottom-30 listing-geo-data\" \r\n\t\tdata-title=\"Bicoque de Sophie\"\r\n\t\tdata-listing-type=\"rental\"\r\n\t\tdata-classifieds-price=\"&euro;\"\r\n\t\tdata-friendly-address=\"Hyper centre Saint-Georges-de-Didonne\"\r\n\t\tdata-address=\"Hyper centre Saint-Georges-de-Didonne\"\r\n\t\tdata-image=\"https:\/\/cparici.com\/wp-content\/uploads\/2025\/01\/20220601_133451-edit-20230319213149-520x397.jpg\"\r\n\t\tdata-longitude=\"-0.9977845\"\r\n\t\tdata-latitude=\"45.6029549\"\r\n\t\t\t\t\tdata-rating=\"3.7\"\r\n\t\t\tdata-reviews=\"3\"\r\n\t\t\t\tdata-icon=\"&lt;svg xmlns=&quot;http:\/\/www.w3.org\/2000\/svg&quot; width=&quot;800px&quot; height=&quot;800px&quot; viewBox=&quot;0 0 45 45&quot; fill=&quot;none&quot;&gt;\n&lt;path d=&quot;M24.155 8.78099L24.33 8.94499L37.402 21.787L36 23.213L34.2 21.445L34.201 35C34.201 36.054 33.385 36.918 32.35 36.994L32.201 37H12.201C11.147 37 10.283 36.184 10.206 35.149L10.201 35L10.2 21.446L8.402 23.213L7 21.787L20.058 8.95799C21.171 7.82199 22.966 7.75899 24.155 8.78099ZM21.569 10.285L21.473 10.372L12.2 19.481L12.201 35L17.2 34.999L17.201 25C17.201 23.946 18.017 23.082 19.052 23.005L19.201 23H25.201C26.255 23 27.119 23.816 27.196 24.851L27.201 25L27.2 34.999L32.201 35L32.2 19.48L22.901 10.344C22.537 9.98699 21.969 9.96499 21.569 10.285ZM25.201 25H19.201L19.2 34.999H25.2L25.201 25Z&quot; fill=&quot;#3C3C3C&quot;\/&gt;\n&lt;\/svg&gt;\"\r\n\r\n\t>\r\n\t<div class=\"listing-card-nl\">\r\n\t\t<!-- ===== LEFT: IMAGE SLIDER ===== -->\r\n\t\t<div class=\"listing-image-container-nl\">\r\n\t\t\t<a href=\"https:\/\/cparici.com\/fr\/annonce\/bicoque-de-sophie\/\">\r\n\t\t\t\t<div class=\"slider-wrapper-nl\">\r\n\t\t\t\t\t\t\t\t\t<img decoding=\"async\" src=\"https:\/\/cparici.com\/wp-content\/uploads\/2025\/01\/20220601_133451-edit-20230319213149-520x397.jpg\" alt=\"Bicoque de Sophie\" class=\"slider-image-nl\">\r\n\t\t\t\t\t\t<img decoding=\"async\" src=\"https:\/\/cparici.com\/wp-content\/uploads\/2025\/03\/salon-bicoque-sophie-location-vacances-st-georges-de-didonne-520x397.jpg\" alt=\"Bicoque de Sophie\" class=\"slider-image-nl\">\r\n\t\t\t\t\t\t<img decoding=\"async\" src=\"https:\/\/cparici.com\/wp-content\/uploads\/2025\/03\/bicoque-de-sophie-cuisine-520x397.jpg\" alt=\"Bicoque de Sophie\" class=\"slider-image-nl\">\r\n\t\t\t\t\t\t<\/div>\r\n\t\t\t<\/a>\r\n\r\n\t\t\t\t\t\t<div class=\"slider-arrow-nl left-nl\" id=\"prevBtn\"><i class=\"fa-solid fa-chevron-left\"><\/i><\/div>\r\n\t\t\t<div class=\"slider-arrow-nl right-nl\" id=\"nextBtn\"><i class=\"fa-solid fa-chevron-right\"><\/i><\/div>\r\n\t\t\t<div class=\"image-overlay-top-nl\">\r\n\r\n\t\t\t\t<span class=\"listing-category-tag-nl\">H\u00e9bergements<\/span>\t\t\t\t\r\n\t\t\t\t\t\t\t\t\t\t\t\t<div class=\"favorite-icon-nl\" id=\"favoriteBtn\">\r\n\t\t\t\t\t\t\t\t<span class=\"save fa-regular fa-heart tooltip left\" title=\"Connexion pour marquer des \u00e9l\u00e9ments\"><\/span>\r\n\t\t\t\t\t\t\t<\/div>\r\n\t\t\t\t\t\t\t\t\t\t\t\r\n\r\n\t\t\t\t\t\t\t<\/div>\r\n\t\t<\/div>\r\n\r\n\t\t<!-- ===== RIGHT: LISTING DETAILS (NOW 2-COLUMN) ===== -->\r\n\t\t<a href=\"https:\/\/cparici.com\/fr\/annonce\/bicoque-de-sophie\/\" class=\"listing-details-nl\">\r\n\r\n\t\t\t<!-- Main Content Column (Left) -->\r\n\t\t\t<div class=\"details-main-col-nl\">\r\n\t\t\t\t<div class=\"listing-badges-nl\">\r\n\t\t\t\t\t\t\t\t\t\t\t\t\t\t<\/div>\r\n\t\t\t\t<h2 class=\"listing-title-nl\">Bicoque de Sophie\t\t\t\t\t<div class=\"listing-title-badges-nl\">\r\n\t\t\t\t\t\t\t\t\t\t\t\t\t\t\t\t\t<\/div>\r\n\t\t\t\t<\/h2>\r\n\t\t\t\t<p class=\"listing-location-nl\">Hyper centre Saint-Georges-de-Didonne<\/p>\r\n\r\n\t\t\t\t\t\t<div class=\"listing-features-nl\">\r\n\t\t\t\t\t\t\t\t\t\t\t\t<!-- Regular Field Template -->\r\n\t\t\t\t\t<div class=\"feature-tag-nl main-detail-_size\">\r\n\t\t\t\t\t\t<i class=\"fas fa-check\"><\/i>\r\n\t\t\t\t\t\t\t\t\t\t\t\t\t\t\t\t\t\t\t\t<span>40<\/span>\r\n\t\t\t\t\t\t\t\t\t\t\t\t<div class=\"tooltip-nl\">Size<\/div>\r\n\t\t\t\t\t<\/div>\r\n\t\t\t\t\t\t\t\t\t\t\t\t\t\t\t\t<!-- Regular Field Template -->\r\n\t\t\t\t\t<div class=\"feature-tag-nl main-detail-_guests\">\r\n\t\t\t\t\t\t<i class=\"fas fa-check\"><\/i>\r\n\t\t\t\t\t\t\t\t\t\t\t\t\t\t\t\t\t\t\t\t<span>5<\/span>\r\n\t\t\t\t\t\t\t\t\t\t\t\t<div class=\"tooltip-nl\">Guest(s)<\/div>\r\n\t\t\t\t\t<\/div>\r\n\t\t\t\t\t\t\t\t\t\t\t\t\t\t\t\t<!-- Regular Field Template -->\r\n\t\t\t\t\t<div class=\"feature-tag-nl main-detail-_number_of_bedrooms\">\r\n\t\t\t\t\t\t<i class=\"fas fa-check\"><\/i>\r\n\t\t\t\t\t\t\t\t\t\t\t\t\t\t\t\t\t\t\t\t<span>3<\/span>\r\n\t\t\t\t\t\t\t\t\t\t\t\t<div class=\"tooltip-nl\">Bedroom(s)<\/div>\r\n\t\t\t\t\t<\/div>\r\n\t\t\t\t\t\t\t\t\t\t<\/div>\r\n\r\n\t\t\t\t\t<div class=\"listing-amenities-nl\">\r\n\t\t\t\t\t\t\r\n\t\t\t\t\t<\/div>\r\n\t\t\t\t\t\t\t<\/div>\r\n\r\n\t\t\t<!-- Sidebar Column (Right) -->\r\n\t\t\t<div class=\"details-sidebar-col-nl\">\r\n\t\t\t\t<div class=\"details-sidebar-upper-nl\">\r\n\r\n\t\t\t\t\t\t\t\t\t\t\t\t<div class=\"listing-rating-nl\">\r\n\t\t\t\t\t\t\t\t<div class=\"stars-nl\" data-rating=\"3.7\">\r\n\r\n\t\t\t\t\t\t\t\t\t<div class=\"listing-rating-nl\">\n                      <div class=\"stars-nl\">\n                          <i class=\"fa-solid fa-star\"><\/i>\n                            <i class=\"fa-solid fa-star\"><\/i>\n                            <i class=\"fa-solid fa-star\"><\/i>\n                            <i class=\"fa-solid fa-star-half-stroke\"><\/i>\n                            <i class=\"fa-solid fa-star\" style=\"color: #dadada\"><\/i>\n                      <\/div>\n                       <div class=\"rating-text-nl\">3.7 <span>(3)<\/span><\/div><\/div> \t\t\t\t\t\t\t\t<\/div>\r\n\t\t\t\t\t\t\t<\/div>\r\n\t\t\t\t\t\t\t\t\t<\/div>\r\n\t\t\t\t\t\t\t\t\t\t<div class=\"listing-booking-nl\">\r\n\t\t\t\t\t\t\t<p class=\"price-nl\">120,00&euro; - 140,00&euro;<\/p>\r\n\t\t\t\t\t\t\t\t\t\t\t\t\t<\/div>\r\n\t\t\t\t\r\n\r\n\t\t\t<\/div>\r\n\r\n\r\n\t\t<\/a>\r\n\t<\/div>\r\n<\/div>\r\n\r\n\r\n<!-- Listing Item \/ End --><!-- Listing Item -->\r\n\r\n\r\n<div  class=\"listing-card-container-nl margin-bottom-30 listing-geo-data\" >\r\n\t<div class=\"listing-card-nl\">\r\n\t\t<!-- ===== LEFT: IMAGE SLIDER ===== -->\r\n\t\t<div class=\"listing-image-container-nl\">\r\n\t\t\t<a href=\"https:\/\/cparici.com\/fr\/annonce\/restaurant-pause-gourmande-2\/\">\r\n\t\t\t\t<div class=\"slider-wrapper-nl\">\r\n\t\t\t\t\t\t\t\t\t<img decoding=\"async\" src=\"https:\/\/cparici.com\/wp-content\/uploads\/2024\/10\/restaurant-2-520x397.jpg\" alt=\"Restaurant Pause Gourmande\" class=\"slider-image-nl\">\r\n\t\t\t\t\t\t<img decoding=\"async\" src=\"https:\/\/cparici.com\/wp-content\/uploads\/2024\/10\/cuisine-restaurant-2-520x397.jpg\" alt=\"Restaurant Pause Gourmande\" class=\"slider-image-nl\">\r\n\t\t\t\t\t\t<img decoding=\"async\" src=\"https:\/\/cparici.com\/wp-content\/uploads\/2024\/10\/Bar-a-tapas-3-520x397.jpg\" alt=\"Restaurant Pause Gourmande\" class=\"slider-image-nl\">\r\n\t\t\t\t\t\t<\/div>\r\n\t\t\t<\/a>\r\n\r\n\t\t\t\t\t\t\t\t<div class=\"status-button-nl closed-nl\">\r\n\t\t\t\t\t\tFerm\u00e9 maintenant\t\t\t\t\t<\/div>\r\n\t\t\t\t\t\t<div class=\"slider-arrow-nl left-nl\" id=\"prevBtn\"><i class=\"fa-solid fa-chevron-left\"><\/i><\/div>\r\n\t\t\t<div class=\"slider-arrow-nl right-nl\" id=\"nextBtn\"><i class=\"fa-solid fa-chevron-right\"><\/i><\/div>\r\n\t\t\t<div class=\"image-overlay-top-nl\">\r\n\r\n\t\t\t\t\t\t\t\t\r\n\t\t\t\t\t\t\t\t\t\t\t\t<div class=\"favorite-icon-nl\" id=\"favoriteBtn\">\r\n\t\t\t\t\t\t\t\t<span class=\"save fa-regular fa-heart tooltip left\" title=\"Connexion pour marquer des \u00e9l\u00e9ments\"><\/span>\r\n\t\t\t\t\t\t\t<\/div>\r\n\t\t\t\t\t\t\t\t\t\t\t\r\n\r\n\t\t\t\t\t\t\t<\/div>\r\n\t\t<\/div>\r\n\r\n\t\t<!-- ===== RIGHT: LISTING DETAILS (NOW 2-COLUMN) ===== -->\r\n\t\t<a href=\"https:\/\/cparici.com\/fr\/annonce\/restaurant-pause-gourmande-2\/\" class=\"listing-details-nl\">\r\n\r\n\t\t\t<!-- Main Content Column (Left) -->\r\n\t\t\t<div class=\"details-main-col-nl\">\r\n\t\t\t\t<div class=\"listing-badges-nl\">\r\n\t\t\t\t\t\t\t\t\t\t\t\t\t\t<\/div>\r\n\t\t\t\t<h2 class=\"listing-title-nl\">Restaurant Pause Gourmande\t\t\t\t\t<div class=\"listing-title-badges-nl\">\r\n\t\t\t\t\t\t\t\t\t\t\t\t\t\t\t\t\t<\/div>\r\n\t\t\t\t<\/h2>\r\n\t\t\t\t<p class=\"listing-location-nl\">Place de la Croix facile lire<\/p>\r\n\r\n\t\t\t\t\r\n\t\t\t\t\t<div class=\"listing-amenities-nl\">\r\n\t\t\t\t\t\t<div class=\"amenity-icon-nl\"><i class=\"fab fa-500px\"><\/i> <span class=\"tooltip-nl\">Reservation<\/span><\/div>\r\n\t\t\t\t\t<\/div>\r\n\t\t\t\t\t\t\t<\/div>\r\n\r\n\t\t\t<!-- Sidebar Column (Right) -->\r\n\t\t\t<div class=\"details-sidebar-col-nl\">\r\n\t\t\t\t<div class=\"details-sidebar-upper-nl\">\r\n\r\n\t\t\t\t\t\t\t\t\t<\/div>\r\n\t\t\t\t\t\t\t\t\t\t<div class=\"listing-booking-nl\">\r\n\t\t\t\t\t\t\t<p class=\"price-nl\">20,00&euro; - 65,00&euro;<\/p>\r\n\t\t\t\t\t\t\t\t\t\t\t\t\t<\/div>\r\n\t\t\t\t\r\n\r\n\t\t\t<\/div>\r\n\r\n\r\n\t\t<\/a>\r\n\t<\/div>\r\n<\/div>\r\n\r\n\r\n<!-- Listing Item \/ End --><!-- Listing Item -->\r\n\r\n\r\n<div  class=\"listing-card-container-nl margin-bottom-30 listing-geo-data\" \r\n\t\tdata-title=\"Cottage de Lulu avec Spa Meschers sur Gironde\"\r\n\t\tdata-listing-type=\"rental\"\r\n\t\tdata-classifieds-price=\"&euro;\"\r\n\t\tdata-friendly-address=\"300m des Grottes de R\u00e9gulus\"\r\n\t\tdata-address=\"300m des Grottes de R\u00e9gulus\"\r\n\t\tdata-image=\"https:\/\/cparici.com\/wp-content\/uploads\/2025\/12\/spa-du-cottage-de-lulu-location-vacances-meschers-520x397.jpg\"\r\n\t\tdata-longitude=\"-0.9544389999999999\"\r\n\t\tdata-latitude=\"45.554722\"\r\n\t\t\t\t\tdata-rating=\"5\"\r\n\t\t\tdata-reviews=\"12\"\r\n\t\t\t\tdata-icon=\"&lt;svg xmlns=&quot;http:\/\/www.w3.org\/2000\/svg&quot; width=&quot;800px&quot; height=&quot;800px&quot; viewBox=&quot;0 0 45 45&quot; fill=&quot;none&quot;&gt;\n&lt;path d=&quot;M24.155 8.78099L24.33 8.94499L37.402 21.787L36 23.213L34.2 21.445L34.201 35C34.201 36.054 33.385 36.918 32.35 36.994L32.201 37H12.201C11.147 37 10.283 36.184 10.206 35.149L10.201 35L10.2 21.446L8.402 23.213L7 21.787L20.058 8.95799C21.171 7.82199 22.966 7.75899 24.155 8.78099ZM21.569 10.285L21.473 10.372L12.2 19.481L12.201 35L17.2 34.999L17.201 25C17.201 23.946 18.017 23.082 19.052 23.005L19.201 23H25.201C26.255 23 27.119 23.816 27.196 24.851L27.201 25L27.2 34.999L32.201 35L32.2 19.48L22.901 10.344C22.537 9.98699 21.969 9.96499 21.569 10.285ZM25.201 25H19.201L19.2 34.999H25.2L25.201 25Z&quot; fill=&quot;#3C3C3C&quot;\/&gt;\n&lt;\/svg&gt;\"\r\n\r\n\t>\r\n\t<div class=\"listing-card-nl\">\r\n\t\t<!-- ===== LEFT: IMAGE SLIDER ===== -->\r\n\t\t<div class=\"listing-image-container-nl\">\r\n\t\t\t<a href=\"https:\/\/cparici.com\/fr\/annonce\/cottage-de-lulu-avec-spa\/\">\r\n\t\t\t\t<div class=\"slider-wrapper-nl\">\r\n\t\t\t\t\t\t\t\t\t<img decoding=\"async\" src=\"https:\/\/cparici.com\/wp-content\/uploads\/2025\/12\/spa-du-cottage-de-lulu-location-vacances-meschers-520x397.jpg\" alt=\"Cottage de Lulu avec Spa Meschers sur Gironde\" class=\"slider-image-nl\">\r\n\t\t\t\t\t\t<img decoding=\"async\" src=\"https:\/\/cparici.com\/wp-content\/uploads\/2025\/12\/cottage-de-lulu-meschers-salon-520x397.jpg\" alt=\"Cottage de Lulu avec Spa Meschers sur Gironde\" class=\"slider-image-nl\">\r\n\t\t\t\t\t\t<img decoding=\"async\" src=\"https:\/\/cparici.com\/wp-content\/uploads\/2025\/12\/cottage-de-lulu-gite-de-vacances-meschers-520x397.jpg\" alt=\"Cottage de Lulu avec Spa Meschers sur Gironde\" class=\"slider-image-nl\">\r\n\t\t\t\t\t\t<\/div>\r\n\t\t\t<\/a>\r\n\r\n\t\t\t\t\t\t<div class=\"slider-arrow-nl left-nl\" id=\"prevBtn\"><i class=\"fa-solid fa-chevron-left\"><\/i><\/div>\r\n\t\t\t<div class=\"slider-arrow-nl right-nl\" id=\"nextBtn\"><i class=\"fa-solid fa-chevron-right\"><\/i><\/div>\r\n\t\t\t<div class=\"image-overlay-top-nl\">\r\n\r\n\t\t\t\t<span class=\"listing-category-tag-nl\">H\u00e9bergements<\/span>\t\t\t\t\r\n\t\t\t\t\t\t\t\t\t\t\t\t<div class=\"favorite-icon-nl\" id=\"favoriteBtn\">\r\n\t\t\t\t\t\t\t\t<span class=\"save fa-regular fa-heart tooltip left\" title=\"Connexion pour marquer des \u00e9l\u00e9ments\"><\/span>\r\n\t\t\t\t\t\t\t<\/div>\r\n\t\t\t\t\t\t\t\t\t\t\t\r\n\r\n\t\t\t\t\t\t\t<\/div>\r\n\t\t<\/div>\r\n\r\n\t\t<!-- ===== RIGHT: LISTING DETAILS (NOW 2-COLUMN) ===== -->\r\n\t\t<a href=\"https:\/\/cparici.com\/fr\/annonce\/cottage-de-lulu-avec-spa\/\" class=\"listing-details-nl\">\r\n\r\n\t\t\t<!-- Main Content Column (Left) -->\r\n\t\t\t<div class=\"details-main-col-nl\">\r\n\t\t\t\t<div class=\"listing-badges-nl\">\r\n\t\t\t\t\t\t\t\t\t\t\t\t\t\t<\/div>\r\n\t\t\t\t<h2 class=\"listing-title-nl\">Cottage de Lulu avec Spa Meschers sur Gironde\t\t\t\t\t<div class=\"listing-title-badges-nl\">\r\n\t\t\t\t\t\t\t\t\t\t\t\t\t\t\t\t\t<\/div>\r\n\t\t\t\t<\/h2>\r\n\t\t\t\t<p class=\"listing-location-nl\">300m des Grottes de R\u00e9gulus<\/p>\r\n\r\n\t\t\t\t\t\t<div class=\"listing-features-nl\">\r\n\t\t\t\t\t\t\t\t\t\t\t\t<!-- Regular Field Template -->\r\n\t\t\t\t\t<div class=\"feature-tag-nl main-detail-_size\">\r\n\t\t\t\t\t\t<i class=\"fas fa-check\"><\/i>\r\n\t\t\t\t\t\t\t\t\t\t\t\t\t\t\t\t\t\t\t\t<span>50<\/span>\r\n\t\t\t\t\t\t\t\t\t\t\t\t<div class=\"tooltip-nl\">Size<\/div>\r\n\t\t\t\t\t<\/div>\r\n\t\t\t\t\t\t\t\t\t\t\t\t\t\t\t\t<!-- Regular Field Template -->\r\n\t\t\t\t\t<div class=\"feature-tag-nl main-detail-_guests\">\r\n\t\t\t\t\t\t<i class=\"fas fa-check\"><\/i>\r\n\t\t\t\t\t\t\t\t\t\t\t\t\t\t\t\t\t\t\t\t<span>4<\/span>\r\n\t\t\t\t\t\t\t\t\t\t\t\t<div class=\"tooltip-nl\">Guest(s)<\/div>\r\n\t\t\t\t\t<\/div>\r\n\t\t\t\t\t\t\t\t\t\t\t\t\t\t\t\t<!-- Regular Field Template -->\r\n\t\t\t\t\t<div class=\"feature-tag-nl main-detail-_number_of_bedrooms\">\r\n\t\t\t\t\t\t<i class=\"fas fa-check\"><\/i>\r\n\t\t\t\t\t\t\t\t\t\t\t\t\t\t\t\t\t\t\t\t<span>1<\/span>\r\n\t\t\t\t\t\t\t\t\t\t\t\t<div class=\"tooltip-nl\">Bedroom(s)<\/div>\r\n\t\t\t\t\t<\/div>\r\n\t\t\t\t\t\t\t\t\t\t<\/div>\r\n\r\n\t\t\t\t\t<div class=\"listing-amenities-nl\">\r\n\t\t\t\t\t\t\r\n\t\t\t\t\t<\/div>\r\n\t\t\t\t\t\t\t<\/div>\r\n\r\n\t\t\t<!-- Sidebar Column (Right) -->\r\n\t\t\t<div class=\"details-sidebar-col-nl\">\r\n\t\t\t\t<div class=\"details-sidebar-upper-nl\">\r\n\r\n\t\t\t\t\t\t\t\t\t\t\t\t<div class=\"listing-rating-nl\">\r\n\t\t\t\t\t\t\t\t<div class=\"stars-nl\" data-rating=\"5\">\r\n\r\n\t\t\t\t\t\t\t\t\t<div class=\"listing-rating-nl\">\n                      <div class=\"stars-nl\">\n                          <i class=\"fa-solid fa-star\"><\/i>\n                            <i class=\"fa-solid fa-star\"><\/i>\n                            <i class=\"fa-solid fa-star\"><\/i>\n                            <i class=\"fa-solid fa-star\"><\/i>\n                            <i class=\"fa-solid fa-star\"><\/i>\n                      <\/div>\n                       <div class=\"rating-text-nl\">5.0 <span>(12)<\/span><\/div><\/div> \t\t\t\t\t\t\t\t<\/div>\r\n\t\t\t\t\t\t\t<\/div>\r\n\t\t\t\t\t\t\t\t\t<\/div>\r\n\t\t\t\t\t\t\t\t\t\t<div class=\"listing-booking-nl\">\r\n\t\t\t\t\t\t\t<p class=\"price-nl\">85,00&euro; - 150,00&euro;<\/p>\r\n\t\t\t\t\t\t\t\t\t\t\t\t\t<\/div>\r\n\t\t\t\t\r\n\r\n\t\t\t<\/div>\r\n\r\n\r\n\t\t<\/a>\r\n\t<\/div>\r\n<\/div>\r\n\r\n\r\n<!-- Listing Item \/ End --><!-- Listing Item -->\r\n\r\n\r\n<div  class=\"listing-card-container-nl margin-bottom-30 listing-geo-data\" \r\n\t\tdata-title=\"L&#8217;Ecrin, 2-4 Pers\"\r\n\t\tdata-listing-type=\"rental\"\r\n\t\tdata-classifieds-price=\"&euro;\"\r\n\t\tdata-friendly-address=\"Hyper-centre, Concarneau\"\r\n\t\tdata-address=\"Hyper-centre, Concarneau\"\r\n\t\tdata-image=\"https:\/\/cparici.com\/wp-content\/uploads\/2025\/01\/ecrin-1-520x397.jpg\"\r\n\t\tdata-longitude=\"-3.9195904\"\r\n\t\tdata-latitude=\"47.872971\"\r\n\t\t\t\t\tdata-rating=\"0\"\r\n\t\t\tdata-reviews=\"0\"\r\n\t\t\t\tdata-icon=\"&lt;svg xmlns=&quot;http:\/\/www.w3.org\/2000\/svg&quot; width=&quot;800px&quot; height=&quot;800px&quot; viewBox=&quot;0 0 45 45&quot; fill=&quot;none&quot;&gt;\n&lt;path d=&quot;M24.155 8.78099L24.33 8.94499L37.402 21.787L36 23.213L34.2 21.445L34.201 35C34.201 36.054 33.385 36.918 32.35 36.994L32.201 37H12.201C11.147 37 10.283 36.184 10.206 35.149L10.201 35L10.2 21.446L8.402 23.213L7 21.787L20.058 8.95799C21.171 7.82199 22.966 7.75899 24.155 8.78099ZM21.569 10.285L21.473 10.372L12.2 19.481L12.201 35L17.2 34.999L17.201 25C17.201 23.946 18.017 23.082 19.052 23.005L19.201 23H25.201C26.255 23 27.119 23.816 27.196 24.851L27.201 25L27.2 34.999L32.201 35L32.2 19.48L22.901 10.344C22.537 9.98699 21.969 9.96499 21.569 10.285ZM25.201 25H19.201L19.2 34.999H25.2L25.201 25Z&quot; fill=&quot;#3C3C3C&quot;\/&gt;\n&lt;\/svg&gt;\"\r\n\r\n\t>\r\n\t<div class=\"listing-card-nl\">\r\n\t\t<!-- ===== LEFT: IMAGE SLIDER ===== -->\r\n\t\t<div class=\"listing-image-container-nl\">\r\n\t\t\t<a href=\"https:\/\/cparici.com\/fr\/annonce\/lecrin-2-4-pers\/\">\r\n\t\t\t\t<div class=\"slider-wrapper-nl\">\r\n\t\t\t\t\t\t\t\t\t<img decoding=\"async\" src=\"https:\/\/cparici.com\/wp-content\/uploads\/2025\/01\/ecrin-1-520x397.jpg\" alt=\"L&#8217;Ecrin, 2-4 Pers\" class=\"slider-image-nl\">\r\n\t\t\t\t\t\t<img decoding=\"async\" src=\"https:\/\/cparici.com\/wp-content\/uploads\/2025\/01\/ecrin-2-520x397.jpg\" alt=\"L&#8217;Ecrin, 2-4 Pers\" class=\"slider-image-nl\">\r\n\t\t\t\t\t\t<img decoding=\"async\" src=\"https:\/\/cparici.com\/wp-content\/uploads\/2025\/01\/ecrin-3-520x397.jpg\" alt=\"L&#8217;Ecrin, 2-4 Pers\" class=\"slider-image-nl\">\r\n\t\t\t\t\t\t<\/div>\r\n\t\t\t<\/a>\r\n\r\n\t\t\t\t\t\t<div class=\"slider-arrow-nl left-nl\" id=\"prevBtn\"><i class=\"fa-solid fa-chevron-left\"><\/i><\/div>\r\n\t\t\t<div class=\"slider-arrow-nl right-nl\" id=\"nextBtn\"><i class=\"fa-solid fa-chevron-right\"><\/i><\/div>\r\n\t\t\t<div class=\"image-overlay-top-nl\">\r\n\r\n\t\t\t\t<span class=\"listing-category-tag-nl\">H\u00e9bergements<\/span>\t\t\t\t\r\n\t\t\t\t\t\t\t\t\t\t\t\t<div class=\"favorite-icon-nl\" id=\"favoriteBtn\">\r\n\t\t\t\t\t\t\t\t<span class=\"save fa-regular fa-heart tooltip left\" title=\"Connexion pour marquer des \u00e9l\u00e9ments\"><\/span>\r\n\t\t\t\t\t\t\t<\/div>\r\n\t\t\t\t\t\t\t\t\t\t\t\r\n\r\n\t\t\t\t\t\t\t<\/div>\r\n\t\t<\/div>\r\n\r\n\t\t<!-- ===== RIGHT: LISTING DETAILS (NOW 2-COLUMN) ===== -->\r\n\t\t<a href=\"https:\/\/cparici.com\/fr\/annonce\/lecrin-2-4-pers\/\" class=\"listing-details-nl\">\r\n\r\n\t\t\t<!-- Main Content Column (Left) -->\r\n\t\t\t<div class=\"details-main-col-nl\">\r\n\t\t\t\t<div class=\"listing-badges-nl\">\r\n\t\t\t\t\t\t\t\t\t\t\t\t\t\t<\/div>\r\n\t\t\t\t<h2 class=\"listing-title-nl\">L&#8217;Ecrin, 2-4 Pers\t\t\t\t\t<div class=\"listing-title-badges-nl\">\r\n\t\t\t\t\t\t\t\t\t\t\t\t\t\t\t\t\t<\/div>\r\n\t\t\t\t<\/h2>\r\n\t\t\t\t<p class=\"listing-location-nl\">Hyper-centre, Concarneau<\/p>\r\n\r\n\t\t\t\t\t\t<div class=\"listing-features-nl\">\r\n\t\t\t\t\t\t\t\t\t\t\t\t<!-- Regular Field Template -->\r\n\t\t\t\t\t<div class=\"feature-tag-nl main-detail-_size\">\r\n\t\t\t\t\t\t<i class=\"fas fa-check\"><\/i>\r\n\t\t\t\t\t\t\t\t\t\t\t\t\t\t\t\t\t\t\t\t<span>80<\/span>\r\n\t\t\t\t\t\t\t\t\t\t\t\t<div class=\"tooltip-nl\">Size<\/div>\r\n\t\t\t\t\t<\/div>\r\n\t\t\t\t\t\t\t\t\t\t\t\t\t\t\t\t<!-- Regular Field Template -->\r\n\t\t\t\t\t<div class=\"feature-tag-nl main-detail-_guests\">\r\n\t\t\t\t\t\t<i class=\"fas fa-check\"><\/i>\r\n\t\t\t\t\t\t\t\t\t\t\t\t\t\t\t\t\t\t\t\t<span>4<\/span>\r\n\t\t\t\t\t\t\t\t\t\t\t\t<div class=\"tooltip-nl\">Guest(s)<\/div>\r\n\t\t\t\t\t<\/div>\r\n\t\t\t\t\t\t\t\t\t\t\t\t\t\t\t\t<!-- Regular Field Template -->\r\n\t\t\t\t\t<div class=\"feature-tag-nl main-detail-_number_of_bedrooms\">\r\n\t\t\t\t\t\t<i class=\"fas fa-check\"><\/i>\r\n\t\t\t\t\t\t\t\t\t\t\t\t\t\t\t\t\t\t\t\t<span>2<\/span>\r\n\t\t\t\t\t\t\t\t\t\t\t\t<div class=\"tooltip-nl\">Bedroom(s)<\/div>\r\n\t\t\t\t\t<\/div>\r\n\t\t\t\t\t\t\t\t\t\t<\/div>\r\n\r\n\t\t\t\t\t<div class=\"listing-amenities-nl\">\r\n\t\t\t\t\t\t\r\n\t\t\t\t\t<\/div>\r\n\t\t\t\t\t\t\t<\/div>\r\n\r\n\t\t\t<!-- Sidebar Column (Right) -->\r\n\t\t\t<div class=\"details-sidebar-col-nl\">\r\n\t\t\t\t<div class=\"details-sidebar-upper-nl\">\r\n\r\n\t\t\t\t\t\t\t\t\t<\/div>\r\n\t\t\t\t\t\t\t\t\t\t<div class=\"listing-booking-nl\">\r\n\t\t\t\t\t\t\t<p class=\"price-nl\">Commence \u00e0 partir de 140,00&euro;<\/p>\r\n\t\t\t\t\t\t\t\t\t\t\t\t\t<\/div>\r\n\t\t\t\t\r\n\r\n\t\t\t<\/div>\r\n\r\n\r\n\t\t<\/a>\r\n\t<\/div>\r\n<\/div>\r\n\r\n\r\n<!-- Listing Item \/ End --><!-- Listing Item -->\r\n\r\n\r\n<div  class=\"listing-card-container-nl margin-bottom-30 listing-geo-data\" \r\n\t\tdata-title=\"Appartement R\u00eaverie 2 pers \u2013 Centre-ville et mer \u00e0 pied Concarneau\"\r\n\t\tdata-listing-type=\"rental\"\r\n\t\tdata-classifieds-price=\"&euro;\"\r\n\t\tdata-friendly-address=\"Concarneau Centre ville Plage \u00e0 pied\"\r\n\t\tdata-address=\"Concarneau Centre ville Plage \u00e0 pied\"\r\n\t\tdata-image=\"https:\/\/cparici.com\/wp-content\/uploads\/2026\/03\/appartement-concarneau-reverie-520x397.jpg\"\r\n\t\tdata-longitude=\"-3.9242893\"\r\n\t\tdata-latitude=\"47.8738589\"\r\n\t\t\t\t\tdata-rating=\"0\"\r\n\t\t\tdata-reviews=\"0\"\r\n\t\t\t\tdata-icon=\"&lt;svg xmlns=&quot;http:\/\/www.w3.org\/2000\/svg&quot; width=&quot;800px&quot; height=&quot;800px&quot; viewBox=&quot;0 0 45 45&quot; fill=&quot;none&quot;&gt;\n&lt;path d=&quot;M24.155 8.78099L24.33 8.94499L37.402 21.787L36 23.213L34.2 21.445L34.201 35C34.201 36.054 33.385 36.918 32.35 36.994L32.201 37H12.201C11.147 37 10.283 36.184 10.206 35.149L10.201 35L10.2 21.446L8.402 23.213L7 21.787L20.058 8.95799C21.171 7.82199 22.966 7.75899 24.155 8.78099ZM21.569 10.285L21.473 10.372L12.2 19.481L12.201 35L17.2 34.999L17.201 25C17.201 23.946 18.017 23.082 19.052 23.005L19.201 23H25.201C26.255 23 27.119 23.816 27.196 24.851L27.201 25L27.2 34.999L32.201 35L32.2 19.48L22.901 10.344C22.537 9.98699 21.969 9.96499 21.569 10.285ZM25.201 25H19.201L19.2 34.999H25.2L25.201 25Z&quot; fill=&quot;#3C3C3C&quot;\/&gt;\n&lt;\/svg&gt;\"\r\n\r\n\t>\r\n\t<div class=\"listing-card-nl\">\r\n\t\t<!-- ===== LEFT: IMAGE SLIDER ===== -->\r\n\t\t<div class=\"listing-image-container-nl\">\r\n\t\t\t<a href=\"https:\/\/cparici.com\/fr\/annonce\/appartement-reverie-2-pers-centre-ville-et-mer-a-pied-concarneau\/\">\r\n\t\t\t\t<div class=\"slider-wrapper-nl\">\r\n\t\t\t\t\t\t\t\t\t<img decoding=\"async\" src=\"https:\/\/cparici.com\/wp-content\/uploads\/2026\/03\/appartement-concarneau-reverie-520x397.jpg\" alt=\"Appartement R\u00eaverie 2 pers \u2013 Centre-ville et mer \u00e0 pied Concarneau\" class=\"slider-image-nl\">\r\n\t\t\t\t\t\t<img decoding=\"async\" src=\"https:\/\/cparici.com\/wp-content\/uploads\/2026\/03\/appartement-concarneau-reverie-exterieur-520x397.jpg\" alt=\"Appartement R\u00eaverie 2 pers \u2013 Centre-ville et mer \u00e0 pied Concarneau\" class=\"slider-image-nl\">\r\n\t\t\t\t\t\t<img decoding=\"async\" src=\"https:\/\/cparici.com\/wp-content\/uploads\/2026\/03\/appartement-vacances-cpncarneau-reverie-520x397.jpg\" alt=\"Appartement R\u00eaverie 2 pers \u2013 Centre-ville et mer \u00e0 pied Concarneau\" class=\"slider-image-nl\">\r\n\t\t\t\t\t\t<\/div>\r\n\t\t\t<\/a>\r\n\r\n\t\t\t\t\t\t<div class=\"slider-arrow-nl left-nl\" id=\"prevBtn\"><i class=\"fa-solid fa-chevron-left\"><\/i><\/div>\r\n\t\t\t<div class=\"slider-arrow-nl right-nl\" id=\"nextBtn\"><i class=\"fa-solid fa-chevron-right\"><\/i><\/div>\r\n\t\t\t<div class=\"image-overlay-top-nl\">\r\n\r\n\t\t\t\t<span class=\"listing-category-tag-nl\">H\u00e9bergements<\/span>\t\t\t\t\r\n\t\t\t\t\t\t\t\t\t\t\t\t<div class=\"favorite-icon-nl\" id=\"favoriteBtn\">\r\n\t\t\t\t\t\t\t\t<span class=\"save fa-regular fa-heart tooltip left\" title=\"Connexion pour marquer des \u00e9l\u00e9ments\"><\/span>\r\n\t\t\t\t\t\t\t<\/div>\r\n\t\t\t\t\t\t\t\t\t\t\t\r\n\r\n\t\t\t\t\t\t\t<\/div>\r\n\t\t<\/div>\r\n\r\n\t\t<!-- ===== RIGHT: LISTING DETAILS (NOW 2-COLUMN) ===== -->\r\n\t\t<a href=\"https:\/\/cparici.com\/fr\/annonce\/appartement-reverie-2-pers-centre-ville-et-mer-a-pied-concarneau\/\" class=\"listing-details-nl\">\r\n\r\n\t\t\t<!-- Main Content Column (Left) -->\r\n\t\t\t<div class=\"details-main-col-nl\">\r\n\t\t\t\t<div class=\"listing-badges-nl\">\r\n\t\t\t\t\t\t\t\t\t\t\t\t\t\t<\/div>\r\n\t\t\t\t<h2 class=\"listing-title-nl\">Appartement R\u00eaverie 2 pers \u2013 Centre-ville et mer \u00e0 pied Concarneau\t\t\t\t\t<div class=\"listing-title-badges-nl\">\r\n\t\t\t\t\t\t\t\t\t\t\t\t\t\t\t\t\t<\/div>\r\n\t\t\t\t<\/h2>\r\n\t\t\t\t<p class=\"listing-location-nl\">Concarneau Centre ville Plage \u00e0 pied<\/p>\r\n\r\n\t\t\t\t\r\n\t\t\t\t\t<div class=\"listing-amenities-nl\">\r\n\t\t\t\t\t\t\r\n\t\t\t\t\t<\/div>\r\n\t\t\t\t\t\t\t<\/div>\r\n\r\n\t\t\t<!-- Sidebar Column (Right) -->\r\n\t\t\t<div class=\"details-sidebar-col-nl\">\r\n\t\t\t\t<div class=\"details-sidebar-upper-nl\">\r\n\r\n\t\t\t\t\t\t\t\t\t<\/div>\r\n\t\t\t\t\t\t\t\t\t\t<div class=\"listing-booking-nl\">\r\n\t\t\t\t\t\t\t<p class=\"price-nl\">Commence \u00e0 partir de 95,00&euro;<\/p>\r\n\t\t\t\t\t\t\t\t\t\t\t\t\t<\/div>\r\n\t\t\t\t\r\n\r\n\t\t\t<\/div>\r\n\r\n\r\n\t\t<\/a>\r\n\t<\/div>\r\n<\/div>\r\n\r\n\r\n<!-- Listing Item \/ End --><!-- Listing Item -->\r\n\r\n\r\n<div  class=\"listing-card-container-nl margin-bottom-30 listing-geo-data\" \r\n\t\tdata-title=\"Au gr\u00e9 des vents &#8211; Vols en montgolfi\u00e8re &#8211; Ch\u00e2teaux de la Loire\"\r\n\t\tdata-listing-type=\"service\"\r\n\t\tdata-classifieds-price=\"&euro;\"\r\n\t\tdata-friendly-address=\"\"\r\n\t\tdata-address=\"8 rue du Grand Mont, 41700 Le Controis-en-Sologne, France\"\r\n\t\tdata-image=\"https:\/\/cparici.com\/wp-content\/uploads\/2025\/06\/1-520x397.jpg\"\r\n\t\tdata-longitude=\"1.432089\"\r\n\t\tdata-latitude=\"47.430726\"\r\n\t\t\t\t\tdata-rating=\"0\"\r\n\t\t\tdata-reviews=\"0\"\r\n\t\t\t\tdata-icon=\"&lt;svg xmlns=&quot;http:\/\/www.w3.org\/2000\/svg&quot; xmlns:xlink=&quot;http:\/\/www.w3.org\/1999\/xlink&quot; fill=&quot;#000000&quot; height=&quot;800px&quot; width=&quot;800px&quot; version=&quot;1.1&quot; id=&quot;Layer_1&quot; viewBox=&quot;0 0 512 512&quot; xml:space=&quot;preserve&quot;&gt;\n&lt;g&gt;\n\t&lt;g&gt;\n\t\t&lt;path d=&quot;M510.704,302.195c-19.899-31.901-47.686-58.561-80.359-77.098c-33.706-19.124-72.125-29.231-111.101-29.231 c-2.533,0-5.065,0.048-7.592,0.132c-8.115-20.231-20.448-38.937-35.951-54.405c-30.5-30.422-71.024-47.177-114.106-47.177 c-43.077,0-83.604,16.754-114.118,47.177C16.861,172.13,0,212.761,0,255.999c0,43.239,16.861,83.869,47.478,114.407 c30.512,30.422,71.039,47.174,114.117,47.174c24.962,0,49.749-5.834,71.961-16.885c27.046,11.095,56.206,16.888,85.688,16.888 c38.976,0,77.394-10.109,111.101-29.233c32.672-18.537,60.46-45.197,80.359-77.098 C512.432,308.482,512.432,304.967,510.704,302.195z M293.645,197.351c-18.093,2.064-35.864,6.278-52.878,12.582 c6.156-18.326,15.951-35.22,28.893-49.789C279.495,171.246,287.628,183.867,293.645,197.351z M170.154,111.792 c32.543,1.89,63.056,14.533,87.399,36.219c-18.108,20.127-30.806,44.294-37.042,70.583c-4.185,2.038-8.312,4.202-12.368,6.503 c-11.435,6.488-22.253,13.99-32.362,22.342h-5.627V111.792z M153.036,111.791v135.648h-46.221 c-1.922-37.09-16.318-71.851-41.172-99.442C89.993,126.319,120.502,113.681,153.036,111.791z M53.52,160.127 c21.644,24.33,34.258,54.798,36.145,87.312H17.376C19.262,214.924,31.878,184.456,53.52,160.127z M17.376,264.557h72.289 c-1.886,32.515-14.501,62.983-36.145,87.314C31.877,327.541,19.262,297.071,17.376,264.557z M153.036,400.205 c-32.534-1.89-63.044-14.527-87.393-36.205c24.854-27.589,39.25-62.352,41.172-99.443h46.221v4.453 c-9.399,10.244-17.87,21.352-25.251,33.186c-1.729,2.772-1.729,6.287,0,9.059c7.381,11.833,15.852,22.941,25.251,33.184V400.205z M145.217,306.725c8.461-12.813,18.335-24.635,29.35-35.269v70.539C163.552,331.359,153.677,319.537,145.217,306.725z M170.154,400.205v-39c11.68,10.309,24.404,19.439,37.989,27.148c1.615,0.916,3.25,1.793,4.887,2.668 C199.34,396.22,184.842,399.332,170.154,400.205z M446.804,356.841c-7.886,6.118-16.206,11.686-24.906,16.624 c-31.136,17.666-66.633,27.003-102.654,27.003c-36.021,0-71.518-9.337-102.654-27.003c-8.7-4.937-17.02-10.505-24.905-16.624 v-100.23c7.884-6.119,16.204-11.688,24.905-16.624c31.136-17.664,66.633-27.003,102.654-27.003 c36.02,0,71.518,9.337,102.654,27.003c8.702,4.937,17.021,10.506,24.906,16.625V356.841z M463.921,341.993v-70.538 c11.015,10.635,20.888,22.456,29.35,35.268C484.81,319.537,474.937,331.359,463.921,341.993z&quot;\/&gt;\n\t&lt;\/g&gt;\n&lt;\/g&gt;\n&lt;g&gt;\n\t&lt;g&gt;\n\t\t&lt;path d=&quot;M427.067,298.166h-16.523v-11.905c0-4.727-3.832-8.559-8.559-8.559c-4.727,0-8.559,3.832-8.559,8.559v11.905h-24.254 v-11.905c0-4.727-3.832-8.559-8.559-8.559c-4.727,0-8.559,3.832-8.559,8.559v11.905h-24.252v-11.905 c0-4.727-3.832-8.559-8.559-8.559c-4.727,0-8.559,3.832-8.559,8.559v11.905h-24.252v-11.905c0-4.727-3.832-8.559-8.559-8.559 c-4.727,0-8.559,3.832-8.559,8.559v11.905h-24.254v-11.905c0-4.727-3.832-8.559-8.559-8.559c-4.727,0-8.559,3.832-8.559,8.559 v11.905H211.42c-4.727,0-8.559,3.832-8.559,8.559c0,4.727,3.832,8.559,8.559,8.559h16.523v11.904c0,4.727,3.832,8.559,8.559,8.559 c4.727,0,8.559-3.832,8.559-8.559v-11.904h24.254v11.904c0,4.727,3.832,8.559,8.559,8.559c4.727,0,8.559-3.832,8.559-8.559 v-11.904h24.252v11.904c0,4.727,3.832,8.559,8.559,8.559c4.727,0,8.559-3.832,8.559-8.559v-11.904h24.252v11.904 c0,4.727,3.832,8.559,8.559,8.559c4.727,0,8.559-3.832,8.559-8.559v-11.904h24.253v11.904c0,4.727,3.832,8.559,8.559,8.559 c4.727,0,8.559-3.832,8.559-8.559v-11.904h16.523c4.727,0,8.559-3.832,8.559-8.559 C435.625,301.998,431.795,298.166,427.067,298.166z&quot;\/&gt;\n\t&lt;\/g&gt;\n&lt;\/g&gt;\n&lt;\/svg&gt;\"\r\n\r\n\t>\r\n\t<div class=\"listing-card-nl\">\r\n\t\t<!-- ===== LEFT: IMAGE SLIDER ===== -->\r\n\t\t<div class=\"listing-image-container-nl\">\r\n\t\t\t<a href=\"https:\/\/cparici.com\/fr\/annonce\/au-gre-des-vents-vols-en-montgolfiere-chateaux-de-la-loire\/\">\r\n\t\t\t\t<div class=\"slider-wrapper-nl\">\r\n\t\t\t\t\t\t\t\t\t<img decoding=\"async\" src=\"https:\/\/cparici.com\/wp-content\/uploads\/2025\/06\/1-520x397.jpg\" alt=\"Au gr\u00e9 des vents &#8211; Vols en montgolfi\u00e8re &#8211; Ch\u00e2teaux de la Loire\" class=\"slider-image-nl\">\r\n\t\t\t\t\t\t<img decoding=\"async\" src=\"https:\/\/cparici.com\/wp-content\/uploads\/2025\/06\/2-520x397.jpg\" alt=\"Au gr\u00e9 des vents &#8211; Vols en montgolfi\u00e8re &#8211; Ch\u00e2teaux de la Loire\" class=\"slider-image-nl\">\r\n\t\t\t\t\t\t<img decoding=\"async\" src=\"https:\/\/cparici.com\/wp-content\/uploads\/2025\/06\/4-520x397.jpg\" alt=\"Au gr\u00e9 des vents &#8211; Vols en montgolfi\u00e8re &#8211; Ch\u00e2teaux de la Loire\" class=\"slider-image-nl\">\r\n\t\t\t\t\t\t<\/div>\r\n\t\t\t<\/a>\r\n\r\n\t\t\t\t\t\t<div class=\"slider-arrow-nl left-nl\" id=\"prevBtn\"><i class=\"fa-solid fa-chevron-left\"><\/i><\/div>\r\n\t\t\t<div class=\"slider-arrow-nl right-nl\" id=\"nextBtn\"><i class=\"fa-solid fa-chevron-right\"><\/i><\/div>\r\n\t\t\t<div class=\"image-overlay-top-nl\">\r\n\r\n\t\t\t\t<span class=\"listing-category-tag-nl\">Activit\u00e9s sportives<\/span>\t\t\t\t\r\n\t\t\t\t\t\t\t\t\t\t\t\t<div class=\"favorite-icon-nl\" id=\"favoriteBtn\">\r\n\t\t\t\t\t\t\t\t<span class=\"save fa-regular fa-heart tooltip left\" title=\"Connexion pour marquer des \u00e9l\u00e9ments\"><\/span>\r\n\t\t\t\t\t\t\t<\/div>\r\n\t\t\t\t\t\t\t\t\t\t\t\r\n\r\n\t\t\t\t\t\t\t<\/div>\r\n\t\t<\/div>\r\n\r\n\t\t<!-- ===== RIGHT: LISTING DETAILS (NOW 2-COLUMN) ===== -->\r\n\t\t<a href=\"https:\/\/cparici.com\/fr\/annonce\/au-gre-des-vents-vols-en-montgolfiere-chateaux-de-la-loire\/\" class=\"listing-details-nl\">\r\n\r\n\t\t\t<!-- Main Content Column (Left) -->\r\n\t\t\t<div class=\"details-main-col-nl\">\r\n\t\t\t\t<div class=\"listing-badges-nl\">\r\n\t\t\t\t\t\t\t\t\t\t\t\t\t\t<\/div>\r\n\t\t\t\t<h2 class=\"listing-title-nl\">Au gr\u00e9 des vents &#8211; Vols en montgolfi\u00e8re &#8211; Ch\u00e2teaux de la Loire\t\t\t\t\t<div class=\"listing-title-badges-nl\">\r\n\t\t\t\t\t\t\t\t\t\t\t\t\t\t\t\t\t<\/div>\r\n\t\t\t\t<\/h2>\r\n\t\t\t\t<p class=\"listing-location-nl\">8 rue du Grand Mont, 41700 Le Controis-en-Sologne, France<\/p>\r\n\r\n\t\t\t\t\r\n\t\t\t\t\t<div class=\"listing-amenities-nl\">\r\n\t\t\t\t\t\t\r\n\t\t\t\t\t<\/div>\r\n\t\t\t\t\t\t\t<\/div>\r\n\r\n\t\t\t<!-- Sidebar Column (Right) -->\r\n\t\t\t<div class=\"details-sidebar-col-nl\">\r\n\t\t\t\t<div class=\"details-sidebar-upper-nl\">\r\n\r\n\t\t\t\t\t\t\t\t\t<\/div>\r\n\t\t\t\t\t\t\t\t\t\t<div class=\"listing-booking-nl\">\r\n\t\t\t\t\t\t\t<p class=\"price-nl\">165,00&euro; - 220,00&euro;<\/p>\r\n\t\t\t\t\t\t\t\t\t\t\t\t\t<\/div>\r\n\t\t\t\t\r\n\r\n\t\t\t<\/div>\r\n\r\n\r\n\t\t<\/a>\r\n\t<\/div>\r\n<\/div>\r\n\r\n\r\n<!-- Listing Item \/ End --><!-- Listing Item -->\r\n\r\n\r\n<div  class=\"listing-card-container-nl margin-bottom-30 listing-geo-data\" \r\n\t\tdata-title=\"Bienvenue au Val d\u2019And\u00e9 : G\u00eetes de caract\u00e8re avec jardin au bord de l&#8217;eau\"\r\n\t\tdata-listing-type=\"rental\"\r\n\t\tdata-classifieds-price=\"&euro;\"\r\n\t\tdata-friendly-address=\"23 rue du moulin 27430 And\u00e9\"\r\n\t\tdata-address=\"23 rue du moulin 27430 And\u00e9\"\r\n\t\tdata-image=\"https:\/\/cparici.com\/wp-content\/uploads\/2026\/03\/gite-3-520x397.jpg\"\r\n\t\tdata-longitude=\"1.2375833661602091\"\r\n\t\tdata-latitude=\"49.23214795955967\"\r\n\t\t\t\t\tdata-rating=\"4.9\"\r\n\t\t\tdata-reviews=\"20\"\r\n\t\t\t\tdata-icon=\"&lt;svg xmlns=&quot;http:\/\/www.w3.org\/2000\/svg&quot; width=&quot;800px&quot; height=&quot;800px&quot; viewBox=&quot;0 0 45 45&quot; fill=&quot;none&quot;&gt;\n&lt;path d=&quot;M24.155 8.78099L24.33 8.94499L37.402 21.787L36 23.213L34.2 21.445L34.201 35C34.201 36.054 33.385 36.918 32.35 36.994L32.201 37H12.201C11.147 37 10.283 36.184 10.206 35.149L10.201 35L10.2 21.446L8.402 23.213L7 21.787L20.058 8.95799C21.171 7.82199 22.966 7.75899 24.155 8.78099ZM21.569 10.285L21.473 10.372L12.2 19.481L12.201 35L17.2 34.999L17.201 25C17.201 23.946 18.017 23.082 19.052 23.005L19.201 23H25.201C26.255 23 27.119 23.816 27.196 24.851L27.201 25L27.2 34.999L32.201 35L32.2 19.48L22.901 10.344C22.537 9.98699 21.969 9.96499 21.569 10.285ZM25.201 25H19.201L19.2 34.999H25.2L25.201 25Z&quot; fill=&quot;#3C3C3C&quot;\/&gt;\n&lt;\/svg&gt;\"\r\n\r\n\t>\r\n\t<div class=\"listing-card-nl\">\r\n\t\t<!-- ===== LEFT: IMAGE SLIDER ===== -->\r\n\t\t<div class=\"listing-image-container-nl\">\r\n\t\t\t<a href=\"https:\/\/cparici.com\/fr\/annonce\/bienvenue-au-val-dande-gites-de-caractere-avec-jardin-au-bord-de-leau\/\">\r\n\t\t\t\t<div class=\"slider-wrapper-nl\">\r\n\t\t\t\t\t\t\t\t\t<img decoding=\"async\" src=\"https:\/\/cparici.com\/wp-content\/uploads\/2026\/03\/gite-3-520x397.jpg\" alt=\"Bienvenue au Val d\u2019And\u00e9 : G\u00eetes de caract\u00e8re avec jardin au bord de l&#8217;eau\" class=\"slider-image-nl\">\r\n\t\t\t\t\t\t<img decoding=\"async\" src=\"https:\/\/cparici.com\/wp-content\/uploads\/2026\/03\/IMG_20230820_181717-520x397.jpg\" alt=\"Bienvenue au Val d\u2019And\u00e9 : G\u00eetes de caract\u00e8re avec jardin au bord de l&#8217;eau\" class=\"slider-image-nl\">\r\n\t\t\t\t\t\t<img decoding=\"async\" src=\"https:\/\/cparici.com\/wp-content\/uploads\/2026\/03\/WhatsApp-Image-2026-02-25-at-10.22.47-520x397.jpeg\" alt=\"Bienvenue au Val d\u2019And\u00e9 : G\u00eetes de caract\u00e8re avec jardin au bord de l&#8217;eau\" class=\"slider-image-nl\">\r\n\t\t\t\t\t\t<\/div>\r\n\t\t\t<\/a>\r\n\r\n\t\t\t\t\t\t<div class=\"slider-arrow-nl left-nl\" id=\"prevBtn\"><i class=\"fa-solid fa-chevron-left\"><\/i><\/div>\r\n\t\t\t<div class=\"slider-arrow-nl right-nl\" id=\"nextBtn\"><i class=\"fa-solid fa-chevron-right\"><\/i><\/div>\r\n\t\t\t<div class=\"image-overlay-top-nl\">\r\n\r\n\t\t\t\t<span class=\"listing-category-tag-nl\">H\u00e9bergements<\/span>\t\t\t\t\r\n\t\t\t\t\t\t\t\t\t\t\t\t<div class=\"favorite-icon-nl\" id=\"favoriteBtn\">\r\n\t\t\t\t\t\t\t\t<span class=\"save fa-regular fa-heart tooltip left\" title=\"Connexion pour marquer des \u00e9l\u00e9ments\"><\/span>\r\n\t\t\t\t\t\t\t<\/div>\r\n\t\t\t\t\t\t\t\t\t\t\t\r\n\r\n\t\t\t\t\t\t\t<\/div>\r\n\t\t<\/div>\r\n\r\n\t\t<!-- ===== RIGHT: LISTING DETAILS (NOW 2-COLUMN) ===== -->\r\n\t\t<a href=\"https:\/\/cparici.com\/fr\/annonce\/bienvenue-au-val-dande-gites-de-caractere-avec-jardin-au-bord-de-leau\/\" class=\"listing-details-nl\">\r\n\r\n\t\t\t<!-- Main Content Column (Left) -->\r\n\t\t\t<div class=\"details-main-col-nl\">\r\n\t\t\t\t<div class=\"listing-badges-nl\">\r\n\t\t\t\t\t\t\t\t\t\t\t\t\t\t<\/div>\r\n\t\t\t\t<h2 class=\"listing-title-nl\">Bienvenue au Val d\u2019And\u00e9 : G\u00eetes de caract\u00e8re avec jardin au bord de l&#8217;eau\t\t\t\t\t<div class=\"listing-title-badges-nl\">\r\n\t\t\t\t\t\t\t\t\t\t\t\t\t\t\t\t\t<\/div>\r\n\t\t\t\t<\/h2>\r\n\t\t\t\t<p class=\"listing-location-nl\">23 rue du moulin 27430 And\u00e9<\/p>\r\n\r\n\t\t\t\t\r\n\t\t\t\t\t<div class=\"listing-amenities-nl\">\r\n\t\t\t\t\t\t\r\n\t\t\t\t\t<\/div>\r\n\t\t\t\t\t\t\t<\/div>\r\n\r\n\t\t\t<!-- Sidebar Column (Right) -->\r\n\t\t\t<div class=\"details-sidebar-col-nl\">\r\n\t\t\t\t<div class=\"details-sidebar-upper-nl\">\r\n\r\n\t\t\t\t\t\t\t\t\t\t\t\t<div class=\"listing-rating-nl\">\r\n\t\t\t\t\t\t\t\t<div class=\"stars-nl\" data-rating=\"4.9\">\r\n\r\n\t\t\t\t\t\t\t\t\t<div class=\"listing-rating-nl\">\n                      <div class=\"stars-nl\">\n                          <i class=\"fa-solid fa-star\"><\/i>\n                            <i class=\"fa-solid fa-star\"><\/i>\n                            <i class=\"fa-solid fa-star\"><\/i>\n                            <i class=\"fa-solid fa-star\"><\/i>\n                            <i class=\"fa-solid fa-star-half-stroke\"><\/i>\n                      <\/div>\n                       <div class=\"rating-text-nl\">4.9 <span>(20)<\/span><\/div><\/div> \t\t\t\t\t\t\t\t<\/div>\r\n\t\t\t\t\t\t\t<\/div>\r\n\t\t\t\t\t\t\t\t\t<\/div>\r\n\t\t\t\t\t\t\t\t\t\t<div class=\"listing-booking-nl\">\r\n\t\t\t\t\t\t\t<p class=\"price-nl\">100,00&euro; - 200,00&euro;<\/p>\r\n\t\t\t\t\t\t\t\t\t\t\t\t\t<\/div>\r\n\t\t\t\t\r\n\r\n\t\t\t<\/div>\r\n\r\n\r\n\t\t<\/a>\r\n\t<\/div>\r\n<\/div>\r\n\r\n\r\n<!-- Listing Item \/ End --><!-- Listing Item -->\r\n\r\n\r\n<div  class=\"listing-card-container-nl margin-bottom-30 listing-geo-data\" \r\n\t\tdata-title=\"Ti-dousig Maison familiale de charme, plages \u00e0 1km, du port et du centre-ville d&#8217;Audierne\"\r\n\t\tdata-listing-type=\"rental\"\r\n\t\tdata-classifieds-price=\"&euro;\"\r\n\t\tdata-friendly-address=\"Rue Jean Racine\"\r\n\t\tdata-address=\"Rue Jean Racine\"\r\n\t\tdata-image=\"https:\/\/cparici.com\/wp-content\/uploads\/2026\/02\/20250302_164839-520x397.jpg\"\r\n\t\tdata-longitude=\"-4.5470464\"\r\n\t\tdata-latitude=\"48.02123719999999\"\r\n\t\t\t\t\tdata-rating=\"5\"\r\n\t\t\tdata-reviews=\"1\"\r\n\t\t\t\tdata-icon=\"&lt;svg xmlns=&quot;http:\/\/www.w3.org\/2000\/svg&quot; width=&quot;800px&quot; height=&quot;800px&quot; viewBox=&quot;0 0 45 45&quot; fill=&quot;none&quot;&gt;\n&lt;path d=&quot;M24.155 8.78099L24.33 8.94499L37.402 21.787L36 23.213L34.2 21.445L34.201 35C34.201 36.054 33.385 36.918 32.35 36.994L32.201 37H12.201C11.147 37 10.283 36.184 10.206 35.149L10.201 35L10.2 21.446L8.402 23.213L7 21.787L20.058 8.95799C21.171 7.82199 22.966 7.75899 24.155 8.78099ZM21.569 10.285L21.473 10.372L12.2 19.481L12.201 35L17.2 34.999L17.201 25C17.201 23.946 18.017 23.082 19.052 23.005L19.201 23H25.201C26.255 23 27.119 23.816 27.196 24.851L27.201 25L27.2 34.999L32.201 35L32.2 19.48L22.901 10.344C22.537 9.98699 21.969 9.96499 21.569 10.285ZM25.201 25H19.201L19.2 34.999H25.2L25.201 25Z&quot; fill=&quot;#3C3C3C&quot;\/&gt;\n&lt;\/svg&gt;\"\r\n\r\n\t>\r\n\t<div class=\"listing-card-nl\">\r\n\t\t<!-- ===== LEFT: IMAGE SLIDER ===== -->\r\n\t\t<div class=\"listing-image-container-nl\">\r\n\t\t\t<a href=\"https:\/\/cparici.com\/fr\/annonce\/ti-dousig-maison-familiale-de-charme-plages-a-1km-du-port-et-du-centre-ville-daudierne\/\">\r\n\t\t\t\t<div class=\"slider-wrapper-nl\">\r\n\t\t\t\t\t\t\t\t\t<img decoding=\"async\" src=\"https:\/\/cparici.com\/wp-content\/uploads\/2026\/02\/20250302_164839-520x397.jpg\" alt=\"Ti-Dousig Audierne\" class=\"slider-image-nl\">\r\n\t\t\t\t\t\t<img decoding=\"async\" src=\"https:\/\/cparici.com\/wp-content\/uploads\/2026\/02\/Montage-photo-Collage-de-plusieurs-photos-et-de-souvenirs-de-vacances-en-fa_20260223_092838_0000-520x397.jpg\" alt=\"Ti-dousig Maison familiale de charme, plages \u00e0 1km, du port et du centre-ville d&#8217;Audierne\" class=\"slider-image-nl\">\r\n\t\t\t\t\t\t<img decoding=\"async\" src=\"https:\/\/cparici.com\/wp-content\/uploads\/2026\/02\/20250320_135807-520x397.jpg\" alt=\"Ti-dousig Maison familiale de charme, plages \u00e0 1km, du port et du centre-ville d&#8217;Audierne\" class=\"slider-image-nl\">\r\n\t\t\t\t\t\t<\/div>\r\n\t\t\t<\/a>\r\n\r\n\t\t\t\t\t\t<div class=\"slider-arrow-nl left-nl\" id=\"prevBtn\"><i class=\"fa-solid fa-chevron-left\"><\/i><\/div>\r\n\t\t\t<div class=\"slider-arrow-nl right-nl\" id=\"nextBtn\"><i class=\"fa-solid fa-chevron-right\"><\/i><\/div>\r\n\t\t\t<div class=\"image-overlay-top-nl\">\r\n\r\n\t\t\t\t<span class=\"listing-category-tag-nl\">H\u00e9bergements<\/span>\t\t\t\t\r\n\t\t\t\t\t\t\t\t\t\t\t\t<div class=\"favorite-icon-nl\" id=\"favoriteBtn\">\r\n\t\t\t\t\t\t\t\t<span class=\"save fa-regular fa-heart tooltip left\" title=\"Connexion pour marquer des \u00e9l\u00e9ments\"><\/span>\r\n\t\t\t\t\t\t\t<\/div>\r\n\t\t\t\t\t\t\t\t\t\t\t\r\n\r\n\t\t\t\t\t\t\t<\/div>\r\n\t\t<\/div>\r\n\r\n\t\t<!-- ===== RIGHT: LISTING DETAILS (NOW 2-COLUMN) ===== -->\r\n\t\t<a href=\"https:\/\/cparici.com\/fr\/annonce\/ti-dousig-maison-familiale-de-charme-plages-a-1km-du-port-et-du-centre-ville-daudierne\/\" class=\"listing-details-nl\">\r\n\r\n\t\t\t<!-- Main Content Column (Left) -->\r\n\t\t\t<div class=\"details-main-col-nl\">\r\n\t\t\t\t<div class=\"listing-badges-nl\">\r\n\t\t\t\t\t\t\t\t\t\t\t\t\t\t<\/div>\r\n\t\t\t\t<h2 class=\"listing-title-nl\">Ti-dousig Maison familiale de charme, plages \u00e0 1km, du port et du centre-ville d&#8217;Audierne\t\t\t\t\t<div class=\"listing-title-badges-nl\">\r\n\t\t\t\t\t\t\t\t\t\t\t\t\t\t\t\t\t<\/div>\r\n\t\t\t\t<\/h2>\r\n\t\t\t\t<p class=\"listing-location-nl\">Rue Jean Racine<\/p>\r\n\r\n\t\t\t\t\r\n\t\t\t\t\t<div class=\"listing-amenities-nl\">\r\n\t\t\t\t\t\t\r\n\t\t\t\t\t<\/div>\r\n\t\t\t\t\t\t\t<\/div>\r\n\r\n\t\t\t<!-- Sidebar Column (Right) -->\r\n\t\t\t<div class=\"details-sidebar-col-nl\">\r\n\t\t\t\t<div class=\"details-sidebar-upper-nl\">\r\n\r\n\t\t\t\t\t\t\t\t\t\t\t\t<div class=\"listing-rating-nl\">\r\n\t\t\t\t\t\t\t\t<div class=\"stars-nl\" data-rating=\"5\">\r\n\r\n\t\t\t\t\t\t\t\t\t<div class=\"listing-rating-nl\">\n                      <div class=\"stars-nl\">\n                          <i class=\"fa-solid fa-star\"><\/i>\n                            <i class=\"fa-solid fa-star\"><\/i>\n                            <i class=\"fa-solid fa-star\"><\/i>\n                            <i class=\"fa-solid fa-star\"><\/i>\n                            <i class=\"fa-solid fa-star\"><\/i>\n                      <\/div>\n                       <div class=\"rating-text-nl\">5.0 <span>(1)<\/span><\/div><\/div> \t\t\t\t\t\t\t\t<\/div>\r\n\t\t\t\t\t\t\t<\/div>\r\n\t\t\t\t\t\t\t\t\t<\/div>\r\n\t\t\t\t\t\t\t\t\t\t<div class=\"listing-booking-nl\">\r\n\t\t\t\t\t\t\t<p class=\"price-nl\">105,00&euro; - 195,00&euro;<\/p>\r\n\t\t\t\t\t\t\t\t\t\t\t\t\t<\/div>\r\n\t\t\t\t\r\n\r\n\t\t\t<\/div>\r\n\r\n\r\n\t\t<\/a>\r\n\t<\/div>\r\n<\/div>\r\n\r\n\r\n<!-- Listing Item \/ End --><!-- Listing Item -->\r\n\r\n\r\n<div  class=\"listing-card-container-nl margin-bottom-30 listing-geo-data\" \r\n\t\tdata-title=\"Appartement Le Hublot 4 Pers &#8211; Concarneau\"\r\n\t\tdata-listing-type=\"rental\"\r\n\t\tdata-classifieds-price=\"&euro;\"\r\n\t\tdata-friendly-address=\"Thalasso Concarneau\"\r\n\t\tdata-address=\"Thalasso Concarneau\"\r\n\t\tdata-image=\"https:\/\/cparici.com\/wp-content\/uploads\/2026\/04\/appartement-le-hublot-concarneau-cuisine-520x397.jpg\"\r\n\t\tdata-longitude=\"-3.9297274\"\r\n\t\tdata-latitude=\"47.8804838\"\r\n\t\t\t\t\tdata-rating=\"0\"\r\n\t\t\tdata-reviews=\"0\"\r\n\t\t\t\tdata-icon=\"&lt;svg xmlns=&quot;http:\/\/www.w3.org\/2000\/svg&quot; width=&quot;800px&quot; height=&quot;800px&quot; viewBox=&quot;0 0 45 45&quot; fill=&quot;none&quot;&gt;\n&lt;path d=&quot;M24.155 8.78099L24.33 8.94499L37.402 21.787L36 23.213L34.2 21.445L34.201 35C34.201 36.054 33.385 36.918 32.35 36.994L32.201 37H12.201C11.147 37 10.283 36.184 10.206 35.149L10.201 35L10.2 21.446L8.402 23.213L7 21.787L20.058 8.95799C21.171 7.82199 22.966 7.75899 24.155 8.78099ZM21.569 10.285L21.473 10.372L12.2 19.481L12.201 35L17.2 34.999L17.201 25C17.201 23.946 18.017 23.082 19.052 23.005L19.201 23H25.201C26.255 23 27.119 23.816 27.196 24.851L27.201 25L27.2 34.999L32.201 35L32.2 19.48L22.901 10.344C22.537 9.98699 21.969 9.96499 21.569 10.285ZM25.201 25H19.201L19.2 34.999H25.2L25.201 25Z&quot; fill=&quot;#3C3C3C&quot;\/&gt;\n&lt;\/svg&gt;\"\r\n\r\n\t>\r\n\t<div class=\"listing-card-nl\">\r\n\t\t<!-- ===== LEFT: IMAGE SLIDER ===== -->\r\n\t\t<div class=\"listing-image-container-nl\">\r\n\t\t\t<a href=\"https:\/\/cparici.com\/fr\/annonce\/appartement-le-hublot-4-pers-concarneau\/\">\r\n\t\t\t\t<div class=\"slider-wrapper-nl\">\r\n\t\t\t\t\t\t\t\t\t<img decoding=\"async\" src=\"https:\/\/cparici.com\/wp-content\/uploads\/2026\/04\/appartement-le-hublot-concarneau-cuisine-520x397.jpg\" alt=\"Appartement Le Hublot 4 Pers &#8211; Concarneau\" class=\"slider-image-nl\">\r\n\t\t\t\t\t\t<img decoding=\"async\" src=\"https:\/\/cparici.com\/wp-content\/uploads\/2026\/04\/appartement-le-hublot-concarneau-thalasso-520x397.jpg\" alt=\"Appartement Le Hublot 4 Pers &#8211; Concarneau\" class=\"slider-image-nl\">\r\n\t\t\t\t\t\t<img decoding=\"async\" src=\"https:\/\/cparici.com\/wp-content\/uploads\/2026\/04\/appartement-le-hublot-concarneau-520x397.jpg\" alt=\"Appartement Le Hublot 4 Pers &#8211; Concarneau\" class=\"slider-image-nl\">\r\n\t\t\t\t\t\t<\/div>\r\n\t\t\t<\/a>\r\n\r\n\t\t\t\t\t\t<div class=\"slider-arrow-nl left-nl\" id=\"prevBtn\"><i class=\"fa-solid fa-chevron-left\"><\/i><\/div>\r\n\t\t\t<div class=\"slider-arrow-nl right-nl\" id=\"nextBtn\"><i class=\"fa-solid fa-chevron-right\"><\/i><\/div>\r\n\t\t\t<div class=\"image-overlay-top-nl\">\r\n\r\n\t\t\t\t<span class=\"listing-category-tag-nl\">H\u00e9bergements<\/span>\t\t\t\t\r\n\t\t\t\t\t\t\t\t\t\t\t\t<div class=\"favorite-icon-nl\" id=\"favoriteBtn\">\r\n\t\t\t\t\t\t\t\t<span class=\"save fa-regular fa-heart tooltip left\" title=\"Connexion pour marquer des \u00e9l\u00e9ments\"><\/span>\r\n\t\t\t\t\t\t\t<\/div>\r\n\t\t\t\t\t\t\t\t\t\t\t\r\n\r\n\t\t\t\t\t\t\t<\/div>\r\n\t\t<\/div>\r\n\r\n\t\t<!-- ===== RIGHT: LISTING DETAILS (NOW 2-COLUMN) ===== -->\r\n\t\t<a href=\"https:\/\/cparici.com\/fr\/annonce\/appartement-le-hublot-4-pers-concarneau\/\" class=\"listing-details-nl\">\r\n\r\n\t\t\t<!-- Main Content Column (Left) -->\r\n\t\t\t<div class=\"details-main-col-nl\">\r\n\t\t\t\t<div class=\"listing-badges-nl\">\r\n\t\t\t\t\t\t\t\t\t\t\t\t\t\t<\/div>\r\n\t\t\t\t<h2 class=\"listing-title-nl\">Appartement Le Hublot 4 Pers &#8211; Concarneau\t\t\t\t\t<div class=\"listing-title-badges-nl\">\r\n\t\t\t\t\t\t\t\t\t\t\t\t\t\t\t\t\t<\/div>\r\n\t\t\t\t<\/h2>\r\n\t\t\t\t<p class=\"listing-location-nl\">Thalasso Concarneau<\/p>\r\n\r\n\t\t\t\t\r\n\t\t\t\t\t<div class=\"listing-amenities-nl\">\r\n\t\t\t\t\t\t\r\n\t\t\t\t\t<\/div>\r\n\t\t\t\t\t\t\t<\/div>\r\n\r\n\t\t\t<!-- Sidebar Column (Right) -->\r\n\t\t\t<div class=\"details-sidebar-col-nl\">\r\n\t\t\t\t<div class=\"details-sidebar-upper-nl\">\r\n\r\n\t\t\t\t\t\t\t\t\t<\/div>\r\n\t\t\t\t\t\t\t\t\t\t<div class=\"listing-booking-nl\">\r\n\t\t\t\t\t\t\t<p class=\"price-nl\">120,00&euro; - 0,00&euro;<\/p>\r\n\t\t\t\t\t\t\t\t\t\t\t\t\t<\/div>\r\n\t\t\t\t\r\n\r\n\t\t\t<\/div>\r\n\r\n\r\n\t\t<\/a>\r\n\t<\/div>\r\n<\/div>\r\n\r\n\r\n<!-- Listing Item \/ End --><!-- Listing Item -->\r\n\r\n\r\n<div  class=\"listing-card-container-nl margin-bottom-30 listing-geo-data\" \r\n\t\tdata-title=\"Evasion Marine, 2-4 pers\"\r\n\t\tdata-listing-type=\"rental\"\r\n\t\tdata-classifieds-price=\"&euro;\"\r\n\t\tdata-friendly-address=\"Les Sables Blancs\"\r\n\t\tdata-address=\"Les Sables Blancs\"\r\n\t\tdata-image=\"https:\/\/cparici.com\/wp-content\/uploads\/2025\/01\/evasion-marine-1-520x397.jpg\"\r\n\t\tdata-longitude=\"-3.930070000000001\"\r\n\t\tdata-latitude=\"47.88204939999999\"\r\n\t\t\t\t\tdata-rating=\"0\"\r\n\t\t\tdata-reviews=\"0\"\r\n\t\t\t\tdata-icon=\"&lt;svg xmlns=&quot;http:\/\/www.w3.org\/2000\/svg&quot; width=&quot;800px&quot; height=&quot;800px&quot; viewBox=&quot;0 0 45 45&quot; fill=&quot;none&quot;&gt;\n&lt;path d=&quot;M24.155 8.78099L24.33 8.94499L37.402 21.787L36 23.213L34.2 21.445L34.201 35C34.201 36.054 33.385 36.918 32.35 36.994L32.201 37H12.201C11.147 37 10.283 36.184 10.206 35.149L10.201 35L10.2 21.446L8.402 23.213L7 21.787L20.058 8.95799C21.171 7.82199 22.966 7.75899 24.155 8.78099ZM21.569 10.285L21.473 10.372L12.2 19.481L12.201 35L17.2 34.999L17.201 25C17.201 23.946 18.017 23.082 19.052 23.005L19.201 23H25.201C26.255 23 27.119 23.816 27.196 24.851L27.201 25L27.2 34.999L32.201 35L32.2 19.48L22.901 10.344C22.537 9.98699 21.969 9.96499 21.569 10.285ZM25.201 25H19.201L19.2 34.999H25.2L25.201 25Z&quot; fill=&quot;#3C3C3C&quot;\/&gt;\n&lt;\/svg&gt;\"\r\n\r\n\t>\r\n\t<div class=\"listing-card-nl\">\r\n\t\t<!-- ===== LEFT: IMAGE SLIDER ===== -->\r\n\t\t<div class=\"listing-image-container-nl\">\r\n\t\t\t<a href=\"https:\/\/cparici.com\/fr\/annonce\/evasion-marine-2-4-pers\/\">\r\n\t\t\t\t<div class=\"slider-wrapper-nl\">\r\n\t\t\t\t\t\t\t\t\t<img decoding=\"async\" src=\"https:\/\/cparici.com\/wp-content\/uploads\/2025\/01\/evasion-marine-1-520x397.jpg\" alt=\"Evasion Marine, 2-4 pers\" class=\"slider-image-nl\">\r\n\t\t\t\t\t\t<img decoding=\"async\" src=\"https:\/\/cparici.com\/wp-content\/uploads\/2025\/01\/evasion-marine-2-520x397.jpg\" alt=\"Evasion Marine, 2-4 pers\" class=\"slider-image-nl\">\r\n\t\t\t\t\t\t<img decoding=\"async\" src=\"https:\/\/cparici.com\/wp-content\/uploads\/2025\/01\/evasion-marine-4-520x397.jpg\" alt=\"Evasion Marine, 2-4 pers\" class=\"slider-image-nl\">\r\n\t\t\t\t\t\t<\/div>\r\n\t\t\t<\/a>\r\n\r\n\t\t\t\t\t\t<div class=\"slider-arrow-nl left-nl\" id=\"prevBtn\"><i class=\"fa-solid fa-chevron-left\"><\/i><\/div>\r\n\t\t\t<div class=\"slider-arrow-nl right-nl\" id=\"nextBtn\"><i class=\"fa-solid fa-chevron-right\"><\/i><\/div>\r\n\t\t\t<div class=\"image-overlay-top-nl\">\r\n\r\n\t\t\t\t<span class=\"listing-category-tag-nl\">H\u00e9bergements<\/span>\t\t\t\t\r\n\t\t\t\t\t\t\t\t\t\t\t\t<div class=\"favorite-icon-nl\" id=\"favoriteBtn\">\r\n\t\t\t\t\t\t\t\t<span class=\"save fa-regular fa-heart tooltip left\" title=\"Connexion pour marquer des \u00e9l\u00e9ments\"><\/span>\r\n\t\t\t\t\t\t\t<\/div>\r\n\t\t\t\t\t\t\t\t\t\t\t\r\n\r\n\t\t\t\t\t\t\t<\/div>\r\n\t\t<\/div>\r\n\r\n\t\t<!-- ===== RIGHT: LISTING DETAILS (NOW 2-COLUMN) ===== -->\r\n\t\t<a href=\"https:\/\/cparici.com\/fr\/annonce\/evasion-marine-2-4-pers\/\" class=\"listing-details-nl\">\r\n\r\n\t\t\t<!-- Main Content Column (Left) -->\r\n\t\t\t<div class=\"details-main-col-nl\">\r\n\t\t\t\t<div class=\"listing-badges-nl\">\r\n\t\t\t\t\t\t\t\t\t\t\t\t\t\t<\/div>\r\n\t\t\t\t<h2 class=\"listing-title-nl\">Evasion Marine, 2-4 pers\t\t\t\t\t<div class=\"listing-title-badges-nl\">\r\n\t\t\t\t\t\t\t\t\t\t\t\t\t\t\t\t\t<\/div>\r\n\t\t\t\t<\/h2>\r\n\t\t\t\t<p class=\"listing-location-nl\">Les Sables Blancs<\/p>\r\n\r\n\t\t\t\t\t\t<div class=\"listing-features-nl\">\r\n\t\t\t\t\t\t\t\t\t\t\t\t<!-- Regular Field Template -->\r\n\t\t\t\t\t<div class=\"feature-tag-nl main-detail-_size\">\r\n\t\t\t\t\t\t<i class=\"fas fa-check\"><\/i>\r\n\t\t\t\t\t\t\t\t\t\t\t\t\t\t\t\t\t\t\t\t<span>53<\/span>\r\n\t\t\t\t\t\t\t\t\t\t\t\t<div class=\"tooltip-nl\">Size<\/div>\r\n\t\t\t\t\t<\/div>\r\n\t\t\t\t\t\t\t\t\t\t\t\t\t\t\t\t<!-- Regular Field Template -->\r\n\t\t\t\t\t<div class=\"feature-tag-nl main-detail-_guests\">\r\n\t\t\t\t\t\t<i class=\"fas fa-check\"><\/i>\r\n\t\t\t\t\t\t\t\t\t\t\t\t\t\t\t\t\t\t\t\t<span>4<\/span>\r\n\t\t\t\t\t\t\t\t\t\t\t\t<div class=\"tooltip-nl\">Guest(s)<\/div>\r\n\t\t\t\t\t<\/div>\r\n\t\t\t\t\t\t\t\t\t\t\t\t\t\t\t\t<!-- Regular Field Template -->\r\n\t\t\t\t\t<div class=\"feature-tag-nl main-detail-_number_of_bedrooms\">\r\n\t\t\t\t\t\t<i class=\"fas fa-check\"><\/i>\r\n\t\t\t\t\t\t\t\t\t\t\t\t\t\t\t\t\t\t\t\t<span>2<\/span>\r\n\t\t\t\t\t\t\t\t\t\t\t\t<div class=\"tooltip-nl\">Bedroom(s)<\/div>\r\n\t\t\t\t\t<\/div>\r\n\t\t\t\t\t\t\t\t\t\t<\/div>\r\n\r\n\t\t\t\t\t<div class=\"listing-amenities-nl\">\r\n\t\t\t\t\t\t\r\n\t\t\t\t\t<\/div>\r\n\t\t\t\t\t\t\t<\/div>\r\n\r\n\t\t\t<!-- Sidebar Column (Right) -->\r\n\t\t\t<div class=\"details-sidebar-col-nl\">\r\n\t\t\t\t<div class=\"details-sidebar-upper-nl\">\r\n\r\n\t\t\t\t\t\t\t\t\t<\/div>\r\n\t\t\t\t\t\t\t\t\t\t<div class=\"listing-booking-nl\">\r\n\t\t\t\t\t\t\t<p class=\"price-nl\">Commence \u00e0 partir de 85,00&euro;<\/p>\r\n\t\t\t\t\t\t\t\t\t\t\t\t\t<\/div>\r\n\t\t\t\t\r\n\r\n\t\t\t<\/div>\r\n\r\n\r\n\t\t<\/a>\r\n\t<\/div>\r\n<\/div>\r\n\r\n\r\n<!-- Listing Item \/ End --><!-- Listing Item -->\r\n\r\n\r\n<div  class=\"listing-card-container-nl margin-bottom-30 listing-geo-data\" \r\n\t\tdata-title=\"Ma Bicoque &#8211; G\u00eete cosy 4 pers. \u00e0 5 min des plages de Cabourg et Houlgate\"\r\n\t\tdata-listing-type=\"rental\"\r\n\t\tdata-classifieds-price=\"&euro;\"\r\n\t\tdata-friendly-address=\"Ma bicoque entre Cabourg et Houlgate\"\r\n\t\tdata-address=\"Ma bicoque entre Cabourg et Houlgate\"\r\n\t\tdata-image=\"https:\/\/cparici.com\/wp-content\/uploads\/2026\/01\/1R2A6044_HDR-copie-1-520x397.jpg\"\r\n\t\tdata-longitude=\"-0.104756\"\r\n\t\tdata-latitude=\"49.2878888\"\r\n\t\t\t\t\tdata-rating=\"4.9\"\r\n\t\t\tdata-reviews=\"26\"\r\n\t\t\t\tdata-icon=\"&lt;svg xmlns=&quot;http:\/\/www.w3.org\/2000\/svg&quot; width=&quot;800px&quot; height=&quot;800px&quot; viewBox=&quot;0 0 45 45&quot; fill=&quot;none&quot;&gt;\n&lt;path d=&quot;M24.155 8.78099L24.33 8.94499L37.402 21.787L36 23.213L34.2 21.445L34.201 35C34.201 36.054 33.385 36.918 32.35 36.994L32.201 37H12.201C11.147 37 10.283 36.184 10.206 35.149L10.201 35L10.2 21.446L8.402 23.213L7 21.787L20.058 8.95799C21.171 7.82199 22.966 7.75899 24.155 8.78099ZM21.569 10.285L21.473 10.372L12.2 19.481L12.201 35L17.2 34.999L17.201 25C17.201 23.946 18.017 23.082 19.052 23.005L19.201 23H25.201C26.255 23 27.119 23.816 27.196 24.851L27.201 25L27.2 34.999L32.201 35L32.2 19.48L22.901 10.344C22.537 9.98699 21.969 9.96499 21.569 10.285ZM25.201 25H19.201L19.2 34.999H25.2L25.201 25Z&quot; fill=&quot;#3C3C3C&quot;\/&gt;\n&lt;\/svg&gt;\"\r\n\r\n\t>\r\n\t<div class=\"listing-card-nl\">\r\n\t\t<!-- ===== LEFT: IMAGE SLIDER ===== -->\r\n\t\t<div class=\"listing-image-container-nl\">\r\n\t\t\t<a href=\"https:\/\/cparici.com\/fr\/annonce\/ma-bicoque-gite-cosy-4-pers-a-5-min-des-plages-de-cabourg-et-houlgate\/\">\r\n\t\t\t\t<div class=\"slider-wrapper-nl\">\r\n\t\t\t\t\t\t\t\t\t<img decoding=\"async\" src=\"https:\/\/cparici.com\/wp-content\/uploads\/2026\/01\/1R2A6044_HDR-copie-1-520x397.jpg\" alt=\"Ma Bicoque &#8211; G\u00eete cosy 4 pers. \u00e0 5 min des plages de Cabourg et Houlgate\" class=\"slider-image-nl\">\r\n\t\t\t\t\t\t<img decoding=\"async\" src=\"https:\/\/cparici.com\/wp-content\/uploads\/2026\/01\/1R2A6020_HDR-copie-1-520x397.jpg\" alt=\"Ma Bicoque &#8211; G\u00eete cosy 4 pers. \u00e0 5 min des plages de Cabourg et Houlgate\" class=\"slider-image-nl\">\r\n\t\t\t\t\t\t<img decoding=\"async\" src=\"https:\/\/cparici.com\/wp-content\/uploads\/2026\/01\/1R2A6026_HDR-copie-1-520x397.jpg\" alt=\"Ma Bicoque &#8211; G\u00eete cosy 4 pers. \u00e0 5 min des plages de Cabourg et Houlgate\" class=\"slider-image-nl\">\r\n\t\t\t\t\t\t<\/div>\r\n\t\t\t<\/a>\r\n\r\n\t\t\t\t\t\t<div class=\"slider-arrow-nl left-nl\" id=\"prevBtn\"><i class=\"fa-solid fa-chevron-left\"><\/i><\/div>\r\n\t\t\t<div class=\"slider-arrow-nl right-nl\" id=\"nextBtn\"><i class=\"fa-solid fa-chevron-right\"><\/i><\/div>\r\n\t\t\t<div class=\"image-overlay-top-nl\">\r\n\r\n\t\t\t\t<span class=\"listing-category-tag-nl\">H\u00e9bergements<\/span>\t\t\t\t\r\n\t\t\t\t\t\t\t\t\t\t\t\t<div class=\"favorite-icon-nl\" id=\"favoriteBtn\">\r\n\t\t\t\t\t\t\t\t<span class=\"save fa-regular fa-heart tooltip left\" title=\"Connexion pour marquer des \u00e9l\u00e9ments\"><\/span>\r\n\t\t\t\t\t\t\t<\/div>\r\n\t\t\t\t\t\t\t\t\t\t\t\r\n\r\n\t\t\t\t\t\t\t<\/div>\r\n\t\t<\/div>\r\n\r\n\t\t<!-- ===== RIGHT: LISTING DETAILS (NOW 2-COLUMN) ===== -->\r\n\t\t<a href=\"https:\/\/cparici.com\/fr\/annonce\/ma-bicoque-gite-cosy-4-pers-a-5-min-des-plages-de-cabourg-et-houlgate\/\" class=\"listing-details-nl\">\r\n\r\n\t\t\t<!-- Main Content Column (Left) -->\r\n\t\t\t<div class=\"details-main-col-nl\">\r\n\t\t\t\t<div class=\"listing-badges-nl\">\r\n\t\t\t\t\t\t\t\t\t\t<span class=\"badge-nl featured-nl\"><i class=\"fa-solid fa-star\"><\/i> En vedette<\/span>\t\t\t\t<\/div>\r\n\t\t\t\t<h2 class=\"listing-title-nl\">Ma Bicoque &#8211; G\u00eete cosy 4 pers. \u00e0 5 min des plages de Cabourg et Houlgate\t\t\t\t\t<div class=\"listing-title-badges-nl\">\r\n\t\t\t\t\t\t\t\t\t\t\t\t\t\t\t\t\t<\/div>\r\n\t\t\t\t<\/h2>\r\n\t\t\t\t<p class=\"listing-location-nl\">Ma bicoque entre Cabourg et Houlgate<\/p>\r\n\r\n\t\t\t\t\r\n\t\t\t\t\t<div class=\"listing-amenities-nl\">\r\n\t\t\t\t\t\t\r\n\t\t\t\t\t<\/div>\r\n\t\t\t\t\t\t\t<\/div>\r\n\r\n\t\t\t<!-- Sidebar Column (Right) -->\r\n\t\t\t<div class=\"details-sidebar-col-nl\">\r\n\t\t\t\t<div class=\"details-sidebar-upper-nl\">\r\n\r\n\t\t\t\t\t\t\t\t\t\t\t\t<div class=\"listing-rating-nl\">\r\n\t\t\t\t\t\t\t\t<div class=\"stars-nl\" data-rating=\"4.9\">\r\n\r\n\t\t\t\t\t\t\t\t\t<div class=\"listing-rating-nl\">\n                      <div class=\"stars-nl\">\n                          <i class=\"fa-solid fa-star\"><\/i>\n                            <i class=\"fa-solid fa-star\"><\/i>\n                            <i class=\"fa-solid fa-star\"><\/i>\n                            <i class=\"fa-solid fa-star\"><\/i>\n                            <i class=\"fa-solid fa-star-half-stroke\"><\/i>\n                      <\/div>\n                       <div class=\"rating-text-nl\">4.9 <span>(26)<\/span><\/div><\/div> \t\t\t\t\t\t\t\t<\/div>\r\n\t\t\t\t\t\t\t<\/div>\r\n\t\t\t\t\t\t\t\t\t<\/div>\r\n\t\t\t\t\t\t\t\t\t\t<div class=\"listing-booking-nl\">\r\n\t\t\t\t\t\t\t<p class=\"price-nl\">100,00&euro; - 160,00&euro;<\/p>\r\n\t\t\t\t\t\t\t\t\t\t\t\t\t<\/div>\r\n\t\t\t\t\r\n\r\n\t\t\t<\/div>\r\n\r\n\r\n\t\t<\/a>\r\n\t<\/div>\r\n<\/div>\r\n\r\n\r\n<!-- Listing Item \/ End --><!-- Listing Item -->\r\n\r\n\r\n<div  class=\"listing-card-container-nl margin-bottom-30 listing-geo-data\" \r\n\t\tdata-title=\"L\u2019 Appart Quimp\u00e9rois\"\r\n\t\tdata-listing-type=\"rental\"\r\n\t\tdata-classifieds-price=\"&euro;\"\r\n\t\tdata-friendly-address=\"Quimper, France\"\r\n\t\tdata-address=\"Quimper, France\"\r\n\t\tdata-image=\"https:\/\/cparici.com\/wp-content\/uploads\/2025\/10\/IMG_2378-520x397.jpeg\"\r\n\t\tdata-longitude=\"-4.0996181\"\r\n\t\tdata-latitude=\"48.0000428\"\r\n\t\t\t\t\tdata-rating=\"0\"\r\n\t\t\tdata-reviews=\"0\"\r\n\t\t\t\tdata-icon=\"&lt;svg xmlns=&quot;http:\/\/www.w3.org\/2000\/svg&quot; width=&quot;800px&quot; height=&quot;800px&quot; viewBox=&quot;0 0 45 45&quot; fill=&quot;none&quot;&gt;\n&lt;path d=&quot;M24.155 8.78099L24.33 8.94499L37.402 21.787L36 23.213L34.2 21.445L34.201 35C34.201 36.054 33.385 36.918 32.35 36.994L32.201 37H12.201C11.147 37 10.283 36.184 10.206 35.149L10.201 35L10.2 21.446L8.402 23.213L7 21.787L20.058 8.95799C21.171 7.82199 22.966 7.75899 24.155 8.78099ZM21.569 10.285L21.473 10.372L12.2 19.481L12.201 35L17.2 34.999L17.201 25C17.201 23.946 18.017 23.082 19.052 23.005L19.201 23H25.201C26.255 23 27.119 23.816 27.196 24.851L27.201 25L27.2 34.999L32.201 35L32.2 19.48L22.901 10.344C22.537 9.98699 21.969 9.96499 21.569 10.285ZM25.201 25H19.201L19.2 34.999H25.2L25.201 25Z&quot; fill=&quot;#3C3C3C&quot;\/&gt;\n&lt;\/svg&gt;\"\r\n\r\n\t>\r\n\t<div class=\"listing-card-nl\">\r\n\t\t<!-- ===== LEFT: IMAGE SLIDER ===== -->\r\n\t\t<div class=\"listing-image-container-nl\">\r\n\t\t\t<a href=\"https:\/\/cparici.com\/fr\/annonce\/l-appart-quimperois\/\">\r\n\t\t\t\t<div class=\"slider-wrapper-nl\">\r\n\t\t\t\t\t\t\t\t\t<img decoding=\"async\" src=\"https:\/\/cparici.com\/wp-content\/uploads\/2025\/10\/IMG_2378-520x397.jpeg\" alt=\"appart quimperois\" class=\"slider-image-nl\">\r\n\t\t\t\t\t\t<img decoding=\"async\" src=\"https:\/\/cparici.com\/wp-content\/uploads\/2025\/10\/IMG_2380-520x397.jpeg\" alt=\"location appartement quimper\" class=\"slider-image-nl\">\r\n\t\t\t\t\t\t<img decoding=\"async\" src=\"https:\/\/cparici.com\/wp-content\/uploads\/2025\/10\/IMG_2353-520x397.jpeg\" alt=\"air bnb appartement quimper\" class=\"slider-image-nl\">\r\n\t\t\t\t\t\t<\/div>\r\n\t\t\t<\/a>\r\n\r\n\t\t\t\t\t\t<div class=\"slider-arrow-nl left-nl\" id=\"prevBtn\"><i class=\"fa-solid fa-chevron-left\"><\/i><\/div>\r\n\t\t\t<div class=\"slider-arrow-nl right-nl\" id=\"nextBtn\"><i class=\"fa-solid fa-chevron-right\"><\/i><\/div>\r\n\t\t\t<div class=\"image-overlay-top-nl\">\r\n\r\n\t\t\t\t<span class=\"listing-category-tag-nl\">H\u00e9bergements<\/span>\t\t\t\t\r\n\t\t\t\t\t\t\t\t\t\t\t\t<div class=\"favorite-icon-nl\" id=\"favoriteBtn\">\r\n\t\t\t\t\t\t\t\t<span class=\"save fa-regular fa-heart tooltip left\" title=\"Connexion pour marquer des \u00e9l\u00e9ments\"><\/span>\r\n\t\t\t\t\t\t\t<\/div>\r\n\t\t\t\t\t\t\t\t\t\t\t\r\n\r\n\t\t\t\t\t\t\t<\/div>\r\n\t\t<\/div>\r\n\r\n\t\t<!-- ===== RIGHT: LISTING DETAILS (NOW 2-COLUMN) ===== -->\r\n\t\t<a href=\"https:\/\/cparici.com\/fr\/annonce\/l-appart-quimperois\/\" class=\"listing-details-nl\">\r\n\r\n\t\t\t<!-- Main Content Column (Left) -->\r\n\t\t\t<div class=\"details-main-col-nl\">\r\n\t\t\t\t<div class=\"listing-badges-nl\">\r\n\t\t\t\t\t\t\t\t\t\t<span class=\"badge-nl featured-nl\"><i class=\"fa-solid fa-star\"><\/i> En vedette<\/span>\t\t\t\t<\/div>\r\n\t\t\t\t<h2 class=\"listing-title-nl\">L\u2019 Appart Quimp\u00e9rois\t\t\t\t\t<div class=\"listing-title-badges-nl\">\r\n\t\t\t\t\t\t\t\t\t\t\t\t\t\t\t\t\t<\/div>\r\n\t\t\t\t<\/h2>\r\n\t\t\t\t<p class=\"listing-location-nl\">Quimper, France<\/p>\r\n\r\n\t\t\t\t\r\n\t\t\t\t\t<div class=\"listing-amenities-nl\">\r\n\t\t\t\t\t\t\r\n\t\t\t\t\t<\/div>\r\n\t\t\t\t\t\t\t<\/div>\r\n\r\n\t\t\t<!-- Sidebar Column (Right) -->\r\n\t\t\t<div class=\"details-sidebar-col-nl\">\r\n\t\t\t\t<div class=\"details-sidebar-upper-nl\">\r\n\r\n\t\t\t\t\t\t\t\t\t<\/div>\r\n\t\t\t\t\t\t\t\t\t\t<div class=\"listing-booking-nl\">\r\n\t\t\t\t\t\t\t<p class=\"price-nl\">85,00&euro; - 140,00&euro;<\/p>\r\n\t\t\t\t\t\t\t\t\t\t\t\t\t<\/div>\r\n\t\t\t\t\r\n\r\n\t\t\t<\/div>\r\n\r\n\r\n\t\t<\/a>\r\n\t<\/div>\r\n<\/div>\r\n\r\n\r\n<!-- Listing Item \/ End --><!-- Listing Item -->\r\n\r\n\r\n<div  class=\"listing-card-container-nl margin-bottom-30 listing-geo-data\" \r\n\t\tdata-title=\"Ty Gwenn \u2013 Maison vue mer \u00e0 Tr\u00e9l\u00e9vern \u2013 Terre \u00e0 Tribord, C\u00f4te de Granit Rose (Bretagne)\"\r\n\t\tdata-listing-type=\"rental\"\r\n\t\tdata-classifieds-price=\"&euro;\"\r\n\t\tdata-friendly-address=\"16 Le Rhun, Tr\u00e9l\u00e9vern, France\"\r\n\t\tdata-address=\"16 Le Rhun, Tr\u00e9l\u00e9vern, France\"\r\n\t\tdata-image=\"https:\/\/cparici.com\/wp-content\/uploads\/2025\/07\/1-520x397.jpg\"\r\n\t\tdata-longitude=\"-3.3808085\"\r\n\t\tdata-latitude=\"48.81022369999999\"\r\n\t\t\t\t\tdata-rating=\"4.9\"\r\n\t\t\tdata-reviews=\"18\"\r\n\t\t\t\tdata-icon=\"&lt;svg xmlns=&quot;http:\/\/www.w3.org\/2000\/svg&quot; width=&quot;800px&quot; height=&quot;800px&quot; viewBox=&quot;0 0 45 45&quot; fill=&quot;none&quot;&gt;\n&lt;path d=&quot;M24.155 8.78099L24.33 8.94499L37.402 21.787L36 23.213L34.2 21.445L34.201 35C34.201 36.054 33.385 36.918 32.35 36.994L32.201 37H12.201C11.147 37 10.283 36.184 10.206 35.149L10.201 35L10.2 21.446L8.402 23.213L7 21.787L20.058 8.95799C21.171 7.82199 22.966 7.75899 24.155 8.78099ZM21.569 10.285L21.473 10.372L12.2 19.481L12.201 35L17.2 34.999L17.201 25C17.201 23.946 18.017 23.082 19.052 23.005L19.201 23H25.201C26.255 23 27.119 23.816 27.196 24.851L27.201 25L27.2 34.999L32.201 35L32.2 19.48L22.901 10.344C22.537 9.98699 21.969 9.96499 21.569 10.285ZM25.201 25H19.201L19.2 34.999H25.2L25.201 25Z&quot; fill=&quot;#3C3C3C&quot;\/&gt;\n&lt;\/svg&gt;\"\r\n\r\n\t>\r\n\t<div class=\"listing-card-nl\">\r\n\t\t<!-- ===== LEFT: IMAGE SLIDER ===== -->\r\n\t\t<div class=\"listing-image-container-nl\">\r\n\t\t\t<a href=\"https:\/\/cparici.com\/fr\/annonce\/ty-gwenn-maison-vue-mer-a-trelevern-terre-a-tribord-cote-de-granit-rose-bretagne\/\">\r\n\t\t\t\t<div class=\"slider-wrapper-nl\">\r\n\t\t\t\t\t\t\t\t\t<img decoding=\"async\" src=\"https:\/\/cparici.com\/wp-content\/uploads\/2025\/07\/1-520x397.jpg\" alt=\"location vacances cote d&#039;armor ty Gwenn\" class=\"slider-image-nl\">\r\n\t\t\t\t\t\t<img decoding=\"async\" src=\"https:\/\/cparici.com\/wp-content\/uploads\/2025\/07\/2-520x397.jpg\" alt=\"gite cote de Granit Rose Trelevern ty Gwenn\" class=\"slider-image-nl\">\r\n\t\t\t\t\t\t<img decoding=\"async\" src=\"https:\/\/cparici.com\/wp-content\/uploads\/2025\/07\/IMG_20230701_153442b-520x397.jpg\" alt=\"gite Trelevern ty Gwenn\" class=\"slider-image-nl\">\r\n\t\t\t\t\t\t<\/div>\r\n\t\t\t<\/a>\r\n\r\n\t\t\t\t\t\t<div class=\"slider-arrow-nl left-nl\" id=\"prevBtn\"><i class=\"fa-solid fa-chevron-left\"><\/i><\/div>\r\n\t\t\t<div class=\"slider-arrow-nl right-nl\" id=\"nextBtn\"><i class=\"fa-solid fa-chevron-right\"><\/i><\/div>\r\n\t\t\t<div class=\"image-overlay-top-nl\">\r\n\r\n\t\t\t\t<span class=\"listing-category-tag-nl\">H\u00e9bergements<\/span>\t\t\t\t\r\n\t\t\t\t\t\t\t\t\t\t\t\t<div class=\"favorite-icon-nl\" id=\"favoriteBtn\">\r\n\t\t\t\t\t\t\t\t<span class=\"save fa-regular fa-heart tooltip left\" title=\"Connexion pour marquer des \u00e9l\u00e9ments\"><\/span>\r\n\t\t\t\t\t\t\t<\/div>\r\n\t\t\t\t\t\t\t\t\t\t\t\r\n\r\n\t\t\t\t\t\t\t<\/div>\r\n\t\t<\/div>\r\n\r\n\t\t<!-- ===== RIGHT: LISTING DETAILS (NOW 2-COLUMN) ===== -->\r\n\t\t<a href=\"https:\/\/cparici.com\/fr\/annonce\/ty-gwenn-maison-vue-mer-a-trelevern-terre-a-tribord-cote-de-granit-rose-bretagne\/\" class=\"listing-details-nl\">\r\n\r\n\t\t\t<!-- Main Content Column (Left) -->\r\n\t\t\t<div class=\"details-main-col-nl\">\r\n\t\t\t\t<div class=\"listing-badges-nl\">\r\n\t\t\t\t\t\t\t\t\t\t<span class=\"badge-nl featured-nl\"><i class=\"fa-solid fa-star\"><\/i> En vedette<\/span>\t\t\t\t<\/div>\r\n\t\t\t\t<h2 class=\"listing-title-nl\">Ty Gwenn \u2013 Maison vue mer \u00e0 Tr\u00e9l\u00e9vern \u2013 Terre \u00e0 Tribord, C\u00f4te de Granit Rose (Bretagne)\t\t\t\t\t<div class=\"listing-title-badges-nl\">\r\n\t\t\t\t\t\t\t\t\t\t\t\t\t\t\t\t\t<\/div>\r\n\t\t\t\t<\/h2>\r\n\t\t\t\t<p class=\"listing-location-nl\">16 Le Rhun, Tr\u00e9l\u00e9vern, France<\/p>\r\n\r\n\t\t\t\t\r\n\t\t\t\t\t<div class=\"listing-amenities-nl\">\r\n\t\t\t\t\t\t\r\n\t\t\t\t\t<\/div>\r\n\t\t\t\t\t\t\t<\/div>\r\n\r\n\t\t\t<!-- Sidebar Column (Right) -->\r\n\t\t\t<div class=\"details-sidebar-col-nl\">\r\n\t\t\t\t<div class=\"details-sidebar-upper-nl\">\r\n\r\n\t\t\t\t\t\t\t\t\t\t\t\t<div class=\"listing-rating-nl\">\r\n\t\t\t\t\t\t\t\t<div class=\"stars-nl\" data-rating=\"4.9\">\r\n\r\n\t\t\t\t\t\t\t\t\t<div class=\"listing-rating-nl\">\n                      <div class=\"stars-nl\">\n                          <i class=\"fa-solid fa-star\"><\/i>\n                            <i class=\"fa-solid fa-star\"><\/i>\n                            <i class=\"fa-solid fa-star\"><\/i>\n                            <i class=\"fa-solid fa-star\"><\/i>\n                            <i class=\"fa-solid fa-star-half-stroke\"><\/i>\n                      <\/div>\n                       <div class=\"rating-text-nl\">4.9 <span>(18)<\/span><\/div><\/div> \t\t\t\t\t\t\t\t<\/div>\r\n\t\t\t\t\t\t\t<\/div>\r\n\t\t\t\t\t\t\t\t\t<\/div>\r\n\t\t\t\t\t\t\t\t\t\t<div class=\"listing-booking-nl\">\r\n\t\t\t\t\t\t\t<p class=\"price-nl\">70,00&euro; - 192,00&euro;<\/p>\r\n\t\t\t\t\t\t\t\t\t\t\t\t\t<\/div>\r\n\t\t\t\t\r\n\r\n\t\t\t<\/div>\r\n\r\n\r\n\t\t<\/a>\r\n\t<\/div>\r\n<\/div>\r\n\r\n\r\n<!-- Listing Item \/ End --><!-- Listing Item -->\r\n\r\n\r\n<div  class=\"listing-card-container-nl margin-bottom-30 listing-geo-data\" \r\n\t\tdata-title=\"Villa Font Vive : maison d&#8217;h\u00f4tes \u00e9cocertifi\u00e9e\"\r\n\t\tdata-listing-type=\"rental\"\r\n\t\tdata-classifieds-price=\"&euro;\"\r\n\t\tdata-friendly-address=\"285 Rte de Font-Vive, Grospierres, France\"\r\n\t\tdata-address=\"285 Rte de Font-Vive, Grospierres, France\"\r\n\t\tdata-image=\"https:\/\/cparici.com\/wp-content\/uploads\/2025\/08\/photo-principale-520x397.jpg\"\r\n\t\tdata-longitude=\"4.283054496237901\"\r\n\t\tdata-latitude=\"44.39032803839849\"\r\n\t\t\t\t\tdata-rating=\"4.8\"\r\n\t\t\tdata-reviews=\"188\"\r\n\t\t\t\tdata-icon=\"&lt;svg xmlns=&quot;http:\/\/www.w3.org\/2000\/svg&quot; width=&quot;800px&quot; height=&quot;800px&quot; viewBox=&quot;0 0 45 45&quot; fill=&quot;none&quot;&gt;\n&lt;path d=&quot;M24.155 8.78099L24.33 8.94499L37.402 21.787L36 23.213L34.2 21.445L34.201 35C34.201 36.054 33.385 36.918 32.35 36.994L32.201 37H12.201C11.147 37 10.283 36.184 10.206 35.149L10.201 35L10.2 21.446L8.402 23.213L7 21.787L20.058 8.95799C21.171 7.82199 22.966 7.75899 24.155 8.78099ZM21.569 10.285L21.473 10.372L12.2 19.481L12.201 35L17.2 34.999L17.201 25C17.201 23.946 18.017 23.082 19.052 23.005L19.201 23H25.201C26.255 23 27.119 23.816 27.196 24.851L27.201 25L27.2 34.999L32.201 35L32.2 19.48L22.901 10.344C22.537 9.98699 21.969 9.96499 21.569 10.285ZM25.201 25H19.201L19.2 34.999H25.2L25.201 25Z&quot; fill=&quot;#3C3C3C&quot;\/&gt;\n&lt;\/svg&gt;\"\r\n\r\n\t>\r\n\t<div class=\"listing-card-nl\">\r\n\t\t<!-- ===== LEFT: IMAGE SLIDER ===== -->\r\n\t\t<div class=\"listing-image-container-nl\">\r\n\t\t\t<a href=\"https:\/\/cparici.com\/fr\/annonce\/villa-font-vive-maison-dhotes-ecocertifiee\/\">\r\n\t\t\t\t<div class=\"slider-wrapper-nl\">\r\n\t\t\t\t\t\t\t\t\t<img decoding=\"async\" src=\"https:\/\/cparici.com\/wp-content\/uploads\/2025\/08\/photo-principale-520x397.jpg\" alt=\"Villa Font Vive : maison d&#8217;h\u00f4tes \u00e9cocertifi\u00e9e\" class=\"slider-image-nl\">\r\n\t\t\t\t\t\t<img decoding=\"async\" src=\"https:\/\/cparici.com\/wp-content\/uploads\/2025\/08\/IMG_20231104_145449_147-520x397.jpg\" alt=\"Villa Font Vive : maison d&#8217;h\u00f4tes \u00e9cocertifi\u00e9e\" class=\"slider-image-nl\">\r\n\t\t\t\t\t\t<img decoding=\"async\" src=\"https:\/\/cparici.com\/wp-content\/uploads\/2025\/08\/IMG_20230729_083359_855-1-520x397.jpg\" alt=\"Villa Font Vive : maison d&#8217;h\u00f4tes \u00e9cocertifi\u00e9e\" class=\"slider-image-nl\">\r\n\t\t\t\t\t\t<\/div>\r\n\t\t\t<\/a>\r\n\r\n\t\t\t\t\t\t\t\t<div class=\"status-button-nl closed-nl\">\r\n\t\t\t\t\t\tFerm\u00e9 maintenant\t\t\t\t\t<\/div>\r\n\t\t\t\t\t\t<div class=\"slider-arrow-nl left-nl\" id=\"prevBtn\"><i class=\"fa-solid fa-chevron-left\"><\/i><\/div>\r\n\t\t\t<div class=\"slider-arrow-nl right-nl\" id=\"nextBtn\"><i class=\"fa-solid fa-chevron-right\"><\/i><\/div>\r\n\t\t\t<div class=\"image-overlay-top-nl\">\r\n\r\n\t\t\t\t<span class=\"listing-category-tag-nl\">H\u00e9bergements<\/span>\t\t\t\t\r\n\t\t\t\t\t\t\t\t\t\t\t\t<div class=\"favorite-icon-nl\" id=\"favoriteBtn\">\r\n\t\t\t\t\t\t\t\t<span class=\"save fa-regular fa-heart tooltip left\" title=\"Connexion pour marquer des \u00e9l\u00e9ments\"><\/span>\r\n\t\t\t\t\t\t\t<\/div>\r\n\t\t\t\t\t\t\t\t\t\t\t\r\n\r\n\t\t\t\t\t\t\t<\/div>\r\n\t\t<\/div>\r\n\r\n\t\t<!-- ===== RIGHT: LISTING DETAILS (NOW 2-COLUMN) ===== -->\r\n\t\t<a href=\"https:\/\/cparici.com\/fr\/annonce\/villa-font-vive-maison-dhotes-ecocertifiee\/\" class=\"listing-details-nl\">\r\n\r\n\t\t\t<!-- Main Content Column (Left) -->\r\n\t\t\t<div class=\"details-main-col-nl\">\r\n\t\t\t\t<div class=\"listing-badges-nl\">\r\n\t\t\t\t\t\t\t\t\t\t<span class=\"badge-nl featured-nl\"><i class=\"fa-solid fa-star\"><\/i> En vedette<\/span>\t\t\t\t<\/div>\r\n\t\t\t\t<h2 class=\"listing-title-nl\">Villa Font Vive : maison d&#8217;h\u00f4tes \u00e9cocertifi\u00e9e\t\t\t\t\t<div class=\"listing-title-badges-nl\">\r\n\t\t\t\t\t\t\t\t\t\t\t\t\t\t\t\t\t<\/div>\r\n\t\t\t\t<\/h2>\r\n\t\t\t\t<p class=\"listing-location-nl\">285 Rte de Font-Vive, Grospierres, France<\/p>\r\n\r\n\t\t\t\t\r\n\t\t\t\t\t<div class=\"listing-amenities-nl\">\r\n\t\t\t\t\t\t\r\n\t\t\t\t\t<\/div>\r\n\t\t\t\t\t\t\t<\/div>\r\n\r\n\t\t\t<!-- Sidebar Column (Right) -->\r\n\t\t\t<div class=\"details-sidebar-col-nl\">\r\n\t\t\t\t<div class=\"details-sidebar-upper-nl\">\r\n\r\n\t\t\t\t\t\t\t\t\t\t\t\t<div class=\"listing-rating-nl\">\r\n\t\t\t\t\t\t\t\t<div class=\"stars-nl\" data-rating=\"4.8\">\r\n\r\n\t\t\t\t\t\t\t\t\t<div class=\"listing-rating-nl\">\n                      <div class=\"stars-nl\">\n                          <i class=\"fa-solid fa-star\"><\/i>\n                            <i class=\"fa-solid fa-star\"><\/i>\n                            <i class=\"fa-solid fa-star\"><\/i>\n                            <i class=\"fa-solid fa-star\"><\/i>\n                            <i class=\"fa-solid fa-star-half-stroke\"><\/i>\n                      <\/div>\n                       <div class=\"rating-text-nl\">4.8 <span>(188)<\/span><\/div><\/div> \t\t\t\t\t\t\t\t<\/div>\r\n\t\t\t\t\t\t\t<\/div>\r\n\t\t\t\t\t\t\t\t\t<\/div>\r\n\t\t\t\t\t\t\t\t\t\t<div class=\"listing-booking-nl\">\r\n\t\t\t\t\t\t\t<p class=\"price-nl\">80,00&euro; - 120,00&euro;<\/p>\r\n\t\t\t\t\t\t\t\t\t\t\t\t\t<\/div>\r\n\t\t\t\t\r\n\r\n\t\t\t<\/div>\r\n\r\n\r\n\t\t<\/a>\r\n\t<\/div>\r\n<\/div>\r\n\r\n\r\n<!-- Listing Item \/ End --><!-- Listing Item -->\r\n\r\n\r\n<div  class=\"listing-card-container-nl margin-bottom-30 listing-geo-data\" \r\n\t\tdata-title=\"Le 36 Maison d&#8217;h\u00f4tes Piscine&amp;Spa\"\r\n\t\tdata-listing-type=\"rental\"\r\n\t\tdata-classifieds-price=\"&euro;\"\r\n\t\tdata-friendly-address=\"36 Avenue des Vieux Moulins\"\r\n\t\tdata-address=\"36 Avenue des Vieux Moulins\"\r\n\t\tdata-image=\"https:\/\/cparici.com\/wp-content\/uploads\/2025\/12\/8f082204-485e-45a4-b2cf-359a6ea269b0_CkNIFlfL-2-520x397.jpg\"\r\n\t\tdata-longitude=\"-1.3331261\"\r\n\t\tdata-latitude=\"46.1859313\"\r\n\t\t\t\t\tdata-rating=\"5\"\r\n\t\t\tdata-reviews=\"190\"\r\n\t\t\t\tdata-icon=\"&lt;svg xmlns=&quot;http:\/\/www.w3.org\/2000\/svg&quot; width=&quot;800px&quot; height=&quot;800px&quot; viewBox=&quot;0 0 45 45&quot; fill=&quot;none&quot;&gt;\n&lt;path d=&quot;M24.155 8.78099L24.33 8.94499L37.402 21.787L36 23.213L34.2 21.445L34.201 35C34.201 36.054 33.385 36.918 32.35 36.994L32.201 37H12.201C11.147 37 10.283 36.184 10.206 35.149L10.201 35L10.2 21.446L8.402 23.213L7 21.787L20.058 8.95799C21.171 7.82199 22.966 7.75899 24.155 8.78099ZM21.569 10.285L21.473 10.372L12.2 19.481L12.201 35L17.2 34.999L17.201 25C17.201 23.946 18.017 23.082 19.052 23.005L19.201 23H25.201C26.255 23 27.119 23.816 27.196 24.851L27.201 25L27.2 34.999L32.201 35L32.2 19.48L22.901 10.344C22.537 9.98699 21.969 9.96499 21.569 10.285ZM25.201 25H19.201L19.2 34.999H25.2L25.201 25Z&quot; fill=&quot;#3C3C3C&quot;\/&gt;\n&lt;\/svg&gt;\"\r\n\r\n\t>\r\n\t<div class=\"listing-card-nl\">\r\n\t\t<!-- ===== LEFT: IMAGE SLIDER ===== -->\r\n\t\t<div class=\"listing-image-container-nl\">\r\n\t\t\t<a href=\"https:\/\/cparici.com\/fr\/annonce\/le-36-maison-dhotes-piscinespa\/\">\r\n\t\t\t\t<div class=\"slider-wrapper-nl\">\r\n\t\t\t\t\t\t\t\t\t<img decoding=\"async\" src=\"https:\/\/cparici.com\/wp-content\/uploads\/2025\/12\/8f082204-485e-45a4-b2cf-359a6ea269b0_CkNIFlfL-2-520x397.jpg\" alt=\"Le 36 Maison d&#8217;h\u00f4tes Piscine&amp;Spa\" class=\"slider-image-nl\">\r\n\t\t\t\t\t\t<img decoding=\"async\" src=\"https:\/\/cparici.com\/wp-content\/uploads\/2025\/12\/JACUZZI-520x397.jpg\" alt=\"Le 36 Maison d&#8217;h\u00f4tes Piscine&amp;Spa\" class=\"slider-image-nl\">\r\n\t\t\t\t\t\t<img decoding=\"async\" src=\"https:\/\/cparici.com\/wp-content\/uploads\/2025\/12\/JARDI-520x397.jpg\" alt=\"Le 36 Maison d&#8217;h\u00f4tes Piscine&amp;Spa\" class=\"slider-image-nl\">\r\n\t\t\t\t\t\t<\/div>\r\n\t\t\t<\/a>\r\n\r\n\t\t\t\t\t\t<div class=\"slider-arrow-nl left-nl\" id=\"prevBtn\"><i class=\"fa-solid fa-chevron-left\"><\/i><\/div>\r\n\t\t\t<div class=\"slider-arrow-nl right-nl\" id=\"nextBtn\"><i class=\"fa-solid fa-chevron-right\"><\/i><\/div>\r\n\t\t\t<div class=\"image-overlay-top-nl\">\r\n\r\n\t\t\t\t<span class=\"listing-category-tag-nl\">H\u00e9bergements<\/span>\t\t\t\t\r\n\t\t\t\t\t\t\t\t\t\t\t\t<div class=\"favorite-icon-nl\" id=\"favoriteBtn\">\r\n\t\t\t\t\t\t\t\t<span class=\"save fa-regular fa-heart tooltip left\" title=\"Connexion pour marquer des \u00e9l\u00e9ments\"><\/span>\r\n\t\t\t\t\t\t\t<\/div>\r\n\t\t\t\t\t\t\t\t\t\t\t\r\n\r\n\t\t\t\t\t\t\t<\/div>\r\n\t\t<\/div>\r\n\r\n\t\t<!-- ===== RIGHT: LISTING DETAILS (NOW 2-COLUMN) ===== -->\r\n\t\t<a href=\"https:\/\/cparici.com\/fr\/annonce\/le-36-maison-dhotes-piscinespa\/\" class=\"listing-details-nl\">\r\n\r\n\t\t\t<!-- Main Content Column (Left) -->\r\n\t\t\t<div class=\"details-main-col-nl\">\r\n\t\t\t\t<div class=\"listing-badges-nl\">\r\n\t\t\t\t\t\t\t\t\t\t\t\t\t\t<\/div>\r\n\t\t\t\t<h2 class=\"listing-title-nl\">Le 36 Maison d&#8217;h\u00f4tes Piscine&amp;Spa\t\t\t\t\t<div class=\"listing-title-badges-nl\">\r\n\t\t\t\t\t\t\t\t\t\t\t\t\t\t\t\t\t<\/div>\r\n\t\t\t\t<\/h2>\r\n\t\t\t\t<p class=\"listing-location-nl\">36 Avenue des Vieux Moulins<\/p>\r\n\r\n\t\t\t\t\r\n\t\t\t\t\t<div class=\"listing-amenities-nl\">\r\n\t\t\t\t\t\t\r\n\t\t\t\t\t<\/div>\r\n\t\t\t\t\t\t\t<\/div>\r\n\r\n\t\t\t<!-- Sidebar Column (Right) -->\r\n\t\t\t<div class=\"details-sidebar-col-nl\">\r\n\t\t\t\t<div class=\"details-sidebar-upper-nl\">\r\n\r\n\t\t\t\t\t\t\t\t\t\t\t\t<div class=\"listing-rating-nl\">\r\n\t\t\t\t\t\t\t\t<div class=\"stars-nl\" data-rating=\"5\">\r\n\r\n\t\t\t\t\t\t\t\t\t<div class=\"listing-rating-nl\">\n                      <div class=\"stars-nl\">\n                          <i class=\"fa-solid fa-star\"><\/i>\n                            <i class=\"fa-solid fa-star\"><\/i>\n                            <i class=\"fa-solid fa-star\"><\/i>\n                            <i class=\"fa-solid fa-star\"><\/i>\n                            <i class=\"fa-solid fa-star\"><\/i>\n                      <\/div>\n                       <div class=\"rating-text-nl\">5.0 <span>(190)<\/span><\/div><\/div> \t\t\t\t\t\t\t\t<\/div>\r\n\t\t\t\t\t\t\t<\/div>\r\n\t\t\t\t\t\t\t\t\t<\/div>\r\n\t\t\t\t\t\t\t\t\t\t<div class=\"listing-booking-nl\">\r\n\t\t\t\t\t\t\t<p class=\"price-nl\">150,00&euro; - 310,00&euro;<\/p>\r\n\t\t\t\t\t\t\t\t\t\t\t\t\t<\/div>\r\n\t\t\t\t\r\n\r\n\t\t\t<\/div>\r\n\r\n\r\n\t\t<\/a>\r\n\t<\/div>\r\n<\/div>\r\n\r\n\r\n<!-- Listing Item \/ End --><!-- Listing Item -->\r\n\r\n\r\n<div  class=\"listing-card-container-nl margin-bottom-30 listing-geo-data\" \r\n\t\tdata-title=\"Chalet 6 Pers Le Village Enchanteur\"\r\n\t\tdata-listing-type=\"rental\"\r\n\t\tdata-classifieds-price=\"&euro;\"\r\n\t\tdata-friendly-address=\"778 Impasse de la Fage, 24290 La Chapelle Aubareil\"\r\n\t\tdata-address=\"778 Impasse de la Fage, 24290 La Chapelle Aubareil\"\r\n\t\tdata-image=\"https:\/\/cparici.com\/wp-content\/uploads\/2025\/12\/village-520x397.jpg\"\r\n\t\tdata-longitude=\"1.1845288\"\r\n\t\tdata-latitude=\"45.0190344\"\r\n\t\t\t\t\tdata-rating=\"4.9\"\r\n\t\t\tdata-reviews=\"173\"\r\n\t\t\t\tdata-icon=\"&lt;svg xmlns=&quot;http:\/\/www.w3.org\/2000\/svg&quot; width=&quot;800px&quot; height=&quot;800px&quot; viewBox=&quot;0 0 45 45&quot; fill=&quot;none&quot;&gt;\n&lt;path d=&quot;M24.155 8.78099L24.33 8.94499L37.402 21.787L36 23.213L34.2 21.445L34.201 35C34.201 36.054 33.385 36.918 32.35 36.994L32.201 37H12.201C11.147 37 10.283 36.184 10.206 35.149L10.201 35L10.2 21.446L8.402 23.213L7 21.787L20.058 8.95799C21.171 7.82199 22.966 7.75899 24.155 8.78099ZM21.569 10.285L21.473 10.372L12.2 19.481L12.201 35L17.2 34.999L17.201 25C17.201 23.946 18.017 23.082 19.052 23.005L19.201 23H25.201C26.255 23 27.119 23.816 27.196 24.851L27.201 25L27.2 34.999L32.201 35L32.2 19.48L22.901 10.344C22.537 9.98699 21.969 9.96499 21.569 10.285ZM25.201 25H19.201L19.2 34.999H25.2L25.201 25Z&quot; fill=&quot;#3C3C3C&quot;\/&gt;\n&lt;\/svg&gt;\"\r\n\r\n\t>\r\n\t<div class=\"listing-card-nl\">\r\n\t\t<!-- ===== LEFT: IMAGE SLIDER ===== -->\r\n\t\t<div class=\"listing-image-container-nl\">\r\n\t\t\t<a href=\"https:\/\/cparici.com\/fr\/annonce\/le-village-enchanteur-chalet-6-pers\/\">\r\n\t\t\t\t<div class=\"slider-wrapper-nl\">\r\n\t\t\t\t\t\t\t\t\t<img decoding=\"async\" src=\"https:\/\/cparici.com\/wp-content\/uploads\/2025\/12\/village-520x397.jpg\" alt=\"Chalet 6 Pers Le Village Enchanteur\" class=\"slider-image-nl\">\r\n\t\t\t\t\t\t<img decoding=\"async\" src=\"https:\/\/cparici.com\/wp-content\/uploads\/2025\/12\/chalet-6pers-520x397.jpg\" alt=\"Chalet 6 Pers Le Village Enchanteur\" class=\"slider-image-nl\">\r\n\t\t\t\t\t\t<img decoding=\"async\" src=\"https:\/\/cparici.com\/wp-content\/uploads\/2025\/12\/chambre-chalet-520x397.jpg\" alt=\"Chalet 6 Pers Le Village Enchanteur\" class=\"slider-image-nl\">\r\n\t\t\t\t\t\t<\/div>\r\n\t\t\t<\/a>\r\n\r\n\t\t\t\t\t\t<div class=\"slider-arrow-nl left-nl\" id=\"prevBtn\"><i class=\"fa-solid fa-chevron-left\"><\/i><\/div>\r\n\t\t\t<div class=\"slider-arrow-nl right-nl\" id=\"nextBtn\"><i class=\"fa-solid fa-chevron-right\"><\/i><\/div>\r\n\t\t\t<div class=\"image-overlay-top-nl\">\r\n\r\n\t\t\t\t<span class=\"listing-category-tag-nl\">H\u00e9bergements<\/span>\t\t\t\t\r\n\t\t\t\t\t\t\t\t\t\t\t\t<div class=\"favorite-icon-nl\" id=\"favoriteBtn\">\r\n\t\t\t\t\t\t\t\t<span class=\"save fa-regular fa-heart tooltip left\" title=\"Connexion pour marquer des \u00e9l\u00e9ments\"><\/span>\r\n\t\t\t\t\t\t\t<\/div>\r\n\t\t\t\t\t\t\t\t\t\t\t\r\n\r\n\t\t\t\t\t\t\t<\/div>\r\n\t\t<\/div>\r\n\r\n\t\t<!-- ===== RIGHT: LISTING DETAILS (NOW 2-COLUMN) ===== -->\r\n\t\t<a href=\"https:\/\/cparici.com\/fr\/annonce\/le-village-enchanteur-chalet-6-pers\/\" class=\"listing-details-nl\">\r\n\r\n\t\t\t<!-- Main Content Column (Left) -->\r\n\t\t\t<div class=\"details-main-col-nl\">\r\n\t\t\t\t<div class=\"listing-badges-nl\">\r\n\t\t\t\t\t\t\t\t\t\t\t\t\t\t<\/div>\r\n\t\t\t\t<h2 class=\"listing-title-nl\">Chalet 6 Pers Le Village Enchanteur\t\t\t\t\t<div class=\"listing-title-badges-nl\">\r\n\t\t\t\t\t\t\t\t\t\t\t\t\t\t\t\t\t<\/div>\r\n\t\t\t\t<\/h2>\r\n\t\t\t\t<p class=\"listing-location-nl\">778 Impasse de la Fage, 24290 La Chapelle Aubareil<\/p>\r\n\r\n\t\t\t\t\r\n\t\t\t\t\t<div class=\"listing-amenities-nl\">\r\n\t\t\t\t\t\t\r\n\t\t\t\t\t<\/div>\r\n\t\t\t\t\t\t\t<\/div>\r\n\r\n\t\t\t<!-- Sidebar Column (Right) -->\r\n\t\t\t<div class=\"details-sidebar-col-nl\">\r\n\t\t\t\t<div class=\"details-sidebar-upper-nl\">\r\n\r\n\t\t\t\t\t\t\t\t\t\t\t\t<div class=\"listing-rating-nl\">\r\n\t\t\t\t\t\t\t\t<div class=\"stars-nl\" data-rating=\"4.9\">\r\n\r\n\t\t\t\t\t\t\t\t\t<div class=\"listing-rating-nl\">\n                      <div class=\"stars-nl\">\n                          <i class=\"fa-solid fa-star\"><\/i>\n                            <i class=\"fa-solid fa-star\"><\/i>\n                            <i class=\"fa-solid fa-star\"><\/i>\n                            <i class=\"fa-solid fa-star\"><\/i>\n                            <i class=\"fa-solid fa-star-half-stroke\"><\/i>\n                      <\/div>\n                       <div class=\"rating-text-nl\">4.9 <span>(173)<\/span><\/div><\/div> \t\t\t\t\t\t\t\t<\/div>\r\n\t\t\t\t\t\t\t<\/div>\r\n\t\t\t\t\t\t\t\t\t<\/div>\r\n\t\t\t\t\r\n\r\n\t\t\t<\/div>\r\n\r\n\r\n\t\t<\/a>\r\n\t<\/div>\r\n<\/div>\r\n\r\n\r\n<!-- Listing Item \/ End --><!-- Listing Item -->\r\n\r\n\r\n<div  class=\"listing-card-container-nl margin-bottom-30 listing-geo-data\" \r\n\t\tdata-title=\"Location de Mobylettes \u00e0 Pornichet\"\r\n\t\tdata-listing-type=\"service\"\r\n\t\tdata-classifieds-price=\"&euro;\"\r\n\t\tdata-friendly-address=\"\"\r\n\t\tdata-address=\"Pornichet, France\"\r\n\t\tdata-image=\"https:\/\/cparici.com\/wp-content\/uploads\/2025\/08\/Photo-Love-Baie-520x397.jpg\"\r\n\t\tdata-longitude=\"-2.340571\"\r\n\t\tdata-latitude=\"47.263426\"\r\n\t\t\t\t\tdata-rating=\"5\"\r\n\t\t\tdata-reviews=\"35\"\r\n\t\t\t\tdata-icon=\"&lt;svg xmlns=&quot;http:\/\/www.w3.org\/2000\/svg&quot; xmlns:xlink=&quot;http:\/\/www.w3.org\/1999\/xlink&quot; fill=&quot;#000000&quot; version=&quot;1.1&quot; id=&quot;Layer_1&quot; viewBox=&quot;0 0 64.004 64.004&quot; xml:space=&quot;preserve&quot;&gt;\n&lt;g&gt;\n\t&lt;g&gt;\n\t\t&lt;path d=&quot;M60.103,38.327c-4.169-7.268-10.669-12.104-16.526-12.319c-0.134-0.01-0.27-0.008-0.407-0.006l-0.18,0.002l-0.157-0.002 c-0.137-0.002-0.274-0.005-0.372,0.004c-5.891,0.217-12.391,5.053-16.559,12.32c-5.624,9.804-5.051,20.771,1.276,24.446 c3.571,2.078,8.299,1.505,12.966-1.563c1.735-1.143,3.979-1.144,5.716,0c2.816,1.852,5.654,2.795,8.247,2.795 c1.705,0,3.303-0.407,4.72-1.231C65.154,59.097,65.727,48.13,60.103,38.327z M57.821,61.044 c-2.892,1.679-6.852,1.132-10.863-1.507c-1.202-0.79-2.579-1.185-3.956-1.185s-2.755,0.395-3.956,1.185 c-4.012,2.638-7.971,3.186-10.863,1.507c-5.379-3.126-5.624-12.87-0.546-21.722c3.775-6.58,9.762-11.129,14.932-11.32 c0.073-0.005,0.147-0.001,0.223,0l0.199,0.002l0.222-0.002c0.074-0.002,0.149-0.004,0.257,0.002 c5.136,0.189,11.123,4.738,14.898,11.318C63.445,48.174,63.2,57.918,57.821,61.044z&quot;\/&gt;\n\t&lt;\/g&gt;\n&lt;\/g&gt;\n&lt;g&gt;\n\t&lt;g&gt;\n\t\t&lt;path d=&quot;M43.002,31c-2.206,0-4,1.794-4,4s1.794,4,4,4s4-1.794,4-4S45.208,31,43.002,31z M43.002,37c-1.103,0-2-0.898-2-2 c0-1.103,0.897-2,2-2s2,0.897,2,2C45.002,36.102,44.105,37,43.002,37z&quot;\/&gt;\n\t&lt;\/g&gt;\n&lt;\/g&gt;\n&lt;g&gt;\n\t&lt;g&gt;\n\t\t&lt;path d=&quot;M43.002,48c-2.206,0-4,1.794-4,4s1.794,4,4,4s4-1.794,4-4S45.208,48,43.002,48z M43.002,54c-1.103,0-2-0.898-2-2 c0-1.103,0.897-2,2-2s2,0.897,2,2C45.002,53.102,44.105,54,43.002,54z&quot;\/&gt;\n\t&lt;\/g&gt;\n&lt;\/g&gt;\n&lt;g&gt;\n\t&lt;g&gt;\n\t\t&lt;path d=&quot;M52.002,38c-2.206,0-4,1.794-4,4s1.794,4,4,4s4-1.794,4-4S54.208,38,52.002,38z M52.002,44c-1.103,0-2-0.898-2-2 c0-1.103,0.897-2,2-2s2,0.897,2,2C54.002,43.102,53.105,44,52.002,44z&quot;\/&gt;\n\t&lt;\/g&gt;\n&lt;\/g&gt;\n&lt;g&gt;\n\t&lt;g&gt;\n\t\t&lt;path d=&quot;M34.002,38c-2.206,0-4,1.794-4,4s1.794,4,4,4s4-1.794,4-4S36.208,38,34.002,38z M34.002,44c-1.103,0-2-0.898-2-2 c0-1.103,0.897-2,2-2s2,0.897,2,2C36.002,43.102,35.105,44,34.002,44z&quot;\/&gt;\n\t&lt;\/g&gt;\n&lt;\/g&gt;\n&lt;g&gt;\n\t&lt;g&gt;\n\t\t&lt;path d=&quot;M31.002,48c-2.206,0-4,1.794-4,4s1.794,4,4,4s4-1.794,4-4S33.208,48,31.002,48z M31.002,54c-1.103,0-2-0.898-2-2 c0-1.103,0.897-2,2-2s2,0.897,2,2C33.002,53.102,32.105,54,31.002,54z&quot;\/&gt;\n\t&lt;\/g&gt;\n&lt;\/g&gt;\n&lt;g&gt;\n\t&lt;g&gt;\n\t\t&lt;path d=&quot;M55.002,48c-2.206,0-4,1.794-4,4s1.794,4,4,4s4-1.794,4-4S57.208,48,55.002,48z M55.002,54c-1.103,0-2-0.898-2-2 c0-1.103,0.897-2,2-2s2,0.897,2,2C57.002,53.102,56.105,54,55.002,54z&quot;\/&gt;\n\t&lt;\/g&gt;\n&lt;\/g&gt;\n&lt;g&gt;\n\t&lt;g&gt;\n\t\t&lt;path d=&quot;M45.915,3.177C45.534,1.365,43.925,0,42.002,0s-3.532,1.365-3.913,3.177C27.686,4.077,20.002,8.503,20.002,14 c0,1.988,1.043,3.909,3,5.589V23c0,0.553,0.448,1.004,1,1.004h36c0.552,0,1-0.451,1-1.004v-3.411c1.957-1.679,3-3.601,3-5.589 C64.002,8.503,56.318,4.077,45.915,3.177z M42.002,2c0.754,0,1.404,0.425,1.745,1.043C43.17,3.021,42.592,3,42.002,3 s-1.168,0.021-1.745,0.043C40.598,2.425,41.248,2,42.002,2z M59.002,22.004h-34v-2h34V22.004z M59.797,18.004h-7.151 c2.044-2,3.356-4,3.356-7h-2c0,4-3.14,7-7,7h-11c-3.86,0-7-3-7-7h-2c0,3,1.312,5,3.356,7h-6.151c-1.087-1-2.205-2.342-2.205-4.002 c0-4.879,9.159-9.002,20-9.002s20,4.123,20,9.002C62.002,15.662,60.884,17.004,59.797,18.004z&quot;\/&gt;\n\t&lt;\/g&gt;\n&lt;\/g&gt;\n&lt;g&gt;\n\t&lt;g&gt;\n\t\t&lt;path d=&quot;M19.002,21c0-3.5-3.052-7.279-4.526-8.902c0.717-0.59,1.461-1.257,2.017-1.987c0.957-1.257,1.643-3.685,0.167-5.149 c-0.552-0.548-1.363-0.798-2.365-0.808c-2.182,0.025-4.196,0.81-6.144,1.57C7.033,6.16,5.979,6.571,4.906,6.843L4.733,6.888 c-0.661,0.17-2.037,0.526-2.356,0.048c0,0-0.048-0.079-0.035-0.357C2.44,4.539,4.486,2.51,5.586,1.42L4.178,0 c-1.293,1.281-3.7,3.667-3.833,6.483C0.314,7.119,0.436,7.632,0.716,8.05C1.821,9.7,4.04,9.13,5.231,8.824l0.166-0.042 c1.192-0.303,2.355-0.756,3.48-1.194c1.863-0.727,3.623-1.412,5.441-1.434c0.456,0.011,0.78,0.076,0.934,0.227 c0.537,0.533,0.145,1.868-0.35,2.518c-0.629,0.826-1.677,1.652-2.519,2.315l0.009,0.012c-0.028,0.022-0.061,0.031-0.087,0.057 c-0.217,0.21-5.303,5.203-5.303,9.717c0,3.318,1.283,5.258,2.969,6.223L9.008,35.89c-0.006,0.048-0.007,0.097-0.006,0.147 l0.926,25.001C9.99,62.699,11.34,64,13.002,64s3.012-1.301,3.074-2.962l0.926-25.001c0.001-0.05,0-0.099-0.006-0.148l-0.963-8.666 C17.719,26.258,19.002,24.318,19.002,21z M13.006,13.447c0.916,1.01,2.156,2.576,3.012,4.227l-1.016,1.523l-1.168-1.752 c-0.371-0.557-1.293-0.557-1.664,0l-1.168,1.752l-1.023-1.535C10.883,15.922,12.205,14.332,13.006,13.447z M14.077,60.964 C14.055,61.545,13.583,62,13.002,62s-1.053-0.455-1.075-1.036l-0.923-24.927l0.903-8.127c0.364,0.061,0.731,0.09,1.095,0.09 s0.731-0.029,1.095-0.09L15,36.037L14.077,60.964z M13.002,26c-2.542,0-4-1.822-4-5c0-0.337,0.041-0.681,0.112-1.029l1.056,1.584 c0.371,0.557,1.293,0.557,1.664,0l1.168-1.752l1.168,1.752C14.356,21.833,14.667,22,15.002,22c0.334,0,0.646-0.167,0.832-0.445 l1.053-1.58c0.074,0.349,0.115,0.692,0.115,1.025C17.002,24.178,15.544,26,13.002,26z&quot;\/&gt;\n\t&lt;\/g&gt;\n&lt;\/g&gt;\n&lt;g&gt;\n\t&lt;g&gt;\n\t\t&lt;rect x=&quot;0.002&quot; y=&quot;54&quot; width=&quot;2&quot; height=&quot;2&quot;\/&gt;\n\t&lt;\/g&gt;\n&lt;\/g&gt;\n&lt;g&gt;\n\t&lt;g&gt;\n\t\t&lt;rect x=&quot;0.002&quot; y=&quot;58&quot; width=&quot;2&quot; height=&quot;2&quot;\/&gt;\n\t&lt;\/g&gt;\n&lt;\/g&gt;\n&lt;g&gt;\n\t&lt;g&gt;\n\t\t&lt;rect x=&quot;0.002&quot; y=&quot;62&quot; width=&quot;2&quot; height=&quot;2&quot;\/&gt;\n\t&lt;\/g&gt;\n&lt;\/g&gt;\n&lt;g&gt;\n\t&lt;g&gt;\n\t\t&lt;rect x=&quot;4.002&quot; y=&quot;54&quot; width=&quot;2&quot; height=&quot;2&quot;\/&gt;\n\t&lt;\/g&gt;\n&lt;\/g&gt;\n&lt;g&gt;\n\t&lt;g&gt;\n\t\t&lt;rect x=&quot;4.002&quot; y=&quot;58&quot; width=&quot;2&quot; height=&quot;2&quot;\/&gt;\n\t&lt;\/g&gt;\n&lt;\/g&gt;\n&lt;g&gt;\n\t&lt;g&gt;\n\t\t&lt;rect x=&quot;4.002&quot; y=&quot;62&quot; width=&quot;2&quot; height=&quot;2&quot;\/&gt;\n\t&lt;\/g&gt;\n&lt;\/g&gt;\n&lt;\/svg&gt;\"\r\n\r\n\t>\r\n\t<div class=\"listing-card-nl\">\r\n\t\t<!-- ===== LEFT: IMAGE SLIDER ===== -->\r\n\t\t<div class=\"listing-image-container-nl\">\r\n\t\t\t<a href=\"https:\/\/cparici.com\/fr\/annonce\/location-de-mobylettes-a-pornichet\/\">\r\n\t\t\t\t<div class=\"slider-wrapper-nl\">\r\n\t\t\t\t\t\t\t\t\t<img decoding=\"async\" src=\"https:\/\/cparici.com\/wp-content\/uploads\/2025\/08\/Photo-Love-Baie-520x397.jpg\" alt=\"Location de Mobylettes \u00e0 Pornichet\" class=\"slider-image-nl\">\r\n\t\t\t\t\t\t<img decoding=\"async\" src=\"https:\/\/cparici.com\/wp-content\/uploads\/2025\/08\/Mobylettes-Bord-de-mer-520x397.jpg\" alt=\"Location de Mobylettes \u00e0 Pornichet\" class=\"slider-image-nl\">\r\n\t\t\t\t\t\t<img decoding=\"async\" src=\"https:\/\/cparici.com\/wp-content\/uploads\/2025\/08\/Duo_Mobylettes-520x397.jpg\" alt=\"Location de Mobylettes \u00e0 Pornichet\" class=\"slider-image-nl\">\r\n\t\t\t\t\t\t<\/div>\r\n\t\t\t<\/a>\r\n\r\n\t\t\t\t\t\t<div class=\"slider-arrow-nl left-nl\" id=\"prevBtn\"><i class=\"fa-solid fa-chevron-left\"><\/i><\/div>\r\n\t\t\t<div class=\"slider-arrow-nl right-nl\" id=\"nextBtn\"><i class=\"fa-solid fa-chevron-right\"><\/i><\/div>\r\n\t\t\t<div class=\"image-overlay-top-nl\">\r\n\r\n\t\t\t\t<span class=\"listing-category-tag-nl\">Ateliers et Activit\u00e9s D\u00e9couverte<\/span>\t\t\t\t\r\n\t\t\t\t\t\t\t\t\t\t\t\t<div class=\"favorite-icon-nl\" id=\"favoriteBtn\">\r\n\t\t\t\t\t\t\t\t<span class=\"save fa-regular fa-heart tooltip left\" title=\"Connexion pour marquer des \u00e9l\u00e9ments\"><\/span>\r\n\t\t\t\t\t\t\t<\/div>\r\n\t\t\t\t\t\t\t\t\t\t\t\r\n\r\n\t\t\t\t\t\t\t<\/div>\r\n\t\t<\/div>\r\n\r\n\t\t<!-- ===== RIGHT: LISTING DETAILS (NOW 2-COLUMN) ===== -->\r\n\t\t<a href=\"https:\/\/cparici.com\/fr\/annonce\/location-de-mobylettes-a-pornichet\/\" class=\"listing-details-nl\">\r\n\r\n\t\t\t<!-- Main Content Column (Left) -->\r\n\t\t\t<div class=\"details-main-col-nl\">\r\n\t\t\t\t<div class=\"listing-badges-nl\">\r\n\t\t\t\t\t\t\t\t\t\t<span class=\"badge-nl featured-nl\"><i class=\"fa-solid fa-star\"><\/i> En vedette<\/span>\t\t\t\t<\/div>\r\n\t\t\t\t<h2 class=\"listing-title-nl\">Location de Mobylettes \u00e0 Pornichet\t\t\t\t\t<div class=\"listing-title-badges-nl\">\r\n\t\t\t\t\t\t\t\t\t\t\t\t\t<div class=\"verified-icon-nl title-badge-nl\">\r\n\t\t\t\t\t\t\t\t<i class=\"fa fa-check\"><\/i>\r\n\t\t\t\t\t\t\t\t<span class=\"tooltip-nl\">Annonce v\u00e9rifi\u00e9e<\/span>\r\n\t\t\t\t\t\t\t<\/div>\r\n\t\t\t\t\t\t\t\t\t\t\t\t\t\t\t\t\t<\/div>\r\n\t\t\t\t<\/h2>\r\n\t\t\t\t<p class=\"listing-location-nl\">Pornichet, France<\/p>\r\n\r\n\t\t\t\t\r\n\t\t\t\t\t<div class=\"listing-amenities-nl\">\r\n\t\t\t\t\t\t\r\n\t\t\t\t\t<\/div>\r\n\t\t\t\t\t\t\t<\/div>\r\n\r\n\t\t\t<!-- Sidebar Column (Right) -->\r\n\t\t\t<div class=\"details-sidebar-col-nl\">\r\n\t\t\t\t<div class=\"details-sidebar-upper-nl\">\r\n\r\n\t\t\t\t\t\t\t\t\t\t\t\t<div class=\"listing-rating-nl\">\r\n\t\t\t\t\t\t\t\t<div class=\"stars-nl\" data-rating=\"5\">\r\n\r\n\t\t\t\t\t\t\t\t\t<div class=\"listing-rating-nl\">\n                      <div class=\"stars-nl\">\n                          <i class=\"fa-solid fa-star\"><\/i>\n                            <i class=\"fa-solid fa-star\"><\/i>\n                            <i class=\"fa-solid fa-star\"><\/i>\n                            <i class=\"fa-solid fa-star\"><\/i>\n                            <i class=\"fa-solid fa-star\"><\/i>\n                      <\/div>\n                       <div class=\"rating-text-nl\">5.0 <span>(35)<\/span><\/div><\/div> \t\t\t\t\t\t\t\t<\/div>\r\n\t\t\t\t\t\t\t<\/div>\r\n\t\t\t\t\t\t\t\t\t<\/div>\r\n\t\t\t\t\t\t\t\t\t\t<div class=\"listing-booking-nl\">\r\n\t\t\t\t\t\t\t<p class=\"price-nl\">Commence \u00e0 partir de 59,00&euro;<\/p>\r\n\t\t\t\t\t\t\t\t\t\t\t\t\t<\/div>\r\n\t\t\t\t\r\n\r\n\t\t\t<\/div>\r\n\r\n\r\n\t\t<\/a>\r\n\t<\/div>\r\n<\/div>\r\n\r\n\r\n<!-- Listing Item \/ End --><!-- Listing Item -->\r\n\r\n\r\n<div  class=\"listing-card-container-nl margin-bottom-30 listing-geo-data\" \r\n\t\tdata-title=\"Exp\u00e9rience : Fleuve et Vin \u00e0 Cognac\"\r\n\t\tdata-listing-type=\"classifieds\"\r\n\t\tdata-classifieds-price=\"&euro;\"\r\n\t\tdata-friendly-address=\"\"\r\n\t\tdata-address=\"Quai des Flamands, Cognac, France\"\r\n\t\tdata-image=\"https:\/\/cparici.com\/wp-content\/uploads\/2025\/07\/inbound7974328917375988882-520x397.jpg\"\r\n\t\tdata-longitude=\"-0.3329056\"\r\n\t\tdata-latitude=\"45.69612619999999\"\r\n\t\t\t\t\tdata-rating=\"0\"\r\n\t\t\tdata-reviews=\"0\"\r\n\t\t\t\tdata-icon=\"&lt;svg xmlns=&quot;http:\/\/www.w3.org\/2000\/svg&quot; xmlns:xlink=&quot;http:\/\/www.w3.org\/1999\/xlink&quot; fill=&quot;#000000&quot; version=&quot;1.1&quot; id=&quot;Layer_1&quot; viewBox=&quot;0 0 64.004 64.004&quot; xml:space=&quot;preserve&quot;&gt;\n&lt;g&gt;\n\t&lt;g&gt;\n\t\t&lt;path d=&quot;M60.103,38.327c-4.169-7.268-10.669-12.104-16.526-12.319c-0.134-0.01-0.27-0.008-0.407-0.006l-0.18,0.002l-0.157-0.002 c-0.137-0.002-0.274-0.005-0.372,0.004c-5.891,0.217-12.391,5.053-16.559,12.32c-5.624,9.804-5.051,20.771,1.276,24.446 c3.571,2.078,8.299,1.505,12.966-1.563c1.735-1.143,3.979-1.144,5.716,0c2.816,1.852,5.654,2.795,8.247,2.795 c1.705,0,3.303-0.407,4.72-1.231C65.154,59.097,65.727,48.13,60.103,38.327z M57.821,61.044 c-2.892,1.679-6.852,1.132-10.863-1.507c-1.202-0.79-2.579-1.185-3.956-1.185s-2.755,0.395-3.956,1.185 c-4.012,2.638-7.971,3.186-10.863,1.507c-5.379-3.126-5.624-12.87-0.546-21.722c3.775-6.58,9.762-11.129,14.932-11.32 c0.073-0.005,0.147-0.001,0.223,0l0.199,0.002l0.222-0.002c0.074-0.002,0.149-0.004,0.257,0.002 c5.136,0.189,11.123,4.738,14.898,11.318C63.445,48.174,63.2,57.918,57.821,61.044z&quot;\/&gt;\n\t&lt;\/g&gt;\n&lt;\/g&gt;\n&lt;g&gt;\n\t&lt;g&gt;\n\t\t&lt;path d=&quot;M43.002,31c-2.206,0-4,1.794-4,4s1.794,4,4,4s4-1.794,4-4S45.208,31,43.002,31z M43.002,37c-1.103,0-2-0.898-2-2 c0-1.103,0.897-2,2-2s2,0.897,2,2C45.002,36.102,44.105,37,43.002,37z&quot;\/&gt;\n\t&lt;\/g&gt;\n&lt;\/g&gt;\n&lt;g&gt;\n\t&lt;g&gt;\n\t\t&lt;path d=&quot;M43.002,48c-2.206,0-4,1.794-4,4s1.794,4,4,4s4-1.794,4-4S45.208,48,43.002,48z M43.002,54c-1.103,0-2-0.898-2-2 c0-1.103,0.897-2,2-2s2,0.897,2,2C45.002,53.102,44.105,54,43.002,54z&quot;\/&gt;\n\t&lt;\/g&gt;\n&lt;\/g&gt;\n&lt;g&gt;\n\t&lt;g&gt;\n\t\t&lt;path d=&quot;M52.002,38c-2.206,0-4,1.794-4,4s1.794,4,4,4s4-1.794,4-4S54.208,38,52.002,38z M52.002,44c-1.103,0-2-0.898-2-2 c0-1.103,0.897-2,2-2s2,0.897,2,2C54.002,43.102,53.105,44,52.002,44z&quot;\/&gt;\n\t&lt;\/g&gt;\n&lt;\/g&gt;\n&lt;g&gt;\n\t&lt;g&gt;\n\t\t&lt;path d=&quot;M34.002,38c-2.206,0-4,1.794-4,4s1.794,4,4,4s4-1.794,4-4S36.208,38,34.002,38z M34.002,44c-1.103,0-2-0.898-2-2 c0-1.103,0.897-2,2-2s2,0.897,2,2C36.002,43.102,35.105,44,34.002,44z&quot;\/&gt;\n\t&lt;\/g&gt;\n&lt;\/g&gt;\n&lt;g&gt;\n\t&lt;g&gt;\n\t\t&lt;path d=&quot;M31.002,48c-2.206,0-4,1.794-4,4s1.794,4,4,4s4-1.794,4-4S33.208,48,31.002,48z M31.002,54c-1.103,0-2-0.898-2-2 c0-1.103,0.897-2,2-2s2,0.897,2,2C33.002,53.102,32.105,54,31.002,54z&quot;\/&gt;\n\t&lt;\/g&gt;\n&lt;\/g&gt;\n&lt;g&gt;\n\t&lt;g&gt;\n\t\t&lt;path d=&quot;M55.002,48c-2.206,0-4,1.794-4,4s1.794,4,4,4s4-1.794,4-4S57.208,48,55.002,48z M55.002,54c-1.103,0-2-0.898-2-2 c0-1.103,0.897-2,2-2s2,0.897,2,2C57.002,53.102,56.105,54,55.002,54z&quot;\/&gt;\n\t&lt;\/g&gt;\n&lt;\/g&gt;\n&lt;g&gt;\n\t&lt;g&gt;\n\t\t&lt;path d=&quot;M45.915,3.177C45.534,1.365,43.925,0,42.002,0s-3.532,1.365-3.913,3.177C27.686,4.077,20.002,8.503,20.002,14 c0,1.988,1.043,3.909,3,5.589V23c0,0.553,0.448,1.004,1,1.004h36c0.552,0,1-0.451,1-1.004v-3.411c1.957-1.679,3-3.601,3-5.589 C64.002,8.503,56.318,4.077,45.915,3.177z M42.002,2c0.754,0,1.404,0.425,1.745,1.043C43.17,3.021,42.592,3,42.002,3 s-1.168,0.021-1.745,0.043C40.598,2.425,41.248,2,42.002,2z M59.002,22.004h-34v-2h34V22.004z M59.797,18.004h-7.151 c2.044-2,3.356-4,3.356-7h-2c0,4-3.14,7-7,7h-11c-3.86,0-7-3-7-7h-2c0,3,1.312,5,3.356,7h-6.151c-1.087-1-2.205-2.342-2.205-4.002 c0-4.879,9.159-9.002,20-9.002s20,4.123,20,9.002C62.002,15.662,60.884,17.004,59.797,18.004z&quot;\/&gt;\n\t&lt;\/g&gt;\n&lt;\/g&gt;\n&lt;g&gt;\n\t&lt;g&gt;\n\t\t&lt;path d=&quot;M19.002,21c0-3.5-3.052-7.279-4.526-8.902c0.717-0.59,1.461-1.257,2.017-1.987c0.957-1.257,1.643-3.685,0.167-5.149 c-0.552-0.548-1.363-0.798-2.365-0.808c-2.182,0.025-4.196,0.81-6.144,1.57C7.033,6.16,5.979,6.571,4.906,6.843L4.733,6.888 c-0.661,0.17-2.037,0.526-2.356,0.048c0,0-0.048-0.079-0.035-0.357C2.44,4.539,4.486,2.51,5.586,1.42L4.178,0 c-1.293,1.281-3.7,3.667-3.833,6.483C0.314,7.119,0.436,7.632,0.716,8.05C1.821,9.7,4.04,9.13,5.231,8.824l0.166-0.042 c1.192-0.303,2.355-0.756,3.48-1.194c1.863-0.727,3.623-1.412,5.441-1.434c0.456,0.011,0.78,0.076,0.934,0.227 c0.537,0.533,0.145,1.868-0.35,2.518c-0.629,0.826-1.677,1.652-2.519,2.315l0.009,0.012c-0.028,0.022-0.061,0.031-0.087,0.057 c-0.217,0.21-5.303,5.203-5.303,9.717c0,3.318,1.283,5.258,2.969,6.223L9.008,35.89c-0.006,0.048-0.007,0.097-0.006,0.147 l0.926,25.001C9.99,62.699,11.34,64,13.002,64s3.012-1.301,3.074-2.962l0.926-25.001c0.001-0.05,0-0.099-0.006-0.148l-0.963-8.666 C17.719,26.258,19.002,24.318,19.002,21z M13.006,13.447c0.916,1.01,2.156,2.576,3.012,4.227l-1.016,1.523l-1.168-1.752 c-0.371-0.557-1.293-0.557-1.664,0l-1.168,1.752l-1.023-1.535C10.883,15.922,12.205,14.332,13.006,13.447z M14.077,60.964 C14.055,61.545,13.583,62,13.002,62s-1.053-0.455-1.075-1.036l-0.923-24.927l0.903-8.127c0.364,0.061,0.731,0.09,1.095,0.09 s0.731-0.029,1.095-0.09L15,36.037L14.077,60.964z M13.002,26c-2.542,0-4-1.822-4-5c0-0.337,0.041-0.681,0.112-1.029l1.056,1.584 c0.371,0.557,1.293,0.557,1.664,0l1.168-1.752l1.168,1.752C14.356,21.833,14.667,22,15.002,22c0.334,0,0.646-0.167,0.832-0.445 l1.053-1.58c0.074,0.349,0.115,0.692,0.115,1.025C17.002,24.178,15.544,26,13.002,26z&quot;\/&gt;\n\t&lt;\/g&gt;\n&lt;\/g&gt;\n&lt;g&gt;\n\t&lt;g&gt;\n\t\t&lt;rect x=&quot;0.002&quot; y=&quot;54&quot; width=&quot;2&quot; height=&quot;2&quot;\/&gt;\n\t&lt;\/g&gt;\n&lt;\/g&gt;\n&lt;g&gt;\n\t&lt;g&gt;\n\t\t&lt;rect x=&quot;0.002&quot; y=&quot;58&quot; width=&quot;2&quot; height=&quot;2&quot;\/&gt;\n\t&lt;\/g&gt;\n&lt;\/g&gt;\n&lt;g&gt;\n\t&lt;g&gt;\n\t\t&lt;rect x=&quot;0.002&quot; y=&quot;62&quot; width=&quot;2&quot; height=&quot;2&quot;\/&gt;\n\t&lt;\/g&gt;\n&lt;\/g&gt;\n&lt;g&gt;\n\t&lt;g&gt;\n\t\t&lt;rect x=&quot;4.002&quot; y=&quot;54&quot; width=&quot;2&quot; height=&quot;2&quot;\/&gt;\n\t&lt;\/g&gt;\n&lt;\/g&gt;\n&lt;g&gt;\n\t&lt;g&gt;\n\t\t&lt;rect x=&quot;4.002&quot; y=&quot;58&quot; width=&quot;2&quot; height=&quot;2&quot;\/&gt;\n\t&lt;\/g&gt;\n&lt;\/g&gt;\n&lt;g&gt;\n\t&lt;g&gt;\n\t\t&lt;rect x=&quot;4.002&quot; y=&quot;62&quot; width=&quot;2&quot; height=&quot;2&quot;\/&gt;\n\t&lt;\/g&gt;\n&lt;\/g&gt;\n&lt;\/svg&gt;\"\r\n\r\n\t>\r\n\t<div class=\"listing-card-nl\">\r\n\t\t<!-- ===== LEFT: IMAGE SLIDER ===== -->\r\n\t\t<div class=\"listing-image-container-nl\">\r\n\t\t\t<a href=\"https:\/\/cparici.com\/fr\/annonce\/experience-fleuve-et-vin-a-cognac\/\">\r\n\t\t\t\t<div class=\"slider-wrapper-nl\">\r\n\t\t\t\t\t\t\t\t\t<img decoding=\"async\" src=\"https:\/\/cparici.com\/wp-content\/uploads\/2025\/07\/inbound7974328917375988882-520x397.jpg\" alt=\"Exp\u00e9rience : Fleuve et Vin \u00e0 Cognac\" class=\"slider-image-nl\">\r\n\t\t\t\t\t\t<img decoding=\"async\" src=\"https:\/\/cparici.com\/wp-content\/uploads\/2025\/07\/inbound6662843560505650011-520x397.jpg\" alt=\"Exp\u00e9rience : Fleuve et Vin \u00e0 Cognac\" class=\"slider-image-nl\">\r\n\t\t\t\t\t\t<img decoding=\"async\" src=\"https:\/\/cparici.com\/wp-content\/uploads\/2025\/07\/inbound8887712860299420391-520x397.jpg\" alt=\"Exp\u00e9rience : Fleuve et Vin \u00e0 Cognac\" class=\"slider-image-nl\">\r\n\t\t\t\t\t\t<\/div>\r\n\t\t\t<\/a>\r\n\r\n\t\t\t\t\t\t<div class=\"slider-arrow-nl left-nl\" id=\"prevBtn\"><i class=\"fa-solid fa-chevron-left\"><\/i><\/div>\r\n\t\t\t<div class=\"slider-arrow-nl right-nl\" id=\"nextBtn\"><i class=\"fa-solid fa-chevron-right\"><\/i><\/div>\r\n\t\t\t<div class=\"image-overlay-top-nl\">\r\n\r\n\t\t\t\t<span class=\"listing-category-tag-nl\">Ateliers et Activit\u00e9s D\u00e9couverte<\/span>\t\t\t\t\r\n\t\t\t\t\t\t\t\t\t\t\t\t<div class=\"favorite-icon-nl\" id=\"favoriteBtn\">\r\n\t\t\t\t\t\t\t\t<span class=\"save fa-regular fa-heart tooltip left\" title=\"Connexion pour marquer des \u00e9l\u00e9ments\"><\/span>\r\n\t\t\t\t\t\t\t<\/div>\r\n\t\t\t\t\t\t\t\t\t\t\t\r\n\r\n\t\t\t\t\t\t\t<\/div>\r\n\t\t<\/div>\r\n\r\n\t\t<!-- ===== RIGHT: LISTING DETAILS (NOW 2-COLUMN) ===== -->\r\n\t\t<a href=\"https:\/\/cparici.com\/fr\/annonce\/experience-fleuve-et-vin-a-cognac\/\" class=\"listing-details-nl\">\r\n\r\n\t\t\t<!-- Main Content Column (Left) -->\r\n\t\t\t<div class=\"details-main-col-nl\">\r\n\t\t\t\t<div class=\"listing-badges-nl\">\r\n\t\t\t\t\t\t\t\t\t\t<span class=\"badge-nl featured-nl\"><i class=\"fa-solid fa-star\"><\/i> En vedette<\/span>\t\t\t\t<\/div>\r\n\t\t\t\t<h2 class=\"listing-title-nl\">Exp\u00e9rience : Fleuve et Vin \u00e0 Cognac\t\t\t\t\t<div class=\"listing-title-badges-nl\">\r\n\t\t\t\t\t\t\t\t\t\t\t\t\t\t\t\t\t<\/div>\r\n\t\t\t\t<\/h2>\r\n\t\t\t\t<p class=\"listing-location-nl\">Quai des Flamands, Cognac, France<\/p>\r\n\r\n\t\t\t\t\r\n\t\t\t\t\t<div class=\"listing-amenities-nl\">\r\n\t\t\t\t\t\t\r\n\t\t\t\t\t<\/div>\r\n\t\t\t\t\t\t\t<\/div>\r\n\r\n\t\t\t<!-- Sidebar Column (Right) -->\r\n\t\t\t<div class=\"details-sidebar-col-nl\">\r\n\t\t\t\t<div class=\"details-sidebar-upper-nl\">\r\n\r\n\t\t\t\t\t\t\t\t\t<\/div>\r\n\t\t\t\t\r\n\r\n\t\t\t<\/div>\r\n\r\n\r\n\t\t<\/a>\r\n\t<\/div>\r\n<\/div>\r\n\r\n\r\n<!-- Listing Item \/ End --><!-- Listing Item -->\r\n\r\n\r\n<div  class=\"listing-card-container-nl margin-bottom-30 listing-geo-data\" \r\n\t\tdata-title=\"Studio de standing Porto Vecchio\"\r\n\t\tdata-listing-type=\"rental\"\r\n\t\tdata-classifieds-price=\"&euro;\"\r\n\t\tdata-friendly-address=\"Porto Vecchio, R\u00e9sidence Cita Di Sali\"\r\n\t\tdata-address=\"Porto Vecchio, R\u00e9sidence Cita Di Sali\"\r\n\t\tdata-image=\"https:\/\/cparici.com\/wp-content\/uploads\/2026\/01\/piscine-location-porto-vecchio-2-520x397.avif\"\r\n\t\tdata-longitude=\"9.2805328\"\r\n\t\tdata-latitude=\"41.5841256\"\r\n\t\t\t\t\tdata-rating=\"0\"\r\n\t\t\tdata-reviews=\"0\"\r\n\t\t\t\tdata-icon=\"&lt;svg xmlns=&quot;http:\/\/www.w3.org\/2000\/svg&quot; width=&quot;800px&quot; height=&quot;800px&quot; viewBox=&quot;0 0 45 45&quot; fill=&quot;none&quot;&gt;\n&lt;path d=&quot;M24.155 8.78099L24.33 8.94499L37.402 21.787L36 23.213L34.2 21.445L34.201 35C34.201 36.054 33.385 36.918 32.35 36.994L32.201 37H12.201C11.147 37 10.283 36.184 10.206 35.149L10.201 35L10.2 21.446L8.402 23.213L7 21.787L20.058 8.95799C21.171 7.82199 22.966 7.75899 24.155 8.78099ZM21.569 10.285L21.473 10.372L12.2 19.481L12.201 35L17.2 34.999L17.201 25C17.201 23.946 18.017 23.082 19.052 23.005L19.201 23H25.201C26.255 23 27.119 23.816 27.196 24.851L27.201 25L27.2 34.999L32.201 35L32.2 19.48L22.901 10.344C22.537 9.98699 21.969 9.96499 21.569 10.285ZM25.201 25H19.201L19.2 34.999H25.2L25.201 25Z&quot; fill=&quot;#3C3C3C&quot;\/&gt;\n&lt;\/svg&gt;\"\r\n\r\n\t>\r\n\t<div class=\"listing-card-nl\">\r\n\t\t<!-- ===== LEFT: IMAGE SLIDER ===== -->\r\n\t\t<div class=\"listing-image-container-nl\">\r\n\t\t\t<a href=\"https:\/\/cparici.com\/fr\/annonce\/studio-de-standing-porto-vecchio\/\">\r\n\t\t\t\t<div class=\"slider-wrapper-nl\">\r\n\t\t\t\t\t\t\t\t\t<img decoding=\"async\" src=\"https:\/\/cparici.com\/wp-content\/uploads\/2026\/01\/piscine-location-porto-vecchio-2-520x397.avif\" alt=\"Studio de standing Porto Vecchio\" class=\"slider-image-nl\">\r\n\t\t\t\t\t\t<img decoding=\"async\" src=\"https:\/\/cparici.com\/wp-content\/uploads\/2026\/01\/terrasse-studio-520x397.avif\" alt=\"Studio de standing Porto Vecchio\" class=\"slider-image-nl\">\r\n\t\t\t\t\t\t<img decoding=\"async\" src=\"https:\/\/cparici.com\/wp-content\/uploads\/2026\/01\/salon-porto-vecchio-1-520x397.avif\" alt=\"Studio de standing Porto Vecchio\" class=\"slider-image-nl\">\r\n\t\t\t\t\t\t<\/div>\r\n\t\t\t<\/a>\r\n\r\n\t\t\t\t\t\t<div class=\"slider-arrow-nl left-nl\" id=\"prevBtn\"><i class=\"fa-solid fa-chevron-left\"><\/i><\/div>\r\n\t\t\t<div class=\"slider-arrow-nl right-nl\" id=\"nextBtn\"><i class=\"fa-solid fa-chevron-right\"><\/i><\/div>\r\n\t\t\t<div class=\"image-overlay-top-nl\">\r\n\r\n\t\t\t\t<span class=\"listing-category-tag-nl\">H\u00e9bergements<\/span>\t\t\t\t\r\n\t\t\t\t\t\t\t\t\t\t\t\t<div class=\"favorite-icon-nl\" id=\"favoriteBtn\">\r\n\t\t\t\t\t\t\t\t<span class=\"save fa-regular fa-heart tooltip left\" title=\"Connexion pour marquer des \u00e9l\u00e9ments\"><\/span>\r\n\t\t\t\t\t\t\t<\/div>\r\n\t\t\t\t\t\t\t\t\t\t\t\r\n\r\n\t\t\t\t\t\t\t<\/div>\r\n\t\t<\/div>\r\n\r\n\t\t<!-- ===== RIGHT: LISTING DETAILS (NOW 2-COLUMN) ===== -->\r\n\t\t<a href=\"https:\/\/cparici.com\/fr\/annonce\/studio-de-standing-porto-vecchio\/\" class=\"listing-details-nl\">\r\n\r\n\t\t\t<!-- Main Content Column (Left) -->\r\n\t\t\t<div class=\"details-main-col-nl\">\r\n\t\t\t\t<div class=\"listing-badges-nl\">\r\n\t\t\t\t\t\t\t\t\t\t\t\t\t\t<\/div>\r\n\t\t\t\t<h2 class=\"listing-title-nl\">Studio de standing Porto Vecchio\t\t\t\t\t<div class=\"listing-title-badges-nl\">\r\n\t\t\t\t\t\t\t\t\t\t\t\t\t\t\t\t\t<\/div>\r\n\t\t\t\t<\/h2>\r\n\t\t\t\t<p class=\"listing-location-nl\">Porto Vecchio, R\u00e9sidence Cita Di Sali<\/p>\r\n\r\n\t\t\t\t\r\n\t\t\t\t\t<div class=\"listing-amenities-nl\">\r\n\t\t\t\t\t\t\r\n\t\t\t\t\t<\/div>\r\n\t\t\t\t\t\t\t<\/div>\r\n\r\n\t\t\t<!-- Sidebar Column (Right) -->\r\n\t\t\t<div class=\"details-sidebar-col-nl\">\r\n\t\t\t\t<div class=\"details-sidebar-upper-nl\">\r\n\r\n\t\t\t\t\t\t\t\t\t<\/div>\r\n\t\t\t\t\t\t\t\t\t\t<div class=\"listing-booking-nl\">\r\n\t\t\t\t\t\t\t<p class=\"price-nl\">79,00&euro; - 136,00&euro;<\/p>\r\n\t\t\t\t\t\t\t\t\t\t\t\t\t<\/div>\r\n\t\t\t\t\r\n\r\n\t\t\t<\/div>\r\n\r\n\r\n\t\t<\/a>\r\n\t<\/div>\r\n<\/div>\r\n\r\n\r\n<!-- Listing Item \/ End --><!-- Listing Item -->\r\n\r\n\r\n<div  class=\"listing-card-container-nl margin-bottom-30 listing-geo-data\" \r\n\t\tdata-title=\"Distillation de roses centifolia\"\r\n\t\tdata-listing-type=\"service\"\r\n\t\tdata-classifieds-price=\"&euro;\"\r\n\t\tdata-friendly-address=\"\"\r\n\t\tdata-address=\"M\u00e9dis, France\"\r\n\t\tdata-image=\"https:\/\/cparici.com\/wp-content\/uploads\/2025\/05\/inbound7346086508658559603-520x397.jpg\"\r\n\t\tdata-longitude=\"-0.964789\"\r\n\t\tdata-latitude=\"45.64248\"\r\n\t\t\t\t\tdata-rating=\"0\"\r\n\t\t\tdata-reviews=\"0\"\r\n\t\t\t\tdata-icon=\"&lt;svg xmlns=&quot;http:\/\/www.w3.org\/2000\/svg&quot; xmlns:xlink=&quot;http:\/\/www.w3.org\/1999\/xlink&quot; fill=&quot;#000000&quot; version=&quot;1.1&quot; id=&quot;Layer_1&quot; viewBox=&quot;0 0 64.004 64.004&quot; xml:space=&quot;preserve&quot;&gt;\n&lt;g&gt;\n\t&lt;g&gt;\n\t\t&lt;path d=&quot;M60.103,38.327c-4.169-7.268-10.669-12.104-16.526-12.319c-0.134-0.01-0.27-0.008-0.407-0.006l-0.18,0.002l-0.157-0.002 c-0.137-0.002-0.274-0.005-0.372,0.004c-5.891,0.217-12.391,5.053-16.559,12.32c-5.624,9.804-5.051,20.771,1.276,24.446 c3.571,2.078,8.299,1.505,12.966-1.563c1.735-1.143,3.979-1.144,5.716,0c2.816,1.852,5.654,2.795,8.247,2.795 c1.705,0,3.303-0.407,4.72-1.231C65.154,59.097,65.727,48.13,60.103,38.327z M57.821,61.044 c-2.892,1.679-6.852,1.132-10.863-1.507c-1.202-0.79-2.579-1.185-3.956-1.185s-2.755,0.395-3.956,1.185 c-4.012,2.638-7.971,3.186-10.863,1.507c-5.379-3.126-5.624-12.87-0.546-21.722c3.775-6.58,9.762-11.129,14.932-11.32 c0.073-0.005,0.147-0.001,0.223,0l0.199,0.002l0.222-0.002c0.074-0.002,0.149-0.004,0.257,0.002 c5.136,0.189,11.123,4.738,14.898,11.318C63.445,48.174,63.2,57.918,57.821,61.044z&quot;\/&gt;\n\t&lt;\/g&gt;\n&lt;\/g&gt;\n&lt;g&gt;\n\t&lt;g&gt;\n\t\t&lt;path d=&quot;M43.002,31c-2.206,0-4,1.794-4,4s1.794,4,4,4s4-1.794,4-4S45.208,31,43.002,31z M43.002,37c-1.103,0-2-0.898-2-2 c0-1.103,0.897-2,2-2s2,0.897,2,2C45.002,36.102,44.105,37,43.002,37z&quot;\/&gt;\n\t&lt;\/g&gt;\n&lt;\/g&gt;\n&lt;g&gt;\n\t&lt;g&gt;\n\t\t&lt;path d=&quot;M43.002,48c-2.206,0-4,1.794-4,4s1.794,4,4,4s4-1.794,4-4S45.208,48,43.002,48z M43.002,54c-1.103,0-2-0.898-2-2 c0-1.103,0.897-2,2-2s2,0.897,2,2C45.002,53.102,44.105,54,43.002,54z&quot;\/&gt;\n\t&lt;\/g&gt;\n&lt;\/g&gt;\n&lt;g&gt;\n\t&lt;g&gt;\n\t\t&lt;path d=&quot;M52.002,38c-2.206,0-4,1.794-4,4s1.794,4,4,4s4-1.794,4-4S54.208,38,52.002,38z M52.002,44c-1.103,0-2-0.898-2-2 c0-1.103,0.897-2,2-2s2,0.897,2,2C54.002,43.102,53.105,44,52.002,44z&quot;\/&gt;\n\t&lt;\/g&gt;\n&lt;\/g&gt;\n&lt;g&gt;\n\t&lt;g&gt;\n\t\t&lt;path d=&quot;M34.002,38c-2.206,0-4,1.794-4,4s1.794,4,4,4s4-1.794,4-4S36.208,38,34.002,38z M34.002,44c-1.103,0-2-0.898-2-2 c0-1.103,0.897-2,2-2s2,0.897,2,2C36.002,43.102,35.105,44,34.002,44z&quot;\/&gt;\n\t&lt;\/g&gt;\n&lt;\/g&gt;\n&lt;g&gt;\n\t&lt;g&gt;\n\t\t&lt;path d=&quot;M31.002,48c-2.206,0-4,1.794-4,4s1.794,4,4,4s4-1.794,4-4S33.208,48,31.002,48z M31.002,54c-1.103,0-2-0.898-2-2 c0-1.103,0.897-2,2-2s2,0.897,2,2C33.002,53.102,32.105,54,31.002,54z&quot;\/&gt;\n\t&lt;\/g&gt;\n&lt;\/g&gt;\n&lt;g&gt;\n\t&lt;g&gt;\n\t\t&lt;path d=&quot;M55.002,48c-2.206,0-4,1.794-4,4s1.794,4,4,4s4-1.794,4-4S57.208,48,55.002,48z M55.002,54c-1.103,0-2-0.898-2-2 c0-1.103,0.897-2,2-2s2,0.897,2,2C57.002,53.102,56.105,54,55.002,54z&quot;\/&gt;\n\t&lt;\/g&gt;\n&lt;\/g&gt;\n&lt;g&gt;\n\t&lt;g&gt;\n\t\t&lt;path d=&quot;M45.915,3.177C45.534,1.365,43.925,0,42.002,0s-3.532,1.365-3.913,3.177C27.686,4.077,20.002,8.503,20.002,14 c0,1.988,1.043,3.909,3,5.589V23c0,0.553,0.448,1.004,1,1.004h36c0.552,0,1-0.451,1-1.004v-3.411c1.957-1.679,3-3.601,3-5.589 C64.002,8.503,56.318,4.077,45.915,3.177z M42.002,2c0.754,0,1.404,0.425,1.745,1.043C43.17,3.021,42.592,3,42.002,3 s-1.168,0.021-1.745,0.043C40.598,2.425,41.248,2,42.002,2z M59.002,22.004h-34v-2h34V22.004z M59.797,18.004h-7.151 c2.044-2,3.356-4,3.356-7h-2c0,4-3.14,7-7,7h-11c-3.86,0-7-3-7-7h-2c0,3,1.312,5,3.356,7h-6.151c-1.087-1-2.205-2.342-2.205-4.002 c0-4.879,9.159-9.002,20-9.002s20,4.123,20,9.002C62.002,15.662,60.884,17.004,59.797,18.004z&quot;\/&gt;\n\t&lt;\/g&gt;\n&lt;\/g&gt;\n&lt;g&gt;\n\t&lt;g&gt;\n\t\t&lt;path d=&quot;M19.002,21c0-3.5-3.052-7.279-4.526-8.902c0.717-0.59,1.461-1.257,2.017-1.987c0.957-1.257,1.643-3.685,0.167-5.149 c-0.552-0.548-1.363-0.798-2.365-0.808c-2.182,0.025-4.196,0.81-6.144,1.57C7.033,6.16,5.979,6.571,4.906,6.843L4.733,6.888 c-0.661,0.17-2.037,0.526-2.356,0.048c0,0-0.048-0.079-0.035-0.357C2.44,4.539,4.486,2.51,5.586,1.42L4.178,0 c-1.293,1.281-3.7,3.667-3.833,6.483C0.314,7.119,0.436,7.632,0.716,8.05C1.821,9.7,4.04,9.13,5.231,8.824l0.166-0.042 c1.192-0.303,2.355-0.756,3.48-1.194c1.863-0.727,3.623-1.412,5.441-1.434c0.456,0.011,0.78,0.076,0.934,0.227 c0.537,0.533,0.145,1.868-0.35,2.518c-0.629,0.826-1.677,1.652-2.519,2.315l0.009,0.012c-0.028,0.022-0.061,0.031-0.087,0.057 c-0.217,0.21-5.303,5.203-5.303,9.717c0,3.318,1.283,5.258,2.969,6.223L9.008,35.89c-0.006,0.048-0.007,0.097-0.006,0.147 l0.926,25.001C9.99,62.699,11.34,64,13.002,64s3.012-1.301,3.074-2.962l0.926-25.001c0.001-0.05,0-0.099-0.006-0.148l-0.963-8.666 C17.719,26.258,19.002,24.318,19.002,21z M13.006,13.447c0.916,1.01,2.156,2.576,3.012,4.227l-1.016,1.523l-1.168-1.752 c-0.371-0.557-1.293-0.557-1.664,0l-1.168,1.752l-1.023-1.535C10.883,15.922,12.205,14.332,13.006,13.447z M14.077,60.964 C14.055,61.545,13.583,62,13.002,62s-1.053-0.455-1.075-1.036l-0.923-24.927l0.903-8.127c0.364,0.061,0.731,0.09,1.095,0.09 s0.731-0.029,1.095-0.09L15,36.037L14.077,60.964z M13.002,26c-2.542,0-4-1.822-4-5c0-0.337,0.041-0.681,0.112-1.029l1.056,1.584 c0.371,0.557,1.293,0.557,1.664,0l1.168-1.752l1.168,1.752C14.356,21.833,14.667,22,15.002,22c0.334,0,0.646-0.167,0.832-0.445 l1.053-1.58c0.074,0.349,0.115,0.692,0.115,1.025C17.002,24.178,15.544,26,13.002,26z&quot;\/&gt;\n\t&lt;\/g&gt;\n&lt;\/g&gt;\n&lt;g&gt;\n\t&lt;g&gt;\n\t\t&lt;rect x=&quot;0.002&quot; y=&quot;54&quot; width=&quot;2&quot; height=&quot;2&quot;\/&gt;\n\t&lt;\/g&gt;\n&lt;\/g&gt;\n&lt;g&gt;\n\t&lt;g&gt;\n\t\t&lt;rect x=&quot;0.002&quot; y=&quot;58&quot; width=&quot;2&quot; height=&quot;2&quot;\/&gt;\n\t&lt;\/g&gt;\n&lt;\/g&gt;\n&lt;g&gt;\n\t&lt;g&gt;\n\t\t&lt;rect x=&quot;0.002&quot; y=&quot;62&quot; width=&quot;2&quot; height=&quot;2&quot;\/&gt;\n\t&lt;\/g&gt;\n&lt;\/g&gt;\n&lt;g&gt;\n\t&lt;g&gt;\n\t\t&lt;rect x=&quot;4.002&quot; y=&quot;54&quot; width=&quot;2&quot; height=&quot;2&quot;\/&gt;\n\t&lt;\/g&gt;\n&lt;\/g&gt;\n&lt;g&gt;\n\t&lt;g&gt;\n\t\t&lt;rect x=&quot;4.002&quot; y=&quot;58&quot; width=&quot;2&quot; height=&quot;2&quot;\/&gt;\n\t&lt;\/g&gt;\n&lt;\/g&gt;\n&lt;g&gt;\n\t&lt;g&gt;\n\t\t&lt;rect x=&quot;4.002&quot; y=&quot;62&quot; width=&quot;2&quot; height=&quot;2&quot;\/&gt;\n\t&lt;\/g&gt;\n&lt;\/g&gt;\n&lt;\/svg&gt;\"\r\n\r\n\t>\r\n\t<div class=\"listing-card-nl\">\r\n\t\t<!-- ===== LEFT: IMAGE SLIDER ===== -->\r\n\t\t<div class=\"listing-image-container-nl\">\r\n\t\t\t<a href=\"https:\/\/cparici.com\/fr\/annonce\/distillation-de-roses-centifolia\/\">\r\n\t\t\t\t<div class=\"slider-wrapper-nl\">\r\n\t\t\t\t\t\t\t\t\t<img decoding=\"async\" src=\"https:\/\/cparici.com\/wp-content\/uploads\/2025\/05\/inbound7346086508658559603-520x397.jpg\" alt=\"Distillation de roses centifolia\" class=\"slider-image-nl\">\r\n\t\t\t\t\t\t<\/div>\r\n\t\t\t<\/a>\r\n\r\n\t\t\t\t\t\t<div class=\"slider-arrow-nl left-nl\" id=\"prevBtn\"><i class=\"fa-solid fa-chevron-left\"><\/i><\/div>\r\n\t\t\t<div class=\"slider-arrow-nl right-nl\" id=\"nextBtn\"><i class=\"fa-solid fa-chevron-right\"><\/i><\/div>\r\n\t\t\t<div class=\"image-overlay-top-nl\">\r\n\r\n\t\t\t\t<span class=\"listing-category-tag-nl\">Ateliers et Activit\u00e9s D\u00e9couverte<\/span>\t\t\t\t\r\n\t\t\t\t\t\t\t\t\t\t\t\t<div class=\"favorite-icon-nl\" id=\"favoriteBtn\">\r\n\t\t\t\t\t\t\t\t<span class=\"save fa-regular fa-heart tooltip left\" title=\"Connexion pour marquer des \u00e9l\u00e9ments\"><\/span>\r\n\t\t\t\t\t\t\t<\/div>\r\n\t\t\t\t\t\t\t\t\t\t\t\r\n\r\n\t\t\t\t\t\t\t<\/div>\r\n\t\t<\/div>\r\n\r\n\t\t<!-- ===== RIGHT: LISTING DETAILS (NOW 2-COLUMN) ===== -->\r\n\t\t<a href=\"https:\/\/cparici.com\/fr\/annonce\/distillation-de-roses-centifolia\/\" class=\"listing-details-nl\">\r\n\r\n\t\t\t<!-- Main Content Column (Left) -->\r\n\t\t\t<div class=\"details-main-col-nl\">\r\n\t\t\t\t<div class=\"listing-badges-nl\">\r\n\t\t\t\t\t\t\t\t\t\t<span class=\"badge-nl featured-nl\"><i class=\"fa-solid fa-star\"><\/i> En vedette<\/span>\t\t\t\t<\/div>\r\n\t\t\t\t<h2 class=\"listing-title-nl\">Distillation de roses centifolia\t\t\t\t\t<div class=\"listing-title-badges-nl\">\r\n\t\t\t\t\t\t\t\t\t\t\t\t\t\t\t\t\t<\/div>\r\n\t\t\t\t<\/h2>\r\n\t\t\t\t<p class=\"listing-location-nl\">M\u00e9dis, France<\/p>\r\n\r\n\t\t\t\t\t\t\t<\/div>\r\n\r\n\t\t\t<!-- Sidebar Column (Right) -->\r\n\t\t\t<div class=\"details-sidebar-col-nl\">\r\n\t\t\t\t<div class=\"details-sidebar-upper-nl\">\r\n\r\n\t\t\t\t\t\t\t\t\t<\/div>\r\n\t\t\t\t\t\t\t\t\t\t<div class=\"listing-booking-nl\">\r\n\t\t\t\t\t\t\t<p class=\"price-nl\">149,00&euro; - 149,00&euro;<\/p>\r\n\t\t\t\t\t\t\t\t\t\t\t\t\t<\/div>\r\n\t\t\t\t\r\n\r\n\t\t\t<\/div>\r\n\r\n\r\n\t\t<\/a>\r\n\t<\/div>\r\n<\/div>\r\n\r\n\r\n<!-- Listing Item \/ End --><!-- Listing Item -->\r\n\r\n\r\n<div  class=\"listing-card-container-nl margin-bottom-30 listing-geo-data\" \r\n\t\tdata-title=\"Roz&#8217;capades | Balades en 2CV avec chauffeur\"\r\n\t\tdata-listing-type=\"service\"\r\n\t\tdata-classifieds-price=\"&euro;\"\r\n\t\tdata-friendly-address=\"\"\r\n\t\tdata-address=\"Plage de Trestel, France\"\r\n\t\tdata-image=\"https:\/\/cparici.com\/wp-content\/uploads\/2025\/07\/InShot_20250727_195121057-520x397.jpg\"\r\n\t\tdata-longitude=\"-3.354448\"\r\n\t\tdata-latitude=\"48.820682\"\r\n\t\t\t\t\tdata-rating=\"5\"\r\n\t\t\tdata-reviews=\"18\"\r\n\t\t\t\tdata-icon=\"&lt;svg xmlns=&quot;http:\/\/www.w3.org\/2000\/svg&quot; xmlns:xlink=&quot;http:\/\/www.w3.org\/1999\/xlink&quot; fill=&quot;#000000&quot; width=&quot;800px&quot; height=&quot;800px&quot; viewBox=&quot;0 0 50 50&quot;&gt;&lt;path d=&quot;M24.982422 2 A 1.0001 1.0001 0 0 0 24.535156 2.1132812L3.5351562 13.113281 A 1.0001 1.0001 0 0 0 3 14L3 17 A 1.0001 1.0001 0 0 0 4 18L5 18L5 19.400391C5 20.612292 5.8642937 21.645028 7 21.921875L7 40.011719L4.0996094 40.011719L4.265625 40.025391C3.0336039 39.818002 2 40.874696 2 42.03125L2 44.779297C2 45.959462 2.9340538 47 4.0996094 47L45.800781 47C46.966337 47 47.900391 46.037413 47.900391 44.880859L47.900391 42.132812C47.900391 40.976259 46.966337 40.011719 45.800781 40.011719L43 40.011719L43 21.921875C44.135706 21.645028 45 20.612292 45 19.400391L45 18L46 18 A 1.0001 1.0001 0 0 0 47 17L47 14 A 1.0001 1.0001 0 0 0 46.464844 13.113281L25.464844 2.1132812 A 1.0001 1.0001 0 0 0 24.982422 2 z M 25 4.1308594L45 14.605469L45 16L44.167969 16 A 1.0001 1.0001 0 0 0 43.841797 16L34.154297 16 A 1.0001 1.0001 0 0 0 33.984375 15.986328 A 1.0001 1.0001 0 0 0 33.839844 16L30.167969 16 A 1.0001 1.0001 0 0 0 29.841797 16L20.154297 16 A 1.0001 1.0001 0 0 0 19.984375 15.986328 A 1.0001 1.0001 0 0 0 19.839844 16L16.167969 16 A 1.0001 1.0001 0 0 0 15.841797 16L6.1542969 16 A 1.0001 1.0001 0 0 0 5.984375 15.986328 A 1.0001 1.0001 0 0 0 5.8398438 16L5 16L5 14.605469L25 4.1308594 z M 7 18L15 18L15 19.400391C15 19.781872 14.781872 20 14.400391 20L7.5996094 20C7.2181279 20 7 19.781872 7 19.400391L7 18 z M 17 18L19 18L19 19.400391C19 20.612292 19.864294 21.645028 21 21.921875L21 40.011719L15 40.011719L15 21.921875C16.135706 21.645028 17 20.612292 17 19.400391L17 18 z M 21 18L29 18L29 19.400391C29 19.781872 28.781872 20 28.400391 20L21.599609 20C21.218128 20 21 19.781872 21 19.400391L21 18 z M 31 18L33 18L33 19.400391C33 20.612292 33.864294 21.645028 35 21.921875L35 40.011719L29 40.011719L29 21.921875C30.135706 21.645028 31 20.612292 31 19.400391L31 18 z M 35 18L43 18L43 19.400391C43 19.781872 42.781872 20 42.400391 20L35.599609 20C35.218128 20 35 19.781872 35 19.400391L35 18 z M 9 22L13 22L13 40L9 40L9 22 z M 23 22L27 22L27 40L23 40L23 22 z M 37 22L41 22L41 40L37 40L37 22 z M 3.984375 42.003906 A 1.0001 1.0001 0 0 0 4.0996094 42.011719L45.800781 42.011719C45.835221 42.011719 45.900391 42.067369 45.900391 42.132812L45.900391 44.880859C45.900391 44.946308 45.835226 45 45.800781 45L4.0996094 45C4.0651649 45 4 45.023132 4 44.779297L4 42.03125C4 42.008135 3.9913337 42.007741 3.984375 42.003906 z&quot;\/&gt;&lt;\/svg&gt;\"\r\n\r\n\t>\r\n\t<div class=\"listing-card-nl\">\r\n\t\t<!-- ===== LEFT: IMAGE SLIDER ===== -->\r\n\t\t<div class=\"listing-image-container-nl\">\r\n\t\t\t<a href=\"https:\/\/cparici.com\/fr\/annonce\/rozcapades-balades-en-2cv-avec-chauffeur\/\">\r\n\t\t\t\t<div class=\"slider-wrapper-nl\">\r\n\t\t\t\t\t\t\t\t\t<img decoding=\"async\" src=\"https:\/\/cparici.com\/wp-content\/uploads\/2025\/07\/InShot_20250727_195121057-520x397.jpg\" alt=\"Roz&#8217;capades | Balades en 2CV avec chauffeur\" class=\"slider-image-nl\">\r\n\t\t\t\t\t\t<img decoding=\"async\" src=\"https:\/\/cparici.com\/wp-content\/uploads\/2025\/07\/2024-11-07-520x397.png\" alt=\"Roz&#8217;capades | Balades en 2CV avec chauffeur\" class=\"slider-image-nl\">\r\n\t\t\t\t\t\t<img decoding=\"async\" src=\"https:\/\/cparici.com\/wp-content\/uploads\/2025\/07\/InShot_20250727_195504700-1-520x397.jpg\" alt=\"Roz&#8217;capades | Balades en 2CV avec chauffeur\" class=\"slider-image-nl\">\r\n\t\t\t\t\t\t<\/div>\r\n\t\t\t<\/a>\r\n\r\n\t\t\t\t\t\t<div class=\"slider-arrow-nl left-nl\" id=\"prevBtn\"><i class=\"fa-solid fa-chevron-left\"><\/i><\/div>\r\n\t\t\t<div class=\"slider-arrow-nl right-nl\" id=\"nextBtn\"><i class=\"fa-solid fa-chevron-right\"><\/i><\/div>\r\n\t\t\t<div class=\"image-overlay-top-nl\">\r\n\r\n\t\t\t\t<span class=\"listing-category-tag-nl\">Visite &amp; D\u00e9couverte patrimoine<\/span>\t\t\t\t\r\n\t\t\t\t\t\t\t\t\t\t\t\t<div class=\"favorite-icon-nl\" id=\"favoriteBtn\">\r\n\t\t\t\t\t\t\t\t<span class=\"save fa-regular fa-heart tooltip left\" title=\"Connexion pour marquer des \u00e9l\u00e9ments\"><\/span>\r\n\t\t\t\t\t\t\t<\/div>\r\n\t\t\t\t\t\t\t\t\t\t\t\r\n\r\n\t\t\t\t\t\t\t<\/div>\r\n\t\t<\/div>\r\n\r\n\t\t<!-- ===== RIGHT: LISTING DETAILS (NOW 2-COLUMN) ===== -->\r\n\t\t<a href=\"https:\/\/cparici.com\/fr\/annonce\/rozcapades-balades-en-2cv-avec-chauffeur\/\" class=\"listing-details-nl\">\r\n\r\n\t\t\t<!-- Main Content Column (Left) -->\r\n\t\t\t<div class=\"details-main-col-nl\">\r\n\t\t\t\t<div class=\"listing-badges-nl\">\r\n\t\t\t\t\t\t\t\t\t\t\t\t\t\t<\/div>\r\n\t\t\t\t<h2 class=\"listing-title-nl\">Roz&#8217;capades | Balades en 2CV avec chauffeur\t\t\t\t\t<div class=\"listing-title-badges-nl\">\r\n\t\t\t\t\t\t\t\t\t\t\t\t\t\t\t\t\t<\/div>\r\n\t\t\t\t<\/h2>\r\n\t\t\t\t<p class=\"listing-location-nl\">Plage de Trestel, France<\/p>\r\n\r\n\t\t\t\t\r\n\t\t\t\t\t<div class=\"listing-amenities-nl\">\r\n\t\t\t\t\t\t\r\n\t\t\t\t\t<\/div>\r\n\t\t\t\t\t\t\t<\/div>\r\n\r\n\t\t\t<!-- Sidebar Column (Right) -->\r\n\t\t\t<div class=\"details-sidebar-col-nl\">\r\n\t\t\t\t<div class=\"details-sidebar-upper-nl\">\r\n\r\n\t\t\t\t\t\t\t\t\t\t\t\t<div class=\"listing-rating-nl\">\r\n\t\t\t\t\t\t\t\t<div class=\"stars-nl\" data-rating=\"5\">\r\n\r\n\t\t\t\t\t\t\t\t\t<div class=\"listing-rating-nl\">\n                      <div class=\"stars-nl\">\n                          <i class=\"fa-solid fa-star\"><\/i>\n                            <i class=\"fa-solid fa-star\"><\/i>\n                            <i class=\"fa-solid fa-star\"><\/i>\n                            <i class=\"fa-solid fa-star\"><\/i>\n                            <i class=\"fa-solid fa-star\"><\/i>\n                      <\/div>\n                       <div class=\"rating-text-nl\">5.0 <span>(18)<\/span><\/div><\/div> \t\t\t\t\t\t\t\t<\/div>\r\n\t\t\t\t\t\t\t<\/div>\r\n\t\t\t\t\t\t\t\t\t<\/div>\r\n\t\t\t\t\r\n\r\n\t\t\t<\/div>\r\n\r\n\r\n\t\t<\/a>\r\n\t<\/div>\r\n<\/div>\r\n\r\n\r\n<!-- Listing Item \/ End --><!-- Listing Item -->\r\n\r\n\r\n<div  class=\"listing-card-container-nl margin-bottom-30 listing-geo-data\" \r\n\t\tdata-title=\"Maison de vacances La Tourelle | piscine priv\u00e9e &amp; grand jardin\"\r\n\t\tdata-listing-type=\"rental\"\r\n\t\tdata-classifieds-price=\"&euro;\"\r\n\t\tdata-friendly-address=\"Ranc de Fig\u00e8re, Labeaume\"\r\n\t\tdata-address=\"Ranc de Fig\u00e8re, Labeaume\"\r\n\t\tdata-image=\"https:\/\/cparici.com\/wp-content\/uploads\/2026\/02\/DJI_0064-520x397.jpg\"\r\n\t\tdata-longitude=\"4.3256629\"\r\n\t\tdata-latitude=\"44.461516\"\r\n\t\t\t\t\tdata-rating=\"0\"\r\n\t\t\tdata-reviews=\"0\"\r\n\t\t\t\tdata-icon=\"&lt;svg xmlns=&quot;http:\/\/www.w3.org\/2000\/svg&quot; width=&quot;800px&quot; height=&quot;800px&quot; viewBox=&quot;0 0 45 45&quot; fill=&quot;none&quot;&gt;\n&lt;path d=&quot;M24.155 8.78099L24.33 8.94499L37.402 21.787L36 23.213L34.2 21.445L34.201 35C34.201 36.054 33.385 36.918 32.35 36.994L32.201 37H12.201C11.147 37 10.283 36.184 10.206 35.149L10.201 35L10.2 21.446L8.402 23.213L7 21.787L20.058 8.95799C21.171 7.82199 22.966 7.75899 24.155 8.78099ZM21.569 10.285L21.473 10.372L12.2 19.481L12.201 35L17.2 34.999L17.201 25C17.201 23.946 18.017 23.082 19.052 23.005L19.201 23H25.201C26.255 23 27.119 23.816 27.196 24.851L27.201 25L27.2 34.999L32.201 35L32.2 19.48L22.901 10.344C22.537 9.98699 21.969 9.96499 21.569 10.285ZM25.201 25H19.201L19.2 34.999H25.2L25.201 25Z&quot; fill=&quot;#3C3C3C&quot;\/&gt;\n&lt;\/svg&gt;\"\r\n\r\n\t>\r\n\t<div class=\"listing-card-nl\">\r\n\t\t<!-- ===== LEFT: IMAGE SLIDER ===== -->\r\n\t\t<div class=\"listing-image-container-nl\">\r\n\t\t\t<a href=\"https:\/\/cparici.com\/fr\/annonce\/maison-de-vacances-la-tourelle-piscine-privee-grand-jardin\/\">\r\n\t\t\t\t<div class=\"slider-wrapper-nl\">\r\n\t\t\t\t\t\t\t\t\t<img decoding=\"async\" src=\"https:\/\/cparici.com\/wp-content\/uploads\/2026\/02\/DJI_0064-520x397.jpg\" alt=\"Maison de vacances La Tourelle | piscine priv\u00e9e &amp; grand jardin\" class=\"slider-image-nl\">\r\n\t\t\t\t\t\t<img decoding=\"async\" src=\"https:\/\/cparici.com\/wp-content\/uploads\/2026\/02\/IGP7533-520x397.jpg\" alt=\"Maison de vacances La Tourelle | piscine priv\u00e9e &amp; grand jardin\" class=\"slider-image-nl\">\r\n\t\t\t\t\t\t<img decoding=\"async\" src=\"https:\/\/cparici.com\/wp-content\/uploads\/2026\/02\/IGP7539-520x397.jpg\" alt=\"Maison de vacances La Tourelle | piscine priv\u00e9e &amp; grand jardin\" class=\"slider-image-nl\">\r\n\t\t\t\t\t\t<\/div>\r\n\t\t\t<\/a>\r\n\r\n\t\t\t\t\t\t\t\t<div class=\"status-button-nl closed-nl\">\r\n\t\t\t\t\t\tFerm\u00e9 maintenant\t\t\t\t\t<\/div>\r\n\t\t\t\t\t\t<div class=\"slider-arrow-nl left-nl\" id=\"prevBtn\"><i class=\"fa-solid fa-chevron-left\"><\/i><\/div>\r\n\t\t\t<div class=\"slider-arrow-nl right-nl\" id=\"nextBtn\"><i class=\"fa-solid fa-chevron-right\"><\/i><\/div>\r\n\t\t\t<div class=\"image-overlay-top-nl\">\r\n\r\n\t\t\t\t<span class=\"listing-category-tag-nl\">H\u00e9bergements<\/span>\t\t\t\t\r\n\t\t\t\t\t\t\t\t\t\t\t\t<div class=\"favorite-icon-nl\" id=\"favoriteBtn\">\r\n\t\t\t\t\t\t\t\t<span class=\"save fa-regular fa-heart tooltip left\" title=\"Connexion pour marquer des \u00e9l\u00e9ments\"><\/span>\r\n\t\t\t\t\t\t\t<\/div>\r\n\t\t\t\t\t\t\t\t\t\t\t\r\n\r\n\t\t\t\t\t\t\t<\/div>\r\n\t\t<\/div>\r\n\r\n\t\t<!-- ===== RIGHT: LISTING DETAILS (NOW 2-COLUMN) ===== -->\r\n\t\t<a href=\"https:\/\/cparici.com\/fr\/annonce\/maison-de-vacances-la-tourelle-piscine-privee-grand-jardin\/\" class=\"listing-details-nl\">\r\n\r\n\t\t\t<!-- Main Content Column (Left) -->\r\n\t\t\t<div class=\"details-main-col-nl\">\r\n\t\t\t\t<div class=\"listing-badges-nl\">\r\n\t\t\t\t\t\t\t\t\t\t\t\t\t\t<\/div>\r\n\t\t\t\t<h2 class=\"listing-title-nl\">Maison de vacances La Tourelle | piscine priv\u00e9e &amp; grand jardin\t\t\t\t\t<div class=\"listing-title-badges-nl\">\r\n\t\t\t\t\t\t\t\t\t\t\t\t\t\t\t\t\t<\/div>\r\n\t\t\t\t<\/h2>\r\n\t\t\t\t<p class=\"listing-location-nl\">Ranc de Fig\u00e8re, Labeaume<\/p>\r\n\r\n\t\t\t\t\r\n\t\t\t\t\t<div class=\"listing-amenities-nl\">\r\n\t\t\t\t\t\t\r\n\t\t\t\t\t<\/div>\r\n\t\t\t\t\t\t\t<\/div>\r\n\r\n\t\t\t<!-- Sidebar Column (Right) -->\r\n\t\t\t<div class=\"details-sidebar-col-nl\">\r\n\t\t\t\t<div class=\"details-sidebar-upper-nl\">\r\n\r\n\t\t\t\t\t\t\t\t\t<\/div>\r\n\t\t\t\t\t\t\t\t\t\t<div class=\"listing-booking-nl\">\r\n\t\t\t\t\t\t\t<p class=\"price-nl\">350,00&euro; - 450,00&euro;<\/p>\r\n\t\t\t\t\t\t\t\t\t\t\t\t\t<\/div>\r\n\t\t\t\t\r\n\r\n\t\t\t<\/div>\r\n\r\n\r\n\t\t<\/a>\r\n\t<\/div>\r\n<\/div>\r\n\r\n\r\n<!-- Listing Item \/ End --><!-- Listing Item -->\r\n\r\n\r\n<div  class=\"listing-card-container-nl margin-bottom-30 listing-geo-data\" \r\n\t\tdata-title=\"La Campanule \u2013 spacieuse maison de vacances en Dordogne pour 6 personnes avec jacuzzi priv\u00e9\"\r\n\t\tdata-listing-type=\"rental\"\r\n\t\tdata-classifieds-price=\"&euro;\"\r\n\t\tdata-friendly-address=\"423 Route de la Neille\"\r\n\t\tdata-address=\"423 Route de la Neille\"\r\n\t\tdata-image=\"https:\/\/cparici.com\/wp-content\/uploads\/2026\/02\/IMG_5493-520x397.jpg\"\r\n\t\tdata-longitude=\"1.0653895\"\r\n\t\tdata-latitude=\"44.90213869999999\"\r\n\t\t\t\t\tdata-rating=\"4.8\"\r\n\t\t\tdata-reviews=\"36\"\r\n\t\t\t\tdata-icon=\"&lt;svg xmlns=&quot;http:\/\/www.w3.org\/2000\/svg&quot; width=&quot;800px&quot; height=&quot;800px&quot; viewBox=&quot;0 0 45 45&quot; fill=&quot;none&quot;&gt;\n&lt;path d=&quot;M24.155 8.78099L24.33 8.94499L37.402 21.787L36 23.213L34.2 21.445L34.201 35C34.201 36.054 33.385 36.918 32.35 36.994L32.201 37H12.201C11.147 37 10.283 36.184 10.206 35.149L10.201 35L10.2 21.446L8.402 23.213L7 21.787L20.058 8.95799C21.171 7.82199 22.966 7.75899 24.155 8.78099ZM21.569 10.285L21.473 10.372L12.2 19.481L12.201 35L17.2 34.999L17.201 25C17.201 23.946 18.017 23.082 19.052 23.005L19.201 23H25.201C26.255 23 27.119 23.816 27.196 24.851L27.201 25L27.2 34.999L32.201 35L32.2 19.48L22.901 10.344C22.537 9.98699 21.969 9.96499 21.569 10.285ZM25.201 25H19.201L19.2 34.999H25.2L25.201 25Z&quot; fill=&quot;#3C3C3C&quot;\/&gt;\n&lt;\/svg&gt;\"\r\n\r\n\t>\r\n\t<div class=\"listing-card-nl\">\r\n\t\t<!-- ===== LEFT: IMAGE SLIDER ===== -->\r\n\t\t<div class=\"listing-image-container-nl\">\r\n\t\t\t<a href=\"https:\/\/cparici.com\/fr\/annonce\/la-campanule-spacieuse-maison-de-vacances-en-dordogne-pour-6-personnes-avec-jacuzzi-prive\/\">\r\n\t\t\t\t<div class=\"slider-wrapper-nl\">\r\n\t\t\t\t\t\t\t\t\t<img decoding=\"async\" src=\"https:\/\/cparici.com\/wp-content\/uploads\/2026\/02\/IMG_5493-520x397.jpg\" alt=\"La Campanule \u2013 spacieuse maison de vacances en Dordogne pour 6 personnes avec jacuzzi priv\u00e9\" class=\"slider-image-nl\">\r\n\t\t\t\t\t\t<img decoding=\"async\" src=\"https:\/\/cparici.com\/wp-content\/uploads\/2026\/01\/IMG_5792-520x397.jpg\" alt=\"La Campanule \u2013 spacieuse maison de vacances en Dordogne pour 6 personnes avec jacuzzi priv\u00e9\" class=\"slider-image-nl\">\r\n\t\t\t\t\t\t<img decoding=\"async\" src=\"https:\/\/cparici.com\/wp-content\/uploads\/2026\/01\/campanule-buiten-2-520x397.jpg\" alt=\"La Campanule \u2013 spacieuse maison de vacances en Dordogne pour 6 personnes avec jacuzzi priv\u00e9\" class=\"slider-image-nl\">\r\n\t\t\t\t\t\t<\/div>\r\n\t\t\t<\/a>\r\n\r\n\t\t\t\t\t\t<div class=\"slider-arrow-nl left-nl\" id=\"prevBtn\"><i class=\"fa-solid fa-chevron-left\"><\/i><\/div>\r\n\t\t\t<div class=\"slider-arrow-nl right-nl\" id=\"nextBtn\"><i class=\"fa-solid fa-chevron-right\"><\/i><\/div>\r\n\t\t\t<div class=\"image-overlay-top-nl\">\r\n\r\n\t\t\t\t<span class=\"listing-category-tag-nl\">H\u00e9bergements<\/span>\t\t\t\t\r\n\t\t\t\t\t\t\t\t\t\t\t\t<div class=\"favorite-icon-nl\" id=\"favoriteBtn\">\r\n\t\t\t\t\t\t\t\t<span class=\"save fa-regular fa-heart tooltip left\" title=\"Connexion pour marquer des \u00e9l\u00e9ments\"><\/span>\r\n\t\t\t\t\t\t\t<\/div>\r\n\t\t\t\t\t\t\t\t\t\t\t\r\n\r\n\t\t\t\t\t\t\t<\/div>\r\n\t\t<\/div>\r\n\r\n\t\t<!-- ===== RIGHT: LISTING DETAILS (NOW 2-COLUMN) ===== -->\r\n\t\t<a href=\"https:\/\/cparici.com\/fr\/annonce\/la-campanule-spacieuse-maison-de-vacances-en-dordogne-pour-6-personnes-avec-jacuzzi-prive\/\" class=\"listing-details-nl\">\r\n\r\n\t\t\t<!-- Main Content Column (Left) -->\r\n\t\t\t<div class=\"details-main-col-nl\">\r\n\t\t\t\t<div class=\"listing-badges-nl\">\r\n\t\t\t\t\t\t\t\t\t\t<span class=\"badge-nl featured-nl\"><i class=\"fa-solid fa-star\"><\/i> En vedette<\/span>\t\t\t\t<\/div>\r\n\t\t\t\t<h2 class=\"listing-title-nl\">La Campanule \u2013 spacieuse maison de vacances en Dordogne pour 6 personnes avec jacuzzi priv\u00e9\t\t\t\t\t<div class=\"listing-title-badges-nl\">\r\n\t\t\t\t\t\t\t\t\t\t\t\t\t\t\t\t\t<\/div>\r\n\t\t\t\t<\/h2>\r\n\t\t\t\t<p class=\"listing-location-nl\">423 Route de la Neille<\/p>\r\n\r\n\t\t\t\t\r\n\t\t\t\t\t<div class=\"listing-amenities-nl\">\r\n\t\t\t\t\t\t\r\n\t\t\t\t\t<\/div>\r\n\t\t\t\t\t\t\t<\/div>\r\n\r\n\t\t\t<!-- Sidebar Column (Right) -->\r\n\t\t\t<div class=\"details-sidebar-col-nl\">\r\n\t\t\t\t<div class=\"details-sidebar-upper-nl\">\r\n\r\n\t\t\t\t\t\t\t\t\t\t\t\t<div class=\"listing-rating-nl\">\r\n\t\t\t\t\t\t\t\t<div class=\"stars-nl\" data-rating=\"4.8\">\r\n\r\n\t\t\t\t\t\t\t\t\t<div class=\"listing-rating-nl\">\n                      <div class=\"stars-nl\">\n                          <i class=\"fa-solid fa-star\"><\/i>\n                            <i class=\"fa-solid fa-star\"><\/i>\n                            <i class=\"fa-solid fa-star\"><\/i>\n                            <i class=\"fa-solid fa-star\"><\/i>\n                            <i class=\"fa-solid fa-star-half-stroke\"><\/i>\n                      <\/div>\n                       <div class=\"rating-text-nl\">4.8 <span>(36)<\/span><\/div><\/div> \t\t\t\t\t\t\t\t<\/div>\r\n\t\t\t\t\t\t\t<\/div>\r\n\t\t\t\t\t\t\t\t\t<\/div>\r\n\t\t\t\t\t\t\t\t\t\t<div class=\"listing-booking-nl\">\r\n\t\t\t\t\t\t\t<p class=\"price-nl\">167,00&euro; - 285,00&euro;<\/p>\r\n\t\t\t\t\t\t\t\t\t\t\t\t\t<\/div>\r\n\t\t\t\t\r\n\r\n\t\t\t<\/div>\r\n\r\n\r\n\t\t<\/a>\r\n\t<\/div>\r\n<\/div>\r\n\r\n\r\n<!-- Listing Item \/ End --><!-- Listing Item -->\r\n\r\n\r\n<div  class=\"listing-card-container-nl margin-bottom-30 listing-geo-data\" \r\n\t\tdata-title=\"chambres d&#8217;h\u00f4tes ou studio g\u00eete St Lambert la Potherie\"\r\n\t\tdata-listing-type=\"rental\"\r\n\t\tdata-classifieds-price=\"&euro;\"\r\n\t\tdata-friendly-address=\"le Grand Mainguet- route du bois de la Chaterie-St Lambert la Potherie\"\r\n\t\tdata-address=\"le Grand Mainguet- route du bois de la Chaterie-St Lambert la Potherie\"\r\n\t\tdata-image=\"https:\/\/cparici.com\/wp-content\/uploads\/2026\/03\/photo-marre-520x397.jpg\"\r\n\t\tdata-longitude=\"-0.6731697999999999\"\r\n\t\tdata-latitude=\"47.4964033\"\r\n\t\t\t\t\tdata-rating=\"4.3\"\r\n\t\t\tdata-reviews=\"46\"\r\n\t\t\t\tdata-icon=\"&lt;svg xmlns=&quot;http:\/\/www.w3.org\/2000\/svg&quot; width=&quot;800px&quot; height=&quot;800px&quot; viewBox=&quot;0 0 45 45&quot; fill=&quot;none&quot;&gt;\n&lt;path d=&quot;M24.155 8.78099L24.33 8.94499L37.402 21.787L36 23.213L34.2 21.445L34.201 35C34.201 36.054 33.385 36.918 32.35 36.994L32.201 37H12.201C11.147 37 10.283 36.184 10.206 35.149L10.201 35L10.2 21.446L8.402 23.213L7 21.787L20.058 8.95799C21.171 7.82199 22.966 7.75899 24.155 8.78099ZM21.569 10.285L21.473 10.372L12.2 19.481L12.201 35L17.2 34.999L17.201 25C17.201 23.946 18.017 23.082 19.052 23.005L19.201 23H25.201C26.255 23 27.119 23.816 27.196 24.851L27.201 25L27.2 34.999L32.201 35L32.2 19.48L22.901 10.344C22.537 9.98699 21.969 9.96499 21.569 10.285ZM25.201 25H19.201L19.2 34.999H25.2L25.201 25Z&quot; fill=&quot;#3C3C3C&quot;\/&gt;\n&lt;\/svg&gt;\"\r\n\r\n\t>\r\n\t<div class=\"listing-card-nl\">\r\n\t\t<!-- ===== LEFT: IMAGE SLIDER ===== -->\r\n\t\t<div class=\"listing-image-container-nl\">\r\n\t\t\t<a href=\"https:\/\/cparici.com\/fr\/annonce\/chambres-dhotes-ou-studio-gite-st-lambert-la-potherie\/\">\r\n\t\t\t\t<div class=\"slider-wrapper-nl\">\r\n\t\t\t\t\t\t\t\t\t<img decoding=\"async\" src=\"https:\/\/cparici.com\/wp-content\/uploads\/2026\/03\/photo-marre-520x397.jpg\" alt=\"chambres d&#8217;h\u00f4tes ou studio g\u00eete St Lambert la Potherie\" class=\"slider-image-nl\">\r\n\t\t\t\t\t\t<img decoding=\"async\" src=\"https:\/\/cparici.com\/wp-content\/uploads\/2026\/03\/DSC_0066-520x397.jpg\" alt=\"chambres d&#8217;h\u00f4tes ou studio g\u00eete St Lambert la Potherie\" class=\"slider-image-nl\">\r\n\t\t\t\t\t\t<img decoding=\"async\" src=\"https:\/\/cparici.com\/wp-content\/uploads\/2026\/03\/IMG_0333-520x397.jpg\" alt=\"chambres d&#8217;h\u00f4tes ou studio g\u00eete St Lambert la Potherie\" class=\"slider-image-nl\">\r\n\t\t\t\t\t\t<\/div>\r\n\t\t\t<\/a>\r\n\r\n\t\t\t\t\t\t<div class=\"slider-arrow-nl left-nl\" id=\"prevBtn\"><i class=\"fa-solid fa-chevron-left\"><\/i><\/div>\r\n\t\t\t<div class=\"slider-arrow-nl right-nl\" id=\"nextBtn\"><i class=\"fa-solid fa-chevron-right\"><\/i><\/div>\r\n\t\t\t<div class=\"image-overlay-top-nl\">\r\n\r\n\t\t\t\t<span class=\"listing-category-tag-nl\">H\u00e9bergements<\/span>\t\t\t\t\r\n\t\t\t\t\t\t\t\t\t\t\t\t<div class=\"favorite-icon-nl\" id=\"favoriteBtn\">\r\n\t\t\t\t\t\t\t\t<span class=\"save fa-regular fa-heart tooltip left\" title=\"Connexion pour marquer des \u00e9l\u00e9ments\"><\/span>\r\n\t\t\t\t\t\t\t<\/div>\r\n\t\t\t\t\t\t\t\t\t\t\t\r\n\r\n\t\t\t\t\t\t\t<\/div>\r\n\t\t<\/div>\r\n\r\n\t\t<!-- ===== RIGHT: LISTING DETAILS (NOW 2-COLUMN) ===== -->\r\n\t\t<a href=\"https:\/\/cparici.com\/fr\/annonce\/chambres-dhotes-ou-studio-gite-st-lambert-la-potherie\/\" class=\"listing-details-nl\">\r\n\r\n\t\t\t<!-- Main Content Column (Left) -->\r\n\t\t\t<div class=\"details-main-col-nl\">\r\n\t\t\t\t<div class=\"listing-badges-nl\">\r\n\t\t\t\t\t\t\t\t\t\t<span class=\"badge-nl featured-nl\"><i class=\"fa-solid fa-star\"><\/i> En vedette<\/span>\t\t\t\t<\/div>\r\n\t\t\t\t<h2 class=\"listing-title-nl\">chambres d&#8217;h\u00f4tes ou studio g\u00eete St Lambert la Potherie\t\t\t\t\t<div class=\"listing-title-badges-nl\">\r\n\t\t\t\t\t\t\t\t\t\t\t\t\t\t\t\t\t<\/div>\r\n\t\t\t\t<\/h2>\r\n\t\t\t\t<p class=\"listing-location-nl\">le Grand Mainguet- route du bois de la Chaterie-St Lambert la Potherie<\/p>\r\n\r\n\t\t\t\t\r\n\t\t\t\t\t<div class=\"listing-amenities-nl\">\r\n\t\t\t\t\t\t\r\n\t\t\t\t\t<\/div>\r\n\t\t\t\t\t\t\t<\/div>\r\n\r\n\t\t\t<!-- Sidebar Column (Right) -->\r\n\t\t\t<div class=\"details-sidebar-col-nl\">\r\n\t\t\t\t<div class=\"details-sidebar-upper-nl\">\r\n\r\n\t\t\t\t\t\t\t\t\t\t\t\t<div class=\"listing-rating-nl\">\r\n\t\t\t\t\t\t\t\t<div class=\"stars-nl\" data-rating=\"4.3\">\r\n\r\n\t\t\t\t\t\t\t\t\t<div class=\"listing-rating-nl\">\n                      <div class=\"stars-nl\">\n                          <i class=\"fa-solid fa-star\"><\/i>\n                            <i class=\"fa-solid fa-star\"><\/i>\n                            <i class=\"fa-solid fa-star\"><\/i>\n                            <i class=\"fa-solid fa-star\"><\/i>\n                            <i class=\"fa-solid fa-star-half-stroke\"><\/i>\n                      <\/div>\n                       <div class=\"rating-text-nl\">4.3 <span>(46)<\/span><\/div><\/div> \t\t\t\t\t\t\t\t<\/div>\r\n\t\t\t\t\t\t\t<\/div>\r\n\t\t\t\t\t\t\t\t\t<\/div>\r\n\t\t\t\t\t\t\t\t\t\t<div class=\"listing-booking-nl\">\r\n\t\t\t\t\t\t\t<p class=\"price-nl\">85,00&euro; - 90,00&euro;<\/p>\r\n\t\t\t\t\t\t\t\t\t\t\t\t\t<\/div>\r\n\t\t\t\t\r\n\r\n\t\t\t<\/div>\r\n\r\n\r\n\t\t<\/a>\r\n\t<\/div>\r\n<\/div>\r\n\r\n\r\n<!-- Listing Item \/ End --><!-- Listing Item -->\r\n\r\n\r\n<div  class=\"listing-card-container-nl margin-bottom-30 listing-geo-data\" \r\n\t\tdata-title=\"L\u2019An\u00e9mone \u2013 grand maison de vacances pour 8 personnes\"\r\n\t\tdata-listing-type=\"rental\"\r\n\t\tdata-classifieds-price=\"&euro;\"\r\n\t\tdata-friendly-address=\"423 Route de la Neille\"\r\n\t\tdata-address=\"423 Route de la Neille\"\r\n\t\tdata-image=\"https:\/\/cparici.com\/wp-content\/uploads\/2026\/02\/IMG_5158-520x397.jpg\"\r\n\t\tdata-longitude=\"1.0654562916839598\"\r\n\t\tdata-latitude=\"44.90234659063254\"\r\n\t\t\t\t\tdata-rating=\"0\"\r\n\t\t\tdata-reviews=\"0\"\r\n\t\t\t\tdata-icon=\"&lt;svg xmlns=&quot;http:\/\/www.w3.org\/2000\/svg&quot; width=&quot;800px&quot; height=&quot;800px&quot; viewBox=&quot;0 0 45 45&quot; fill=&quot;none&quot;&gt;\n&lt;path d=&quot;M24.155 8.78099L24.33 8.94499L37.402 21.787L36 23.213L34.2 21.445L34.201 35C34.201 36.054 33.385 36.918 32.35 36.994L32.201 37H12.201C11.147 37 10.283 36.184 10.206 35.149L10.201 35L10.2 21.446L8.402 23.213L7 21.787L20.058 8.95799C21.171 7.82199 22.966 7.75899 24.155 8.78099ZM21.569 10.285L21.473 10.372L12.2 19.481L12.201 35L17.2 34.999L17.201 25C17.201 23.946 18.017 23.082 19.052 23.005L19.201 23H25.201C26.255 23 27.119 23.816 27.196 24.851L27.201 25L27.2 34.999L32.201 35L32.2 19.48L22.901 10.344C22.537 9.98699 21.969 9.96499 21.569 10.285ZM25.201 25H19.201L19.2 34.999H25.2L25.201 25Z&quot; fill=&quot;#3C3C3C&quot;\/&gt;\n&lt;\/svg&gt;\"\r\n\r\n\t>\r\n\t<div class=\"listing-card-nl\">\r\n\t\t<!-- ===== LEFT: IMAGE SLIDER ===== -->\r\n\t\t<div class=\"listing-image-container-nl\">\r\n\t\t\t<a href=\"https:\/\/cparici.com\/fr\/annonce\/lanemone-grand-maison-de-vacances-pour-8-personnes\/\">\r\n\t\t\t\t<div class=\"slider-wrapper-nl\">\r\n\t\t\t\t\t\t\t\t\t<img decoding=\"async\" src=\"https:\/\/cparici.com\/wp-content\/uploads\/2026\/02\/IMG_5158-520x397.jpg\" alt=\"L\u2019An\u00e9mone \u2013 grand maison de vacances pour 8 personnes\" class=\"slider-image-nl\">\r\n\t\t\t\t\t\t<img decoding=\"async\" src=\"https:\/\/cparici.com\/wp-content\/uploads\/2026\/02\/IMG_5172-520x397.jpg\" alt=\"L\u2019An\u00e9mone \u2013 grand maison de vacances pour 8 personnes\" class=\"slider-image-nl\">\r\n\t\t\t\t\t\t<img decoding=\"async\" src=\"https:\/\/cparici.com\/wp-content\/uploads\/2026\/02\/IMG_5180-520x397.jpg\" alt=\"L\u2019An\u00e9mone \u2013 grand maison de vacances pour 8 personnes\" class=\"slider-image-nl\">\r\n\t\t\t\t\t\t<\/div>\r\n\t\t\t<\/a>\r\n\r\n\t\t\t\t\t\t<div class=\"slider-arrow-nl left-nl\" id=\"prevBtn\"><i class=\"fa-solid fa-chevron-left\"><\/i><\/div>\r\n\t\t\t<div class=\"slider-arrow-nl right-nl\" id=\"nextBtn\"><i class=\"fa-solid fa-chevron-right\"><\/i><\/div>\r\n\t\t\t<div class=\"image-overlay-top-nl\">\r\n\r\n\t\t\t\t<span class=\"listing-category-tag-nl\">H\u00e9bergements<\/span>\t\t\t\t\r\n\t\t\t\t\t\t\t\t\t\t\t\t<div class=\"favorite-icon-nl\" id=\"favoriteBtn\">\r\n\t\t\t\t\t\t\t\t<span class=\"save fa-regular fa-heart tooltip left\" title=\"Connexion pour marquer des \u00e9l\u00e9ments\"><\/span>\r\n\t\t\t\t\t\t\t<\/div>\r\n\t\t\t\t\t\t\t\t\t\t\t\r\n\r\n\t\t\t\t\t\t\t<\/div>\r\n\t\t<\/div>\r\n\r\n\t\t<!-- ===== RIGHT: LISTING DETAILS (NOW 2-COLUMN) ===== -->\r\n\t\t<a href=\"https:\/\/cparici.com\/fr\/annonce\/lanemone-grand-maison-de-vacances-pour-8-personnes\/\" class=\"listing-details-nl\">\r\n\r\n\t\t\t<!-- Main Content Column (Left) -->\r\n\t\t\t<div class=\"details-main-col-nl\">\r\n\t\t\t\t<div class=\"listing-badges-nl\">\r\n\t\t\t\t\t\t\t\t\t\t<span class=\"badge-nl featured-nl\"><i class=\"fa-solid fa-star\"><\/i> En vedette<\/span>\t\t\t\t<\/div>\r\n\t\t\t\t<h2 class=\"listing-title-nl\">L\u2019An\u00e9mone \u2013 grand maison de vacances pour 8 personnes\t\t\t\t\t<div class=\"listing-title-badges-nl\">\r\n\t\t\t\t\t\t\t\t\t\t\t\t\t\t\t\t\t<\/div>\r\n\t\t\t\t<\/h2>\r\n\t\t\t\t<p class=\"listing-location-nl\">423 Route de la Neille<\/p>\r\n\r\n\t\t\t\t\r\n\t\t\t\t\t<div class=\"listing-amenities-nl\">\r\n\t\t\t\t\t\t\r\n\t\t\t\t\t<\/div>\r\n\t\t\t\t\t\t\t<\/div>\r\n\r\n\t\t\t<!-- Sidebar Column (Right) -->\r\n\t\t\t<div class=\"details-sidebar-col-nl\">\r\n\t\t\t\t<div class=\"details-sidebar-upper-nl\">\r\n\r\n\t\t\t\t\t\t\t\t\t<\/div>\r\n\t\t\t\t\t\t\t\t\t\t<div class=\"listing-booking-nl\">\r\n\t\t\t\t\t\t\t<p class=\"price-nl\">180,00&euro; - 306,00&euro;<\/p>\r\n\t\t\t\t\t\t\t\t\t\t\t\t\t<\/div>\r\n\t\t\t\t\r\n\r\n\t\t\t<\/div>\r\n\r\n\r\n\t\t<\/a>\r\n\t<\/div>\r\n<\/div>\r\n\r\n\r\n<!-- Listing Item \/ End --><!-- Listing Item -->\r\n\r\n\r\n<div  class=\"listing-card-container-nl margin-bottom-30 listing-geo-data\" \r\n\t\tdata-title=\"L&#8217;Iris gite p\u00e9rigourdine pour deux\"\r\n\t\tdata-listing-type=\"rental\"\r\n\t\tdata-classifieds-price=\"&euro;\"\r\n\t\tdata-friendly-address=\"423 Route de la Neille\"\r\n\t\tdata-address=\"423 Route de la Neille\"\r\n\t\tdata-image=\"https:\/\/cparici.com\/wp-content\/uploads\/2026\/02\/IMG_5328-520x397.jpg\"\r\n\t\tdata-longitude=\"1.0654562916839598\"\r\n\t\tdata-latitude=\"44.90234659063254\"\r\n\t\t\t\t\tdata-rating=\"0\"\r\n\t\t\tdata-reviews=\"0\"\r\n\t\t\t\tdata-icon=\"&lt;svg xmlns=&quot;http:\/\/www.w3.org\/2000\/svg&quot; width=&quot;800px&quot; height=&quot;800px&quot; viewBox=&quot;0 0 45 45&quot; fill=&quot;none&quot;&gt;\n&lt;path d=&quot;M24.155 8.78099L24.33 8.94499L37.402 21.787L36 23.213L34.2 21.445L34.201 35C34.201 36.054 33.385 36.918 32.35 36.994L32.201 37H12.201C11.147 37 10.283 36.184 10.206 35.149L10.201 35L10.2 21.446L8.402 23.213L7 21.787L20.058 8.95799C21.171 7.82199 22.966 7.75899 24.155 8.78099ZM21.569 10.285L21.473 10.372L12.2 19.481L12.201 35L17.2 34.999L17.201 25C17.201 23.946 18.017 23.082 19.052 23.005L19.201 23H25.201C26.255 23 27.119 23.816 27.196 24.851L27.201 25L27.2 34.999L32.201 35L32.2 19.48L22.901 10.344C22.537 9.98699 21.969 9.96499 21.569 10.285ZM25.201 25H19.201L19.2 34.999H25.2L25.201 25Z&quot; fill=&quot;#3C3C3C&quot;\/&gt;\n&lt;\/svg&gt;\"\r\n\r\n\t>\r\n\t<div class=\"listing-card-nl\">\r\n\t\t<!-- ===== LEFT: IMAGE SLIDER ===== -->\r\n\t\t<div class=\"listing-image-container-nl\">\r\n\t\t\t<a href=\"https:\/\/cparici.com\/fr\/annonce\/liris-gite-perigourdine-pour-deux\/\">\r\n\t\t\t\t<div class=\"slider-wrapper-nl\">\r\n\t\t\t\t\t\t\t\t\t<img decoding=\"async\" src=\"https:\/\/cparici.com\/wp-content\/uploads\/2026\/02\/IMG_5328-520x397.jpg\" alt=\"L&#8217;Iris gite p\u00e9rigourdine pour deux\" class=\"slider-image-nl\">\r\n\t\t\t\t\t\t<img decoding=\"async\" src=\"https:\/\/cparici.com\/wp-content\/uploads\/2026\/02\/IMG_5329-520x397.jpg\" alt=\"L&#8217;Iris gite p\u00e9rigourdine pour deux\" class=\"slider-image-nl\">\r\n\t\t\t\t\t\t<img decoding=\"async\" src=\"https:\/\/cparici.com\/wp-content\/uploads\/2026\/02\/IMG_5330-520x397.jpg\" alt=\"L&#8217;Iris gite p\u00e9rigourdine pour deux\" class=\"slider-image-nl\">\r\n\t\t\t\t\t\t<\/div>\r\n\t\t\t<\/a>\r\n\r\n\t\t\t\t\t\t<div class=\"slider-arrow-nl left-nl\" id=\"prevBtn\"><i class=\"fa-solid fa-chevron-left\"><\/i><\/div>\r\n\t\t\t<div class=\"slider-arrow-nl right-nl\" id=\"nextBtn\"><i class=\"fa-solid fa-chevron-right\"><\/i><\/div>\r\n\t\t\t<div class=\"image-overlay-top-nl\">\r\n\r\n\t\t\t\t<span class=\"listing-category-tag-nl\">H\u00e9bergements<\/span>\t\t\t\t\r\n\t\t\t\t\t\t\t\t\t\t\t\t<div class=\"favorite-icon-nl\" id=\"favoriteBtn\">\r\n\t\t\t\t\t\t\t\t<span class=\"save fa-regular fa-heart tooltip left\" title=\"Connexion pour marquer des \u00e9l\u00e9ments\"><\/span>\r\n\t\t\t\t\t\t\t<\/div>\r\n\t\t\t\t\t\t\t\t\t\t\t\r\n\r\n\t\t\t\t\t\t\t<\/div>\r\n\t\t<\/div>\r\n\r\n\t\t<!-- ===== RIGHT: LISTING DETAILS (NOW 2-COLUMN) ===== -->\r\n\t\t<a href=\"https:\/\/cparici.com\/fr\/annonce\/liris-gite-perigourdine-pour-deux\/\" class=\"listing-details-nl\">\r\n\r\n\t\t\t<!-- Main Content Column (Left) -->\r\n\t\t\t<div class=\"details-main-col-nl\">\r\n\t\t\t\t<div class=\"listing-badges-nl\">\r\n\t\t\t\t\t\t\t\t\t\t<span class=\"badge-nl featured-nl\"><i class=\"fa-solid fa-star\"><\/i> En vedette<\/span>\t\t\t\t<\/div>\r\n\t\t\t\t<h2 class=\"listing-title-nl\">L&#8217;Iris gite p\u00e9rigourdine pour deux\t\t\t\t\t<div class=\"listing-title-badges-nl\">\r\n\t\t\t\t\t\t\t\t\t\t\t\t\t\t\t\t\t<\/div>\r\n\t\t\t\t<\/h2>\r\n\t\t\t\t<p class=\"listing-location-nl\">423 Route de la Neille<\/p>\r\n\r\n\t\t\t\t\r\n\t\t\t\t\t<div class=\"listing-amenities-nl\">\r\n\t\t\t\t\t\t\r\n\t\t\t\t\t<\/div>\r\n\t\t\t\t\t\t\t<\/div>\r\n\r\n\t\t\t<!-- Sidebar Column (Right) -->\r\n\t\t\t<div class=\"details-sidebar-col-nl\">\r\n\t\t\t\t<div class=\"details-sidebar-upper-nl\">\r\n\r\n\t\t\t\t\t\t\t\t\t<\/div>\r\n\t\t\t\t\t\t\t\t\t\t<div class=\"listing-booking-nl\">\r\n\t\t\t\t\t\t\t<p class=\"price-nl\">88,00&euro; - 150,00&euro;<\/p>\r\n\t\t\t\t\t\t\t\t\t\t\t\t\t<\/div>\r\n\t\t\t\t\r\n\r\n\t\t\t<\/div>\r\n\r\n\r\n\t\t<\/a>\r\n\t<\/div>\r\n<\/div>\r\n\r\n\r\n<!-- Listing Item \/ End --><!-- Listing Item -->\r\n\r\n\r\n<div  class=\"listing-card-container-nl margin-bottom-30 listing-geo-data\" \r\n\t\tdata-title=\"Perle Maison 6 Pers avec Piscine Couverte et Vue Mer\"\r\n\t\tdata-listing-type=\"rental\"\r\n\t\tdata-classifieds-price=\"&euro;\"\r\n\t\tdata-friendly-address=\"Concarneau, Les Sables Blancs\"\r\n\t\tdata-address=\"Concarneau, Les Sables Blancs\"\r\n\t\tdata-image=\"https:\/\/cparici.com\/wp-content\/uploads\/2026\/03\/maison-vacances-perle-concarneau-exterieur-520x397.jpg\"\r\n\t\tdata-longitude=\"-3.934530282209957\"\r\n\t\tdata-latitude=\"47.884541075243035\"\r\n\t\t\t\t\tdata-rating=\"0\"\r\n\t\t\tdata-reviews=\"0\"\r\n\t\t\t\tdata-icon=\"&lt;svg xmlns=&quot;http:\/\/www.w3.org\/2000\/svg&quot; width=&quot;800px&quot; height=&quot;800px&quot; viewBox=&quot;0 0 45 45&quot; fill=&quot;none&quot;&gt;\n&lt;path d=&quot;M24.155 8.78099L24.33 8.94499L37.402 21.787L36 23.213L34.2 21.445L34.201 35C34.201 36.054 33.385 36.918 32.35 36.994L32.201 37H12.201C11.147 37 10.283 36.184 10.206 35.149L10.201 35L10.2 21.446L8.402 23.213L7 21.787L20.058 8.95799C21.171 7.82199 22.966 7.75899 24.155 8.78099ZM21.569 10.285L21.473 10.372L12.2 19.481L12.201 35L17.2 34.999L17.201 25C17.201 23.946 18.017 23.082 19.052 23.005L19.201 23H25.201C26.255 23 27.119 23.816 27.196 24.851L27.201 25L27.2 34.999L32.201 35L32.2 19.48L22.901 10.344C22.537 9.98699 21.969 9.96499 21.569 10.285ZM25.201 25H19.201L19.2 34.999H25.2L25.201 25Z&quot; fill=&quot;#3C3C3C&quot;\/&gt;\n&lt;\/svg&gt;\"\r\n\r\n\t>\r\n\t<div class=\"listing-card-nl\">\r\n\t\t<!-- ===== LEFT: IMAGE SLIDER ===== -->\r\n\t\t<div class=\"listing-image-container-nl\">\r\n\t\t\t<a href=\"https:\/\/cparici.com\/fr\/annonce\/perle-maison-6-pers-avec-piscine-couverte-et-vue-mer\/\">\r\n\t\t\t\t<div class=\"slider-wrapper-nl\">\r\n\t\t\t\t\t\t\t\t\t<img decoding=\"async\" src=\"https:\/\/cparici.com\/wp-content\/uploads\/2026\/03\/maison-vacances-perle-concarneau-exterieur-520x397.jpg\" alt=\"Perle Maison 6 Pers avec Piscine Couverte et Vue Mer\" class=\"slider-image-nl\">\r\n\t\t\t\t\t\t<img decoding=\"async\" src=\"https:\/\/cparici.com\/wp-content\/uploads\/2026\/03\/maiosn-vacances-perle-concarneau-piscine-couverte-520x397.jpg\" alt=\"Perle Maison 6 Pers avec Piscine Couverte et Vue Mer\" class=\"slider-image-nl\">\r\n\t\t\t\t\t\t<img decoding=\"async\" src=\"https:\/\/cparici.com\/wp-content\/uploads\/2026\/03\/piscine-couverte-maison-vacances-perle-concarnea-sables-blancs-520x397.jpg\" alt=\"Perle Maison 6 Pers avec Piscine Couverte et Vue Mer\" class=\"slider-image-nl\">\r\n\t\t\t\t\t\t<\/div>\r\n\t\t\t<\/a>\r\n\r\n\t\t\t\t\t\t<div class=\"slider-arrow-nl left-nl\" id=\"prevBtn\"><i class=\"fa-solid fa-chevron-left\"><\/i><\/div>\r\n\t\t\t<div class=\"slider-arrow-nl right-nl\" id=\"nextBtn\"><i class=\"fa-solid fa-chevron-right\"><\/i><\/div>\r\n\t\t\t<div class=\"image-overlay-top-nl\">\r\n\r\n\t\t\t\t<span class=\"listing-category-tag-nl\">H\u00e9bergements<\/span>\t\t\t\t\r\n\t\t\t\t\t\t\t\t\t\t\t\t<div class=\"favorite-icon-nl\" id=\"favoriteBtn\">\r\n\t\t\t\t\t\t\t\t<span class=\"save fa-regular fa-heart tooltip left\" title=\"Connexion pour marquer des \u00e9l\u00e9ments\"><\/span>\r\n\t\t\t\t\t\t\t<\/div>\r\n\t\t\t\t\t\t\t\t\t\t\t\r\n\r\n\t\t\t\t\t\t\t<\/div>\r\n\t\t<\/div>\r\n\r\n\t\t<!-- ===== RIGHT: LISTING DETAILS (NOW 2-COLUMN) ===== -->\r\n\t\t<a href=\"https:\/\/cparici.com\/fr\/annonce\/perle-maison-6-pers-avec-piscine-couverte-et-vue-mer\/\" class=\"listing-details-nl\">\r\n\r\n\t\t\t<!-- Main Content Column (Left) -->\r\n\t\t\t<div class=\"details-main-col-nl\">\r\n\t\t\t\t<div class=\"listing-badges-nl\">\r\n\t\t\t\t\t\t\t\t\t\t\t\t\t\t<\/div>\r\n\t\t\t\t<h2 class=\"listing-title-nl\">Perle Maison 6 Pers avec Piscine Couverte et Vue Mer\t\t\t\t\t<div class=\"listing-title-badges-nl\">\r\n\t\t\t\t\t\t\t\t\t\t\t\t\t\t\t\t\t<\/div>\r\n\t\t\t\t<\/h2>\r\n\t\t\t\t<p class=\"listing-location-nl\">Concarneau, Les Sables Blancs<\/p>\r\n\r\n\t\t\t\t\r\n\t\t\t\t\t<div class=\"listing-amenities-nl\">\r\n\t\t\t\t\t\t\r\n\t\t\t\t\t<\/div>\r\n\t\t\t\t\t\t\t<\/div>\r\n\r\n\t\t\t<!-- Sidebar Column (Right) -->\r\n\t\t\t<div class=\"details-sidebar-col-nl\">\r\n\t\t\t\t<div class=\"details-sidebar-upper-nl\">\r\n\r\n\t\t\t\t\t\t\t\t\t<\/div>\r\n\t\t\t\t\t\t\t\t\t\t<div class=\"listing-booking-nl\">\r\n\t\t\t\t\t\t\t<p class=\"price-nl\">230,00&euro; - 0,00&euro;<\/p>\r\n\t\t\t\t\t\t\t\t\t\t\t\t\t<\/div>\r\n\t\t\t\t\r\n\r\n\t\t\t<\/div>\r\n\r\n\r\n\t\t<\/a>\r\n\t<\/div>\r\n<\/div>\r\n\r\n\r\n<!-- Listing Item \/ End --><!-- Listing Item -->\r\n\r\n\r\n<div  class=\"listing-card-container-nl margin-bottom-30 listing-geo-data\" \r\n\t\tdata-title=\"La Villa du Cabellou\"\r\n\t\tdata-listing-type=\"rental\"\r\n\t\tdata-classifieds-price=\"&euro;\"\r\n\t\tdata-friendly-address=\"Le Cabellou\"\r\n\t\tdata-address=\"Le Cabellou\"\r\n\t\tdata-image=\"https:\/\/cparici.com\/wp-content\/uploads\/2025\/01\/villa-le-cabellou-1-520x397.jpg\"\r\n\t\tdata-longitude=\"-3.90582\"\r\n\t\tdata-latitude=\"47.8544208\"\r\n\t\t\t\t\tdata-rating=\"0\"\r\n\t\t\tdata-reviews=\"0\"\r\n\t\t\t\tdata-icon=\"&lt;svg xmlns=&quot;http:\/\/www.w3.org\/2000\/svg&quot; width=&quot;800px&quot; height=&quot;800px&quot; viewBox=&quot;0 0 45 45&quot; fill=&quot;none&quot;&gt;\n&lt;path d=&quot;M24.155 8.78099L24.33 8.94499L37.402 21.787L36 23.213L34.2 21.445L34.201 35C34.201 36.054 33.385 36.918 32.35 36.994L32.201 37H12.201C11.147 37 10.283 36.184 10.206 35.149L10.201 35L10.2 21.446L8.402 23.213L7 21.787L20.058 8.95799C21.171 7.82199 22.966 7.75899 24.155 8.78099ZM21.569 10.285L21.473 10.372L12.2 19.481L12.201 35L17.2 34.999L17.201 25C17.201 23.946 18.017 23.082 19.052 23.005L19.201 23H25.201C26.255 23 27.119 23.816 27.196 24.851L27.201 25L27.2 34.999L32.201 35L32.2 19.48L22.901 10.344C22.537 9.98699 21.969 9.96499 21.569 10.285ZM25.201 25H19.201L19.2 34.999H25.2L25.201 25Z&quot; fill=&quot;#3C3C3C&quot;\/&gt;\n&lt;\/svg&gt;\"\r\n\r\n\t>\r\n\t<div class=\"listing-card-nl\">\r\n\t\t<!-- ===== LEFT: IMAGE SLIDER ===== -->\r\n\t\t<div class=\"listing-image-container-nl\">\r\n\t\t\t<a href=\"https:\/\/cparici.com\/fr\/annonce\/la-villa-du-cabellou\/\">\r\n\t\t\t\t<div class=\"slider-wrapper-nl\">\r\n\t\t\t\t\t\t\t\t\t<img decoding=\"async\" src=\"https:\/\/cparici.com\/wp-content\/uploads\/2025\/01\/villa-le-cabellou-1-520x397.jpg\" alt=\"La Villa du Cabellou\" class=\"slider-image-nl\">\r\n\t\t\t\t\t\t<img decoding=\"async\" src=\"https:\/\/cparici.com\/wp-content\/uploads\/2025\/01\/villa-le-cabellou-2-520x397.jpg\" alt=\"La Villa du Cabellou\" class=\"slider-image-nl\">\r\n\t\t\t\t\t\t<img decoding=\"async\" src=\"https:\/\/cparici.com\/wp-content\/uploads\/2025\/01\/villa-le-cabellou-4-520x397.jpg\" alt=\"La Villa du Cabellou\" class=\"slider-image-nl\">\r\n\t\t\t\t\t\t<\/div>\r\n\t\t\t<\/a>\r\n\r\n\t\t\t\t\t\t<div class=\"slider-arrow-nl left-nl\" id=\"prevBtn\"><i class=\"fa-solid fa-chevron-left\"><\/i><\/div>\r\n\t\t\t<div class=\"slider-arrow-nl right-nl\" id=\"nextBtn\"><i class=\"fa-solid fa-chevron-right\"><\/i><\/div>\r\n\t\t\t<div class=\"image-overlay-top-nl\">\r\n\r\n\t\t\t\t<span class=\"listing-category-tag-nl\">H\u00e9bergements<\/span>\t\t\t\t\r\n\t\t\t\t\t\t\t\t\t\t\t\t<div class=\"favorite-icon-nl\" id=\"favoriteBtn\">\r\n\t\t\t\t\t\t\t\t<span class=\"save fa-regular fa-heart tooltip left\" title=\"Connexion pour marquer des \u00e9l\u00e9ments\"><\/span>\r\n\t\t\t\t\t\t\t<\/div>\r\n\t\t\t\t\t\t\t\t\t\t\t\r\n\r\n\t\t\t\t\t\t\t<\/div>\r\n\t\t<\/div>\r\n\r\n\t\t<!-- ===== RIGHT: LISTING DETAILS (NOW 2-COLUMN) ===== -->\r\n\t\t<a href=\"https:\/\/cparici.com\/fr\/annonce\/la-villa-du-cabellou\/\" class=\"listing-details-nl\">\r\n\r\n\t\t\t<!-- Main Content Column (Left) -->\r\n\t\t\t<div class=\"details-main-col-nl\">\r\n\t\t\t\t<div class=\"listing-badges-nl\">\r\n\t\t\t\t\t\t\t\t\t\t\t\t\t\t<\/div>\r\n\t\t\t\t<h2 class=\"listing-title-nl\">La Villa du Cabellou\t\t\t\t\t<div class=\"listing-title-badges-nl\">\r\n\t\t\t\t\t\t\t\t\t\t\t\t\t\t\t\t\t<\/div>\r\n\t\t\t\t<\/h2>\r\n\t\t\t\t<p class=\"listing-location-nl\">Le Cabellou<\/p>\r\n\r\n\t\t\t\t\t\t<div class=\"listing-features-nl\">\r\n\t\t\t\t\t\t\t\t\t\t\t\t<!-- Regular Field Template -->\r\n\t\t\t\t\t<div class=\"feature-tag-nl main-detail-_size\">\r\n\t\t\t\t\t\t<i class=\"fas fa-check\"><\/i>\r\n\t\t\t\t\t\t\t\t\t\t\t\t\t\t\t\t\t\t\t\t<span>140<\/span>\r\n\t\t\t\t\t\t\t\t\t\t\t\t<div class=\"tooltip-nl\">Size<\/div>\r\n\t\t\t\t\t<\/div>\r\n\t\t\t\t\t\t\t\t\t\t\t\t\t\t\t\t<!-- Regular Field Template -->\r\n\t\t\t\t\t<div class=\"feature-tag-nl main-detail-_guests\">\r\n\t\t\t\t\t\t<i class=\"fas fa-check\"><\/i>\r\n\t\t\t\t\t\t\t\t\t\t\t\t\t\t\t\t\t\t\t\t<span>8<\/span>\r\n\t\t\t\t\t\t\t\t\t\t\t\t<div class=\"tooltip-nl\">Guest(s)<\/div>\r\n\t\t\t\t\t<\/div>\r\n\t\t\t\t\t\t\t\t\t\t\t\t\t\t\t\t<!-- Regular Field Template -->\r\n\t\t\t\t\t<div class=\"feature-tag-nl main-detail-_number_of_bedrooms\">\r\n\t\t\t\t\t\t<i class=\"fas fa-check\"><\/i>\r\n\t\t\t\t\t\t\t\t\t\t\t\t\t\t\t\t\t\t\t\t<span>4<\/span>\r\n\t\t\t\t\t\t\t\t\t\t\t\t<div class=\"tooltip-nl\">Bedroom(s)<\/div>\r\n\t\t\t\t\t<\/div>\r\n\t\t\t\t\t\t\t\t\t\t<\/div>\r\n\r\n\t\t\t\t\t<div class=\"listing-amenities-nl\">\r\n\t\t\t\t\t\t\r\n\t\t\t\t\t<\/div>\r\n\t\t\t\t\t\t\t<\/div>\r\n\r\n\t\t\t<!-- Sidebar Column (Right) -->\r\n\t\t\t<div class=\"details-sidebar-col-nl\">\r\n\t\t\t\t<div class=\"details-sidebar-upper-nl\">\r\n\r\n\t\t\t\t\t\t\t\t\t<\/div>\r\n\t\t\t\t\r\n\r\n\t\t\t<\/div>\r\n\r\n\r\n\t\t<\/a>\r\n\t<\/div>\r\n<\/div>\r\n\r\n\r\n<!-- Listing Item \/ End --><!-- Listing Item -->\r\n\r\n\r\n<div  class=\"listing-card-container-nl margin-bottom-30 listing-geo-data\" \r\n\t\tdata-title=\"Ty Glaz \u2013 Maison en bois au bord de la mer \u00e0 Tr\u00e9l\u00e9vern \u2013 Terre \u00e0 Tribord, C\u00f4te de Granit Rose (Bretagne)\"\r\n\t\tdata-listing-type=\"rental\"\r\n\t\tdata-classifieds-price=\"&euro;\"\r\n\t\tdata-friendly-address=\"16 Le Rhun, Tr\u00e9l\u00e9vern, France\"\r\n\t\tdata-address=\"16 Le Rhun, Tr\u00e9l\u00e9vern, France\"\r\n\t\tdata-image=\"https:\/\/cparici.com\/wp-content\/uploads\/2025\/07\/1-1-520x397.jpg\"\r\n\t\tdata-longitude=\"-3.3808085\"\r\n\t\tdata-latitude=\"48.81022369999999\"\r\n\t\t\t\t\tdata-rating=\"4.9\"\r\n\t\t\tdata-reviews=\"18\"\r\n\t\t\t\tdata-icon=\"&lt;svg xmlns=&quot;http:\/\/www.w3.org\/2000\/svg&quot; width=&quot;800px&quot; height=&quot;800px&quot; viewBox=&quot;0 0 45 45&quot; fill=&quot;none&quot;&gt;\n&lt;path d=&quot;M24.155 8.78099L24.33 8.94499L37.402 21.787L36 23.213L34.2 21.445L34.201 35C34.201 36.054 33.385 36.918 32.35 36.994L32.201 37H12.201C11.147 37 10.283 36.184 10.206 35.149L10.201 35L10.2 21.446L8.402 23.213L7 21.787L20.058 8.95799C21.171 7.82199 22.966 7.75899 24.155 8.78099ZM21.569 10.285L21.473 10.372L12.2 19.481L12.201 35L17.2 34.999L17.201 25C17.201 23.946 18.017 23.082 19.052 23.005L19.201 23H25.201C26.255 23 27.119 23.816 27.196 24.851L27.201 25L27.2 34.999L32.201 35L32.2 19.48L22.901 10.344C22.537 9.98699 21.969 9.96499 21.569 10.285ZM25.201 25H19.201L19.2 34.999H25.2L25.201 25Z&quot; fill=&quot;#3C3C3C&quot;\/&gt;\n&lt;\/svg&gt;\"\r\n\r\n\t>\r\n\t<div class=\"listing-card-nl\">\r\n\t\t<!-- ===== LEFT: IMAGE SLIDER ===== -->\r\n\t\t<div class=\"listing-image-container-nl\">\r\n\t\t\t<a href=\"https:\/\/cparici.com\/fr\/annonce\/ty-glaz-maison-en-bois-au-bord-de-la-mer-a-trelevern-terre-a-tribord-cote-de-granit-rose-bretagne\/\">\r\n\t\t\t\t<div class=\"slider-wrapper-nl\">\r\n\t\t\t\t\t\t\t\t\t<img decoding=\"async\" src=\"https:\/\/cparici.com\/wp-content\/uploads\/2025\/07\/1-1-520x397.jpg\" alt=\"gite cote de Granit Rose Trelevern ty Glaz\" class=\"slider-image-nl\">\r\n\t\t\t\t\t\t<img decoding=\"async\" src=\"https:\/\/cparici.com\/wp-content\/uploads\/2025\/07\/2-1-520x397.jpg\" alt=\"gite trelevern ty Glaz\" class=\"slider-image-nl\">\r\n\t\t\t\t\t\t<img decoding=\"async\" src=\"https:\/\/cparici.com\/wp-content\/uploads\/2025\/07\/4-2-520x397.jpg\" alt=\"gite Ty Glaz trelevern\" class=\"slider-image-nl\">\r\n\t\t\t\t\t\t<\/div>\r\n\t\t\t<\/a>\r\n\r\n\t\t\t\t\t\t<div class=\"slider-arrow-nl left-nl\" id=\"prevBtn\"><i class=\"fa-solid fa-chevron-left\"><\/i><\/div>\r\n\t\t\t<div class=\"slider-arrow-nl right-nl\" id=\"nextBtn\"><i class=\"fa-solid fa-chevron-right\"><\/i><\/div>\r\n\t\t\t<div class=\"image-overlay-top-nl\">\r\n\r\n\t\t\t\t<span class=\"listing-category-tag-nl\">H\u00e9bergements<\/span>\t\t\t\t\r\n\t\t\t\t\t\t\t\t\t\t\t\t<div class=\"favorite-icon-nl\" id=\"favoriteBtn\">\r\n\t\t\t\t\t\t\t\t<span class=\"save fa-regular fa-heart tooltip left\" title=\"Connexion pour marquer des \u00e9l\u00e9ments\"><\/span>\r\n\t\t\t\t\t\t\t<\/div>\r\n\t\t\t\t\t\t\t\t\t\t\t\r\n\r\n\t\t\t\t\t\t\t<\/div>\r\n\t\t<\/div>\r\n\r\n\t\t<!-- ===== RIGHT: LISTING DETAILS (NOW 2-COLUMN) ===== -->\r\n\t\t<a href=\"https:\/\/cparici.com\/fr\/annonce\/ty-glaz-maison-en-bois-au-bord-de-la-mer-a-trelevern-terre-a-tribord-cote-de-granit-rose-bretagne\/\" class=\"listing-details-nl\">\r\n\r\n\t\t\t<!-- Main Content Column (Left) -->\r\n\t\t\t<div class=\"details-main-col-nl\">\r\n\t\t\t\t<div class=\"listing-badges-nl\">\r\n\t\t\t\t\t\t\t\t\t\t<span class=\"badge-nl featured-nl\"><i class=\"fa-solid fa-star\"><\/i> En vedette<\/span>\t\t\t\t<\/div>\r\n\t\t\t\t<h2 class=\"listing-title-nl\">Ty Glaz \u2013 Maison en bois au bord de la mer \u00e0 Tr\u00e9l\u00e9vern \u2013 Terre \u00e0 Tribord, C\u00f4te de Granit Rose (Bretagne)\t\t\t\t\t<div class=\"listing-title-badges-nl\">\r\n\t\t\t\t\t\t\t\t\t\t\t\t\t\t\t\t\t<\/div>\r\n\t\t\t\t<\/h2>\r\n\t\t\t\t<p class=\"listing-location-nl\">16 Le Rhun, Tr\u00e9l\u00e9vern, France<\/p>\r\n\r\n\t\t\t\t\r\n\t\t\t\t\t<div class=\"listing-amenities-nl\">\r\n\t\t\t\t\t\t\r\n\t\t\t\t\t<\/div>\r\n\t\t\t\t\t\t\t<\/div>\r\n\r\n\t\t\t<!-- Sidebar Column (Right) -->\r\n\t\t\t<div class=\"details-sidebar-col-nl\">\r\n\t\t\t\t<div class=\"details-sidebar-upper-nl\">\r\n\r\n\t\t\t\t\t\t\t\t\t\t\t\t<div class=\"listing-rating-nl\">\r\n\t\t\t\t\t\t\t\t<div class=\"stars-nl\" data-rating=\"4.9\">\r\n\r\n\t\t\t\t\t\t\t\t\t<div class=\"listing-rating-nl\">\n                      <div class=\"stars-nl\">\n                          <i class=\"fa-solid fa-star\"><\/i>\n                            <i class=\"fa-solid fa-star\"><\/i>\n                            <i class=\"fa-solid fa-star\"><\/i>\n                            <i class=\"fa-solid fa-star\"><\/i>\n                            <i class=\"fa-solid fa-star-half-stroke\"><\/i>\n                      <\/div>\n                       <div class=\"rating-text-nl\">4.9 <span>(18)<\/span><\/div><\/div> \t\t\t\t\t\t\t\t<\/div>\r\n\t\t\t\t\t\t\t<\/div>\r\n\t\t\t\t\t\t\t\t\t<\/div>\r\n\t\t\t\t\t\t\t\t\t\t<div class=\"listing-booking-nl\">\r\n\t\t\t\t\t\t\t<p class=\"price-nl\">56,00&euro; - 128,00&euro;<\/p>\r\n\t\t\t\t\t\t\t\t\t\t\t\t\t<\/div>\r\n\t\t\t\t\r\n\r\n\t\t\t<\/div>\r\n\r\n\r\n\t\t<\/a>\r\n\t<\/div>\r\n<\/div>\r\n\r\n\r\n<!-- Listing Item \/ End --><!-- Listing Item -->\r\n\r\n\r\n<div  class=\"listing-card-container-nl margin-bottom-30 listing-geo-data\" \r\n\t\tdata-title=\"Charmant petit POD en bois en Normandie option bain nordique possible\"\r\n\t\tdata-listing-type=\"rental\"\r\n\t\tdata-classifieds-price=\"&euro;\"\r\n\t\tdata-friendly-address=\"3 rue du Rey - 50590 Montmartin sur Mer\"\r\n\t\tdata-address=\"3 rue du Rey - 50590 Montmartin sur Mer\"\r\n\t\tdata-image=\"https:\/\/cparici.com\/wp-content\/uploads\/2025\/12\/20250402_180421-2-520x397.jpg\"\r\n\t\tdata-longitude=\"-1.5292969\"\r\n\t\tdata-latitude=\"48.9926858\"\r\n\t\t\t\t\tdata-rating=\"0\"\r\n\t\t\tdata-reviews=\"0\"\r\n\t\t\t\tdata-icon=\"&lt;svg xmlns=&quot;http:\/\/www.w3.org\/2000\/svg&quot; width=&quot;800px&quot; height=&quot;800px&quot; viewBox=&quot;0 0 45 45&quot; fill=&quot;none&quot;&gt;\n&lt;path d=&quot;M24.155 8.78099L24.33 8.94499L37.402 21.787L36 23.213L34.2 21.445L34.201 35C34.201 36.054 33.385 36.918 32.35 36.994L32.201 37H12.201C11.147 37 10.283 36.184 10.206 35.149L10.201 35L10.2 21.446L8.402 23.213L7 21.787L20.058 8.95799C21.171 7.82199 22.966 7.75899 24.155 8.78099ZM21.569 10.285L21.473 10.372L12.2 19.481L12.201 35L17.2 34.999L17.201 25C17.201 23.946 18.017 23.082 19.052 23.005L19.201 23H25.201C26.255 23 27.119 23.816 27.196 24.851L27.201 25L27.2 34.999L32.201 35L32.2 19.48L22.901 10.344C22.537 9.98699 21.969 9.96499 21.569 10.285ZM25.201 25H19.201L19.2 34.999H25.2L25.201 25Z&quot; fill=&quot;#3C3C3C&quot;\/&gt;\n&lt;\/svg&gt;\"\r\n\r\n\t>\r\n\t<div class=\"listing-card-nl\">\r\n\t\t<!-- ===== LEFT: IMAGE SLIDER ===== -->\r\n\t\t<div class=\"listing-image-container-nl\">\r\n\t\t\t<a href=\"https:\/\/cparici.com\/fr\/annonce\/charmant-petit-pod-en-bois-en-normandie-option-bain-nordique-possible\/\">\r\n\t\t\t\t<div class=\"slider-wrapper-nl\">\r\n\t\t\t\t\t\t\t\t\t<img decoding=\"async\" src=\"https:\/\/cparici.com\/wp-content\/uploads\/2025\/12\/20250402_180421-2-520x397.jpg\" alt=\"Pod location vacances la manche\" class=\"slider-image-nl\">\r\n\t\t\t\t\t\t<img decoding=\"async\" src=\"https:\/\/cparici.com\/wp-content\/uploads\/2025\/12\/20250402_180455-520x397.jpg\" alt=\"Camping Mont Martin sur mer\" class=\"slider-image-nl\">\r\n\t\t\t\t\t\t<img decoding=\"async\" src=\"https:\/\/cparici.com\/wp-content\/uploads\/2025\/12\/20250224_141419-1-520x397.jpg\" alt=\"location vacances mont saint michel\" class=\"slider-image-nl\">\r\n\t\t\t\t\t\t<\/div>\r\n\t\t\t<\/a>\r\n\r\n\t\t\t\t\t\t<div class=\"slider-arrow-nl left-nl\" id=\"prevBtn\"><i class=\"fa-solid fa-chevron-left\"><\/i><\/div>\r\n\t\t\t<div class=\"slider-arrow-nl right-nl\" id=\"nextBtn\"><i class=\"fa-solid fa-chevron-right\"><\/i><\/div>\r\n\t\t\t<div class=\"image-overlay-top-nl\">\r\n\r\n\t\t\t\t<span class=\"listing-category-tag-nl\">H\u00e9bergements<\/span>\t\t\t\t\r\n\t\t\t\t\t\t\t\t\t\t\t\t<div class=\"favorite-icon-nl\" id=\"favoriteBtn\">\r\n\t\t\t\t\t\t\t\t<span class=\"save fa-regular fa-heart tooltip left\" title=\"Connexion pour marquer des \u00e9l\u00e9ments\"><\/span>\r\n\t\t\t\t\t\t\t<\/div>\r\n\t\t\t\t\t\t\t\t\t\t\t\r\n\r\n\t\t\t\t\t\t\t<\/div>\r\n\t\t<\/div>\r\n\r\n\t\t<!-- ===== RIGHT: LISTING DETAILS (NOW 2-COLUMN) ===== -->\r\n\t\t<a href=\"https:\/\/cparici.com\/fr\/annonce\/charmant-petit-pod-en-bois-en-normandie-option-bain-nordique-possible\/\" class=\"listing-details-nl\">\r\n\r\n\t\t\t<!-- Main Content Column (Left) -->\r\n\t\t\t<div class=\"details-main-col-nl\">\r\n\t\t\t\t<div class=\"listing-badges-nl\">\r\n\t\t\t\t\t\t\t\t\t\t\t\t\t\t<\/div>\r\n\t\t\t\t<h2 class=\"listing-title-nl\">Charmant petit POD en bois en Normandie option bain nordique possible\t\t\t\t\t<div class=\"listing-title-badges-nl\">\r\n\t\t\t\t\t\t\t\t\t\t\t\t\t\t\t\t\t<\/div>\r\n\t\t\t\t<\/h2>\r\n\t\t\t\t<p class=\"listing-location-nl\">3 rue du Rey - 50590 Montmartin sur Mer<\/p>\r\n\r\n\t\t\t\t\r\n\t\t\t\t\t<div class=\"listing-amenities-nl\">\r\n\t\t\t\t\t\t\r\n\t\t\t\t\t<\/div>\r\n\t\t\t\t\t\t\t<\/div>\r\n\r\n\t\t\t<!-- Sidebar Column (Right) -->\r\n\t\t\t<div class=\"details-sidebar-col-nl\">\r\n\t\t\t\t<div class=\"details-sidebar-upper-nl\">\r\n\r\n\t\t\t\t\t\t\t\t\t<\/div>\r\n\t\t\t\t\t\t\t\t\t\t<div class=\"listing-booking-nl\">\r\n\t\t\t\t\t\t\t<p class=\"price-nl\">52,00&euro; - 72,00&euro;<\/p>\r\n\t\t\t\t\t\t\t\t\t\t\t\t\t<\/div>\r\n\t\t\t\t\r\n\r\n\t\t\t<\/div>\r\n\r\n\r\n\t\t<\/a>\r\n\t<\/div>\r\n<\/div>\r\n\r\n\r\n<!-- Listing Item \/ End --><!-- Listing Item -->\r\n\r\n\r\n<div  class=\"listing-card-container-nl margin-bottom-30 listing-geo-data\" \r\n\t\tdata-title=\"V\u00e9location 17 &#8211; Location de v\u00e9los livr\u00e9s o\u00f9 vous voulez\"\r\n\t\tdata-listing-type=\"service\"\r\n\t\tdata-classifieds-price=\"&euro;\"\r\n\t\tdata-friendly-address=\"La Rochelle et alentours\"\r\n\t\tdata-address=\"La Rochelle et alentours\"\r\n\t\tdata-image=\"https:\/\/cparici.com\/wp-content\/uploads\/2025\/05\/Basile-devant-carrelet-520x397.jpg\"\r\n\t\tdata-longitude=\"-1.151139\"\r\n\t\tdata-latitude=\"46.160329\"\r\n\t\t\t\t\tdata-rating=\"0\"\r\n\t\t\tdata-reviews=\"0\"\r\n\t\t\t\tdata-icon=\"&lt;svg xmlns=&quot;http:\/\/www.w3.org\/2000\/svg&quot; xmlns:xlink=&quot;http:\/\/www.w3.org\/1999\/xlink&quot; fill=&quot;#000000&quot; height=&quot;800px&quot; width=&quot;800px&quot; version=&quot;1.1&quot; id=&quot;Layer_1&quot; viewBox=&quot;0 0 512 512&quot; xml:space=&quot;preserve&quot;&gt;\n&lt;g&gt;\n\t&lt;g&gt;\n\t\t&lt;path d=&quot;M510.704,302.195c-19.899-31.901-47.686-58.561-80.359-77.098c-33.706-19.124-72.125-29.231-111.101-29.231 c-2.533,0-5.065,0.048-7.592,0.132c-8.115-20.231-20.448-38.937-35.951-54.405c-30.5-30.422-71.024-47.177-114.106-47.177 c-43.077,0-83.604,16.754-114.118,47.177C16.861,172.13,0,212.761,0,255.999c0,43.239,16.861,83.869,47.478,114.407 c30.512,30.422,71.039,47.174,114.117,47.174c24.962,0,49.749-5.834,71.961-16.885c27.046,11.095,56.206,16.888,85.688,16.888 c38.976,0,77.394-10.109,111.101-29.233c32.672-18.537,60.46-45.197,80.359-77.098 C512.432,308.482,512.432,304.967,510.704,302.195z M293.645,197.351c-18.093,2.064-35.864,6.278-52.878,12.582 c6.156-18.326,15.951-35.22,28.893-49.789C279.495,171.246,287.628,183.867,293.645,197.351z M170.154,111.792 c32.543,1.89,63.056,14.533,87.399,36.219c-18.108,20.127-30.806,44.294-37.042,70.583c-4.185,2.038-8.312,4.202-12.368,6.503 c-11.435,6.488-22.253,13.99-32.362,22.342h-5.627V111.792z M153.036,111.791v135.648h-46.221 c-1.922-37.09-16.318-71.851-41.172-99.442C89.993,126.319,120.502,113.681,153.036,111.791z M53.52,160.127 c21.644,24.33,34.258,54.798,36.145,87.312H17.376C19.262,214.924,31.878,184.456,53.52,160.127z M17.376,264.557h72.289 c-1.886,32.515-14.501,62.983-36.145,87.314C31.877,327.541,19.262,297.071,17.376,264.557z M153.036,400.205 c-32.534-1.89-63.044-14.527-87.393-36.205c24.854-27.589,39.25-62.352,41.172-99.443h46.221v4.453 c-9.399,10.244-17.87,21.352-25.251,33.186c-1.729,2.772-1.729,6.287,0,9.059c7.381,11.833,15.852,22.941,25.251,33.184V400.205z M145.217,306.725c8.461-12.813,18.335-24.635,29.35-35.269v70.539C163.552,331.359,153.677,319.537,145.217,306.725z M170.154,400.205v-39c11.68,10.309,24.404,19.439,37.989,27.148c1.615,0.916,3.25,1.793,4.887,2.668 C199.34,396.22,184.842,399.332,170.154,400.205z M446.804,356.841c-7.886,6.118-16.206,11.686-24.906,16.624 c-31.136,17.666-66.633,27.003-102.654,27.003c-36.021,0-71.518-9.337-102.654-27.003c-8.7-4.937-17.02-10.505-24.905-16.624 v-100.23c7.884-6.119,16.204-11.688,24.905-16.624c31.136-17.664,66.633-27.003,102.654-27.003 c36.02,0,71.518,9.337,102.654,27.003c8.702,4.937,17.021,10.506,24.906,16.625V356.841z M463.921,341.993v-70.538 c11.015,10.635,20.888,22.456,29.35,35.268C484.81,319.537,474.937,331.359,463.921,341.993z&quot;\/&gt;\n\t&lt;\/g&gt;\n&lt;\/g&gt;\n&lt;g&gt;\n\t&lt;g&gt;\n\t\t&lt;path d=&quot;M427.067,298.166h-16.523v-11.905c0-4.727-3.832-8.559-8.559-8.559c-4.727,0-8.559,3.832-8.559,8.559v11.905h-24.254 v-11.905c0-4.727-3.832-8.559-8.559-8.559c-4.727,0-8.559,3.832-8.559,8.559v11.905h-24.252v-11.905 c0-4.727-3.832-8.559-8.559-8.559c-4.727,0-8.559,3.832-8.559,8.559v11.905h-24.252v-11.905c0-4.727-3.832-8.559-8.559-8.559 c-4.727,0-8.559,3.832-8.559,8.559v11.905h-24.254v-11.905c0-4.727-3.832-8.559-8.559-8.559c-4.727,0-8.559,3.832-8.559,8.559 v11.905H211.42c-4.727,0-8.559,3.832-8.559,8.559c0,4.727,3.832,8.559,8.559,8.559h16.523v11.904c0,4.727,3.832,8.559,8.559,8.559 c4.727,0,8.559-3.832,8.559-8.559v-11.904h24.254v11.904c0,4.727,3.832,8.559,8.559,8.559c4.727,0,8.559-3.832,8.559-8.559 v-11.904h24.252v11.904c0,4.727,3.832,8.559,8.559,8.559c4.727,0,8.559-3.832,8.559-8.559v-11.904h24.252v11.904 c0,4.727,3.832,8.559,8.559,8.559c4.727,0,8.559-3.832,8.559-8.559v-11.904h24.253v11.904c0,4.727,3.832,8.559,8.559,8.559 c4.727,0,8.559-3.832,8.559-8.559v-11.904h16.523c4.727,0,8.559-3.832,8.559-8.559 C435.625,301.998,431.795,298.166,427.067,298.166z&quot;\/&gt;\n\t&lt;\/g&gt;\n&lt;\/g&gt;\n&lt;\/svg&gt;\"\r\n\r\n\t>\r\n\t<div class=\"listing-card-nl\">\r\n\t\t<!-- ===== LEFT: IMAGE SLIDER ===== -->\r\n\t\t<div class=\"listing-image-container-nl\">\r\n\t\t\t<a href=\"https:\/\/cparici.com\/fr\/annonce\/velocation17-location-de-velos-livres-ou-vous-voulez\/\">\r\n\t\t\t\t<div class=\"slider-wrapper-nl\">\r\n\t\t\t\t\t\t\t\t\t<img decoding=\"async\" src=\"https:\/\/cparici.com\/wp-content\/uploads\/2025\/05\/Basile-devant-carrelet-520x397.jpg\" alt=\"V\u00e9location 17 &#8211; Location de v\u00e9los livr\u00e9s o\u00f9 vous voulez\" class=\"slider-image-nl\">\r\n\t\t\t\t\t\t<img decoding=\"async\" src=\"https:\/\/cparici.com\/wp-content\/uploads\/2025\/05\/Ile-de-Re-phare-520x397.jpg\" alt=\"V\u00e9location 17 &#8211; Location de v\u00e9los livr\u00e9s o\u00f9 vous voulez\" class=\"slider-image-nl\">\r\n\t\t\t\t\t\t<img decoding=\"async\" src=\"https:\/\/cparici.com\/wp-content\/uploads\/2025\/05\/Ile-de-Re-Typique-520x397.jpg\" alt=\"V\u00e9location 17 &#8211; Location de v\u00e9los livr\u00e9s o\u00f9 vous voulez\" class=\"slider-image-nl\">\r\n\t\t\t\t\t\t<\/div>\r\n\t\t\t<\/a>\r\n\r\n\t\t\t\t\t\t<div class=\"slider-arrow-nl left-nl\" id=\"prevBtn\"><i class=\"fa-solid fa-chevron-left\"><\/i><\/div>\r\n\t\t\t<div class=\"slider-arrow-nl right-nl\" id=\"nextBtn\"><i class=\"fa-solid fa-chevron-right\"><\/i><\/div>\r\n\t\t\t<div class=\"image-overlay-top-nl\">\r\n\r\n\t\t\t\t<span class=\"listing-category-tag-nl\">Activit\u00e9s sportives<\/span>\t\t\t\t\r\n\t\t\t\t\t\t\t\t\t\t\t\t<div class=\"favorite-icon-nl\" id=\"favoriteBtn\">\r\n\t\t\t\t\t\t\t\t<span class=\"save fa-regular fa-heart tooltip left\" title=\"Connexion pour marquer des \u00e9l\u00e9ments\"><\/span>\r\n\t\t\t\t\t\t\t<\/div>\r\n\t\t\t\t\t\t\t\t\t\t\t\r\n\r\n\t\t\t\t\t\t\t<\/div>\r\n\t\t<\/div>\r\n\r\n\t\t<!-- ===== RIGHT: LISTING DETAILS (NOW 2-COLUMN) ===== -->\r\n\t\t<a href=\"https:\/\/cparici.com\/fr\/annonce\/velocation17-location-de-velos-livres-ou-vous-voulez\/\" class=\"listing-details-nl\">\r\n\r\n\t\t\t<!-- Main Content Column (Left) -->\r\n\t\t\t<div class=\"details-main-col-nl\">\r\n\t\t\t\t<div class=\"listing-badges-nl\">\r\n\t\t\t\t\t\t\t\t\t\t\t\t\t\t<\/div>\r\n\t\t\t\t<h2 class=\"listing-title-nl\">V\u00e9location 17 &#8211; Location de v\u00e9los livr\u00e9s o\u00f9 vous voulez\t\t\t\t\t<div class=\"listing-title-badges-nl\">\r\n\t\t\t\t\t\t\t\t\t\t\t\t\t\t\t\t\t<\/div>\r\n\t\t\t\t<\/h2>\r\n\t\t\t\t<p class=\"listing-location-nl\">La Rochelle et alentours<\/p>\r\n\r\n\t\t\t\t\r\n\t\t\t\t\t<div class=\"listing-amenities-nl\">\r\n\t\t\t\t\t\t\r\n\t\t\t\t\t<\/div>\r\n\t\t\t\t\t\t\t<\/div>\r\n\r\n\t\t\t<!-- Sidebar Column (Right) -->\r\n\t\t\t<div class=\"details-sidebar-col-nl\">\r\n\t\t\t\t<div class=\"details-sidebar-upper-nl\">\r\n\r\n\t\t\t\t\t\t\t\t\t<\/div>\r\n\t\t\t\t\r\n\r\n\t\t\t<\/div>\r\n\r\n\r\n\t\t<\/a>\r\n\t<\/div>\r\n<\/div>\r\n\r\n\r\n<!-- Listing Item \/ End --><!-- Listing Item -->\r\n\r\n\r\n<div  class=\"listing-card-container-nl margin-bottom-30 listing-geo-data\" >\r\n\t<div class=\"listing-card-nl\">\r\n\t\t<!-- ===== LEFT: IMAGE SLIDER ===== -->\r\n\t\t<div class=\"listing-image-container-nl\">\r\n\t\t\t<a href=\"https:\/\/cparici.com\/fr\/annonce\/hebergement-tonneau-prestige\/\">\r\n\t\t\t\t<div class=\"slider-wrapper-nl\">\r\n\t\t\t\t\t\t\t\t\t<img decoding=\"async\" src=\"https:\/\/cparici.com\/wp-content\/uploads\/2025\/12\/TONNEAU-AVEC-FEUILLAGE4-520x397.jpg\" alt=\"HEBERGEMENT TONNEAU PRESTIGE\" class=\"slider-image-nl\">\r\n\t\t\t\t\t\t<img decoding=\"async\" src=\"https:\/\/cparici.com\/wp-content\/uploads\/2025\/12\/IMG_4460-520x397.jpg\" alt=\"HEBERGEMENT TONNEAU PRESTIGE\" class=\"slider-image-nl\">\r\n\t\t\t\t\t\t<img decoding=\"async\" src=\"https:\/\/cparici.com\/wp-content\/uploads\/2025\/12\/IMG_4452-520x397.jpg\" alt=\"HEBERGEMENT TONNEAU PRESTIGE\" class=\"slider-image-nl\">\r\n\t\t\t\t\t\t<\/div>\r\n\t\t\t<\/a>\r\n\r\n\t\t\t\t\t\t<div class=\"slider-arrow-nl left-nl\" id=\"prevBtn\"><i class=\"fa-solid fa-chevron-left\"><\/i><\/div>\r\n\t\t\t<div class=\"slider-arrow-nl right-nl\" id=\"nextBtn\"><i class=\"fa-solid fa-chevron-right\"><\/i><\/div>\r\n\t\t\t<div class=\"image-overlay-top-nl\">\r\n\r\n\t\t\t\t<span class=\"listing-category-tag-nl\">H\u00e9bergements<\/span>\t\t\t\t\r\n\t\t\t\t\t\t\t\t\t\t\t\t<div class=\"favorite-icon-nl\" id=\"favoriteBtn\">\r\n\t\t\t\t\t\t\t\t<span class=\"save fa-regular fa-heart tooltip left\" title=\"Connexion pour marquer des \u00e9l\u00e9ments\"><\/span>\r\n\t\t\t\t\t\t\t<\/div>\r\n\t\t\t\t\t\t\t\t\t\t\t\r\n\r\n\t\t\t\t\t\t\t<\/div>\r\n\t\t<\/div>\r\n\r\n\t\t<!-- ===== RIGHT: LISTING DETAILS (NOW 2-COLUMN) ===== -->\r\n\t\t<a href=\"https:\/\/cparici.com\/fr\/annonce\/hebergement-tonneau-prestige\/\" class=\"listing-details-nl\">\r\n\r\n\t\t\t<!-- Main Content Column (Left) -->\r\n\t\t\t<div class=\"details-main-col-nl\">\r\n\t\t\t\t<div class=\"listing-badges-nl\">\r\n\t\t\t\t\t\t\t\t\t\t\t\t\t\t<\/div>\r\n\t\t\t\t<h2 class=\"listing-title-nl\">HEBERGEMENT TONNEAU PRESTIGE\t\t\t\t\t<div class=\"listing-title-badges-nl\">\r\n\t\t\t\t\t\t\t\t\t\t\t\t\t\t\t\t\t<\/div>\r\n\t\t\t\t<\/h2>\r\n\t\t\t\t<p class=\"listing-location-nl\">CHEMIN DU HAUT DEBAT 84150 JONQUIERES<\/p>\r\n\r\n\t\t\t\t\r\n\t\t\t\t\t<div class=\"listing-amenities-nl\">\r\n\t\t\t\t\t\t\r\n\t\t\t\t\t<\/div>\r\n\t\t\t\t\t\t\t<\/div>\r\n\r\n\t\t\t<!-- Sidebar Column (Right) -->\r\n\t\t\t<div class=\"details-sidebar-col-nl\">\r\n\t\t\t\t<div class=\"details-sidebar-upper-nl\">\r\n\r\n\t\t\t\t\t\t\t\t\t<\/div>\r\n\t\t\t\t\t\t\t\t\t\t<div class=\"listing-booking-nl\">\r\n\t\t\t\t\t\t\t<p class=\"price-nl\">145,00&euro; - 155,00&euro;<\/p>\r\n\t\t\t\t\t\t\t\t\t\t\t\t\t<\/div>\r\n\t\t\t\t\r\n\r\n\t\t\t<\/div>\r\n\r\n\r\n\t\t<\/a>\r\n\t<\/div>\r\n<\/div>\r\n\r\n\r\n<!-- Listing Item \/ End --><!-- Listing Item -->\r\n\r\n\r\n<div  class=\"listing-card-container-nl margin-bottom-30 listing-geo-data\" \r\n\t\tdata-title=\"Villa Lanriec 12 Pers Concarneau &#8211; proche plages\"\r\n\t\tdata-listing-type=\"rental\"\r\n\t\tdata-classifieds-price=\"&euro;\"\r\n\t\tdata-friendly-address=\"Concarneau, proche plage et centre\"\r\n\t\tdata-address=\"Concarneau, proche plage et centre\"\r\n\t\tdata-image=\"https:\/\/cparici.com\/wp-content\/uploads\/2025\/12\/Jardin-piscine-520x397.jpg\"\r\n\t\tdata-longitude=\"-3.852305\"\r\n\t\tdata-latitude=\"47.878164\"\r\n\t\t\t\t\tdata-rating=\"0\"\r\n\t\t\tdata-reviews=\"0\"\r\n\t\t\t\tdata-icon=\"&lt;svg xmlns=&quot;http:\/\/www.w3.org\/2000\/svg&quot; width=&quot;800px&quot; height=&quot;800px&quot; viewBox=&quot;0 0 45 45&quot; fill=&quot;none&quot;&gt;\n&lt;path d=&quot;M24.155 8.78099L24.33 8.94499L37.402 21.787L36 23.213L34.2 21.445L34.201 35C34.201 36.054 33.385 36.918 32.35 36.994L32.201 37H12.201C11.147 37 10.283 36.184 10.206 35.149L10.201 35L10.2 21.446L8.402 23.213L7 21.787L20.058 8.95799C21.171 7.82199 22.966 7.75899 24.155 8.78099ZM21.569 10.285L21.473 10.372L12.2 19.481L12.201 35L17.2 34.999L17.201 25C17.201 23.946 18.017 23.082 19.052 23.005L19.201 23H25.201C26.255 23 27.119 23.816 27.196 24.851L27.201 25L27.2 34.999L32.201 35L32.2 19.48L22.901 10.344C22.537 9.98699 21.969 9.96499 21.569 10.285ZM25.201 25H19.201L19.2 34.999H25.2L25.201 25Z&quot; fill=&quot;#3C3C3C&quot;\/&gt;\n&lt;\/svg&gt;\"\r\n\r\n\t>\r\n\t<div class=\"listing-card-nl\">\r\n\t\t<!-- ===== LEFT: IMAGE SLIDER ===== -->\r\n\t\t<div class=\"listing-image-container-nl\">\r\n\t\t\t<a href=\"https:\/\/cparici.com\/fr\/annonce\/villa-lanriec-12-pers-concarneau-proche-plages\/\">\r\n\t\t\t\t<div class=\"slider-wrapper-nl\">\r\n\t\t\t\t\t\t\t\t\t<img decoding=\"async\" src=\"https:\/\/cparici.com\/wp-content\/uploads\/2025\/12\/Jardin-piscine-520x397.jpg\" alt=\"Villa Lanriec 12 Pers Concarneau &#8211; proche plages\" class=\"slider-image-nl\">\r\n\t\t\t\t\t\t<img decoding=\"async\" src=\"https:\/\/cparici.com\/wp-content\/uploads\/2025\/12\/parc-et-jardin-520x397.jpg\" alt=\"Villa Lanriec 12 Pers Concarneau &#8211; proche plages\" class=\"slider-image-nl\">\r\n\t\t\t\t\t\t<img decoding=\"async\" src=\"https:\/\/cparici.com\/wp-content\/uploads\/2025\/12\/canape-salon-520x397.jpg\" alt=\"Villa Lanriec 12 Pers Concarneau &#8211; proche plages\" class=\"slider-image-nl\">\r\n\t\t\t\t\t\t<\/div>\r\n\t\t\t<\/a>\r\n\r\n\t\t\t\t\t\t<div class=\"slider-arrow-nl left-nl\" id=\"prevBtn\"><i class=\"fa-solid fa-chevron-left\"><\/i><\/div>\r\n\t\t\t<div class=\"slider-arrow-nl right-nl\" id=\"nextBtn\"><i class=\"fa-solid fa-chevron-right\"><\/i><\/div>\r\n\t\t\t<div class=\"image-overlay-top-nl\">\r\n\r\n\t\t\t\t<span class=\"listing-category-tag-nl\">H\u00e9bergements<\/span>\t\t\t\t\r\n\t\t\t\t\t\t\t\t\t\t\t\t<div class=\"favorite-icon-nl\" id=\"favoriteBtn\">\r\n\t\t\t\t\t\t\t\t<span class=\"save fa-regular fa-heart tooltip left\" title=\"Connexion pour marquer des \u00e9l\u00e9ments\"><\/span>\r\n\t\t\t\t\t\t\t<\/div>\r\n\t\t\t\t\t\t\t\t\t\t\t\r\n\r\n\t\t\t\t\t\t\t<\/div>\r\n\t\t<\/div>\r\n\r\n\t\t<!-- ===== RIGHT: LISTING DETAILS (NOW 2-COLUMN) ===== -->\r\n\t\t<a href=\"https:\/\/cparici.com\/fr\/annonce\/villa-lanriec-12-pers-concarneau-proche-plages\/\" class=\"listing-details-nl\">\r\n\r\n\t\t\t<!-- Main Content Column (Left) -->\r\n\t\t\t<div class=\"details-main-col-nl\">\r\n\t\t\t\t<div class=\"listing-badges-nl\">\r\n\t\t\t\t\t\t\t\t\t\t\t\t\t\t<\/div>\r\n\t\t\t\t<h2 class=\"listing-title-nl\">Villa Lanriec 12 Pers Concarneau &#8211; proche plages\t\t\t\t\t<div class=\"listing-title-badges-nl\">\r\n\t\t\t\t\t\t\t\t\t\t\t\t\t\t\t\t\t<\/div>\r\n\t\t\t\t<\/h2>\r\n\t\t\t\t<p class=\"listing-location-nl\">Concarneau, proche plage et centre<\/p>\r\n\r\n\t\t\t\t\r\n\t\t\t\t\t<div class=\"listing-amenities-nl\">\r\n\t\t\t\t\t\t\r\n\t\t\t\t\t<\/div>\r\n\t\t\t\t\t\t\t<\/div>\r\n\r\n\t\t\t<!-- Sidebar Column (Right) -->\r\n\t\t\t<div class=\"details-sidebar-col-nl\">\r\n\t\t\t\t<div class=\"details-sidebar-upper-nl\">\r\n\r\n\t\t\t\t\t\t\t\t\t<\/div>\r\n\t\t\t\t\t\t\t\t\t\t<div class=\"listing-booking-nl\">\r\n\t\t\t\t\t\t\t<p class=\"price-nl\">440,00&euro; - 410,00&euro;<\/p>\r\n\t\t\t\t\t\t\t\t\t\t\t\t\t<\/div>\r\n\t\t\t\t\r\n\r\n\t\t\t<\/div>\r\n\r\n\r\n\t\t<\/a>\r\n\t<\/div>\r\n<\/div>\r\n\r\n\r\n<!-- Listing Item \/ End --><!-- Listing Item -->\r\n\r\n\r\n<div  class=\"listing-card-container-nl margin-bottom-30 listing-geo-data\" \r\n\t\tdata-title=\"Tiny House &amp; bain nordique en Auvergne\"\r\n\t\tdata-listing-type=\"rental\"\r\n\t\tdata-classifieds-price=\"&euro;\"\r\n\t\tdata-friendly-address=\"Saulzet-le-Froid\"\r\n\t\tdata-address=\"Saulzet-le-Froid\"\r\n\t\tdata-image=\"https:\/\/cparici.com\/wp-content\/uploads\/2026\/03\/b6312f91-32e6-4021-b452-0bc9d1421b5b-1-520x397.avif\"\r\n\t\tdata-longitude=\"2.9230432\"\r\n\t\tdata-latitude=\"45.6407588\"\r\n\t\t\t\t\tdata-rating=\"5\"\r\n\t\t\tdata-reviews=\"5\"\r\n\t\t\t\tdata-icon=\"&lt;svg xmlns=&quot;http:\/\/www.w3.org\/2000\/svg&quot; width=&quot;800px&quot; height=&quot;800px&quot; viewBox=&quot;0 0 45 45&quot; fill=&quot;none&quot;&gt;\n&lt;path d=&quot;M24.155 8.78099L24.33 8.94499L37.402 21.787L36 23.213L34.2 21.445L34.201 35C34.201 36.054 33.385 36.918 32.35 36.994L32.201 37H12.201C11.147 37 10.283 36.184 10.206 35.149L10.201 35L10.2 21.446L8.402 23.213L7 21.787L20.058 8.95799C21.171 7.82199 22.966 7.75899 24.155 8.78099ZM21.569 10.285L21.473 10.372L12.2 19.481L12.201 35L17.2 34.999L17.201 25C17.201 23.946 18.017 23.082 19.052 23.005L19.201 23H25.201C26.255 23 27.119 23.816 27.196 24.851L27.201 25L27.2 34.999L32.201 35L32.2 19.48L22.901 10.344C22.537 9.98699 21.969 9.96499 21.569 10.285ZM25.201 25H19.201L19.2 34.999H25.2L25.201 25Z&quot; fill=&quot;#3C3C3C&quot;\/&gt;\n&lt;\/svg&gt;\"\r\n\r\n\t>\r\n\t<div class=\"listing-card-nl\">\r\n\t\t<!-- ===== LEFT: IMAGE SLIDER ===== -->\r\n\t\t<div class=\"listing-image-container-nl\">\r\n\t\t\t<a href=\"https:\/\/cparici.com\/fr\/annonce\/tiny-house-bain-nordique-en-auvergne\/\">\r\n\t\t\t\t<div class=\"slider-wrapper-nl\">\r\n\t\t\t\t\t\t\t\t\t<img decoding=\"async\" src=\"https:\/\/cparici.com\/wp-content\/uploads\/2026\/03\/b6312f91-32e6-4021-b452-0bc9d1421b5b-1-520x397.avif\" alt=\"Tiny House &amp; bain nordique en Auvergne\" class=\"slider-image-nl\">\r\n\t\t\t\t\t\t<img decoding=\"async\" src=\"https:\/\/cparici.com\/wp-content\/uploads\/2026\/03\/82e59102-ed62-4456-8e8e-88575dada567-1-520x397.avif\" alt=\"Tiny House &amp; bain nordique en Auvergne\" class=\"slider-image-nl\">\r\n\t\t\t\t\t\t<img decoding=\"async\" src=\"https:\/\/cparici.com\/wp-content\/uploads\/2026\/03\/0ad7dfa0-f239-4f1c-8636-20bcc5da4fad-1-520x397.avif\" alt=\"Tiny House &amp; bain nordique en Auvergne\" class=\"slider-image-nl\">\r\n\t\t\t\t\t\t<\/div>\r\n\t\t\t<\/a>\r\n\r\n\t\t\t\t\t\t<div class=\"slider-arrow-nl left-nl\" id=\"prevBtn\"><i class=\"fa-solid fa-chevron-left\"><\/i><\/div>\r\n\t\t\t<div class=\"slider-arrow-nl right-nl\" id=\"nextBtn\"><i class=\"fa-solid fa-chevron-right\"><\/i><\/div>\r\n\t\t\t<div class=\"image-overlay-top-nl\">\r\n\r\n\t\t\t\t<span class=\"listing-category-tag-nl\">H\u00e9bergements<\/span>\t\t\t\t\r\n\t\t\t\t\t\t\t\t\t\t\t\t<div class=\"favorite-icon-nl\" id=\"favoriteBtn\">\r\n\t\t\t\t\t\t\t\t<span class=\"save fa-regular fa-heart tooltip left\" title=\"Connexion pour marquer des \u00e9l\u00e9ments\"><\/span>\r\n\t\t\t\t\t\t\t<\/div>\r\n\t\t\t\t\t\t\t\t\t\t\t\r\n\r\n\t\t\t\t\t\t\t<\/div>\r\n\t\t<\/div>\r\n\r\n\t\t<!-- ===== RIGHT: LISTING DETAILS (NOW 2-COLUMN) ===== -->\r\n\t\t<a href=\"https:\/\/cparici.com\/fr\/annonce\/tiny-house-bain-nordique-en-auvergne\/\" class=\"listing-details-nl\">\r\n\r\n\t\t\t<!-- Main Content Column (Left) -->\r\n\t\t\t<div class=\"details-main-col-nl\">\r\n\t\t\t\t<div class=\"listing-badges-nl\">\r\n\t\t\t\t\t\t\t\t\t\t\t\t\t\t<\/div>\r\n\t\t\t\t<h2 class=\"listing-title-nl\">Tiny House &amp; bain nordique en Auvergne\t\t\t\t\t<div class=\"listing-title-badges-nl\">\r\n\t\t\t\t\t\t\t\t\t\t\t\t\t\t\t\t\t<\/div>\r\n\t\t\t\t<\/h2>\r\n\t\t\t\t<p class=\"listing-location-nl\">Saulzet-le-Froid<\/p>\r\n\r\n\t\t\t\t\r\n\t\t\t\t\t<div class=\"listing-amenities-nl\">\r\n\t\t\t\t\t\t\r\n\t\t\t\t\t<\/div>\r\n\t\t\t\t\t\t\t<\/div>\r\n\r\n\t\t\t<!-- Sidebar Column (Right) -->\r\n\t\t\t<div class=\"details-sidebar-col-nl\">\r\n\t\t\t\t<div class=\"details-sidebar-upper-nl\">\r\n\r\n\t\t\t\t\t\t\t\t\t\t\t\t<div class=\"listing-rating-nl\">\r\n\t\t\t\t\t\t\t\t<div class=\"stars-nl\" data-rating=\"5\">\r\n\r\n\t\t\t\t\t\t\t\t\t<div class=\"listing-rating-nl\">\n                      <div class=\"stars-nl\">\n                          <i class=\"fa-solid fa-star\"><\/i>\n                            <i class=\"fa-solid fa-star\"><\/i>\n                            <i class=\"fa-solid fa-star\"><\/i>\n                            <i class=\"fa-solid fa-star\"><\/i>\n                            <i class=\"fa-solid fa-star\"><\/i>\n                      <\/div>\n                       <div class=\"rating-text-nl\">5.0 <span>(5)<\/span><\/div><\/div> \t\t\t\t\t\t\t\t<\/div>\r\n\t\t\t\t\t\t\t<\/div>\r\n\t\t\t\t\t\t\t\t\t<\/div>\r\n\t\t\t\t\t\t\t\t\t\t<div class=\"listing-booking-nl\">\r\n\t\t\t\t\t\t\t<p class=\"price-nl\">Commence \u00e0 partir de 120,00&euro;<\/p>\r\n\t\t\t\t\t\t\t\t\t\t\t\t\t<\/div>\r\n\t\t\t\t\r\n\r\n\t\t\t<\/div>\r\n\r\n\r\n\t\t<\/a>\r\n\t<\/div>\r\n<\/div>\r\n\r\n\r\n<!-- Listing Item \/ End --><!-- Listing Item -->\r\n\r\n\r\n<div  class=\"listing-card-container-nl margin-bottom-30 listing-geo-data\" \r\n\t\tdata-title=\"TY-NOE Appartement 4 Pers Concarneau\"\r\n\t\tdata-listing-type=\"rental\"\r\n\t\tdata-classifieds-price=\"&euro;\"\r\n\t\tdata-friendly-address=\"Concarneau Centre ville Plage \u00e0 pied\"\r\n\t\tdata-address=\"Concarneau Centre ville Plage \u00e0 pied\"\r\n\t\tdata-image=\"https:\/\/cparici.com\/wp-content\/uploads\/2026\/03\/coin-salon-ty-noe-maison-vacances-concarneau-520x397.jpg\"\r\n\t\tdata-longitude=\"-3.926947116851807\"\r\n\t\tdata-latitude=\"47.87317453571676\"\r\n\t\t\t\t\tdata-rating=\"0\"\r\n\t\t\tdata-reviews=\"0\"\r\n\t\t\t\tdata-icon=\"&lt;svg xmlns=&quot;http:\/\/www.w3.org\/2000\/svg&quot; width=&quot;800px&quot; height=&quot;800px&quot; viewBox=&quot;0 0 45 45&quot; fill=&quot;none&quot;&gt;\n&lt;path d=&quot;M24.155 8.78099L24.33 8.94499L37.402 21.787L36 23.213L34.2 21.445L34.201 35C34.201 36.054 33.385 36.918 32.35 36.994L32.201 37H12.201C11.147 37 10.283 36.184 10.206 35.149L10.201 35L10.2 21.446L8.402 23.213L7 21.787L20.058 8.95799C21.171 7.82199 22.966 7.75899 24.155 8.78099ZM21.569 10.285L21.473 10.372L12.2 19.481L12.201 35L17.2 34.999L17.201 25C17.201 23.946 18.017 23.082 19.052 23.005L19.201 23H25.201C26.255 23 27.119 23.816 27.196 24.851L27.201 25L27.2 34.999L32.201 35L32.2 19.48L22.901 10.344C22.537 9.98699 21.969 9.96499 21.569 10.285ZM25.201 25H19.201L19.2 34.999H25.2L25.201 25Z&quot; fill=&quot;#3C3C3C&quot;\/&gt;\n&lt;\/svg&gt;\"\r\n\r\n\t>\r\n\t<div class=\"listing-card-nl\">\r\n\t\t<!-- ===== LEFT: IMAGE SLIDER ===== -->\r\n\t\t<div class=\"listing-image-container-nl\">\r\n\t\t\t<a href=\"https:\/\/cparici.com\/fr\/annonce\/ty-noe-appartement-4-pers-concarneau\/\">\r\n\t\t\t\t<div class=\"slider-wrapper-nl\">\r\n\t\t\t\t\t\t\t\t\t<img decoding=\"async\" src=\"https:\/\/cparici.com\/wp-content\/uploads\/2026\/03\/coin-salon-ty-noe-maison-vacances-concarneau-520x397.jpg\" alt=\"TY-NOE Appartement 4 Pers Concarneau\" class=\"slider-image-nl\">\r\n\t\t\t\t\t\t<img decoding=\"async\" src=\"https:\/\/cparici.com\/wp-content\/uploads\/2026\/03\/salon-ty-noe-maison-vacances-concarneau-520x397.jpg\" alt=\"TY-NOE Appartement 4 Pers Concarneau\" class=\"slider-image-nl\">\r\n\t\t\t\t\t\t<img decoding=\"async\" src=\"https:\/\/cparici.com\/wp-content\/uploads\/2026\/03\/salon-ty-noe-maison-vacances-concarneau-exterieur-520x397.jpeg\" alt=\"TY-NOE Appartement 4 Pers Concarneau\" class=\"slider-image-nl\">\r\n\t\t\t\t\t\t<\/div>\r\n\t\t\t<\/a>\r\n\r\n\t\t\t\t\t\t<div class=\"slider-arrow-nl left-nl\" id=\"prevBtn\"><i class=\"fa-solid fa-chevron-left\"><\/i><\/div>\r\n\t\t\t<div class=\"slider-arrow-nl right-nl\" id=\"nextBtn\"><i class=\"fa-solid fa-chevron-right\"><\/i><\/div>\r\n\t\t\t<div class=\"image-overlay-top-nl\">\r\n\r\n\t\t\t\t<span class=\"listing-category-tag-nl\">H\u00e9bergements<\/span>\t\t\t\t\r\n\t\t\t\t\t\t\t\t\t\t\t\t<div class=\"favorite-icon-nl\" id=\"favoriteBtn\">\r\n\t\t\t\t\t\t\t\t<span class=\"save fa-regular fa-heart tooltip left\" title=\"Connexion pour marquer des \u00e9l\u00e9ments\"><\/span>\r\n\t\t\t\t\t\t\t<\/div>\r\n\t\t\t\t\t\t\t\t\t\t\t\r\n\r\n\t\t\t\t\t\t\t<\/div>\r\n\t\t<\/div>\r\n\r\n\t\t<!-- ===== RIGHT: LISTING DETAILS (NOW 2-COLUMN) ===== -->\r\n\t\t<a href=\"https:\/\/cparici.com\/fr\/annonce\/ty-noe-appartement-4-pers-concarneau\/\" class=\"listing-details-nl\">\r\n\r\n\t\t\t<!-- Main Content Column (Left) -->\r\n\t\t\t<div class=\"details-main-col-nl\">\r\n\t\t\t\t<div class=\"listing-badges-nl\">\r\n\t\t\t\t\t\t\t\t\t\t\t\t\t\t<\/div>\r\n\t\t\t\t<h2 class=\"listing-title-nl\">TY-NOE Appartement 4 Pers Concarneau\t\t\t\t\t<div class=\"listing-title-badges-nl\">\r\n\t\t\t\t\t\t\t\t\t\t\t\t\t\t\t\t\t<\/div>\r\n\t\t\t\t<\/h2>\r\n\t\t\t\t<p class=\"listing-location-nl\">Concarneau Centre ville Plage \u00e0 pied<\/p>\r\n\r\n\t\t\t\t\r\n\t\t\t\t\t<div class=\"listing-amenities-nl\">\r\n\t\t\t\t\t\t\r\n\t\t\t\t\t<\/div>\r\n\t\t\t\t\t\t\t<\/div>\r\n\r\n\t\t\t<!-- Sidebar Column (Right) -->\r\n\t\t\t<div class=\"details-sidebar-col-nl\">\r\n\t\t\t\t<div class=\"details-sidebar-upper-nl\">\r\n\r\n\t\t\t\t\t\t\t\t\t<\/div>\r\n\t\t\t\t\t\t\t\t\t\t<div class=\"listing-booking-nl\">\r\n\t\t\t\t\t\t\t<p class=\"price-nl\">160,00&euro; - 0,00&euro;<\/p>\r\n\t\t\t\t\t\t\t\t\t\t\t\t\t<\/div>\r\n\t\t\t\t\r\n\r\n\t\t\t<\/div>\r\n\r\n\r\n\t\t<\/a>\r\n\t<\/div>\r\n<\/div>\r\n\r\n\r\n<!-- Listing Item \/ End --><!-- Listing Item -->\r\n\r\n\r\n<div  class=\"listing-card-container-nl margin-bottom-30 listing-geo-data\" \r\n\t\tdata-title=\"La Rose des Vents, 8 Pers\"\r\n\t\tdata-listing-type=\"rental\"\r\n\t\tdata-classifieds-price=\"&euro;\"\r\n\t\tdata-friendly-address=\"Le Rouz\"\r\n\t\tdata-address=\"Le Rouz\"\r\n\t\tdata-image=\"https:\/\/cparici.com\/wp-content\/uploads\/2025\/01\/la-rose-des-vents-2-520x397.jpg\"\r\n\t\tdata-longitude=\"-3.9069835\"\r\n\t\tdata-latitude=\"47.8674861\"\r\n\t\t\t\t\tdata-rating=\"0\"\r\n\t\t\tdata-reviews=\"0\"\r\n\t\t\t\tdata-icon=\"&lt;svg xmlns=&quot;http:\/\/www.w3.org\/2000\/svg&quot; width=&quot;800px&quot; height=&quot;800px&quot; viewBox=&quot;0 0 45 45&quot; fill=&quot;none&quot;&gt;\n&lt;path d=&quot;M24.155 8.78099L24.33 8.94499L37.402 21.787L36 23.213L34.2 21.445L34.201 35C34.201 36.054 33.385 36.918 32.35 36.994L32.201 37H12.201C11.147 37 10.283 36.184 10.206 35.149L10.201 35L10.2 21.446L8.402 23.213L7 21.787L20.058 8.95799C21.171 7.82199 22.966 7.75899 24.155 8.78099ZM21.569 10.285L21.473 10.372L12.2 19.481L12.201 35L17.2 34.999L17.201 25C17.201 23.946 18.017 23.082 19.052 23.005L19.201 23H25.201C26.255 23 27.119 23.816 27.196 24.851L27.201 25L27.2 34.999L32.201 35L32.2 19.48L22.901 10.344C22.537 9.98699 21.969 9.96499 21.569 10.285ZM25.201 25H19.201L19.2 34.999H25.2L25.201 25Z&quot; fill=&quot;#3C3C3C&quot;\/&gt;\n&lt;\/svg&gt;\"\r\n\r\n\t>\r\n\t<div class=\"listing-card-nl\">\r\n\t\t<!-- ===== LEFT: IMAGE SLIDER ===== -->\r\n\t\t<div class=\"listing-image-container-nl\">\r\n\t\t\t<a href=\"https:\/\/cparici.com\/fr\/annonce\/la-rose-des-vents-8-pers\/\">\r\n\t\t\t\t<div class=\"slider-wrapper-nl\">\r\n\t\t\t\t\t\t\t\t\t<img decoding=\"async\" src=\"https:\/\/cparici.com\/wp-content\/uploads\/2025\/01\/la-rose-des-vents-2-520x397.jpg\" alt=\"La Rose des Vents, 8 Pers\" class=\"slider-image-nl\">\r\n\t\t\t\t\t\t<img decoding=\"async\" src=\"https:\/\/cparici.com\/wp-content\/uploads\/2025\/01\/la-rose-des-vents-3-520x397.jpg\" alt=\"La Rose des Vents, 8 Pers\" class=\"slider-image-nl\">\r\n\t\t\t\t\t\t<img decoding=\"async\" src=\"https:\/\/cparici.com\/wp-content\/uploads\/2025\/01\/la-rose-des-vents-4-520x397.jpg\" alt=\"La Rose des Vents, 8 Pers\" class=\"slider-image-nl\">\r\n\t\t\t\t\t\t<\/div>\r\n\t\t\t<\/a>\r\n\r\n\t\t\t\t\t\t<div class=\"slider-arrow-nl left-nl\" id=\"prevBtn\"><i class=\"fa-solid fa-chevron-left\"><\/i><\/div>\r\n\t\t\t<div class=\"slider-arrow-nl right-nl\" id=\"nextBtn\"><i class=\"fa-solid fa-chevron-right\"><\/i><\/div>\r\n\t\t\t<div class=\"image-overlay-top-nl\">\r\n\r\n\t\t\t\t<span class=\"listing-category-tag-nl\">H\u00e9bergements<\/span>\t\t\t\t\r\n\t\t\t\t\t\t\t\t\t\t\t\t<div class=\"favorite-icon-nl\" id=\"favoriteBtn\">\r\n\t\t\t\t\t\t\t\t<span class=\"save fa-regular fa-heart tooltip left\" title=\"Connexion pour marquer des \u00e9l\u00e9ments\"><\/span>\r\n\t\t\t\t\t\t\t<\/div>\r\n\t\t\t\t\t\t\t\t\t\t\t\r\n\r\n\t\t\t\t\t\t\t<\/div>\r\n\t\t<\/div>\r\n\r\n\t\t<!-- ===== RIGHT: LISTING DETAILS (NOW 2-COLUMN) ===== -->\r\n\t\t<a href=\"https:\/\/cparici.com\/fr\/annonce\/la-rose-des-vents-8-pers\/\" class=\"listing-details-nl\">\r\n\r\n\t\t\t<!-- Main Content Column (Left) -->\r\n\t\t\t<div class=\"details-main-col-nl\">\r\n\t\t\t\t<div class=\"listing-badges-nl\">\r\n\t\t\t\t\t\t\t\t\t\t\t\t\t\t<\/div>\r\n\t\t\t\t<h2 class=\"listing-title-nl\">La Rose des Vents, 8 Pers\t\t\t\t\t<div class=\"listing-title-badges-nl\">\r\n\t\t\t\t\t\t\t\t\t\t\t\t\t\t\t\t\t<\/div>\r\n\t\t\t\t<\/h2>\r\n\t\t\t\t<p class=\"listing-location-nl\">Le Rouz<\/p>\r\n\r\n\t\t\t\t\t\t<div class=\"listing-features-nl\">\r\n\t\t\t\t\t\t\t\t\t\t\t\t<!-- Regular Field Template -->\r\n\t\t\t\t\t<div class=\"feature-tag-nl main-detail-_size\">\r\n\t\t\t\t\t\t<i class=\"fas fa-check\"><\/i>\r\n\t\t\t\t\t\t\t\t\t\t\t\t\t\t\t\t\t\t\t\t<span>140<\/span>\r\n\t\t\t\t\t\t\t\t\t\t\t\t<div class=\"tooltip-nl\">Size<\/div>\r\n\t\t\t\t\t<\/div>\r\n\t\t\t\t\t\t\t\t\t\t\t\t\t\t\t\t<!-- Regular Field Template -->\r\n\t\t\t\t\t<div class=\"feature-tag-nl main-detail-_guests\">\r\n\t\t\t\t\t\t<i class=\"fas fa-check\"><\/i>\r\n\t\t\t\t\t\t\t\t\t\t\t\t\t\t\t\t\t\t\t\t<span>8<\/span>\r\n\t\t\t\t\t\t\t\t\t\t\t\t<div class=\"tooltip-nl\">Guest(s)<\/div>\r\n\t\t\t\t\t<\/div>\r\n\t\t\t\t\t\t\t\t\t\t\t\t\t\t\t\t<!-- Regular Field Template -->\r\n\t\t\t\t\t<div class=\"feature-tag-nl main-detail-_number_of_bedrooms\">\r\n\t\t\t\t\t\t<i class=\"fas fa-check\"><\/i>\r\n\t\t\t\t\t\t\t\t\t\t\t\t\t\t\t\t\t\t\t\t<span>4<\/span>\r\n\t\t\t\t\t\t\t\t\t\t\t\t<div class=\"tooltip-nl\">Bedroom(s)<\/div>\r\n\t\t\t\t\t<\/div>\r\n\t\t\t\t\t\t\t\t\t\t<\/div>\r\n\r\n\t\t\t\t\t<div class=\"listing-amenities-nl\">\r\n\t\t\t\t\t\t\r\n\t\t\t\t\t<\/div>\r\n\t\t\t\t\t\t\t<\/div>\r\n\r\n\t\t\t<!-- Sidebar Column (Right) -->\r\n\t\t\t<div class=\"details-sidebar-col-nl\">\r\n\t\t\t\t<div class=\"details-sidebar-upper-nl\">\r\n\r\n\t\t\t\t\t\t\t\t\t<\/div>\r\n\t\t\t\t\t\t\t\t\t\t<div class=\"listing-booking-nl\">\r\n\t\t\t\t\t\t\t<p class=\"price-nl\">191,00&euro; - 240,00&euro;<\/p>\r\n\t\t\t\t\t\t\t\t\t\t\t\t\t<\/div>\r\n\t\t\t\t\r\n\r\n\t\t\t<\/div>\r\n\r\n\r\n\t\t<\/a>\r\n\t<\/div>\r\n<\/div>\r\n\r\n\r\n<!-- Listing Item \/ End --><!-- Listing Item -->\r\n\r\n\r\n<div  class=\"listing-card-container-nl margin-bottom-30 listing-geo-data\" \r\n\t\tdata-title=\"Le Bleuet &#8211; Charmant g\u00eete de caract\u00e8re pour 1 \u00e0 max. 4 personnes, am\u00e9nag\u00e9 dans une maison de plus de 300 ans\"\r\n\t\tdata-listing-type=\"rental\"\r\n\t\tdata-classifieds-price=\"&euro;\"\r\n\t\tdata-friendly-address=\"423 Route de la Neille\"\r\n\t\tdata-address=\"423 Route de la Neille\"\r\n\t\tdata-image=\"https:\/\/cparici.com\/wp-content\/uploads\/2026\/02\/IMG_5802-520x397.jpg\"\r\n\t\tdata-longitude=\"1.0653895\"\r\n\t\tdata-latitude=\"44.90213869999999\"\r\n\t\t\t\t\tdata-rating=\"4.8\"\r\n\t\t\tdata-reviews=\"36\"\r\n\t\t\t\tdata-icon=\"&lt;svg xmlns=&quot;http:\/\/www.w3.org\/2000\/svg&quot; width=&quot;800px&quot; height=&quot;800px&quot; viewBox=&quot;0 0 45 45&quot; fill=&quot;none&quot;&gt;\n&lt;path d=&quot;M24.155 8.78099L24.33 8.94499L37.402 21.787L36 23.213L34.2 21.445L34.201 35C34.201 36.054 33.385 36.918 32.35 36.994L32.201 37H12.201C11.147 37 10.283 36.184 10.206 35.149L10.201 35L10.2 21.446L8.402 23.213L7 21.787L20.058 8.95799C21.171 7.82199 22.966 7.75899 24.155 8.78099ZM21.569 10.285L21.473 10.372L12.2 19.481L12.201 35L17.2 34.999L17.201 25C17.201 23.946 18.017 23.082 19.052 23.005L19.201 23H25.201C26.255 23 27.119 23.816 27.196 24.851L27.201 25L27.2 34.999L32.201 35L32.2 19.48L22.901 10.344C22.537 9.98699 21.969 9.96499 21.569 10.285ZM25.201 25H19.201L19.2 34.999H25.2L25.201 25Z&quot; fill=&quot;#3C3C3C&quot;\/&gt;\n&lt;\/svg&gt;\"\r\n\r\n\t>\r\n\t<div class=\"listing-card-nl\">\r\n\t\t<!-- ===== LEFT: IMAGE SLIDER ===== -->\r\n\t\t<div class=\"listing-image-container-nl\">\r\n\t\t\t<a href=\"https:\/\/cparici.com\/fr\/annonce\/le-bleuet-charmant-gite-de-caractere-pour-1-a-max-4-personnes-amenage-dans-une-maison-de-plus-de-300-ans\/\">\r\n\t\t\t\t<div class=\"slider-wrapper-nl\">\r\n\t\t\t\t\t\t\t\t\t<img decoding=\"async\" src=\"https:\/\/cparici.com\/wp-content\/uploads\/2026\/02\/IMG_5802-520x397.jpg\" alt=\"Le Bleuet &#8211; Charmant g\u00eete de caract\u00e8re pour 1 \u00e0 max. 4 personnes, am\u00e9nag\u00e9 dans une maison de plus de 300 ans\" class=\"slider-image-nl\">\r\n\t\t\t\t\t\t<img decoding=\"async\" src=\"https:\/\/cparici.com\/wp-content\/uploads\/2026\/02\/IMG_5268-3-520x397.jpg\" alt=\"Le Bleuet &#8211; Charmant g\u00eete de caract\u00e8re pour 1 \u00e0 max. 4 personnes, am\u00e9nag\u00e9 dans une maison de plus de 300 ans\" class=\"slider-image-nl\">\r\n\t\t\t\t\t\t<img decoding=\"async\" src=\"https:\/\/cparici.com\/wp-content\/uploads\/2026\/02\/IMG_5262-3-520x397.jpg\" alt=\"Le Bleuet &#8211; Charmant g\u00eete de caract\u00e8re pour 1 \u00e0 max. 4 personnes, am\u00e9nag\u00e9 dans une maison de plus de 300 ans\" class=\"slider-image-nl\">\r\n\t\t\t\t\t\t<\/div>\r\n\t\t\t<\/a>\r\n\r\n\t\t\t\t\t\t<div class=\"slider-arrow-nl left-nl\" id=\"prevBtn\"><i class=\"fa-solid fa-chevron-left\"><\/i><\/div>\r\n\t\t\t<div class=\"slider-arrow-nl right-nl\" id=\"nextBtn\"><i class=\"fa-solid fa-chevron-right\"><\/i><\/div>\r\n\t\t\t<div class=\"image-overlay-top-nl\">\r\n\r\n\t\t\t\t<span class=\"listing-category-tag-nl\">H\u00e9bergements<\/span>\t\t\t\t\r\n\t\t\t\t\t\t\t\t\t\t\t\t<div class=\"favorite-icon-nl\" id=\"favoriteBtn\">\r\n\t\t\t\t\t\t\t\t<span class=\"save fa-regular fa-heart tooltip left\" title=\"Connexion pour marquer des \u00e9l\u00e9ments\"><\/span>\r\n\t\t\t\t\t\t\t<\/div>\r\n\t\t\t\t\t\t\t\t\t\t\t\r\n\r\n\t\t\t\t\t\t\t<\/div>\r\n\t\t<\/div>\r\n\r\n\t\t<!-- ===== RIGHT: LISTING DETAILS (NOW 2-COLUMN) ===== -->\r\n\t\t<a href=\"https:\/\/cparici.com\/fr\/annonce\/le-bleuet-charmant-gite-de-caractere-pour-1-a-max-4-personnes-amenage-dans-une-maison-de-plus-de-300-ans\/\" class=\"listing-details-nl\">\r\n\r\n\t\t\t<!-- Main Content Column (Left) -->\r\n\t\t\t<div class=\"details-main-col-nl\">\r\n\t\t\t\t<div class=\"listing-badges-nl\">\r\n\t\t\t\t\t\t\t\t\t\t<span class=\"badge-nl featured-nl\"><i class=\"fa-solid fa-star\"><\/i> En vedette<\/span>\t\t\t\t<\/div>\r\n\t\t\t\t<h2 class=\"listing-title-nl\">Le Bleuet &#8211; Charmant g\u00eete de caract\u00e8re pour 1 \u00e0 max. 4 personnes, am\u00e9nag\u00e9 dans une maison de plus de 300 ans\t\t\t\t\t<div class=\"listing-title-badges-nl\">\r\n\t\t\t\t\t\t\t\t\t\t\t\t\t\t\t\t\t<\/div>\r\n\t\t\t\t<\/h2>\r\n\t\t\t\t<p class=\"listing-location-nl\">423 Route de la Neille<\/p>\r\n\r\n\t\t\t\t\r\n\t\t\t\t\t<div class=\"listing-amenities-nl\">\r\n\t\t\t\t\t\t\r\n\t\t\t\t\t<\/div>\r\n\t\t\t\t\t\t\t<\/div>\r\n\r\n\t\t\t<!-- Sidebar Column (Right) -->\r\n\t\t\t<div class=\"details-sidebar-col-nl\">\r\n\t\t\t\t<div class=\"details-sidebar-upper-nl\">\r\n\r\n\t\t\t\t\t\t\t\t\t\t\t\t<div class=\"listing-rating-nl\">\r\n\t\t\t\t\t\t\t\t<div class=\"stars-nl\" data-rating=\"4.8\">\r\n\r\n\t\t\t\t\t\t\t\t\t<div class=\"listing-rating-nl\">\n                      <div class=\"stars-nl\">\n                          <i class=\"fa-solid fa-star\"><\/i>\n                            <i class=\"fa-solid fa-star\"><\/i>\n                            <i class=\"fa-solid fa-star\"><\/i>\n                            <i class=\"fa-solid fa-star\"><\/i>\n                            <i class=\"fa-solid fa-star-half-stroke\"><\/i>\n                      <\/div>\n                       <div class=\"rating-text-nl\">4.8 <span>(36)<\/span><\/div><\/div> \t\t\t\t\t\t\t\t<\/div>\r\n\t\t\t\t\t\t\t<\/div>\r\n\t\t\t\t\t\t\t\t\t<\/div>\r\n\t\t\t\t\t\t\t\t\t\t<div class=\"listing-booking-nl\">\r\n\t\t\t\t\t\t\t<p class=\"price-nl\">110,00&euro; - 187,00&euro;<\/p>\r\n\t\t\t\t\t\t\t\t\t\t\t\t\t<\/div>\r\n\t\t\t\t\r\n\r\n\t\t\t<\/div>\r\n\r\n\r\n\t\t<\/a>\r\n\t<\/div>\r\n<\/div>\r\n\r\n\r\n<!-- Listing Item \/ End --><!-- Listing Item -->\r\n\r\n\r\n<div  class=\"listing-card-container-nl margin-bottom-30 listing-geo-data\" >\r\n\t<div class=\"listing-card-nl\">\r\n\t\t<!-- ===== LEFT: IMAGE SLIDER ===== -->\r\n\t\t<div class=\"listing-image-container-nl\">\r\n\t\t\t<a href=\"https:\/\/cparici.com\/fr\/annonce\/sejour-decouverte-truffe-noire\/\">\r\n\t\t\t\t<div class=\"slider-wrapper-nl\">\r\n\t\t\t\t\t\t\t\t\t<img decoding=\"async\" src=\"https:\/\/cparici.com\/wp-content\/uploads\/2025\/09\/www.pavillonm.com-sejour-truffes-richerenches-1.jpg\" alt=\"S\u00e9jour d\u00e9couverte de la Truffe noire\" class=\"slider-image-nl\">\r\n\t\t\t\t\t\t<img decoding=\"async\" src=\"https:\/\/cparici.com\/wp-content\/uploads\/2025\/09\/www.le-pavillon-m.com-richerenches-marche-truffes-cavage-trufficulteur-520x397.jpg\" alt=\"S\u00e9jour d\u00e9couverte de la Truffe noire\" class=\"slider-image-nl\">\r\n\t\t\t\t\t\t<img decoding=\"async\" src=\"https:\/\/cparici.com\/wp-content\/uploads\/2025\/09\/www.pavillonm.com-sejour-truffes-520x397.jpg\" alt=\"S\u00e9jour d\u00e9couverte de la Truffe noire\" class=\"slider-image-nl\">\r\n\t\t\t\t\t\t<\/div>\r\n\t\t\t<\/a>\r\n\r\n\t\t\t\t\t\t<div class=\"slider-arrow-nl left-nl\" id=\"prevBtn\"><i class=\"fa-solid fa-chevron-left\"><\/i><\/div>\r\n\t\t\t<div class=\"slider-arrow-nl right-nl\" id=\"nextBtn\"><i class=\"fa-solid fa-chevron-right\"><\/i><\/div>\r\n\t\t\t<div class=\"image-overlay-top-nl\">\r\n\r\n\t\t\t\t<span class=\"listing-category-tag-nl\">Ateliers et Activit\u00e9s D\u00e9couverte<\/span>\t\t\t\t\r\n\t\t\t\t\t\t\t\t\t\t\t\t<div class=\"favorite-icon-nl\" id=\"favoriteBtn\">\r\n\t\t\t\t\t\t\t\t<span class=\"save fa-regular fa-heart tooltip left\" title=\"Connexion pour marquer des \u00e9l\u00e9ments\"><\/span>\r\n\t\t\t\t\t\t\t<\/div>\r\n\t\t\t\t\t\t\t\t\t\t\t\r\n\r\n\t\t\t\t\t\t\t<\/div>\r\n\t\t<\/div>\r\n\r\n\t\t<!-- ===== RIGHT: LISTING DETAILS (NOW 2-COLUMN) ===== -->\r\n\t\t<a href=\"https:\/\/cparici.com\/fr\/annonce\/sejour-decouverte-truffe-noire\/\" class=\"listing-details-nl\">\r\n\r\n\t\t\t<!-- Main Content Column (Left) -->\r\n\t\t\t<div class=\"details-main-col-nl\">\r\n\t\t\t\t<div class=\"listing-badges-nl\">\r\n\t\t\t\t\t\t\t\t\t\t<span class=\"badge-nl featured-nl\"><i class=\"fa-solid fa-star\"><\/i> En vedette<\/span>\t\t\t\t<\/div>\r\n\t\t\t\t<h2 class=\"listing-title-nl\">S\u00e9jour d\u00e9couverte de la Truffe noire\t\t\t\t\t<div class=\"listing-title-badges-nl\">\r\n\t\t\t\t\t\t\t\t\t\t\t\t\t\t\t\t\t<\/div>\r\n\t\t\t\t<\/h2>\r\n\t\t\t\t<p class=\"listing-location-nl\">8 avenue Chapon 26230 Grignan<\/p>\r\n\r\n\t\t\t\t\r\n\t\t\t\t\t<div class=\"listing-amenities-nl\">\r\n\t\t\t\t\t\t\r\n\t\t\t\t\t<\/div>\r\n\t\t\t\t\t\t\t<\/div>\r\n\r\n\t\t\t<!-- Sidebar Column (Right) -->\r\n\t\t\t<div class=\"details-sidebar-col-nl\">\r\n\t\t\t\t<div class=\"details-sidebar-upper-nl\">\r\n\r\n\t\t\t\t\t\t\t\t\t<\/div>\r\n\t\t\t\t\r\n\r\n\t\t\t<\/div>\r\n\r\n\r\n\t\t<\/a>\r\n\t<\/div>\r\n<\/div>\r\n\r\n\r\n<!-- Listing Item \/ End --><!-- Listing Item -->\r\n\r\n\r\n<div  class=\"listing-card-container-nl margin-bottom-30 listing-geo-data\" \r\n\t\tdata-title=\"La Plume \u2013 Appartement vue mer \u00e0 CONCARNEAU\"\r\n\t\tdata-listing-type=\"rental\"\r\n\t\tdata-classifieds-price=\"&euro;\"\r\n\t\tdata-friendly-address=\"Centre ville Concarneau, Plages \u00e0 pied\"\r\n\t\tdata-address=\"Centre ville Concarneau, Plages \u00e0 pied\"\r\n\t\tdata-image=\"https:\/\/cparici.com\/wp-content\/uploads\/2026\/04\/appartement-plume-concarneau-balcon-vue-mer-et-phare-520x397.jpg\"\r\n\t\tdata-longitude=\"-3.9175758\"\r\n\t\tdata-latitude=\"47.8690136\"\r\n\t\t\t\t\tdata-rating=\"0\"\r\n\t\t\tdata-reviews=\"0\"\r\n\t\t\t\tdata-icon=\"&lt;svg xmlns=&quot;http:\/\/www.w3.org\/2000\/svg&quot; width=&quot;800px&quot; height=&quot;800px&quot; viewBox=&quot;0 0 45 45&quot; fill=&quot;none&quot;&gt;\n&lt;path d=&quot;M24.155 8.78099L24.33 8.94499L37.402 21.787L36 23.213L34.2 21.445L34.201 35C34.201 36.054 33.385 36.918 32.35 36.994L32.201 37H12.201C11.147 37 10.283 36.184 10.206 35.149L10.201 35L10.2 21.446L8.402 23.213L7 21.787L20.058 8.95799C21.171 7.82199 22.966 7.75899 24.155 8.78099ZM21.569 10.285L21.473 10.372L12.2 19.481L12.201 35L17.2 34.999L17.201 25C17.201 23.946 18.017 23.082 19.052 23.005L19.201 23H25.201C26.255 23 27.119 23.816 27.196 24.851L27.201 25L27.2 34.999L32.201 35L32.2 19.48L22.901 10.344C22.537 9.98699 21.969 9.96499 21.569 10.285ZM25.201 25H19.201L19.2 34.999H25.2L25.201 25Z&quot; fill=&quot;#3C3C3C&quot;\/&gt;\n&lt;\/svg&gt;\"\r\n\r\n\t>\r\n\t<div class=\"listing-card-nl\">\r\n\t\t<!-- ===== LEFT: IMAGE SLIDER ===== -->\r\n\t\t<div class=\"listing-image-container-nl\">\r\n\t\t\t<a href=\"https:\/\/cparici.com\/fr\/annonce\/la-plume-appartement-vue-mer-2-adultes-2-enfants-vue-mer-a-concarneau\/\">\r\n\t\t\t\t<div class=\"slider-wrapper-nl\">\r\n\t\t\t\t\t\t\t\t\t<img decoding=\"async\" src=\"https:\/\/cparici.com\/wp-content\/uploads\/2026\/04\/appartement-plume-concarneau-balcon-vue-mer-et-phare-520x397.jpg\" alt=\"La Plume \u2013 Appartement vue mer \u00e0 CONCARNEAU\" class=\"slider-image-nl\">\r\n\t\t\t\t\t\t<img decoding=\"async\" src=\"https:\/\/cparici.com\/wp-content\/uploads\/2026\/04\/appartement-plume-centre-concarneau-balcon-vue-mer-520x397.jpg\" alt=\"La Plume \u2013 Appartement vue mer \u00e0 CONCARNEAU\" class=\"slider-image-nl\">\r\n\t\t\t\t\t\t<img decoding=\"async\" src=\"https:\/\/cparici.com\/wp-content\/uploads\/2026\/04\/appartement-plume-concarneau-cuisine-520x397.jpg\" alt=\"La Plume \u2013 Appartement vue mer \u00e0 CONCARNEAU\" class=\"slider-image-nl\">\r\n\t\t\t\t\t\t<\/div>\r\n\t\t\t<\/a>\r\n\r\n\t\t\t\t\t\t<div class=\"slider-arrow-nl left-nl\" id=\"prevBtn\"><i class=\"fa-solid fa-chevron-left\"><\/i><\/div>\r\n\t\t\t<div class=\"slider-arrow-nl right-nl\" id=\"nextBtn\"><i class=\"fa-solid fa-chevron-right\"><\/i><\/div>\r\n\t\t\t<div class=\"image-overlay-top-nl\">\r\n\r\n\t\t\t\t<span class=\"listing-category-tag-nl\">H\u00e9bergements<\/span>\t\t\t\t\r\n\t\t\t\t\t\t\t\t\t\t\t\t<div class=\"favorite-icon-nl\" id=\"favoriteBtn\">\r\n\t\t\t\t\t\t\t\t<span class=\"save fa-regular fa-heart tooltip left\" title=\"Connexion pour marquer des \u00e9l\u00e9ments\"><\/span>\r\n\t\t\t\t\t\t\t<\/div>\r\n\t\t\t\t\t\t\t\t\t\t\t\r\n\r\n\t\t\t\t\t\t\t<\/div>\r\n\t\t<\/div>\r\n\r\n\t\t<!-- ===== RIGHT: LISTING DETAILS (NOW 2-COLUMN) ===== -->\r\n\t\t<a href=\"https:\/\/cparici.com\/fr\/annonce\/la-plume-appartement-vue-mer-2-adultes-2-enfants-vue-mer-a-concarneau\/\" class=\"listing-details-nl\">\r\n\r\n\t\t\t<!-- Main Content Column (Left) -->\r\n\t\t\t<div class=\"details-main-col-nl\">\r\n\t\t\t\t<div class=\"listing-badges-nl\">\r\n\t\t\t\t\t\t\t\t\t\t\t\t\t\t<\/div>\r\n\t\t\t\t<h2 class=\"listing-title-nl\">La Plume \u2013 Appartement vue mer \u00e0 CONCARNEAU\t\t\t\t\t<div class=\"listing-title-badges-nl\">\r\n\t\t\t\t\t\t\t\t\t\t\t\t\t\t\t\t\t<\/div>\r\n\t\t\t\t<\/h2>\r\n\t\t\t\t<p class=\"listing-location-nl\">Centre ville Concarneau, Plages \u00e0 pied<\/p>\r\n\r\n\t\t\t\t\r\n\t\t\t\t\t<div class=\"listing-amenities-nl\">\r\n\t\t\t\t\t\t\r\n\t\t\t\t\t<\/div>\r\n\t\t\t\t\t\t\t<\/div>\r\n\r\n\t\t\t<!-- Sidebar Column (Right) -->\r\n\t\t\t<div class=\"details-sidebar-col-nl\">\r\n\t\t\t\t<div class=\"details-sidebar-upper-nl\">\r\n\r\n\t\t\t\t\t\t\t\t\t<\/div>\r\n\t\t\t\t\t\t\t\t\t\t<div class=\"listing-booking-nl\">\r\n\t\t\t\t\t\t\t<p class=\"price-nl\">140,00&euro; - 0,00&euro;<\/p>\r\n\t\t\t\t\t\t\t\t\t\t\t\t\t<\/div>\r\n\t\t\t\t\r\n\r\n\t\t\t<\/div>\r\n\r\n\r\n\t\t<\/a>\r\n\t<\/div>\r\n<\/div>\r\n\r\n\r\n<!-- Listing Item \/ End --><!-- Listing Item -->\r\n\r\n\r\n<div  class=\"listing-card-container-nl margin-bottom-30 listing-geo-data\" \r\n\t\tdata-title=\"Appartement Le Nassau &#8211; vue mer 2 personnes Concarneau\"\r\n\t\tdata-listing-type=\"rental\"\r\n\t\tdata-classifieds-price=\"&euro;\"\r\n\t\tdata-friendly-address=\"Bd Bougainville, Concarneau\"\r\n\t\tdata-address=\"Bd Bougainville, Concarneau\"\r\n\t\tdata-image=\"https:\/\/cparici.com\/wp-content\/uploads\/2026\/04\/appartement-nassau-concarneau-520x397.jpg\"\r\n\t\tdata-longitude=\"-3.921428087197639\"\r\n\t\tdata-latitude=\"47.86981360330804\"\r\n\t\t\t\t\tdata-rating=\"0\"\r\n\t\t\tdata-reviews=\"0\"\r\n\t\t\t\tdata-icon=\"&lt;svg xmlns=&quot;http:\/\/www.w3.org\/2000\/svg&quot; width=&quot;800px&quot; height=&quot;800px&quot; viewBox=&quot;0 0 45 45&quot; fill=&quot;none&quot;&gt;\n&lt;path d=&quot;M24.155 8.78099L24.33 8.94499L37.402 21.787L36 23.213L34.2 21.445L34.201 35C34.201 36.054 33.385 36.918 32.35 36.994L32.201 37H12.201C11.147 37 10.283 36.184 10.206 35.149L10.201 35L10.2 21.446L8.402 23.213L7 21.787L20.058 8.95799C21.171 7.82199 22.966 7.75899 24.155 8.78099ZM21.569 10.285L21.473 10.372L12.2 19.481L12.201 35L17.2 34.999L17.201 25C17.201 23.946 18.017 23.082 19.052 23.005L19.201 23H25.201C26.255 23 27.119 23.816 27.196 24.851L27.201 25L27.2 34.999L32.201 35L32.2 19.48L22.901 10.344C22.537 9.98699 21.969 9.96499 21.569 10.285ZM25.201 25H19.201L19.2 34.999H25.2L25.201 25Z&quot; fill=&quot;#3C3C3C&quot;\/&gt;\n&lt;\/svg&gt;\"\r\n\r\n\t>\r\n\t<div class=\"listing-card-nl\">\r\n\t\t<!-- ===== LEFT: IMAGE SLIDER ===== -->\r\n\t\t<div class=\"listing-image-container-nl\">\r\n\t\t\t<a href=\"https:\/\/cparici.com\/fr\/annonce\/appartement-le-nassau-vue-mer-2-personnes-concarneau\/\">\r\n\t\t\t\t<div class=\"slider-wrapper-nl\">\r\n\t\t\t\t\t\t\t\t\t<img decoding=\"async\" src=\"https:\/\/cparici.com\/wp-content\/uploads\/2026\/04\/appartement-nassau-concarneau-520x397.jpg\" alt=\"Appartement Le Nassau &#8211; vue mer 2 personnes Concarneau\" class=\"slider-image-nl\">\r\n\t\t\t\t\t\t<img decoding=\"async\" src=\"https:\/\/cparici.com\/wp-content\/uploads\/2026\/04\/appartement-nassau-concarneau-balcon-vue-mer-520x397.jpg\" alt=\"Appartement Le Nassau &#8211; vue mer 2 personnes Concarneau\" class=\"slider-image-nl\">\r\n\t\t\t\t\t\t<img decoding=\"async\" src=\"https:\/\/cparici.com\/wp-content\/uploads\/2026\/04\/appartement-nassau-concarneau-chambre-2-520x397.jpg\" alt=\"Appartement Le Nassau &#8211; vue mer 2 personnes Concarneau\" class=\"slider-image-nl\">\r\n\t\t\t\t\t\t<\/div>\r\n\t\t\t<\/a>\r\n\r\n\t\t\t\t\t\t<div class=\"slider-arrow-nl left-nl\" id=\"prevBtn\"><i class=\"fa-solid fa-chevron-left\"><\/i><\/div>\r\n\t\t\t<div class=\"slider-arrow-nl right-nl\" id=\"nextBtn\"><i class=\"fa-solid fa-chevron-right\"><\/i><\/div>\r\n\t\t\t<div class=\"image-overlay-top-nl\">\r\n\r\n\t\t\t\t<span class=\"listing-category-tag-nl\">H\u00e9bergements<\/span>\t\t\t\t\r\n\t\t\t\t\t\t\t\t\t\t\t\t<div class=\"favorite-icon-nl\" id=\"favoriteBtn\">\r\n\t\t\t\t\t\t\t\t<span class=\"save fa-regular fa-heart tooltip left\" title=\"Connexion pour marquer des \u00e9l\u00e9ments\"><\/span>\r\n\t\t\t\t\t\t\t<\/div>\r\n\t\t\t\t\t\t\t\t\t\t\t\r\n\r\n\t\t\t\t\t\t\t<\/div>\r\n\t\t<\/div>\r\n\r\n\t\t<!-- ===== RIGHT: LISTING DETAILS (NOW 2-COLUMN) ===== -->\r\n\t\t<a href=\"https:\/\/cparici.com\/fr\/annonce\/appartement-le-nassau-vue-mer-2-personnes-concarneau\/\" class=\"listing-details-nl\">\r\n\r\n\t\t\t<!-- Main Content Column (Left) -->\r\n\t\t\t<div class=\"details-main-col-nl\">\r\n\t\t\t\t<div class=\"listing-badges-nl\">\r\n\t\t\t\t\t\t\t\t\t\t\t\t\t\t<\/div>\r\n\t\t\t\t<h2 class=\"listing-title-nl\">Appartement Le Nassau &#8211; vue mer 2 personnes Concarneau\t\t\t\t\t<div class=\"listing-title-badges-nl\">\r\n\t\t\t\t\t\t\t\t\t\t\t\t\t\t\t\t\t<\/div>\r\n\t\t\t\t<\/h2>\r\n\t\t\t\t<p class=\"listing-location-nl\">Bd Bougainville, Concarneau<\/p>\r\n\r\n\t\t\t\t\r\n\t\t\t\t\t<div class=\"listing-amenities-nl\">\r\n\t\t\t\t\t\t\r\n\t\t\t\t\t<\/div>\r\n\t\t\t\t\t\t\t<\/div>\r\n\r\n\t\t\t<!-- Sidebar Column (Right) -->\r\n\t\t\t<div class=\"details-sidebar-col-nl\">\r\n\t\t\t\t<div class=\"details-sidebar-upper-nl\">\r\n\r\n\t\t\t\t\t\t\t\t\t<\/div>\r\n\t\t\t\t\t\t\t\t\t\t<div class=\"listing-booking-nl\">\r\n\t\t\t\t\t\t\t<p class=\"price-nl\">80,00&euro; - 0,00&euro;<\/p>\r\n\t\t\t\t\t\t\t\t\t\t\t\t\t<\/div>\r\n\t\t\t\t\r\n\r\n\t\t\t<\/div>\r\n\r\n\r\n\t\t<\/a>\r\n\t<\/div>\r\n<\/div>\r\n\r\n\r\n<!-- Listing Item \/ End --><!-- Listing Item -->\r\n\r\n\r\n<div  class=\"listing-card-container-nl margin-bottom-30 listing-geo-data\" \r\n\t\tdata-title=\"Maison Bretonne Cap-Coz 6 personnes\"\r\n\t\tdata-listing-type=\"rental\"\r\n\t\tdata-classifieds-price=\"&euro;\"\r\n\t\tdata-friendly-address=\"Cap-Coz, 200m de la plage\"\r\n\t\tdata-address=\"Cap-Coz, 200m de la plage\"\r\n\t\tdata-image=\"https:\/\/cparici.com\/wp-content\/uploads\/2026\/04\/location-vacances-cap-coz-vue-aerienne-520x397.jpg\"\r\n\t\tdata-longitude=\"-3.9920428\"\r\n\t\tdata-latitude=\"47.887895\"\r\n\t\t\t\t\tdata-rating=\"0\"\r\n\t\t\tdata-reviews=\"0\"\r\n\t\t\t\tdata-icon=\"&lt;svg xmlns=&quot;http:\/\/www.w3.org\/2000\/svg&quot; width=&quot;800px&quot; height=&quot;800px&quot; viewBox=&quot;0 0 45 45&quot; fill=&quot;none&quot;&gt;\n&lt;path d=&quot;M24.155 8.78099L24.33 8.94499L37.402 21.787L36 23.213L34.2 21.445L34.201 35C34.201 36.054 33.385 36.918 32.35 36.994L32.201 37H12.201C11.147 37 10.283 36.184 10.206 35.149L10.201 35L10.2 21.446L8.402 23.213L7 21.787L20.058 8.95799C21.171 7.82199 22.966 7.75899 24.155 8.78099ZM21.569 10.285L21.473 10.372L12.2 19.481L12.201 35L17.2 34.999L17.201 25C17.201 23.946 18.017 23.082 19.052 23.005L19.201 23H25.201C26.255 23 27.119 23.816 27.196 24.851L27.201 25L27.2 34.999L32.201 35L32.2 19.48L22.901 10.344C22.537 9.98699 21.969 9.96499 21.569 10.285ZM25.201 25H19.201L19.2 34.999H25.2L25.201 25Z&quot; fill=&quot;#3C3C3C&quot;\/&gt;\n&lt;\/svg&gt;\"\r\n\r\n\t>\r\n\t<div class=\"listing-card-nl\">\r\n\t\t<!-- ===== LEFT: IMAGE SLIDER ===== -->\r\n\t\t<div class=\"listing-image-container-nl\">\r\n\t\t\t<a href=\"https:\/\/cparici.com\/fr\/annonce\/maison-bretonne-cap-coz-6-personnes\/\">\r\n\t\t\t\t<div class=\"slider-wrapper-nl\">\r\n\t\t\t\t\t\t\t\t\t<img decoding=\"async\" src=\"https:\/\/cparici.com\/wp-content\/uploads\/2026\/04\/location-vacances-cap-coz-vue-aerienne-520x397.jpg\" alt=\"Maison Bretonne Cap-Coz 6 personnes\" class=\"slider-image-nl\">\r\n\t\t\t\t\t\t<img decoding=\"async\" src=\"https:\/\/cparici.com\/wp-content\/uploads\/2026\/04\/location-vacances-cap-coz-vue-exterieur-520x397.jpg\" alt=\"Maison Bretonne Cap-Coz 6 personnes\" class=\"slider-image-nl\">\r\n\t\t\t\t\t\t<img decoding=\"async\" src=\"https:\/\/cparici.com\/wp-content\/uploads\/2026\/04\/location-vacances-cap-coz-salon-2-520x397.jpg\" alt=\"Maison Bretonne Cap-Coz 6 personnes\" class=\"slider-image-nl\">\r\n\t\t\t\t\t\t<\/div>\r\n\t\t\t<\/a>\r\n\r\n\t\t\t\t\t\t<div class=\"slider-arrow-nl left-nl\" id=\"prevBtn\"><i class=\"fa-solid fa-chevron-left\"><\/i><\/div>\r\n\t\t\t<div class=\"slider-arrow-nl right-nl\" id=\"nextBtn\"><i class=\"fa-solid fa-chevron-right\"><\/i><\/div>\r\n\t\t\t<div class=\"image-overlay-top-nl\">\r\n\r\n\t\t\t\t<span class=\"listing-category-tag-nl\">H\u00e9bergements<\/span>\t\t\t\t\r\n\t\t\t\t\t\t\t\t\t\t\t\t<div class=\"favorite-icon-nl\" id=\"favoriteBtn\">\r\n\t\t\t\t\t\t\t\t<span class=\"save fa-regular fa-heart tooltip left\" title=\"Connexion pour marquer des \u00e9l\u00e9ments\"><\/span>\r\n\t\t\t\t\t\t\t<\/div>\r\n\t\t\t\t\t\t\t\t\t\t\t\r\n\r\n\t\t\t\t\t\t\t<\/div>\r\n\t\t<\/div>\r\n\r\n\t\t<!-- ===== RIGHT: LISTING DETAILS (NOW 2-COLUMN) ===== -->\r\n\t\t<a href=\"https:\/\/cparici.com\/fr\/annonce\/maison-bretonne-cap-coz-6-personnes\/\" class=\"listing-details-nl\">\r\n\r\n\t\t\t<!-- Main Content Column (Left) -->\r\n\t\t\t<div class=\"details-main-col-nl\">\r\n\t\t\t\t<div class=\"listing-badges-nl\">\r\n\t\t\t\t\t\t\t\t\t\t\t\t\t\t<\/div>\r\n\t\t\t\t<h2 class=\"listing-title-nl\">Maison Bretonne Cap-Coz 6 personnes\t\t\t\t\t<div class=\"listing-title-badges-nl\">\r\n\t\t\t\t\t\t\t\t\t\t\t\t\t\t\t\t\t<\/div>\r\n\t\t\t\t<\/h2>\r\n\t\t\t\t<p class=\"listing-location-nl\">Cap-Coz, 200m de la plage<\/p>\r\n\r\n\t\t\t\t\r\n\t\t\t\t\t<div class=\"listing-amenities-nl\">\r\n\t\t\t\t\t\t\r\n\t\t\t\t\t<\/div>\r\n\t\t\t\t\t\t\t<\/div>\r\n\r\n\t\t\t<!-- Sidebar Column (Right) -->\r\n\t\t\t<div class=\"details-sidebar-col-nl\">\r\n\t\t\t\t<div class=\"details-sidebar-upper-nl\">\r\n\r\n\t\t\t\t\t\t\t\t\t<\/div>\r\n\t\t\t\t\t\t\t\t\t\t<div class=\"listing-booking-nl\">\r\n\t\t\t\t\t\t\t<p class=\"price-nl\">130,00&euro; - 0,00&euro;<\/p>\r\n\t\t\t\t\t\t\t\t\t\t\t\t\t<\/div>\r\n\t\t\t\t\r\n\r\n\t\t\t<\/div>\r\n\r\n\r\n\t\t<\/a>\r\n\t<\/div>\r\n<\/div>\r\n\r\n\r\n<!-- Listing Item \/ End --><!-- Listing Item -->\r\n\r\n\r\n<div  class=\"listing-card-container-nl margin-bottom-30 listing-geo-data\" \r\n\t\tdata-title=\"G\u00eete Familial avec Acc\u00e8s PMR\"\r\n\t\tdata-listing-type=\"rental\"\r\n\t\tdata-classifieds-price=\"&euro;\"\r\n\t\tdata-friendly-address=\"149 Rte de Pen An Neac&#039;H, 29650 Plou\u00e9gat-Moysan, France\"\r\n\t\tdata-address=\"149 Rte de Pen An Neac'H, 29650 Plou\u00e9gat-Moysan, France\"\r\n\t\tdata-image=\"https:\/\/cparici.com\/wp-content\/uploads\/2025\/07\/le-puits-de-jeanne-152-520x397.jpg\"\r\n\t\tdata-longitude=\"-3.634414672851563\"\r\n\t\tdata-latitude=\"48.56700919526004\"\r\n\t\t\t\t\tdata-rating=\"4.8\"\r\n\t\t\tdata-reviews=\"621\"\r\n\t\t\t\tdata-icon=\"&lt;svg xmlns=&quot;http:\/\/www.w3.org\/2000\/svg&quot; width=&quot;800px&quot; height=&quot;800px&quot; viewBox=&quot;0 0 45 45&quot; fill=&quot;none&quot;&gt;\n&lt;path d=&quot;M24.155 8.78099L24.33 8.94499L37.402 21.787L36 23.213L34.2 21.445L34.201 35C34.201 36.054 33.385 36.918 32.35 36.994L32.201 37H12.201C11.147 37 10.283 36.184 10.206 35.149L10.201 35L10.2 21.446L8.402 23.213L7 21.787L20.058 8.95799C21.171 7.82199 22.966 7.75899 24.155 8.78099ZM21.569 10.285L21.473 10.372L12.2 19.481L12.201 35L17.2 34.999L17.201 25C17.201 23.946 18.017 23.082 19.052 23.005L19.201 23H25.201C26.255 23 27.119 23.816 27.196 24.851L27.201 25L27.2 34.999L32.201 35L32.2 19.48L22.901 10.344C22.537 9.98699 21.969 9.96499 21.569 10.285ZM25.201 25H19.201L19.2 34.999H25.2L25.201 25Z&quot; fill=&quot;#3C3C3C&quot;\/&gt;\n&lt;\/svg&gt;\"\r\n\r\n\t>\r\n\t<div class=\"listing-card-nl\">\r\n\t\t<!-- ===== LEFT: IMAGE SLIDER ===== -->\r\n\t\t<div class=\"listing-image-container-nl\">\r\n\t\t\t<a href=\"https:\/\/cparici.com\/fr\/annonce\/gite-familial-avec-acces-pmr\/\">\r\n\t\t\t\t<div class=\"slider-wrapper-nl\">\r\n\t\t\t\t\t\t\t\t\t<img decoding=\"async\" src=\"https:\/\/cparici.com\/wp-content\/uploads\/2025\/07\/le-puits-de-jeanne-152-520x397.jpg\" alt=\"Le puits de jeanne \u00e0 Plouegat Moysan gite morlaix\" class=\"slider-image-nl\">\r\n\t\t\t\t\t\t<img decoding=\"async\" src=\"https:\/\/cparici.com\/wp-content\/uploads\/2025\/07\/Gite-Jean-Marie-chambre-pmr-520x397.jpg\" alt=\"Le puits de jeanne \u00e0 Plouegat Moysan\" class=\"slider-image-nl\">\r\n\t\t\t\t\t\t<img decoding=\"async\" src=\"https:\/\/cparici.com\/wp-content\/uploads\/2025\/07\/838-520x397.jpg\" alt=\"Gite Le puits de jeanne \u00e0 Plouegat Moysan\" class=\"slider-image-nl\">\r\n\t\t\t\t\t\t<\/div>\r\n\t\t\t<\/a>\r\n\r\n\t\t\t\t\t\t<div class=\"slider-arrow-nl left-nl\" id=\"prevBtn\"><i class=\"fa-solid fa-chevron-left\"><\/i><\/div>\r\n\t\t\t<div class=\"slider-arrow-nl right-nl\" id=\"nextBtn\"><i class=\"fa-solid fa-chevron-right\"><\/i><\/div>\r\n\t\t\t<div class=\"image-overlay-top-nl\">\r\n\r\n\t\t\t\t<span class=\"listing-category-tag-nl\">H\u00e9bergements<\/span>\t\t\t\t\r\n\t\t\t\t\t\t\t\t\t\t\t\t<div class=\"favorite-icon-nl\" id=\"favoriteBtn\">\r\n\t\t\t\t\t\t\t\t<span class=\"save fa-regular fa-heart tooltip left\" title=\"Connexion pour marquer des \u00e9l\u00e9ments\"><\/span>\r\n\t\t\t\t\t\t\t<\/div>\r\n\t\t\t\t\t\t\t\t\t\t\t\r\n\r\n\t\t\t\t\t\t\t<\/div>\r\n\t\t<\/div>\r\n\r\n\t\t<!-- ===== RIGHT: LISTING DETAILS (NOW 2-COLUMN) ===== -->\r\n\t\t<a href=\"https:\/\/cparici.com\/fr\/annonce\/gite-familial-avec-acces-pmr\/\" class=\"listing-details-nl\">\r\n\r\n\t\t\t<!-- Main Content Column (Left) -->\r\n\t\t\t<div class=\"details-main-col-nl\">\r\n\t\t\t\t<div class=\"listing-badges-nl\">\r\n\t\t\t\t\t\t\t\t\t\t<span class=\"badge-nl featured-nl\"><i class=\"fa-solid fa-star\"><\/i> En vedette<\/span>\t\t\t\t<\/div>\r\n\t\t\t\t<h2 class=\"listing-title-nl\">G\u00eete Familial avec Acc\u00e8s PMR\t\t\t\t\t<div class=\"listing-title-badges-nl\">\r\n\t\t\t\t\t\t\t\t\t\t\t\t\t<div class=\"verified-icon-nl title-badge-nl\">\r\n\t\t\t\t\t\t\t\t<i class=\"fa fa-check\"><\/i>\r\n\t\t\t\t\t\t\t\t<span class=\"tooltip-nl\">Annonce v\u00e9rifi\u00e9e<\/span>\r\n\t\t\t\t\t\t\t<\/div>\r\n\t\t\t\t\t\t\t\t\t\t\t\t\t\t\t\t\t<\/div>\r\n\t\t\t\t<\/h2>\r\n\t\t\t\t<p class=\"listing-location-nl\">149 Rte de Pen An Neac'H, 29650 Plou\u00e9gat-Moysan, France<\/p>\r\n\r\n\t\t\t\t\r\n\t\t\t\t\t<div class=\"listing-amenities-nl\">\r\n\t\t\t\t\t\t\r\n\t\t\t\t\t<\/div>\r\n\t\t\t\t\t\t\t<\/div>\r\n\r\n\t\t\t<!-- Sidebar Column (Right) -->\r\n\t\t\t<div class=\"details-sidebar-col-nl\">\r\n\t\t\t\t<div class=\"details-sidebar-upper-nl\">\r\n\r\n\t\t\t\t\t\t\t\t\t\t\t\t<div class=\"listing-rating-nl\">\r\n\t\t\t\t\t\t\t\t<div class=\"stars-nl\" data-rating=\"4.8\">\r\n\r\n\t\t\t\t\t\t\t\t\t<div class=\"listing-rating-nl\">\n                      <div class=\"stars-nl\">\n                          <i class=\"fa-solid fa-star\"><\/i>\n                            <i class=\"fa-solid fa-star\"><\/i>\n                            <i class=\"fa-solid fa-star\"><\/i>\n                            <i class=\"fa-solid fa-star\"><\/i>\n                            <i class=\"fa-solid fa-star-half-stroke\"><\/i>\n                      <\/div>\n                       <div class=\"rating-text-nl\">4.8 <span>(621)<\/span><\/div><\/div> \t\t\t\t\t\t\t\t<\/div>\r\n\t\t\t\t\t\t\t<\/div>\r\n\t\t\t\t\t\t\t\t\t<\/div>\r\n\t\t\t\t\t\t\t\t\t\t<div class=\"listing-booking-nl\">\r\n\t\t\t\t\t\t\t<p class=\"price-nl\">130,00&euro; - 160,00&euro;<\/p>\r\n\t\t\t\t\t\t\t\t\t\t\t\t\t<\/div>\r\n\t\t\t\t\r\n\r\n\t\t\t<\/div>\r\n\r\n\r\n\t\t<\/a>\r\n\t<\/div>\r\n<\/div>\r\n\r\n\r\n<!-- Listing Item \/ End --><!-- Listing Item -->\r\n\r\n\r\n<div  class=\"listing-card-container-nl margin-bottom-30 listing-geo-data\" \r\n\t\tdata-title=\"\u00a0Le 70 Sainte Marine \u2013 Grande maison de vacances charme &amp; confort en Finist\u00e8re Sud (Bretagne)\"\r\n\t\tdata-listing-type=\"rental\"\r\n\t\tdata-classifieds-price=\"&euro;\"\r\n\t\tdata-friendly-address=\"Sainte-Marine (Combrit)\"\r\n\t\tdata-address=\"Sainte-Marine (Combrit)\"\r\n\t\tdata-image=\"https:\/\/cparici.com\/wp-content\/uploads\/2025\/07\/Bienvenue-Welcome-Sainte-Marine-Brittany-520x397.jpg\"\r\n\t\tdata-longitude=\"-4.123866599999999\"\r\n\t\tdata-latitude=\"47.874164\"\r\n\t\t\t\t\tdata-rating=\"5\"\r\n\t\t\tdata-reviews=\"8\"\r\n\t\t\t\tdata-icon=\"&lt;svg xmlns=&quot;http:\/\/www.w3.org\/2000\/svg&quot; width=&quot;800px&quot; height=&quot;800px&quot; viewBox=&quot;0 0 45 45&quot; fill=&quot;none&quot;&gt;\n&lt;path d=&quot;M24.155 8.78099L24.33 8.94499L37.402 21.787L36 23.213L34.2 21.445L34.201 35C34.201 36.054 33.385 36.918 32.35 36.994L32.201 37H12.201C11.147 37 10.283 36.184 10.206 35.149L10.201 35L10.2 21.446L8.402 23.213L7 21.787L20.058 8.95799C21.171 7.82199 22.966 7.75899 24.155 8.78099ZM21.569 10.285L21.473 10.372L12.2 19.481L12.201 35L17.2 34.999L17.201 25C17.201 23.946 18.017 23.082 19.052 23.005L19.201 23H25.201C26.255 23 27.119 23.816 27.196 24.851L27.201 25L27.2 34.999L32.201 35L32.2 19.48L22.901 10.344C22.537 9.98699 21.969 9.96499 21.569 10.285ZM25.201 25H19.201L19.2 34.999H25.2L25.201 25Z&quot; fill=&quot;#3C3C3C&quot;\/&gt;\n&lt;\/svg&gt;\"\r\n\r\n\t>\r\n\t<div class=\"listing-card-nl\">\r\n\t\t<!-- ===== LEFT: IMAGE SLIDER ===== -->\r\n\t\t<div class=\"listing-image-container-nl\">\r\n\t\t\t<a href=\"https:\/\/cparici.com\/fr\/annonce\/le-70-sainte-marine-grande-maison-de-vacances-charme-confort-en-finistere-sud-bretagne\/\">\r\n\t\t\t\t<div class=\"slider-wrapper-nl\">\r\n\t\t\t\t\t\t\t\t\t<img decoding=\"async\" src=\"https:\/\/cparici.com\/wp-content\/uploads\/2025\/07\/Bienvenue-Welcome-Sainte-Marine-Brittany-520x397.jpg\" alt=\"le 70 Sainte Marine Combrit\" class=\"slider-image-nl\">\r\n\t\t\t\t\t\t<img decoding=\"async\" src=\"https:\/\/cparici.com\/wp-content\/uploads\/2025\/07\/Bretagne-Brittany-Bord-de-mer-Walk-to-beach.jpg\" alt=\"Location vacances Benodet -Sainte Marine\" class=\"slider-image-nl\">\r\n\t\t\t\t\t\t<img decoding=\"async\" src=\"https:\/\/cparici.com\/wp-content\/uploads\/2025\/07\/5-suites-parentales-5-salles-de-bain-confort-cosy-500x397.jpg\" alt=\"le 70 Sainte Marine Combrit location vacances\" class=\"slider-image-nl\">\r\n\t\t\t\t\t\t<\/div>\r\n\t\t\t<\/a>\r\n\r\n\t\t\t\t\t\t<div class=\"slider-arrow-nl left-nl\" id=\"prevBtn\"><i class=\"fa-solid fa-chevron-left\"><\/i><\/div>\r\n\t\t\t<div class=\"slider-arrow-nl right-nl\" id=\"nextBtn\"><i class=\"fa-solid fa-chevron-right\"><\/i><\/div>\r\n\t\t\t<div class=\"image-overlay-top-nl\">\r\n\r\n\t\t\t\t<span class=\"listing-category-tag-nl\">H\u00e9bergements<\/span>\t\t\t\t\r\n\t\t\t\t\t\t\t\t\t\t\t\t<div class=\"favorite-icon-nl\" id=\"favoriteBtn\">\r\n\t\t\t\t\t\t\t\t<span class=\"save fa-regular fa-heart tooltip left\" title=\"Connexion pour marquer des \u00e9l\u00e9ments\"><\/span>\r\n\t\t\t\t\t\t\t<\/div>\r\n\t\t\t\t\t\t\t\t\t\t\t\r\n\r\n\t\t\t\t\t\t\t<\/div>\r\n\t\t<\/div>\r\n\r\n\t\t<!-- ===== RIGHT: LISTING DETAILS (NOW 2-COLUMN) ===== -->\r\n\t\t<a href=\"https:\/\/cparici.com\/fr\/annonce\/le-70-sainte-marine-grande-maison-de-vacances-charme-confort-en-finistere-sud-bretagne\/\" class=\"listing-details-nl\">\r\n\r\n\t\t\t<!-- Main Content Column (Left) -->\r\n\t\t\t<div class=\"details-main-col-nl\">\r\n\t\t\t\t<div class=\"listing-badges-nl\">\r\n\t\t\t\t\t\t\t\t\t\t\t\t\t\t<\/div>\r\n\t\t\t\t<h2 class=\"listing-title-nl\">\u00a0Le 70 Sainte Marine \u2013 Grande maison de vacances charme &amp; confort en Finist\u00e8re Sud (Bretagne)\t\t\t\t\t<div class=\"listing-title-badges-nl\">\r\n\t\t\t\t\t\t\t\t\t\t\t\t\t\t\t\t\t<\/div>\r\n\t\t\t\t<\/h2>\r\n\t\t\t\t<p class=\"listing-location-nl\">Sainte-Marine (Combrit)<\/p>\r\n\r\n\t\t\t\t\r\n\t\t\t\t\t<div class=\"listing-amenities-nl\">\r\n\t\t\t\t\t\t\r\n\t\t\t\t\t<\/div>\r\n\t\t\t\t\t\t\t<\/div>\r\n\r\n\t\t\t<!-- Sidebar Column (Right) -->\r\n\t\t\t<div class=\"details-sidebar-col-nl\">\r\n\t\t\t\t<div class=\"details-sidebar-upper-nl\">\r\n\r\n\t\t\t\t\t\t\t\t\t\t\t\t<div class=\"listing-rating-nl\">\r\n\t\t\t\t\t\t\t\t<div class=\"stars-nl\" data-rating=\"5\">\r\n\r\n\t\t\t\t\t\t\t\t\t<div class=\"listing-rating-nl\">\n                      <div class=\"stars-nl\">\n                          <i class=\"fa-solid fa-star\"><\/i>\n                            <i class=\"fa-solid fa-star\"><\/i>\n                            <i class=\"fa-solid fa-star\"><\/i>\n                            <i class=\"fa-solid fa-star\"><\/i>\n                            <i class=\"fa-solid fa-star\"><\/i>\n                      <\/div>\n                       <div class=\"rating-text-nl\">5.0 <span>(8)<\/span><\/div><\/div> \t\t\t\t\t\t\t\t<\/div>\r\n\t\t\t\t\t\t\t<\/div>\r\n\t\t\t\t\t\t\t\t\t<\/div>\r\n\t\t\t\t\t\t\t\t\t\t<div class=\"listing-booking-nl\">\r\n\t\t\t\t\t\t\t<p class=\"price-nl\">210,00&euro; - 475,00&euro;<\/p>\r\n\t\t\t\t\t\t\t\t\t\t\t\t\t<\/div>\r\n\t\t\t\t\r\n\r\n\t\t\t<\/div>\r\n\r\n\r\n\t\t<\/a>\r\n\t<\/div>\r\n<\/div>\r\n\r\n\r\n<!-- Listing Item \/ End --><!-- Listing Item -->\r\n\r\n\r\n<div  class=\"listing-card-container-nl margin-bottom-30 listing-geo-data\" \r\n\t\tdata-title=\"Roulotte proche des Gorges de l&#8217;Ard\u00e8che\"\r\n\t\tdata-listing-type=\"rental\"\r\n\t\tdata-classifieds-price=\"&euro;\"\r\n\t\tdata-friendly-address=\"285 route de font vive\"\r\n\t\tdata-address=\"285 route de font vive\"\r\n\t\tdata-image=\"https:\/\/cparici.com\/wp-content\/uploads\/2025\/08\/IMG_20220426_140130-520x397.jpg\"\r\n\t\tdata-longitude=\"4.2830926\"\r\n\t\tdata-latitude=\"44.3903825\"\r\n\t\t\t\t\tdata-rating=\"0\"\r\n\t\t\tdata-reviews=\"0\"\r\n\t\t\t\tdata-icon=\"&lt;svg xmlns=&quot;http:\/\/www.w3.org\/2000\/svg&quot; width=&quot;800px&quot; height=&quot;800px&quot; viewBox=&quot;0 0 45 45&quot; fill=&quot;none&quot;&gt;\n&lt;path d=&quot;M24.155 8.78099L24.33 8.94499L37.402 21.787L36 23.213L34.2 21.445L34.201 35C34.201 36.054 33.385 36.918 32.35 36.994L32.201 37H12.201C11.147 37 10.283 36.184 10.206 35.149L10.201 35L10.2 21.446L8.402 23.213L7 21.787L20.058 8.95799C21.171 7.82199 22.966 7.75899 24.155 8.78099ZM21.569 10.285L21.473 10.372L12.2 19.481L12.201 35L17.2 34.999L17.201 25C17.201 23.946 18.017 23.082 19.052 23.005L19.201 23H25.201C26.255 23 27.119 23.816 27.196 24.851L27.201 25L27.2 34.999L32.201 35L32.2 19.48L22.901 10.344C22.537 9.98699 21.969 9.96499 21.569 10.285ZM25.201 25H19.201L19.2 34.999H25.2L25.201 25Z&quot; fill=&quot;#3C3C3C&quot;\/&gt;\n&lt;\/svg&gt;\"\r\n\r\n\t>\r\n\t<div class=\"listing-card-nl\">\r\n\t\t<!-- ===== LEFT: IMAGE SLIDER ===== -->\r\n\t\t<div class=\"listing-image-container-nl\">\r\n\t\t\t<a href=\"https:\/\/cparici.com\/fr\/annonce\/roulotte-proche-des-gorges-de-lardeche\/\">\r\n\t\t\t\t<div class=\"slider-wrapper-nl\">\r\n\t\t\t\t\t\t\t\t\t<img decoding=\"async\" src=\"https:\/\/cparici.com\/wp-content\/uploads\/2025\/08\/IMG_20220426_140130-520x397.jpg\" alt=\"Roulotte proche des Gorges de l&#8217;Ard\u00e8che\" class=\"slider-image-nl\">\r\n\t\t\t\t\t\t<img decoding=\"async\" src=\"https:\/\/cparici.com\/wp-content\/uploads\/2025\/08\/photo-principale-1-520x397.jpg\" alt=\"Roulotte proche des Gorges de l&#8217;Ard\u00e8che\" class=\"slider-image-nl\">\r\n\t\t\t\t\t\t<img decoding=\"async\" src=\"https:\/\/cparici.com\/wp-content\/uploads\/2025\/08\/1667904023271-520x397.jpg\" alt=\"Roulotte proche des Gorges de l&#8217;Ard\u00e8che\" class=\"slider-image-nl\">\r\n\t\t\t\t\t\t<\/div>\r\n\t\t\t<\/a>\r\n\r\n\t\t\t\t\t\t\t\t<div class=\"status-button-nl closed-nl\">\r\n\t\t\t\t\t\tFerm\u00e9 maintenant\t\t\t\t\t<\/div>\r\n\t\t\t\t\t\t<div class=\"slider-arrow-nl left-nl\" id=\"prevBtn\"><i class=\"fa-solid fa-chevron-left\"><\/i><\/div>\r\n\t\t\t<div class=\"slider-arrow-nl right-nl\" id=\"nextBtn\"><i class=\"fa-solid fa-chevron-right\"><\/i><\/div>\r\n\t\t\t<div class=\"image-overlay-top-nl\">\r\n\r\n\t\t\t\t<span class=\"listing-category-tag-nl\">H\u00e9bergements<\/span>\t\t\t\t\r\n\t\t\t\t\t\t\t\t\t\t\t\t<div class=\"favorite-icon-nl\" id=\"favoriteBtn\">\r\n\t\t\t\t\t\t\t\t<span class=\"save fa-regular fa-heart tooltip left\" title=\"Connexion pour marquer des \u00e9l\u00e9ments\"><\/span>\r\n\t\t\t\t\t\t\t<\/div>\r\n\t\t\t\t\t\t\t\t\t\t\t\r\n\r\n\t\t\t\t\t\t\t<\/div>\r\n\t\t<\/div>\r\n\r\n\t\t<!-- ===== RIGHT: LISTING DETAILS (NOW 2-COLUMN) ===== -->\r\n\t\t<a href=\"https:\/\/cparici.com\/fr\/annonce\/roulotte-proche-des-gorges-de-lardeche\/\" class=\"listing-details-nl\">\r\n\r\n\t\t\t<!-- Main Content Column (Left) -->\r\n\t\t\t<div class=\"details-main-col-nl\">\r\n\t\t\t\t<div class=\"listing-badges-nl\">\r\n\t\t\t\t\t\t\t\t\t\t<span class=\"badge-nl featured-nl\"><i class=\"fa-solid fa-star\"><\/i> En vedette<\/span>\t\t\t\t<\/div>\r\n\t\t\t\t<h2 class=\"listing-title-nl\">Roulotte proche des Gorges de l&#8217;Ard\u00e8che\t\t\t\t\t<div class=\"listing-title-badges-nl\">\r\n\t\t\t\t\t\t\t\t\t\t\t\t\t\t\t\t\t<\/div>\r\n\t\t\t\t<\/h2>\r\n\t\t\t\t<p class=\"listing-location-nl\">285 route de font vive<\/p>\r\n\r\n\t\t\t\t\r\n\t\t\t\t\t<div class=\"listing-amenities-nl\">\r\n\t\t\t\t\t\t\r\n\t\t\t\t\t<\/div>\r\n\t\t\t\t\t\t\t<\/div>\r\n\r\n\t\t\t<!-- Sidebar Column (Right) -->\r\n\t\t\t<div class=\"details-sidebar-col-nl\">\r\n\t\t\t\t<div class=\"details-sidebar-upper-nl\">\r\n\r\n\t\t\t\t\t\t\t\t\t<\/div>\r\n\t\t\t\t\t\t\t\t\t\t<div class=\"listing-booking-nl\">\r\n\t\t\t\t\t\t\t<p class=\"price-nl\">75,00&euro; - 110,00&euro;<\/p>\r\n\t\t\t\t\t\t\t\t\t\t\t\t\t<\/div>\r\n\t\t\t\t\r\n\r\n\t\t\t<\/div>\r\n\r\n\r\n\t\t<\/a>\r\n\t<\/div>\r\n<\/div>\r\n\r\n\r\n<!-- Listing Item \/ End --><!-- Listing Item -->\r\n\r\n\r\n<div  class=\"listing-card-container-nl margin-bottom-30 listing-geo-data\" \r\n\t\tdata-title=\"Le Pavillon M, Maison d&#8217;h\u00f4tes avec piscine et spa \u00e0 Grignan\"\r\n\t\tdata-listing-type=\"rental\"\r\n\t\tdata-classifieds-price=\"&euro;\"\r\n\t\tdata-friendly-address=\"8 avenue Chapon 26230 Grignan\"\r\n\t\tdata-address=\"8 avenue Chapon 26230 Grignan\"\r\n\t\tdata-image=\"https:\/\/cparici.com\/wp-content\/uploads\/2025\/09\/pavillon-M-grignan-piscine-520x397.jpg\"\r\n\t\tdata-longitude=\"4.910532\"\r\n\t\tdata-latitude=\"44.418064\"\r\n\t\t\t\t\tdata-rating=\"0\"\r\n\t\t\tdata-reviews=\"0\"\r\n\t\t\t\tdata-icon=\"&lt;svg xmlns=&quot;http:\/\/www.w3.org\/2000\/svg&quot; width=&quot;800px&quot; height=&quot;800px&quot; viewBox=&quot;0 0 45 45&quot; fill=&quot;none&quot;&gt;\n&lt;path d=&quot;M24.155 8.78099L24.33 8.94499L37.402 21.787L36 23.213L34.2 21.445L34.201 35C34.201 36.054 33.385 36.918 32.35 36.994L32.201 37H12.201C11.147 37 10.283 36.184 10.206 35.149L10.201 35L10.2 21.446L8.402 23.213L7 21.787L20.058 8.95799C21.171 7.82199 22.966 7.75899 24.155 8.78099ZM21.569 10.285L21.473 10.372L12.2 19.481L12.201 35L17.2 34.999L17.201 25C17.201 23.946 18.017 23.082 19.052 23.005L19.201 23H25.201C26.255 23 27.119 23.816 27.196 24.851L27.201 25L27.2 34.999L32.201 35L32.2 19.48L22.901 10.344C22.537 9.98699 21.969 9.96499 21.569 10.285ZM25.201 25H19.201L19.2 34.999H25.2L25.201 25Z&quot; fill=&quot;#3C3C3C&quot;\/&gt;\n&lt;\/svg&gt;\"\r\n\r\n\t>\r\n\t<div class=\"listing-card-nl\">\r\n\t\t<!-- ===== LEFT: IMAGE SLIDER ===== -->\r\n\t\t<div class=\"listing-image-container-nl\">\r\n\t\t\t<a href=\"https:\/\/cparici.com\/fr\/annonce\/le-pavillon-m-maison-dhotes-avec-piscine-et-spa-a-grignan\/\">\r\n\t\t\t\t<div class=\"slider-wrapper-nl\">\r\n\t\t\t\t\t\t\t\t\t<img decoding=\"async\" src=\"https:\/\/cparici.com\/wp-content\/uploads\/2025\/09\/pavillon-M-grignan-piscine-520x397.jpg\" alt=\"Le Pavillon M, Maison d&#8217;h\u00f4tes avec piscine et spa \u00e0 Grignan\" class=\"slider-image-nl\">\r\n\t\t\t\t\t\t<img decoding=\"async\" src=\"https:\/\/cparici.com\/wp-content\/uploads\/2025\/09\/hotel-5-etoiles-grignan-avec-parking-prive-520x397.jpg\" alt=\"Le Pavillon M, Maison d&#8217;h\u00f4tes avec piscine et spa \u00e0 Grignan\" class=\"slider-image-nl\">\r\n\t\t\t\t\t\t<img decoding=\"async\" src=\"https:\/\/cparici.com\/wp-content\/uploads\/2025\/09\/pavillon-m-grignan-chambres-climatisees-520x397.jpg\" alt=\"Le Pavillon M, Maison d&#8217;h\u00f4tes avec piscine et spa \u00e0 Grignan\" class=\"slider-image-nl\">\r\n\t\t\t\t\t\t<\/div>\r\n\t\t\t<\/a>\r\n\r\n\t\t\t\t\t\t<div class=\"slider-arrow-nl left-nl\" id=\"prevBtn\"><i class=\"fa-solid fa-chevron-left\"><\/i><\/div>\r\n\t\t\t<div class=\"slider-arrow-nl right-nl\" id=\"nextBtn\"><i class=\"fa-solid fa-chevron-right\"><\/i><\/div>\r\n\t\t\t<div class=\"image-overlay-top-nl\">\r\n\r\n\t\t\t\t<span class=\"listing-category-tag-nl\">H\u00e9bergements<\/span>\t\t\t\t\r\n\t\t\t\t\t\t\t\t\t\t\t\t<div class=\"favorite-icon-nl\" id=\"favoriteBtn\">\r\n\t\t\t\t\t\t\t\t<span class=\"save fa-regular fa-heart tooltip left\" title=\"Connexion pour marquer des \u00e9l\u00e9ments\"><\/span>\r\n\t\t\t\t\t\t\t<\/div>\r\n\t\t\t\t\t\t\t\t\t\t\t\r\n\r\n\t\t\t\t\t\t\t<\/div>\r\n\t\t<\/div>\r\n\r\n\t\t<!-- ===== RIGHT: LISTING DETAILS (NOW 2-COLUMN) ===== -->\r\n\t\t<a href=\"https:\/\/cparici.com\/fr\/annonce\/le-pavillon-m-maison-dhotes-avec-piscine-et-spa-a-grignan\/\" class=\"listing-details-nl\">\r\n\r\n\t\t\t<!-- Main Content Column (Left) -->\r\n\t\t\t<div class=\"details-main-col-nl\">\r\n\t\t\t\t<div class=\"listing-badges-nl\">\r\n\t\t\t\t\t\t\t\t\t\t<span class=\"badge-nl featured-nl\"><i class=\"fa-solid fa-star\"><\/i> En vedette<\/span>\t\t\t\t<\/div>\r\n\t\t\t\t<h2 class=\"listing-title-nl\">Le Pavillon M, Maison d&#8217;h\u00f4tes avec piscine et spa \u00e0 Grignan\t\t\t\t\t<div class=\"listing-title-badges-nl\">\r\n\t\t\t\t\t\t\t\t\t\t\t\t\t\t\t\t\t<\/div>\r\n\t\t\t\t<\/h2>\r\n\t\t\t\t<p class=\"listing-location-nl\">8 avenue Chapon 26230 Grignan<\/p>\r\n\r\n\t\t\t\t\r\n\t\t\t\t\t<div class=\"listing-amenities-nl\">\r\n\t\t\t\t\t\t\r\n\t\t\t\t\t<\/div>\r\n\t\t\t\t\t\t\t<\/div>\r\n\r\n\t\t\t<!-- Sidebar Column (Right) -->\r\n\t\t\t<div class=\"details-sidebar-col-nl\">\r\n\t\t\t\t<div class=\"details-sidebar-upper-nl\">\r\n\r\n\t\t\t\t\t\t\t\t\t<\/div>\r\n\t\t\t\t\t\t\t\t\t\t<div class=\"listing-booking-nl\">\r\n\t\t\t\t\t\t\t<p class=\"price-nl\">180,00&euro; - 350,00&euro;<\/p>\r\n\t\t\t\t\t\t\t\t\t\t\t\t\t<\/div>\r\n\t\t\t\t\r\n\r\n\t\t\t<\/div>\r\n\r\n\r\n\t\t<\/a>\r\n\t<\/div>\r\n<\/div>\r\n\r\n\r\n<!-- Listing Item \/ End --><!-- Listing Item -->\r\n\r\n\r\n<div  class=\"listing-card-container-nl margin-bottom-30 listing-geo-data\" \r\n\t\tdata-title=\"Villa Lucas 2-7 Piscine-spa, Meschers sur Gironde\"\r\n\t\tdata-listing-type=\"rental\"\r\n\t\tdata-classifieds-price=\"&euro;\"\r\n\t\tdata-friendly-address=\"Boulevard de la Falaise\"\r\n\t\tdata-address=\"Boulevard de la Falaise\"\r\n\t\tdata-image=\"https:\/\/cparici.com\/wp-content\/uploads\/2025\/01\/20200519_141942_01-1-edit-20230321171015-520x397.jpg\"\r\n\t\tdata-longitude=\"-0.9543354999999999\"\r\n\t\tdata-latitude=\"45.5547399\"\r\n\t\t\t\t\tdata-rating=\"5\"\r\n\t\t\tdata-reviews=\"12\"\r\n\t\t\t\tdata-icon=\"&lt;svg xmlns=&quot;http:\/\/www.w3.org\/2000\/svg&quot; width=&quot;800px&quot; height=&quot;800px&quot; viewBox=&quot;0 0 45 45&quot; fill=&quot;none&quot;&gt;\n&lt;path d=&quot;M24.155 8.78099L24.33 8.94499L37.402 21.787L36 23.213L34.2 21.445L34.201 35C34.201 36.054 33.385 36.918 32.35 36.994L32.201 37H12.201C11.147 37 10.283 36.184 10.206 35.149L10.201 35L10.2 21.446L8.402 23.213L7 21.787L20.058 8.95799C21.171 7.82199 22.966 7.75899 24.155 8.78099ZM21.569 10.285L21.473 10.372L12.2 19.481L12.201 35L17.2 34.999L17.201 25C17.201 23.946 18.017 23.082 19.052 23.005L19.201 23H25.201C26.255 23 27.119 23.816 27.196 24.851L27.201 25L27.2 34.999L32.201 35L32.2 19.48L22.901 10.344C22.537 9.98699 21.969 9.96499 21.569 10.285ZM25.201 25H19.201L19.2 34.999H25.2L25.201 25Z&quot; fill=&quot;#3C3C3C&quot;\/&gt;\n&lt;\/svg&gt;\"\r\n\r\n\t>\r\n\t<div class=\"listing-card-nl\">\r\n\t\t<!-- ===== LEFT: IMAGE SLIDER ===== -->\r\n\t\t<div class=\"listing-image-container-nl\">\r\n\t\t\t<a href=\"https:\/\/cparici.com\/fr\/annonce\/villa-lucas-2-7-piscine-spa\/\">\r\n\t\t\t\t<div class=\"slider-wrapper-nl\">\r\n\t\t\t\t\t\t\t\t\t<img decoding=\"async\" src=\"https:\/\/cparici.com\/wp-content\/uploads\/2025\/01\/20200519_141942_01-1-edit-20230321171015-520x397.jpg\" alt=\"Villa Lucas 2-7 Piscine-spa, Meschers sur Gironde\" class=\"slider-image-nl\">\r\n\t\t\t\t\t\t<img decoding=\"async\" src=\"https:\/\/cparici.com\/wp-content\/uploads\/2025\/01\/20200604_185516-edit-20230321165706-520x397.jpg\" alt=\"Villa Lucas 2-7 Piscine-spa, Meschers sur Gironde\" class=\"slider-image-nl\">\r\n\t\t\t\t\t\t<img decoding=\"async\" src=\"https:\/\/cparici.com\/wp-content\/uploads\/2025\/01\/20240508_113141-520x397.jpg\" alt=\"location vacances meschers\" class=\"slider-image-nl\">\r\n\t\t\t\t\t\t<\/div>\r\n\t\t\t<\/a>\r\n\r\n\t\t\t\t\t\t<div class=\"slider-arrow-nl left-nl\" id=\"prevBtn\"><i class=\"fa-solid fa-chevron-left\"><\/i><\/div>\r\n\t\t\t<div class=\"slider-arrow-nl right-nl\" id=\"nextBtn\"><i class=\"fa-solid fa-chevron-right\"><\/i><\/div>\r\n\t\t\t<div class=\"image-overlay-top-nl\">\r\n\r\n\t\t\t\t<span class=\"listing-category-tag-nl\">H\u00e9bergements<\/span>\t\t\t\t\r\n\t\t\t\t\t\t\t\t\t\t\t\t<div class=\"favorite-icon-nl\" id=\"favoriteBtn\">\r\n\t\t\t\t\t\t\t\t<span class=\"save fa-regular fa-heart tooltip left\" title=\"Connexion pour marquer des \u00e9l\u00e9ments\"><\/span>\r\n\t\t\t\t\t\t\t<\/div>\r\n\t\t\t\t\t\t\t\t\t\t\t\r\n\r\n\t\t\t\t\t\t\t<\/div>\r\n\t\t<\/div>\r\n\r\n\t\t<!-- ===== RIGHT: LISTING DETAILS (NOW 2-COLUMN) ===== -->\r\n\t\t<a href=\"https:\/\/cparici.com\/fr\/annonce\/villa-lucas-2-7-piscine-spa\/\" class=\"listing-details-nl\">\r\n\r\n\t\t\t<!-- Main Content Column (Left) -->\r\n\t\t\t<div class=\"details-main-col-nl\">\r\n\t\t\t\t<div class=\"listing-badges-nl\">\r\n\t\t\t\t\t\t\t\t\t\t\t\t\t\t<\/div>\r\n\t\t\t\t<h2 class=\"listing-title-nl\">Villa Lucas 2-7 Piscine-spa, Meschers sur Gironde\t\t\t\t\t<div class=\"listing-title-badges-nl\">\r\n\t\t\t\t\t\t\t\t\t\t\t\t\t\t\t\t\t<\/div>\r\n\t\t\t\t<\/h2>\r\n\t\t\t\t<p class=\"listing-location-nl\">Boulevard de la Falaise<\/p>\r\n\r\n\t\t\t\t\t\t<div class=\"listing-features-nl\">\r\n\t\t\t\t\t\t\t\t\t\t\t\t<!-- Regular Field Template -->\r\n\t\t\t\t\t<div class=\"feature-tag-nl main-detail-_size\">\r\n\t\t\t\t\t\t<i class=\"fas fa-check\"><\/i>\r\n\t\t\t\t\t\t\t\t\t\t\t\t\t\t\t\t\t\t\t\t<span>150<\/span>\r\n\t\t\t\t\t\t\t\t\t\t\t\t<div class=\"tooltip-nl\">Size<\/div>\r\n\t\t\t\t\t<\/div>\r\n\t\t\t\t\t\t\t\t\t\t\t\t\t\t\t\t<!-- Regular Field Template -->\r\n\t\t\t\t\t<div class=\"feature-tag-nl main-detail-_guests\">\r\n\t\t\t\t\t\t<i class=\"fas fa-check\"><\/i>\r\n\t\t\t\t\t\t\t\t\t\t\t\t\t\t\t\t\t\t\t\t<span>8<\/span>\r\n\t\t\t\t\t\t\t\t\t\t\t\t<div class=\"tooltip-nl\">Guest(s)<\/div>\r\n\t\t\t\t\t<\/div>\r\n\t\t\t\t\t\t\t\t\t\t\t\t\t\t\t\t<!-- Regular Field Template -->\r\n\t\t\t\t\t<div class=\"feature-tag-nl main-detail-_number_of_bedrooms\">\r\n\t\t\t\t\t\t<i class=\"fas fa-check\"><\/i>\r\n\t\t\t\t\t\t\t\t\t\t\t\t\t\t\t\t\t\t\t\t<span>4<\/span>\r\n\t\t\t\t\t\t\t\t\t\t\t\t<div class=\"tooltip-nl\">Bedroom(s)<\/div>\r\n\t\t\t\t\t<\/div>\r\n\t\t\t\t\t\t\t\t\t\t<\/div>\r\n\r\n\t\t\t\t\t<div class=\"listing-amenities-nl\">\r\n\t\t\t\t\t\t\r\n\t\t\t\t\t<\/div>\r\n\t\t\t\t\t\t\t<\/div>\r\n\r\n\t\t\t<!-- Sidebar Column (Right) -->\r\n\t\t\t<div class=\"details-sidebar-col-nl\">\r\n\t\t\t\t<div class=\"details-sidebar-upper-nl\">\r\n\r\n\t\t\t\t\t\t\t\t\t\t\t\t<div class=\"listing-rating-nl\">\r\n\t\t\t\t\t\t\t\t<div class=\"stars-nl\" data-rating=\"5\">\r\n\r\n\t\t\t\t\t\t\t\t\t<div class=\"listing-rating-nl\">\n                      <div class=\"stars-nl\">\n                          <i class=\"fa-solid fa-star\"><\/i>\n                            <i class=\"fa-solid fa-star\"><\/i>\n                            <i class=\"fa-solid fa-star\"><\/i>\n                            <i class=\"fa-solid fa-star\"><\/i>\n                            <i class=\"fa-solid fa-star\"><\/i>\n                      <\/div>\n                       <div class=\"rating-text-nl\">5.0 <span>(12)<\/span><\/div><\/div> \t\t\t\t\t\t\t\t<\/div>\r\n\t\t\t\t\t\t\t<\/div>\r\n\t\t\t\t\t\t\t\t\t<\/div>\r\n\t\t\t\t\t\t\t\t\t\t<div class=\"listing-booking-nl\">\r\n\t\t\t\t\t\t\t<p class=\"price-nl\">370,00&euro; - 370,00&euro;<\/p>\r\n\t\t\t\t\t\t\t\t\t\t\t\t\t<\/div>\r\n\t\t\t\t\r\n\r\n\t\t\t<\/div>\r\n\r\n\r\n\t\t<\/a>\r\n\t<\/div>\r\n<\/div>\r\n\r\n\r\n<!-- Listing Item \/ End --><!-- Listing Item -->\r\n\r\n\r\n<div  class=\"listing-card-container-nl margin-bottom-30 listing-geo-data\" \r\n\t\tdata-title=\"Maison de vacances la Valentine\"\r\n\t\tdata-listing-type=\"rental\"\r\n\t\tdata-classifieds-price=\"&euro;\"\r\n\t\tdata-friendly-address=\"16 chemin de la valentine 84370 bedarrides\"\r\n\t\tdata-address=\"16 chemin de la valentine 84370 bedarrides\"\r\n\t\tdata-image=\"https:\/\/cparici.com\/wp-content\/uploads\/2026\/02\/Jardin-piscine-vue-sur-suite-parentale-chambre-5-520x397.jpg\"\r\n\t\tdata-longitude=\"4.934047937458672\"\r\n\t\tdata-latitude=\"44.076060709889674\"\r\n\t\t\t\t\tdata-rating=\"4.7\"\r\n\t\t\tdata-reviews=\"23\"\r\n\t\t\t\tdata-icon=\"&lt;svg xmlns=&quot;http:\/\/www.w3.org\/2000\/svg&quot; width=&quot;800px&quot; height=&quot;800px&quot; viewBox=&quot;0 0 45 45&quot; fill=&quot;none&quot;&gt;\n&lt;path d=&quot;M24.155 8.78099L24.33 8.94499L37.402 21.787L36 23.213L34.2 21.445L34.201 35C34.201 36.054 33.385 36.918 32.35 36.994L32.201 37H12.201C11.147 37 10.283 36.184 10.206 35.149L10.201 35L10.2 21.446L8.402 23.213L7 21.787L20.058 8.95799C21.171 7.82199 22.966 7.75899 24.155 8.78099ZM21.569 10.285L21.473 10.372L12.2 19.481L12.201 35L17.2 34.999L17.201 25C17.201 23.946 18.017 23.082 19.052 23.005L19.201 23H25.201C26.255 23 27.119 23.816 27.196 24.851L27.201 25L27.2 34.999L32.201 35L32.2 19.48L22.901 10.344C22.537 9.98699 21.969 9.96499 21.569 10.285ZM25.201 25H19.201L19.2 34.999H25.2L25.201 25Z&quot; fill=&quot;#3C3C3C&quot;\/&gt;\n&lt;\/svg&gt;\"\r\n\r\n\t>\r\n\t<div class=\"listing-card-nl\">\r\n\t\t<!-- ===== LEFT: IMAGE SLIDER ===== -->\r\n\t\t<div class=\"listing-image-container-nl\">\r\n\t\t\t<a href=\"https:\/\/cparici.com\/fr\/annonce\/maison-de-vacances-la-valentine-2\/\">\r\n\t\t\t\t<div class=\"slider-wrapper-nl\">\r\n\t\t\t\t\t\t\t\t\t<img decoding=\"async\" src=\"https:\/\/cparici.com\/wp-content\/uploads\/2026\/02\/Jardin-piscine-vue-sur-suite-parentale-chambre-5-520x397.jpg\" alt=\"Maison de vacances la Valentine\" class=\"slider-image-nl\">\r\n\t\t\t\t\t\t<img decoding=\"async\" src=\"https:\/\/cparici.com\/wp-content\/uploads\/2026\/02\/Piscine-12-520x397.jpg\" alt=\"Maison de vacances la Valentine\" class=\"slider-image-nl\">\r\n\t\t\t\t\t\t<img decoding=\"async\" src=\"https:\/\/cparici.com\/wp-content\/uploads\/2026\/02\/Salle-a-manger-Veranda-10-places-assises-520x397.jpg\" alt=\"Maison de vacances la Valentine\" class=\"slider-image-nl\">\r\n\t\t\t\t\t\t<\/div>\r\n\t\t\t<\/a>\r\n\r\n\t\t\t\t\t\t\t\t<div class=\"status-button-nl closed-nl\">\r\n\t\t\t\t\t\tFerm\u00e9 maintenant\t\t\t\t\t<\/div>\r\n\t\t\t\t\t\t<div class=\"slider-arrow-nl left-nl\" id=\"prevBtn\"><i class=\"fa-solid fa-chevron-left\"><\/i><\/div>\r\n\t\t\t<div class=\"slider-arrow-nl right-nl\" id=\"nextBtn\"><i class=\"fa-solid fa-chevron-right\"><\/i><\/div>\r\n\t\t\t<div class=\"image-overlay-top-nl\">\r\n\r\n\t\t\t\t<span class=\"listing-category-tag-nl\">H\u00e9bergements<\/span>\t\t\t\t\r\n\t\t\t\t\t\t\t\t\t\t\t\t<div class=\"favorite-icon-nl\" id=\"favoriteBtn\">\r\n\t\t\t\t\t\t\t\t<span class=\"save fa-regular fa-heart tooltip left\" title=\"Connexion pour marquer des \u00e9l\u00e9ments\"><\/span>\r\n\t\t\t\t\t\t\t<\/div>\r\n\t\t\t\t\t\t\t\t\t\t\t\r\n\r\n\t\t\t\t\t\t\t<\/div>\r\n\t\t<\/div>\r\n\r\n\t\t<!-- ===== RIGHT: LISTING DETAILS (NOW 2-COLUMN) ===== -->\r\n\t\t<a href=\"https:\/\/cparici.com\/fr\/annonce\/maison-de-vacances-la-valentine-2\/\" class=\"listing-details-nl\">\r\n\r\n\t\t\t<!-- Main Content Column (Left) -->\r\n\t\t\t<div class=\"details-main-col-nl\">\r\n\t\t\t\t<div class=\"listing-badges-nl\">\r\n\t\t\t\t\t\t\t\t\t\t\t\t\t\t<\/div>\r\n\t\t\t\t<h2 class=\"listing-title-nl\">Maison de vacances la Valentine\t\t\t\t\t<div class=\"listing-title-badges-nl\">\r\n\t\t\t\t\t\t\t\t\t\t\t\t\t\t\t\t\t<\/div>\r\n\t\t\t\t<\/h2>\r\n\t\t\t\t<p class=\"listing-location-nl\">16 chemin de la valentine 84370 bedarrides<\/p>\r\n\r\n\t\t\t\t\r\n\t\t\t\t\t<div class=\"listing-amenities-nl\">\r\n\t\t\t\t\t\t\r\n\t\t\t\t\t<\/div>\r\n\t\t\t\t\t\t\t<\/div>\r\n\r\n\t\t\t<!-- Sidebar Column (Right) -->\r\n\t\t\t<div class=\"details-sidebar-col-nl\">\r\n\t\t\t\t<div class=\"details-sidebar-upper-nl\">\r\n\r\n\t\t\t\t\t\t\t\t\t\t\t\t<div class=\"listing-rating-nl\">\r\n\t\t\t\t\t\t\t\t<div class=\"stars-nl\" data-rating=\"4.7\">\r\n\r\n\t\t\t\t\t\t\t\t\t<div class=\"listing-rating-nl\">\n                      <div class=\"stars-nl\">\n                          <i class=\"fa-solid fa-star\"><\/i>\n                            <i class=\"fa-solid fa-star\"><\/i>\n                            <i class=\"fa-solid fa-star\"><\/i>\n                            <i class=\"fa-solid fa-star\"><\/i>\n                            <i class=\"fa-solid fa-star-half-stroke\"><\/i>\n                      <\/div>\n                       <div class=\"rating-text-nl\">4.7 <span>(23)<\/span><\/div><\/div> \t\t\t\t\t\t\t\t<\/div>\r\n\t\t\t\t\t\t\t<\/div>\r\n\t\t\t\t\t\t\t\t\t<\/div>\r\n\t\t\t\t\t\t\t\t\t\t<div class=\"listing-booking-nl\">\r\n\t\t\t\t\t\t\t<p class=\"price-nl\">340,00&euro; - 488,00&euro;<\/p>\r\n\t\t\t\t\t\t\t\t\t\t\t\t\t<\/div>\r\n\t\t\t\t\r\n\r\n\t\t\t<\/div>\r\n\r\n\r\n\t\t<\/a>\r\n\t<\/div>\r\n<\/div>\r\n\r\n\r\n<!-- Listing Item \/ End --><!-- Listing Item -->\r\n\r\n\r\n<div  class=\"listing-card-container-nl margin-bottom-30 listing-geo-data\" \r\n\t\tdata-title=\"Cognac Food-Pairing\"\r\n\t\tdata-listing-type=\"classifieds\"\r\n\t\tdata-classifieds-price=\"&euro;\"\r\n\t\tdata-friendly-address=\"\"\r\n\t\tdata-address=\"Domaine Cognac VAUDON & Cognac Fran\u00e7ois VOYER [ distillerie & Visites], Rue du Marronnier, \u00c9challat, France\"\r\n\t\tdata-image=\"https:\/\/cparici.com\/wp-content\/uploads\/2025\/05\/image-contreparties-4-crowd-520x397.jpg\"\r\n\t\tdata-longitude=\"-0.04068099999999999\"\r\n\t\tdata-latitude=\"45.693074\"\r\n\t\t\t\t\tdata-rating=\"5\"\r\n\t\t\tdata-reviews=\"41\"\r\n\t\t\t\tdata-icon=\"&lt;svg xmlns=&quot;http:\/\/www.w3.org\/2000\/svg&quot; xmlns:xlink=&quot;http:\/\/www.w3.org\/1999\/xlink&quot; fill=&quot;#000000&quot; height=&quot;800px&quot; width=&quot;800px&quot; version=&quot;1.2&quot; baseProfile=&quot;tiny&quot; id=&quot;Layer_1&quot; viewBox=&quot;-351 153 256 256&quot; xml:space=&quot;preserve&quot;&gt;\n&lt;path id=&quot;group&quot; d=&quot;M-276.9,265.2h19v14.9h-19V265.2z M-214,253.6h79.5v9.6H-214V253.6z M-214,295.8h79.5v9.6H-214V295.8z M-164.6,251.4c6.1,0,11.1-5.1,11.1-11.3s-5-11.3-11.1-11.3s-11.1,5.1-11.1,11.3S-170.7,251.4-164.6,251.4z M-184.4,250.6 c3.8,0,6.8-3.1,6.8-6.9c0-3.9-3-6.9-6.8-6.9c-3.8,0-6.8,3.1-6.8,6.9C-191.2,247.6-188.2,250.6-184.4,250.6z M-198.3,251.3 c2.5,0,4.4-2,4.4-4.5c0-2.5-1.9-4.5-4.4-4.5s-4.4,2-4.4,4.5C-202.7,249.2-200.7,251.3-198.3,251.3z M-181.4,277.5h28v14.7h-28V277.5 z M-198.2,277.5h8.7v14.7h-8.7V277.5z M-267.1,227.5c9.5,0,17.1,7.7,17.1,17.1s-7.7,17.1-17.1,17.1s-17.1-7.7-17.1-17.1 S-276.6,227.5-267.1,227.5z M-293,291c0-1.3,1.1-2,2-2c1.3,0,2,0.9,2,2v24.7h8.5v-35.6v-14.9h-6.7c-12,0-19.5,9.8-19.5,22.2v28.3 h13.4V291H-293z M-221.8,154.4L-341,179.8v13.5l8.7-0.1v0.1l0,0v213.5h216v-85.7V193.3h8.7v-13.9L-221.8,154.4z M-130.7,321.1 h-186.9V193.3h186.9V321.1z M-254.5,280.1v35.6h8.7V291c0-1.3,1.1-2,2-2c1.3,0,2,1.1,2,2v24.7h13.4v-28c0.2-12.5-7.3-22.4-19.5-22.4 h-6.8v14.9H-254.5z&quot;\/&gt;\n&lt;\/svg&gt;\"\r\n\r\n\t>\r\n\t<div class=\"listing-card-nl\">\r\n\t\t<!-- ===== LEFT: IMAGE SLIDER ===== -->\r\n\t\t<div class=\"listing-image-container-nl\">\r\n\t\t\t<a href=\"https:\/\/cparici.com\/fr\/annonce\/cognac-food-pairing\/\">\r\n\t\t\t\t<div class=\"slider-wrapper-nl\">\r\n\t\t\t\t\t\t\t\t\t<img decoding=\"async\" src=\"https:\/\/cparici.com\/wp-content\/uploads\/2025\/05\/image-contreparties-4-crowd-520x397.jpg\" alt=\"Cognac Food-Pairing\" class=\"slider-image-nl\">\r\n\t\t\t\t\t\t<img decoding=\"async\" src=\"https:\/\/cparici.com\/wp-content\/uploads\/2025\/05\/image-contreparties-6-crowd-520x397.jpg\" alt=\"Cognac Food-Pairing\" class=\"slider-image-nl\">\r\n\t\t\t\t\t\t<img decoding=\"async\" src=\"https:\/\/cparici.com\/wp-content\/uploads\/2025\/05\/20231103_104057-520x397.jpg\" alt=\"Cognac Food-Pairing\" class=\"slider-image-nl\">\r\n\t\t\t\t\t\t<\/div>\r\n\t\t\t<\/a>\r\n\r\n\t\t\t\t\t\t<div class=\"slider-arrow-nl left-nl\" id=\"prevBtn\"><i class=\"fa-solid fa-chevron-left\"><\/i><\/div>\r\n\t\t\t<div class=\"slider-arrow-nl right-nl\" id=\"nextBtn\"><i class=\"fa-solid fa-chevron-right\"><\/i><\/div>\r\n\t\t\t<div class=\"image-overlay-top-nl\">\r\n\r\n\t\t\t\t<span class=\"listing-category-tag-nl\">Artisanat et Production locale<\/span>\t\t\t\t\r\n\t\t\t\t\t\t\t\t\t\t\t\t<div class=\"favorite-icon-nl\" id=\"favoriteBtn\">\r\n\t\t\t\t\t\t\t\t<span class=\"save fa-regular fa-heart tooltip left\" title=\"Connexion pour marquer des \u00e9l\u00e9ments\"><\/span>\r\n\t\t\t\t\t\t\t<\/div>\r\n\t\t\t\t\t\t\t\t\t\t\t\r\n\r\n\t\t\t\t\t\t\t<\/div>\r\n\t\t<\/div>\r\n\r\n\t\t<!-- ===== RIGHT: LISTING DETAILS (NOW 2-COLUMN) ===== -->\r\n\t\t<a href=\"https:\/\/cparici.com\/fr\/annonce\/cognac-food-pairing\/\" class=\"listing-details-nl\">\r\n\r\n\t\t\t<!-- Main Content Column (Left) -->\r\n\t\t\t<div class=\"details-main-col-nl\">\r\n\t\t\t\t<div class=\"listing-badges-nl\">\r\n\t\t\t\t\t\t\t\t\t\t<span class=\"badge-nl featured-nl\"><i class=\"fa-solid fa-star\"><\/i> En vedette<\/span>\t\t\t\t<\/div>\r\n\t\t\t\t<h2 class=\"listing-title-nl\">Cognac Food-Pairing\t\t\t\t\t<div class=\"listing-title-badges-nl\">\r\n\t\t\t\t\t\t\t\t\t\t\t\t\t\t\t\t\t<\/div>\r\n\t\t\t\t<\/h2>\r\n\t\t\t\t<p class=\"listing-location-nl\">Domaine Cognac VAUDON &amp; Cognac Fran\u00e7ois VOYER [ distillerie &amp; Visites], Rue du Marronnier, \u00c9challat, France<\/p>\r\n\r\n\t\t\t\t\r\n\t\t\t\t\t<div class=\"listing-amenities-nl\">\r\n\t\t\t\t\t\t\r\n\t\t\t\t\t<\/div>\r\n\t\t\t\t\t\t\t<\/div>\r\n\r\n\t\t\t<!-- Sidebar Column (Right) -->\r\n\t\t\t<div class=\"details-sidebar-col-nl\">\r\n\t\t\t\t<div class=\"details-sidebar-upper-nl\">\r\n\r\n\t\t\t\t\t\t\t\t\t\t\t\t<div class=\"listing-rating-nl\">\r\n\t\t\t\t\t\t\t\t<div class=\"stars-nl\" data-rating=\"5\">\r\n\r\n\t\t\t\t\t\t\t\t\t<div class=\"listing-rating-nl\">\n                      <div class=\"stars-nl\">\n                          <i class=\"fa-solid fa-star\"><\/i>\n                            <i class=\"fa-solid fa-star\"><\/i>\n                            <i class=\"fa-solid fa-star\"><\/i>\n                            <i class=\"fa-solid fa-star\"><\/i>\n                            <i class=\"fa-solid fa-star\"><\/i>\n                      <\/div>\n                       <div class=\"rating-text-nl\">5.0 <span>(41)<\/span><\/div><\/div> \t\t\t\t\t\t\t\t<\/div>\r\n\t\t\t\t\t\t\t<\/div>\r\n\t\t\t\t\t\t\t\t\t<\/div>\r\n\t\t\t\t\r\n\r\n\t\t\t<\/div>\r\n\r\n\r\n\t\t<\/a>\r\n\t<\/div>\r\n<\/div>\r\n\r\n\r\n<!-- Listing Item \/ End --><!-- Listing Item -->\r\n\r\n\r\n<div  class=\"listing-card-container-nl margin-bottom-30 listing-geo-data\" \r\n\t\tdata-title=\"Villa Ty Lann Doue, 6 Pers\"\r\n\t\tdata-listing-type=\"rental\"\r\n\t\tdata-classifieds-price=\"&euro;\"\r\n\t\tdata-friendly-address=\"Clohars-Carnoet Doelan\"\r\n\t\tdata-address=\"Clohars-Carnoet Doelan\"\r\n\t\tdata-image=\"https:\/\/cparici.com\/wp-content\/uploads\/2025\/01\/ty-lann-1-520x397.jpg\"\r\n\t\tdata-longitude=\"-3.6020136\"\r\n\t\tdata-latitude=\"47.7736491\"\r\n\t\t\t\t\tdata-rating=\"0\"\r\n\t\t\tdata-reviews=\"0\"\r\n\t\t\t\tdata-icon=\"&lt;svg xmlns=&quot;http:\/\/www.w3.org\/2000\/svg&quot; width=&quot;800px&quot; height=&quot;800px&quot; viewBox=&quot;0 0 45 45&quot; fill=&quot;none&quot;&gt;\n&lt;path d=&quot;M24.155 8.78099L24.33 8.94499L37.402 21.787L36 23.213L34.2 21.445L34.201 35C34.201 36.054 33.385 36.918 32.35 36.994L32.201 37H12.201C11.147 37 10.283 36.184 10.206 35.149L10.201 35L10.2 21.446L8.402 23.213L7 21.787L20.058 8.95799C21.171 7.82199 22.966 7.75899 24.155 8.78099ZM21.569 10.285L21.473 10.372L12.2 19.481L12.201 35L17.2 34.999L17.201 25C17.201 23.946 18.017 23.082 19.052 23.005L19.201 23H25.201C26.255 23 27.119 23.816 27.196 24.851L27.201 25L27.2 34.999L32.201 35L32.2 19.48L22.901 10.344C22.537 9.98699 21.969 9.96499 21.569 10.285ZM25.201 25H19.201L19.2 34.999H25.2L25.201 25Z&quot; fill=&quot;#3C3C3C&quot;\/&gt;\n&lt;\/svg&gt;\"\r\n\r\n\t>\r\n\t<div class=\"listing-card-nl\">\r\n\t\t<!-- ===== LEFT: IMAGE SLIDER ===== -->\r\n\t\t<div class=\"listing-image-container-nl\">\r\n\t\t\t<a href=\"https:\/\/cparici.com\/fr\/annonce\/villa-ty-lann-doue-6-pers\/\">\r\n\t\t\t\t<div class=\"slider-wrapper-nl\">\r\n\t\t\t\t\t\t\t\t\t<img decoding=\"async\" src=\"https:\/\/cparici.com\/wp-content\/uploads\/2025\/01\/ty-lann-1-520x397.jpg\" alt=\"Villa Ty Lann Doue, 6 Pers\" class=\"slider-image-nl\">\r\n\t\t\t\t\t\t<img decoding=\"async\" src=\"https:\/\/cparici.com\/wp-content\/uploads\/2025\/01\/ty-lann-2-520x397.jpg\" alt=\"Villa Ty Lann Doue, 6 Pers\" class=\"slider-image-nl\">\r\n\t\t\t\t\t\t<img decoding=\"async\" src=\"https:\/\/cparici.com\/wp-content\/uploads\/2025\/01\/ty-lann-3-520x397.jpg\" alt=\"Villa Ty Lann Doue, 6 Pers\" class=\"slider-image-nl\">\r\n\t\t\t\t\t\t<\/div>\r\n\t\t\t<\/a>\r\n\r\n\t\t\t\t\t\t<div class=\"slider-arrow-nl left-nl\" id=\"prevBtn\"><i class=\"fa-solid fa-chevron-left\"><\/i><\/div>\r\n\t\t\t<div class=\"slider-arrow-nl right-nl\" id=\"nextBtn\"><i class=\"fa-solid fa-chevron-right\"><\/i><\/div>\r\n\t\t\t<div class=\"image-overlay-top-nl\">\r\n\r\n\t\t\t\t<span class=\"listing-category-tag-nl\">H\u00e9bergements<\/span>\t\t\t\t\r\n\t\t\t\t\t\t\t\t\t\t\t\t<div class=\"favorite-icon-nl\" id=\"favoriteBtn\">\r\n\t\t\t\t\t\t\t\t<span class=\"save fa-regular fa-heart tooltip left\" title=\"Connexion pour marquer des \u00e9l\u00e9ments\"><\/span>\r\n\t\t\t\t\t\t\t<\/div>\r\n\t\t\t\t\t\t\t\t\t\t\t\r\n\r\n\t\t\t\t\t\t\t<\/div>\r\n\t\t<\/div>\r\n\r\n\t\t<!-- ===== RIGHT: LISTING DETAILS (NOW 2-COLUMN) ===== -->\r\n\t\t<a href=\"https:\/\/cparici.com\/fr\/annonce\/villa-ty-lann-doue-6-pers\/\" class=\"listing-details-nl\">\r\n\r\n\t\t\t<!-- Main Content Column (Left) -->\r\n\t\t\t<div class=\"details-main-col-nl\">\r\n\t\t\t\t<div class=\"listing-badges-nl\">\r\n\t\t\t\t\t\t\t\t\t\t\t\t\t\t<\/div>\r\n\t\t\t\t<h2 class=\"listing-title-nl\">Villa Ty Lann Doue, 6 Pers\t\t\t\t\t<div class=\"listing-title-badges-nl\">\r\n\t\t\t\t\t\t\t\t\t\t\t\t\t\t\t\t\t<\/div>\r\n\t\t\t\t<\/h2>\r\n\t\t\t\t<p class=\"listing-location-nl\">Clohars-Carnoet Doelan<\/p>\r\n\r\n\t\t\t\t\t\t<div class=\"listing-features-nl\">\r\n\t\t\t\t\t\t\t\t\t\t\t\t<!-- Regular Field Template -->\r\n\t\t\t\t\t<div class=\"feature-tag-nl main-detail-_size\">\r\n\t\t\t\t\t\t<i class=\"fas fa-check\"><\/i>\r\n\t\t\t\t\t\t\t\t\t\t\t\t\t\t\t\t\t\t\t\t<span>150<\/span>\r\n\t\t\t\t\t\t\t\t\t\t\t\t<div class=\"tooltip-nl\">Size<\/div>\r\n\t\t\t\t\t<\/div>\r\n\t\t\t\t\t\t\t\t\t\t\t\t\t\t\t\t<!-- Regular Field Template -->\r\n\t\t\t\t\t<div class=\"feature-tag-nl main-detail-_guests\">\r\n\t\t\t\t\t\t<i class=\"fas fa-check\"><\/i>\r\n\t\t\t\t\t\t\t\t\t\t\t\t\t\t\t\t\t\t\t\t<span>6<\/span>\r\n\t\t\t\t\t\t\t\t\t\t\t\t<div class=\"tooltip-nl\">Guest(s)<\/div>\r\n\t\t\t\t\t<\/div>\r\n\t\t\t\t\t\t\t\t\t\t\t\t\t\t\t\t<!-- Regular Field Template -->\r\n\t\t\t\t\t<div class=\"feature-tag-nl main-detail-_number_of_bedrooms\">\r\n\t\t\t\t\t\t<i class=\"fas fa-check\"><\/i>\r\n\t\t\t\t\t\t\t\t\t\t\t\t\t\t\t\t\t\t\t\t<span>3<\/span>\r\n\t\t\t\t\t\t\t\t\t\t\t\t<div class=\"tooltip-nl\">Bedroom(s)<\/div>\r\n\t\t\t\t\t<\/div>\r\n\t\t\t\t\t\t\t\t\t\t<\/div>\r\n\r\n\t\t\t\t\t<div class=\"listing-amenities-nl\">\r\n\t\t\t\t\t\t\r\n\t\t\t\t\t<\/div>\r\n\t\t\t\t\t\t\t<\/div>\r\n\r\n\t\t\t<!-- Sidebar Column (Right) -->\r\n\t\t\t<div class=\"details-sidebar-col-nl\">\r\n\t\t\t\t<div class=\"details-sidebar-upper-nl\">\r\n\r\n\t\t\t\t\t\t\t\t\t<\/div>\r\n\t\t\t\t\r\n\r\n\t\t\t<\/div>\r\n\r\n\r\n\t\t<\/a>\r\n\t<\/div>\r\n<\/div>\r\n\r\n\r\n<!-- Listing Item \/ End --><!-- Listing Item -->\r\n\r\n\r\n<div  class=\"listing-card-container-nl margin-bottom-30 listing-geo-data\" \r\n\t\tdata-title=\"Le Tig\u00eete B&amp;B entr\u00e9e priv\u00e9e, petit d\u00e9jeuner, linge, m\u00e9nage inclus &#8211; 1 \u00e0 4pers &#8211; options d\u00eener\/brunch\/pique nique\/go\u00fbter\"\r\n\t\tdata-listing-type=\"rental\"\r\n\t\tdata-classifieds-price=\"&euro;\"\r\n\t\tdata-friendly-address=\"205 La ville Garel, 56350 Allaire, France\"\r\n\t\tdata-address=\"205 La ville Garel, 56350 Allaire, France\"\r\n\t\tdata-image=\"https:\/\/cparici.com\/wp-content\/uploads\/2026\/04\/1000031734-520x397.jpg\"\r\n\t\tdata-longitude=\"-2.1477306\"\r\n\t\tdata-latitude=\"47.6333833\"\r\n\t\t\t\t\tdata-rating=\"4.9\"\r\n\t\t\tdata-reviews=\"37\"\r\n\t\t\t\tdata-icon=\"&lt;svg xmlns=&quot;http:\/\/www.w3.org\/2000\/svg&quot; width=&quot;800px&quot; height=&quot;800px&quot; viewBox=&quot;0 0 45 45&quot; fill=&quot;none&quot;&gt;\n&lt;path d=&quot;M24.155 8.78099L24.33 8.94499L37.402 21.787L36 23.213L34.2 21.445L34.201 35C34.201 36.054 33.385 36.918 32.35 36.994L32.201 37H12.201C11.147 37 10.283 36.184 10.206 35.149L10.201 35L10.2 21.446L8.402 23.213L7 21.787L20.058 8.95799C21.171 7.82199 22.966 7.75899 24.155 8.78099ZM21.569 10.285L21.473 10.372L12.2 19.481L12.201 35L17.2 34.999L17.201 25C17.201 23.946 18.017 23.082 19.052 23.005L19.201 23H25.201C26.255 23 27.119 23.816 27.196 24.851L27.201 25L27.2 34.999L32.201 35L32.2 19.48L22.901 10.344C22.537 9.98699 21.969 9.96499 21.569 10.285ZM25.201 25H19.201L19.2 34.999H25.2L25.201 25Z&quot; fill=&quot;#3C3C3C&quot;\/&gt;\n&lt;\/svg&gt;\"\r\n\r\n\t>\r\n\t<div class=\"listing-card-nl\">\r\n\t\t<!-- ===== LEFT: IMAGE SLIDER ===== -->\r\n\t\t<div class=\"listing-image-container-nl\">\r\n\t\t\t<a href=\"https:\/\/cparici.com\/fr\/annonce\/le-tigite-bb-entree-privee-petit-dejeuner-linge-menage-inclus-1-a-4pers-options-diner-brunch-pique-nique-gouter\/\">\r\n\t\t\t\t<div class=\"slider-wrapper-nl\">\r\n\t\t\t\t\t\t\t\t\t<img decoding=\"async\" src=\"https:\/\/cparici.com\/wp-content\/uploads\/2026\/04\/1000031734-520x397.jpg\" alt=\"Le Tig\u00eete B&amp;B entr\u00e9e priv\u00e9e, petit d\u00e9jeuner, linge, m\u00e9nage inclus &#8211; 1 \u00e0 4pers &#8211; options d\u00eener\/brunch\/pique nique\/go\u00fbter\" class=\"slider-image-nl\">\r\n\t\t\t\t\t\t<img decoding=\"async\" src=\"https:\/\/cparici.com\/wp-content\/uploads\/2026\/04\/1-1-520x397.jpg\" alt=\"Le Tig\u00eete B&amp;B entr\u00e9e priv\u00e9e, petit d\u00e9jeuner, linge, m\u00e9nage inclus &#8211; 1 \u00e0 4pers &#8211; options d\u00eener\/brunch\/pique nique\/go\u00fbter\" class=\"slider-image-nl\">\r\n\t\t\t\t\t\t<img decoding=\"async\" src=\"https:\/\/cparici.com\/wp-content\/uploads\/2026\/04\/1-520x397.jpg\" alt=\"Le Tig\u00eete B&amp;B entr\u00e9e priv\u00e9e, petit d\u00e9jeuner, linge, m\u00e9nage inclus &#8211; 1 \u00e0 4pers &#8211; options d\u00eener\/brunch\/pique nique\/go\u00fbter\" class=\"slider-image-nl\">\r\n\t\t\t\t\t\t<\/div>\r\n\t\t\t<\/a>\r\n\r\n\t\t\t\t\t\t\t\t<div class=\"status-button-nl\">\r\n\t\t\t\t\t\tOuvert maintenant\t\t\t\t\t<\/div>\r\n\t\t\t\t\t\t\t<div class=\"slider-arrow-nl left-nl\" id=\"prevBtn\"><i class=\"fa-solid fa-chevron-left\"><\/i><\/div>\r\n\t\t\t<div class=\"slider-arrow-nl right-nl\" id=\"nextBtn\"><i class=\"fa-solid fa-chevron-right\"><\/i><\/div>\r\n\t\t\t<div class=\"image-overlay-top-nl\">\r\n\r\n\t\t\t\t<span class=\"listing-category-tag-nl\">H\u00e9bergements<\/span>\t\t\t\t\r\n\t\t\t\t\t\t\t\t\t\t\t\t<div class=\"favorite-icon-nl\" id=\"favoriteBtn\">\r\n\t\t\t\t\t\t\t\t<span class=\"save fa-regular fa-heart tooltip left\" title=\"Connexion pour marquer des \u00e9l\u00e9ments\"><\/span>\r\n\t\t\t\t\t\t\t<\/div>\r\n\t\t\t\t\t\t\t\t\t\t\t\r\n\r\n\t\t\t\t\t\t\t<\/div>\r\n\t\t<\/div>\r\n\r\n\t\t<!-- ===== RIGHT: LISTING DETAILS (NOW 2-COLUMN) ===== -->\r\n\t\t<a href=\"https:\/\/cparici.com\/fr\/annonce\/le-tigite-bb-entree-privee-petit-dejeuner-linge-menage-inclus-1-a-4pers-options-diner-brunch-pique-nique-gouter\/\" class=\"listing-details-nl\">\r\n\r\n\t\t\t<!-- Main Content Column (Left) -->\r\n\t\t\t<div class=\"details-main-col-nl\">\r\n\t\t\t\t<div class=\"listing-badges-nl\">\r\n\t\t\t\t\t\t\t\t\t\t\t\t\t\t<\/div>\r\n\t\t\t\t<h2 class=\"listing-title-nl\">Le Tig\u00eete B&amp;B entr\u00e9e priv\u00e9e, petit d\u00e9jeuner, linge, m\u00e9nage inclus &#8211; 1 \u00e0 4pers &#8211; options d\u00eener\/brunch\/pique nique\/go\u00fbter\t\t\t\t\t<div class=\"listing-title-badges-nl\">\r\n\t\t\t\t\t\t\t\t\t\t\t\t\t\t\t\t\t<\/div>\r\n\t\t\t\t<\/h2>\r\n\t\t\t\t<p class=\"listing-location-nl\">205 La ville Garel, 56350 Allaire, France<\/p>\r\n\r\n\t\t\t\t\r\n\t\t\t\t\t<div class=\"listing-amenities-nl\">\r\n\t\t\t\t\t\t\r\n\t\t\t\t\t<\/div>\r\n\t\t\t\t\t\t\t<\/div>\r\n\r\n\t\t\t<!-- Sidebar Column (Right) -->\r\n\t\t\t<div class=\"details-sidebar-col-nl\">\r\n\t\t\t\t<div class=\"details-sidebar-upper-nl\">\r\n\r\n\t\t\t\t\t\t\t\t\t\t\t\t<div class=\"listing-rating-nl\">\r\n\t\t\t\t\t\t\t\t<div class=\"stars-nl\" data-rating=\"4.9\">\r\n\r\n\t\t\t\t\t\t\t\t\t<div class=\"listing-rating-nl\">\n                      <div class=\"stars-nl\">\n                          <i class=\"fa-solid fa-star\"><\/i>\n                            <i class=\"fa-solid fa-star\"><\/i>\n                            <i class=\"fa-solid fa-star\"><\/i>\n                            <i class=\"fa-solid fa-star\"><\/i>\n                            <i class=\"fa-solid fa-star-half-stroke\"><\/i>\n                      <\/div>\n                       <div class=\"rating-text-nl\">4.9 <span>(37)<\/span><\/div><\/div> \t\t\t\t\t\t\t\t<\/div>\r\n\t\t\t\t\t\t\t<\/div>\r\n\t\t\t\t\t\t\t\t\t<\/div>\r\n\t\t\t\t\t\t\t\t\t\t<div class=\"listing-booking-nl\">\r\n\t\t\t\t\t\t\t<p class=\"price-nl\">70,00&euro; - 135,00&euro;<\/p>\r\n\t\t\t\t\t\t\t\t\t\t\t\t\t<\/div>\r\n\t\t\t\t\r\n\r\n\t\t\t<\/div>\r\n\r\n\r\n\t\t<\/a>\r\n\t<\/div>\r\n<\/div>\r\n\r\n\r\n<!-- Listing Item \/ End --><!-- Listing Item -->\r\n\r\n\r\n<div  class=\"listing-card-container-nl margin-bottom-30 listing-geo-data\" \r\n\t\tdata-title=\"Apero Boat\"\r\n\t\tdata-listing-type=\"service\"\r\n\t\tdata-classifieds-price=\"&euro;\"\r\n\t\tdata-friendly-address=\"\"\r\n\t\tdata-address=\"Inter-Croisi\u00e8res, chemin des gabariers Pont de, sireuil, Sireuil, France\"\r\n\t\tdata-image=\"https:\/\/cparici.com\/wp-content\/uploads\/2025\/05\/6-mai-Apero-boat-PAUL-GIRAUD-520x397.jpg\"\r\n\t\tdata-longitude=\"0.025009\"\r\n\t\tdata-latitude=\"45.605806\"\r\n\t\t\t\t\tdata-rating=\"4.5\"\r\n\t\t\tdata-reviews=\"121\"\r\n\t\t\t\tdata-icon=\"&lt;svg xmlns=&quot;http:\/\/www.w3.org\/2000\/svg&quot; xmlns:xlink=&quot;http:\/\/www.w3.org\/1999\/xlink&quot; fill=&quot;#000000&quot; width=&quot;800px&quot; height=&quot;800px&quot; viewBox=&quot;0 0 50 50&quot;&gt;&lt;path d=&quot;M24.982422 2 A 1.0001 1.0001 0 0 0 24.535156 2.1132812L3.5351562 13.113281 A 1.0001 1.0001 0 0 0 3 14L3 17 A 1.0001 1.0001 0 0 0 4 18L5 18L5 19.400391C5 20.612292 5.8642937 21.645028 7 21.921875L7 40.011719L4.0996094 40.011719L4.265625 40.025391C3.0336039 39.818002 2 40.874696 2 42.03125L2 44.779297C2 45.959462 2.9340538 47 4.0996094 47L45.800781 47C46.966337 47 47.900391 46.037413 47.900391 44.880859L47.900391 42.132812C47.900391 40.976259 46.966337 40.011719 45.800781 40.011719L43 40.011719L43 21.921875C44.135706 21.645028 45 20.612292 45 19.400391L45 18L46 18 A 1.0001 1.0001 0 0 0 47 17L47 14 A 1.0001 1.0001 0 0 0 46.464844 13.113281L25.464844 2.1132812 A 1.0001 1.0001 0 0 0 24.982422 2 z M 25 4.1308594L45 14.605469L45 16L44.167969 16 A 1.0001 1.0001 0 0 0 43.841797 16L34.154297 16 A 1.0001 1.0001 0 0 0 33.984375 15.986328 A 1.0001 1.0001 0 0 0 33.839844 16L30.167969 16 A 1.0001 1.0001 0 0 0 29.841797 16L20.154297 16 A 1.0001 1.0001 0 0 0 19.984375 15.986328 A 1.0001 1.0001 0 0 0 19.839844 16L16.167969 16 A 1.0001 1.0001 0 0 0 15.841797 16L6.1542969 16 A 1.0001 1.0001 0 0 0 5.984375 15.986328 A 1.0001 1.0001 0 0 0 5.8398438 16L5 16L5 14.605469L25 4.1308594 z M 7 18L15 18L15 19.400391C15 19.781872 14.781872 20 14.400391 20L7.5996094 20C7.2181279 20 7 19.781872 7 19.400391L7 18 z M 17 18L19 18L19 19.400391C19 20.612292 19.864294 21.645028 21 21.921875L21 40.011719L15 40.011719L15 21.921875C16.135706 21.645028 17 20.612292 17 19.400391L17 18 z M 21 18L29 18L29 19.400391C29 19.781872 28.781872 20 28.400391 20L21.599609 20C21.218128 20 21 19.781872 21 19.400391L21 18 z M 31 18L33 18L33 19.400391C33 20.612292 33.864294 21.645028 35 21.921875L35 40.011719L29 40.011719L29 21.921875C30.135706 21.645028 31 20.612292 31 19.400391L31 18 z M 35 18L43 18L43 19.400391C43 19.781872 42.781872 20 42.400391 20L35.599609 20C35.218128 20 35 19.781872 35 19.400391L35 18 z M 9 22L13 22L13 40L9 40L9 22 z M 23 22L27 22L27 40L23 40L23 22 z M 37 22L41 22L41 40L37 40L37 22 z M 3.984375 42.003906 A 1.0001 1.0001 0 0 0 4.0996094 42.011719L45.800781 42.011719C45.835221 42.011719 45.900391 42.067369 45.900391 42.132812L45.900391 44.880859C45.900391 44.946308 45.835226 45 45.800781 45L4.0996094 45C4.0651649 45 4 45.023132 4 44.779297L4 42.03125C4 42.008135 3.9913337 42.007741 3.984375 42.003906 z&quot;\/&gt;&lt;\/svg&gt;\"\r\n\r\n\t>\r\n\t<div class=\"listing-card-nl\">\r\n\t\t<!-- ===== LEFT: IMAGE SLIDER ===== -->\r\n\t\t<div class=\"listing-image-container-nl\">\r\n\t\t\t<a href=\"https:\/\/cparici.com\/fr\/annonce\/apero-boat\/\">\r\n\t\t\t\t<div class=\"slider-wrapper-nl\">\r\n\t\t\t\t\t\t\t\t\t<img decoding=\"async\" src=\"https:\/\/cparici.com\/wp-content\/uploads\/2025\/05\/6-mai-Apero-boat-PAUL-GIRAUD-520x397.jpg\" alt=\"Apero Boat\" class=\"slider-image-nl\">\r\n\t\t\t\t\t\t<img decoding=\"async\" src=\"https:\/\/cparici.com\/wp-content\/uploads\/2025\/05\/juin-bonneau-Apero-boat-520x397.jpg\" alt=\"Apero Boat\" class=\"slider-image-nl\">\r\n\t\t\t\t\t\t<img decoding=\"async\" src=\"https:\/\/cparici.com\/wp-content\/uploads\/2025\/05\/juin-dhiersat-Apero-boat-520x397.jpg\" alt=\"Apero Boat\" class=\"slider-image-nl\">\r\n\t\t\t\t\t\t<\/div>\r\n\t\t\t<\/a>\r\n\r\n\t\t\t\t\t\t\t\t<div class=\"status-button-nl closed-nl\">\r\n\t\t\t\t\t\tFerm\u00e9 maintenant\t\t\t\t\t<\/div>\r\n\t\t\t\t\t\t<div class=\"slider-arrow-nl left-nl\" id=\"prevBtn\"><i class=\"fa-solid fa-chevron-left\"><\/i><\/div>\r\n\t\t\t<div class=\"slider-arrow-nl right-nl\" id=\"nextBtn\"><i class=\"fa-solid fa-chevron-right\"><\/i><\/div>\r\n\t\t\t<div class=\"image-overlay-top-nl\">\r\n\r\n\t\t\t\t<span class=\"listing-category-tag-nl\">Visite &amp; D\u00e9couverte patrimoine<\/span>\t\t\t\t\r\n\t\t\t\t\t\t\t\t\t\t\t\t<div class=\"favorite-icon-nl\" id=\"favoriteBtn\">\r\n\t\t\t\t\t\t\t\t<span class=\"save fa-regular fa-heart tooltip left\" title=\"Connexion pour marquer des \u00e9l\u00e9ments\"><\/span>\r\n\t\t\t\t\t\t\t<\/div>\r\n\t\t\t\t\t\t\t\t\t\t\t\r\n\r\n\t\t\t\t\t\t\t<\/div>\r\n\t\t<\/div>\r\n\r\n\t\t<!-- ===== RIGHT: LISTING DETAILS (NOW 2-COLUMN) ===== -->\r\n\t\t<a href=\"https:\/\/cparici.com\/fr\/annonce\/apero-boat\/\" class=\"listing-details-nl\">\r\n\r\n\t\t\t<!-- Main Content Column (Left) -->\r\n\t\t\t<div class=\"details-main-col-nl\">\r\n\t\t\t\t<div class=\"listing-badges-nl\">\r\n\t\t\t\t\t\t\t\t\t\t<span class=\"badge-nl featured-nl\"><i class=\"fa-solid fa-star\"><\/i> En vedette<\/span>\t\t\t\t<\/div>\r\n\t\t\t\t<h2 class=\"listing-title-nl\">Apero Boat\t\t\t\t\t<div class=\"listing-title-badges-nl\">\r\n\t\t\t\t\t\t\t\t\t\t\t\t\t\t\t\t\t<\/div>\r\n\t\t\t\t<\/h2>\r\n\t\t\t\t<p class=\"listing-location-nl\">Inter-Croisi\u00e8res, chemin des gabariers Pont de, sireuil, Sireuil, France<\/p>\r\n\r\n\t\t\t\t\r\n\t\t\t\t\t<div class=\"listing-amenities-nl\">\r\n\t\t\t\t\t\t\r\n\t\t\t\t\t<\/div>\r\n\t\t\t\t\t\t\t<\/div>\r\n\r\n\t\t\t<!-- Sidebar Column (Right) -->\r\n\t\t\t<div class=\"details-sidebar-col-nl\">\r\n\t\t\t\t<div class=\"details-sidebar-upper-nl\">\r\n\r\n\t\t\t\t\t\t\t\t\t\t\t\t<div class=\"listing-rating-nl\">\r\n\t\t\t\t\t\t\t\t<div class=\"stars-nl\" data-rating=\"4.5\">\r\n\r\n\t\t\t\t\t\t\t\t\t<div class=\"listing-rating-nl\">\n                      <div class=\"stars-nl\">\n                          <i class=\"fa-solid fa-star\"><\/i>\n                            <i class=\"fa-solid fa-star\"><\/i>\n                            <i class=\"fa-solid fa-star\"><\/i>\n                            <i class=\"fa-solid fa-star\"><\/i>\n                            <i class=\"fa-solid fa-star-half-stroke\"><\/i>\n                      <\/div>\n                       <div class=\"rating-text-nl\">4.5 <span>(121)<\/span><\/div><\/div> \t\t\t\t\t\t\t\t<\/div>\r\n\t\t\t\t\t\t\t<\/div>\r\n\t\t\t\t\t\t\t\t\t<\/div>\r\n\t\t\t\t\t\t\t\t\t\t<div class=\"listing-booking-nl\">\r\n\t\t\t\t\t\t\t<p class=\"price-nl\">90,00&euro; - 90,00&euro;<\/p>\r\n\t\t\t\t\t\t\t\t\t\t\t\t\t<\/div>\r\n\t\t\t\t\r\n\r\n\t\t\t<\/div>\r\n\r\n\r\n\t\t<\/a>\r\n\t<\/div>\r\n<\/div>\r\n\r\n\r\n<!-- Listing Item \/ End --><!-- Listing Item -->\r\n\r\n\r\n<div  class=\"listing-card-container-nl margin-bottom-30 listing-geo-data\" \r\n\t\tdata-title=\"gite de vacances 10 personnes\"\r\n\t\tdata-listing-type=\"rental\"\r\n\t\tdata-classifieds-price=\"&euro;\"\r\n\t\tdata-friendly-address=\"17250 sainte radegonde\"\r\n\t\tdata-address=\"17250 sainte radegonde\"\r\n\t\tdata-image=\"https:\/\/cparici.com\/wp-content\/uploads\/2026\/02\/IMG_2737-520x397.jpg\"\r\n\t\tdata-longitude=\"-0.8767203\"\r\n\t\tdata-latitude=\"45.8631053\"\r\n\t\t\t\t\tdata-rating=\"0\"\r\n\t\t\tdata-reviews=\"0\"\r\n\t\t\t\tdata-icon=\"&lt;svg xmlns=&quot;http:\/\/www.w3.org\/2000\/svg&quot; width=&quot;800px&quot; height=&quot;800px&quot; viewBox=&quot;0 0 45 45&quot; fill=&quot;none&quot;&gt;\n&lt;path d=&quot;M24.155 8.78099L24.33 8.94499L37.402 21.787L36 23.213L34.2 21.445L34.201 35C34.201 36.054 33.385 36.918 32.35 36.994L32.201 37H12.201C11.147 37 10.283 36.184 10.206 35.149L10.201 35L10.2 21.446L8.402 23.213L7 21.787L20.058 8.95799C21.171 7.82199 22.966 7.75899 24.155 8.78099ZM21.569 10.285L21.473 10.372L12.2 19.481L12.201 35L17.2 34.999L17.201 25C17.201 23.946 18.017 23.082 19.052 23.005L19.201 23H25.201C26.255 23 27.119 23.816 27.196 24.851L27.201 25L27.2 34.999L32.201 35L32.2 19.48L22.901 10.344C22.537 9.98699 21.969 9.96499 21.569 10.285ZM25.201 25H19.201L19.2 34.999H25.2L25.201 25Z&quot; fill=&quot;#3C3C3C&quot;\/&gt;\n&lt;\/svg&gt;\"\r\n\r\n\t>\r\n\t<div class=\"listing-card-nl\">\r\n\t\t<!-- ===== LEFT: IMAGE SLIDER ===== -->\r\n\t\t<div class=\"listing-image-container-nl\">\r\n\t\t\t<a href=\"https:\/\/cparici.com\/fr\/annonce\/gite-de-vacances-10-personnes\/\">\r\n\t\t\t\t<div class=\"slider-wrapper-nl\">\r\n\t\t\t\t\t\t\t\t\t<img decoding=\"async\" src=\"https:\/\/cparici.com\/wp-content\/uploads\/2026\/02\/IMG_2737-520x397.jpg\" alt=\"gite de vacances 10 personnes\" class=\"slider-image-nl\">\r\n\t\t\t\t\t\t<img decoding=\"async\" src=\"https:\/\/cparici.com\/wp-content\/uploads\/2026\/02\/IMG_2736-520x397.jpg\" alt=\"gite de vacances 10 personnes\" class=\"slider-image-nl\">\r\n\t\t\t\t\t\t<img decoding=\"async\" src=\"https:\/\/cparici.com\/wp-content\/uploads\/2026\/02\/IMG_2732-520x397.jpg\" alt=\"gite de vacances 10 personnes\" class=\"slider-image-nl\">\r\n\t\t\t\t\t\t<\/div>\r\n\t\t\t<\/a>\r\n\r\n\t\t\t\t\t\t<div class=\"slider-arrow-nl left-nl\" id=\"prevBtn\"><i class=\"fa-solid fa-chevron-left\"><\/i><\/div>\r\n\t\t\t<div class=\"slider-arrow-nl right-nl\" id=\"nextBtn\"><i class=\"fa-solid fa-chevron-right\"><\/i><\/div>\r\n\t\t\t<div class=\"image-overlay-top-nl\">\r\n\r\n\t\t\t\t<span class=\"listing-category-tag-nl\">H\u00e9bergements<\/span>\t\t\t\t\r\n\t\t\t\t\t\t\t\t\t\t\t\t<div class=\"favorite-icon-nl\" id=\"favoriteBtn\">\r\n\t\t\t\t\t\t\t\t<span class=\"save fa-regular fa-heart tooltip left\" title=\"Connexion pour marquer des \u00e9l\u00e9ments\"><\/span>\r\n\t\t\t\t\t\t\t<\/div>\r\n\t\t\t\t\t\t\t\t\t\t\t\r\n\r\n\t\t\t\t\t\t\t<\/div>\r\n\t\t<\/div>\r\n\r\n\t\t<!-- ===== RIGHT: LISTING DETAILS (NOW 2-COLUMN) ===== -->\r\n\t\t<a href=\"https:\/\/cparici.com\/fr\/annonce\/gite-de-vacances-10-personnes\/\" class=\"listing-details-nl\">\r\n\r\n\t\t\t<!-- Main Content Column (Left) -->\r\n\t\t\t<div class=\"details-main-col-nl\">\r\n\t\t\t\t<div class=\"listing-badges-nl\">\r\n\t\t\t\t\t\t\t\t\t\t<span class=\"badge-nl featured-nl\"><i class=\"fa-solid fa-star\"><\/i> En vedette<\/span>\t\t\t\t<\/div>\r\n\t\t\t\t<h2 class=\"listing-title-nl\">gite de vacances 10 personnes\t\t\t\t\t<div class=\"listing-title-badges-nl\">\r\n\t\t\t\t\t\t\t\t\t\t\t\t\t\t\t\t\t<\/div>\r\n\t\t\t\t<\/h2>\r\n\t\t\t\t<p class=\"listing-location-nl\">17250 sainte radegonde<\/p>\r\n\r\n\t\t\t\t\r\n\t\t\t\t\t<div class=\"listing-amenities-nl\">\r\n\t\t\t\t\t\t\r\n\t\t\t\t\t<\/div>\r\n\t\t\t\t\t\t\t<\/div>\r\n\r\n\t\t\t<!-- Sidebar Column (Right) -->\r\n\t\t\t<div class=\"details-sidebar-col-nl\">\r\n\t\t\t\t<div class=\"details-sidebar-upper-nl\">\r\n\r\n\t\t\t\t\t\t\t\t\t<\/div>\r\n\t\t\t\t\t\t\t\t\t\t<div class=\"listing-booking-nl\">\r\n\t\t\t\t\t\t\t<p class=\"price-nl\">172,00&euro; - 272,00&euro;<\/p>\r\n\t\t\t\t\t\t\t\t\t\t\t\t\t<\/div>\r\n\t\t\t\t\r\n\r\n\t\t\t<\/div>\r\n\r\n\r\n\t\t<\/a>\r\n\t<\/div>\r\n<\/div>\r\n\r\n\r\n<!-- Listing Item \/ End --><!-- Listing Item -->\r\n\r\n\r\n<div  class=\"listing-card-container-nl margin-bottom-30 listing-geo-data\" \r\n\t\tdata-title=\"Appart T2 Porto Vecchio, 2-4 Pers\"\r\n\t\tdata-listing-type=\"rental\"\r\n\t\tdata-classifieds-price=\"&euro;\"\r\n\t\tdata-friendly-address=\"Porto Vecchio\"\r\n\t\tdata-address=\"Porto Vecchio\"\r\n\t\tdata-image=\"https:\/\/cparici.com\/wp-content\/uploads\/2026\/01\/19e603_a9bb564b80cf41dfb17adb48d53027cbmv2-520x397.avif\"\r\n\t\tdata-longitude=\"9.2828585\"\r\n\t\tdata-latitude=\"41.5836949\"\r\n\t\t\t\t\tdata-rating=\"0\"\r\n\t\t\tdata-reviews=\"0\"\r\n\t\t\t\tdata-icon=\"&lt;svg xmlns=&quot;http:\/\/www.w3.org\/2000\/svg&quot; width=&quot;800px&quot; height=&quot;800px&quot; viewBox=&quot;0 0 45 45&quot; fill=&quot;none&quot;&gt;\n&lt;path d=&quot;M24.155 8.78099L24.33 8.94499L37.402 21.787L36 23.213L34.2 21.445L34.201 35C34.201 36.054 33.385 36.918 32.35 36.994L32.201 37H12.201C11.147 37 10.283 36.184 10.206 35.149L10.201 35L10.2 21.446L8.402 23.213L7 21.787L20.058 8.95799C21.171 7.82199 22.966 7.75899 24.155 8.78099ZM21.569 10.285L21.473 10.372L12.2 19.481L12.201 35L17.2 34.999L17.201 25C17.201 23.946 18.017 23.082 19.052 23.005L19.201 23H25.201C26.255 23 27.119 23.816 27.196 24.851L27.201 25L27.2 34.999L32.201 35L32.2 19.48L22.901 10.344C22.537 9.98699 21.969 9.96499 21.569 10.285ZM25.201 25H19.201L19.2 34.999H25.2L25.201 25Z&quot; fill=&quot;#3C3C3C&quot;\/&gt;\n&lt;\/svg&gt;\"\r\n\r\n\t>\r\n\t<div class=\"listing-card-nl\">\r\n\t\t<!-- ===== LEFT: IMAGE SLIDER ===== -->\r\n\t\t<div class=\"listing-image-container-nl\">\r\n\t\t\t<a href=\"https:\/\/cparici.com\/fr\/annonce\/appart-t2-porto-vecchio-2-4-pers\/\">\r\n\t\t\t\t<div class=\"slider-wrapper-nl\">\r\n\t\t\t\t\t\t\t\t\t<img decoding=\"async\" src=\"https:\/\/cparici.com\/wp-content\/uploads\/2026\/01\/19e603_a9bb564b80cf41dfb17adb48d53027cbmv2-520x397.avif\" alt=\"Appart T2 Porto Vecchio, 2-4 Pers\" class=\"slider-image-nl\">\r\n\t\t\t\t\t\t<img decoding=\"async\" src=\"https:\/\/cparici.com\/wp-content\/uploads\/2026\/01\/19e603_375330018cad45779b1731db77a09dafmv2-520x397.avif\" alt=\"Appart T2 Porto Vecchio, 2-4 Pers\" class=\"slider-image-nl\">\r\n\t\t\t\t\t\t<img decoding=\"async\" src=\"https:\/\/cparici.com\/wp-content\/uploads\/2026\/01\/IMG-20260130-WA0056-520x397.jpg\" alt=\"Appart T2 Porto Vecchio, 2-4 Pers\" class=\"slider-image-nl\">\r\n\t\t\t\t\t\t<\/div>\r\n\t\t\t<\/a>\r\n\r\n\t\t\t\t\t\t<div class=\"slider-arrow-nl left-nl\" id=\"prevBtn\"><i class=\"fa-solid fa-chevron-left\"><\/i><\/div>\r\n\t\t\t<div class=\"slider-arrow-nl right-nl\" id=\"nextBtn\"><i class=\"fa-solid fa-chevron-right\"><\/i><\/div>\r\n\t\t\t<div class=\"image-overlay-top-nl\">\r\n\r\n\t\t\t\t<span class=\"listing-category-tag-nl\">H\u00e9bergements<\/span>\t\t\t\t\r\n\t\t\t\t\t\t\t\t\t\t\t\t<div class=\"favorite-icon-nl\" id=\"favoriteBtn\">\r\n\t\t\t\t\t\t\t\t<span class=\"save fa-regular fa-heart tooltip left\" title=\"Connexion pour marquer des \u00e9l\u00e9ments\"><\/span>\r\n\t\t\t\t\t\t\t<\/div>\r\n\t\t\t\t\t\t\t\t\t\t\t\r\n\r\n\t\t\t\t\t\t\t<\/div>\r\n\t\t<\/div>\r\n\r\n\t\t<!-- ===== RIGHT: LISTING DETAILS (NOW 2-COLUMN) ===== -->\r\n\t\t<a href=\"https:\/\/cparici.com\/fr\/annonce\/appart-t2-porto-vecchio-2-4-pers\/\" class=\"listing-details-nl\">\r\n\r\n\t\t\t<!-- Main Content Column (Left) -->\r\n\t\t\t<div class=\"details-main-col-nl\">\r\n\t\t\t\t<div class=\"listing-badges-nl\">\r\n\t\t\t\t\t\t\t\t\t\t<span class=\"badge-nl featured-nl\"><i class=\"fa-solid fa-star\"><\/i> En vedette<\/span>\t\t\t\t<\/div>\r\n\t\t\t\t<h2 class=\"listing-title-nl\">Appart T2 Porto Vecchio, 2-4 Pers\t\t\t\t\t<div class=\"listing-title-badges-nl\">\r\n\t\t\t\t\t\t\t\t\t\t\t\t\t\t\t\t\t<\/div>\r\n\t\t\t\t<\/h2>\r\n\t\t\t\t<p class=\"listing-location-nl\">Porto Vecchio<\/p>\r\n\r\n\t\t\t\t\r\n\t\t\t\t\t<div class=\"listing-amenities-nl\">\r\n\t\t\t\t\t\t\r\n\t\t\t\t\t<\/div>\r\n\t\t\t\t\t\t\t<\/div>\r\n\r\n\t\t\t<!-- Sidebar Column (Right) -->\r\n\t\t\t<div class=\"details-sidebar-col-nl\">\r\n\t\t\t\t<div class=\"details-sidebar-upper-nl\">\r\n\r\n\t\t\t\t\t\t\t\t\t<\/div>\r\n\t\t\t\t\t\t\t\t\t\t<div class=\"listing-booking-nl\">\r\n\t\t\t\t\t\t\t<p class=\"price-nl\">99,00&euro; - 250,00&euro;<\/p>\r\n\t\t\t\t\t\t\t\t\t\t\t\t\t<\/div>\r\n\t\t\t\t\r\n\r\n\t\t\t<\/div>\r\n\r\n\r\n\t\t<\/a>\r\n\t<\/div>\r\n<\/div>\r\n\r\n\r\n<!-- Listing Item \/ End --><!-- Listing Item -->\r\n\r\n\r\n<div  class=\"listing-card-container-nl margin-bottom-30 listing-geo-data\" \r\n\t\tdata-title=\"VIKI-Thalasso, 2-4 Pers\"\r\n\t\tdata-listing-type=\"rental\"\r\n\t\tdata-classifieds-price=\"&euro;\"\r\n\t\tdata-friendly-address=\"Les Sables Blancs\"\r\n\t\tdata-address=\"Les Sables Blancs\"\r\n\t\tdata-image=\"https:\/\/cparici.com\/wp-content\/uploads\/2025\/01\/Viki-1-520x397.jpg\"\r\n\t\tdata-longitude=\"-3.9305571\"\r\n\t\tdata-latitude=\"47.8807434\"\r\n\t\t\t\t\tdata-rating=\"0\"\r\n\t\t\tdata-reviews=\"0\"\r\n\t\t\t\tdata-icon=\"&lt;svg xmlns=&quot;http:\/\/www.w3.org\/2000\/svg&quot; width=&quot;800px&quot; height=&quot;800px&quot; viewBox=&quot;0 0 45 45&quot; fill=&quot;none&quot;&gt;\n&lt;path d=&quot;M24.155 8.78099L24.33 8.94499L37.402 21.787L36 23.213L34.2 21.445L34.201 35C34.201 36.054 33.385 36.918 32.35 36.994L32.201 37H12.201C11.147 37 10.283 36.184 10.206 35.149L10.201 35L10.2 21.446L8.402 23.213L7 21.787L20.058 8.95799C21.171 7.82199 22.966 7.75899 24.155 8.78099ZM21.569 10.285L21.473 10.372L12.2 19.481L12.201 35L17.2 34.999L17.201 25C17.201 23.946 18.017 23.082 19.052 23.005L19.201 23H25.201C26.255 23 27.119 23.816 27.196 24.851L27.201 25L27.2 34.999L32.201 35L32.2 19.48L22.901 10.344C22.537 9.98699 21.969 9.96499 21.569 10.285ZM25.201 25H19.201L19.2 34.999H25.2L25.201 25Z&quot; fill=&quot;#3C3C3C&quot;\/&gt;\n&lt;\/svg&gt;\"\r\n\r\n\t>\r\n\t<div class=\"listing-card-nl\">\r\n\t\t<!-- ===== LEFT: IMAGE SLIDER ===== -->\r\n\t\t<div class=\"listing-image-container-nl\">\r\n\t\t\t<a href=\"https:\/\/cparici.com\/fr\/annonce\/viki-thalasso-2-4-pers\/\">\r\n\t\t\t\t<div class=\"slider-wrapper-nl\">\r\n\t\t\t\t\t\t\t\t\t<img decoding=\"async\" src=\"https:\/\/cparici.com\/wp-content\/uploads\/2025\/01\/Viki-1-520x397.jpg\" alt=\"VIKI-Thalasso, 2-4 Pers\" class=\"slider-image-nl\">\r\n\t\t\t\t\t\t<img decoding=\"async\" src=\"https:\/\/cparici.com\/wp-content\/uploads\/2025\/01\/Viki-2-520x397.jpg\" alt=\"VIKI-Thalasso, 2-4 Pers\" class=\"slider-image-nl\">\r\n\t\t\t\t\t\t<img decoding=\"async\" src=\"https:\/\/cparici.com\/wp-content\/uploads\/2025\/01\/Viki-3-520x397.jpg\" alt=\"VIKI-Thalasso, 2-4 Pers\" class=\"slider-image-nl\">\r\n\t\t\t\t\t\t<\/div>\r\n\t\t\t<\/a>\r\n\r\n\t\t\t\t\t\t<div class=\"slider-arrow-nl left-nl\" id=\"prevBtn\"><i class=\"fa-solid fa-chevron-left\"><\/i><\/div>\r\n\t\t\t<div class=\"slider-arrow-nl right-nl\" id=\"nextBtn\"><i class=\"fa-solid fa-chevron-right\"><\/i><\/div>\r\n\t\t\t<div class=\"image-overlay-top-nl\">\r\n\r\n\t\t\t\t<span class=\"listing-category-tag-nl\">H\u00e9bergements<\/span>\t\t\t\t\r\n\t\t\t\t\t\t\t\t\t\t\t\t<div class=\"favorite-icon-nl\" id=\"favoriteBtn\">\r\n\t\t\t\t\t\t\t\t<span class=\"save fa-regular fa-heart tooltip left\" title=\"Connexion pour marquer des \u00e9l\u00e9ments\"><\/span>\r\n\t\t\t\t\t\t\t<\/div>\r\n\t\t\t\t\t\t\t\t\t\t\t\r\n\r\n\t\t\t\t\t\t\t<\/div>\r\n\t\t<\/div>\r\n\r\n\t\t<!-- ===== RIGHT: LISTING DETAILS (NOW 2-COLUMN) ===== -->\r\n\t\t<a href=\"https:\/\/cparici.com\/fr\/annonce\/viki-thalasso-2-4-pers\/\" class=\"listing-details-nl\">\r\n\r\n\t\t\t<!-- Main Content Column (Left) -->\r\n\t\t\t<div class=\"details-main-col-nl\">\r\n\t\t\t\t<div class=\"listing-badges-nl\">\r\n\t\t\t\t\t\t\t\t\t\t\t\t\t\t<\/div>\r\n\t\t\t\t<h2 class=\"listing-title-nl\">VIKI-Thalasso, 2-4 Pers\t\t\t\t\t<div class=\"listing-title-badges-nl\">\r\n\t\t\t\t\t\t\t\t\t\t\t\t\t\t\t\t\t<\/div>\r\n\t\t\t\t<\/h2>\r\n\t\t\t\t<p class=\"listing-location-nl\">Les Sables Blancs<\/p>\r\n\r\n\t\t\t\t\t\t<div class=\"listing-features-nl\">\r\n\t\t\t\t\t\t\t\t\t\t\t\t<!-- Regular Field Template -->\r\n\t\t\t\t\t<div class=\"feature-tag-nl main-detail-_size\">\r\n\t\t\t\t\t\t<i class=\"fas fa-check\"><\/i>\r\n\t\t\t\t\t\t\t\t\t\t\t\t\t\t\t\t\t\t\t\t<span>45<\/span>\r\n\t\t\t\t\t\t\t\t\t\t\t\t<div class=\"tooltip-nl\">Size<\/div>\r\n\t\t\t\t\t<\/div>\r\n\t\t\t\t\t\t\t\t\t\t\t\t\t\t\t\t<!-- Regular Field Template -->\r\n\t\t\t\t\t<div class=\"feature-tag-nl main-detail-_guests\">\r\n\t\t\t\t\t\t<i class=\"fas fa-check\"><\/i>\r\n\t\t\t\t\t\t\t\t\t\t\t\t\t\t\t\t\t\t\t\t<span>4<\/span>\r\n\t\t\t\t\t\t\t\t\t\t\t\t<div class=\"tooltip-nl\">Guest(s)<\/div>\r\n\t\t\t\t\t<\/div>\r\n\t\t\t\t\t\t\t\t\t\t\t\t\t\t\t\t<!-- Regular Field Template -->\r\n\t\t\t\t\t<div class=\"feature-tag-nl main-detail-_number_of_bedrooms\">\r\n\t\t\t\t\t\t<i class=\"fas fa-check\"><\/i>\r\n\t\t\t\t\t\t\t\t\t\t\t\t\t\t\t\t\t\t\t\t<span>1<\/span>\r\n\t\t\t\t\t\t\t\t\t\t\t\t<div class=\"tooltip-nl\">Bedroom(s)<\/div>\r\n\t\t\t\t\t<\/div>\r\n\t\t\t\t\t\t\t\t\t\t<\/div>\r\n\r\n\t\t\t\t\t<div class=\"listing-amenities-nl\">\r\n\t\t\t\t\t\t\r\n\t\t\t\t\t<\/div>\r\n\t\t\t\t\t\t\t<\/div>\r\n\r\n\t\t\t<!-- Sidebar Column (Right) -->\r\n\t\t\t<div class=\"details-sidebar-col-nl\">\r\n\t\t\t\t<div class=\"details-sidebar-upper-nl\">\r\n\r\n\t\t\t\t\t\t\t\t\t<\/div>\r\n\t\t\t\t\t\t\t\t\t\t<div class=\"listing-booking-nl\">\r\n\t\t\t\t\t\t\t<p class=\"price-nl\">Commence \u00e0 partir de 97,00&euro;<\/p>\r\n\t\t\t\t\t\t\t\t\t\t\t\t\t<\/div>\r\n\t\t\t\t\r\n\r\n\t\t\t<\/div>\r\n\r\n\r\n\t\t<\/a>\r\n\t<\/div>\r\n<\/div>\r\n\r\n\r\n<!-- Listing Item \/ End --><!-- Listing Item -->\r\n\r\n\r\n<div  class=\"listing-card-container-nl margin-bottom-30 listing-geo-data\" \r\n\t\tdata-title=\"MAISON D&#8217;H\u00d4TES LA CHABANAISE &#8211; MARAIS POITEVIN\"\r\n\t\tdata-listing-type=\"rental\"\r\n\t\tdata-classifieds-price=\"&euro;\"\r\n\t\tdata-friendly-address=\"2 rue des vieux moulins\"\r\n\t\tdata-address=\"2 rue des vieux moulins\"\r\n\t\tdata-image=\"https:\/\/cparici.com\/wp-content\/uploads\/2026\/03\/vd40xpnh7r5l1ttmjigf-520x397.jpeg\"\r\n\t\tdata-longitude=\"-0.7070347\"\r\n\t\tdata-latitude=\"46.2158776\"\r\n\t\t\t\t\tdata-rating=\"0\"\r\n\t\t\tdata-reviews=\"0\"\r\n\t\t\t\tdata-icon=\"&lt;svg xmlns=&quot;http:\/\/www.w3.org\/2000\/svg&quot; width=&quot;800px&quot; height=&quot;800px&quot; viewBox=&quot;0 0 45 45&quot; fill=&quot;none&quot;&gt;\n&lt;path d=&quot;M24.155 8.78099L24.33 8.94499L37.402 21.787L36 23.213L34.2 21.445L34.201 35C34.201 36.054 33.385 36.918 32.35 36.994L32.201 37H12.201C11.147 37 10.283 36.184 10.206 35.149L10.201 35L10.2 21.446L8.402 23.213L7 21.787L20.058 8.95799C21.171 7.82199 22.966 7.75899 24.155 8.78099ZM21.569 10.285L21.473 10.372L12.2 19.481L12.201 35L17.2 34.999L17.201 25C17.201 23.946 18.017 23.082 19.052 23.005L19.201 23H25.201C26.255 23 27.119 23.816 27.196 24.851L27.201 25L27.2 34.999L32.201 35L32.2 19.48L22.901 10.344C22.537 9.98699 21.969 9.96499 21.569 10.285ZM25.201 25H19.201L19.2 34.999H25.2L25.201 25Z&quot; fill=&quot;#3C3C3C&quot;\/&gt;\n&lt;\/svg&gt;\"\r\n\r\n\t>\r\n\t<div class=\"listing-card-nl\">\r\n\t\t<!-- ===== LEFT: IMAGE SLIDER ===== -->\r\n\t\t<div class=\"listing-image-container-nl\">\r\n\t\t\t<a href=\"https:\/\/cparici.com\/fr\/annonce\/maison-dhotes-la-chabanaise-marais-poitevin-2\/\">\r\n\t\t\t\t<div class=\"slider-wrapper-nl\">\r\n\t\t\t\t\t\t\t\t\t<img decoding=\"async\" src=\"https:\/\/cparici.com\/wp-content\/uploads\/2026\/03\/vd40xpnh7r5l1ttmjigf-520x397.jpeg\" alt=\"MAISON D&#8217;H\u00d4TES LA CHABANAISE &#8211; MARAIS POITEVIN\" class=\"slider-image-nl\">\r\n\t\t\t\t\t\t<img decoding=\"async\" src=\"https:\/\/cparici.com\/wp-content\/uploads\/2026\/03\/MAISON-ARRIERE-520x397.jpg\" alt=\"MAISON D&#8217;H\u00d4TES LA CHABANAISE &#8211; MARAIS POITEVIN\" class=\"slider-image-nl\">\r\n\t\t\t\t\t\t<img decoding=\"async\" src=\"https:\/\/cparici.com\/wp-content\/uploads\/2026\/03\/IMG_5100-520x397.jpeg\" alt=\"MAISON D&#8217;H\u00d4TES LA CHABANAISE &#8211; MARAIS POITEVIN\" class=\"slider-image-nl\">\r\n\t\t\t\t\t\t<\/div>\r\n\t\t\t<\/a>\r\n\r\n\t\t\t\t\t\t<div class=\"slider-arrow-nl left-nl\" id=\"prevBtn\"><i class=\"fa-solid fa-chevron-left\"><\/i><\/div>\r\n\t\t\t<div class=\"slider-arrow-nl right-nl\" id=\"nextBtn\"><i class=\"fa-solid fa-chevron-right\"><\/i><\/div>\r\n\t\t\t<div class=\"image-overlay-top-nl\">\r\n\r\n\t\t\t\t<span class=\"listing-category-tag-nl\">H\u00e9bergements<\/span>\t\t\t\t\r\n\t\t\t\t\t\t\t\t\t\t\t\t<div class=\"favorite-icon-nl\" id=\"favoriteBtn\">\r\n\t\t\t\t\t\t\t\t<span class=\"save fa-regular fa-heart tooltip left\" title=\"Connexion pour marquer des \u00e9l\u00e9ments\"><\/span>\r\n\t\t\t\t\t\t\t<\/div>\r\n\t\t\t\t\t\t\t\t\t\t\t\r\n\r\n\t\t\t\t\t\t\t<\/div>\r\n\t\t<\/div>\r\n\r\n\t\t<!-- ===== RIGHT: LISTING DETAILS (NOW 2-COLUMN) ===== -->\r\n\t\t<a href=\"https:\/\/cparici.com\/fr\/annonce\/maison-dhotes-la-chabanaise-marais-poitevin-2\/\" class=\"listing-details-nl\">\r\n\r\n\t\t\t<!-- Main Content Column (Left) -->\r\n\t\t\t<div class=\"details-main-col-nl\">\r\n\t\t\t\t<div class=\"listing-badges-nl\">\r\n\t\t\t\t\t\t\t\t\t\t\t\t\t\t<\/div>\r\n\t\t\t\t<h2 class=\"listing-title-nl\">MAISON D&#8217;H\u00d4TES LA CHABANAISE &#8211; MARAIS POITEVIN\t\t\t\t\t<div class=\"listing-title-badges-nl\">\r\n\t\t\t\t\t\t\t\t\t\t\t\t\t\t\t\t\t<\/div>\r\n\t\t\t\t<\/h2>\r\n\t\t\t\t<p class=\"listing-location-nl\">2 rue des vieux moulins<\/p>\r\n\r\n\t\t\t\t\r\n\t\t\t\t\t<div class=\"listing-amenities-nl\">\r\n\t\t\t\t\t\t<div class=\"amenity-icon-nl\"><i class=\"fas fa-car\"><\/i> <span class=\"tooltip-nl\">Borne recharge rapide<\/span><\/div>\r\n\t\t\t\t\t<\/div>\r\n\t\t\t\t\t\t\t<\/div>\r\n\r\n\t\t\t<!-- Sidebar Column (Right) -->\r\n\t\t\t<div class=\"details-sidebar-col-nl\">\r\n\t\t\t\t<div class=\"details-sidebar-upper-nl\">\r\n\r\n\t\t\t\t\t\t\t\t\t<\/div>\r\n\t\t\t\t\t\t\t\t\t\t<div class=\"listing-booking-nl\">\r\n\t\t\t\t\t\t\t<p class=\"price-nl\">81,00&euro; - 90,00&euro;<\/p>\r\n\t\t\t\t\t\t\t\t\t\t\t\t\t<\/div>\r\n\t\t\t\t\r\n\r\n\t\t\t<\/div>\r\n\r\n\r\n\t\t<\/a>\r\n\t<\/div>\r\n<\/div>\r\n\r\n\r\n<!-- Listing Item \/ End -->\t\t\t<\/div>\r\n\t\t\t\t\t\t\t<div class=\"pagination-container margin-top-20 margin-bottom-20 ajax-search\">\r\n\t\t\t\t\t\t\t\t\t<\/div>\r\n\t\t\t\t\t\t\n","protected":false},"excerpt":{"rendered":"","protected":false},"author":4,"featured_media":0,"parent":0,"menu_order":0,"comment_status":"closed","ping_status":"closed","template":"template-split-map.php","meta":{"ngg_post_thumbnail":0,"footnotes":""},"class_list":["post-76684","page","type-page","status-publish","hentry"],"_links":{"self":[{"href":"https:\/\/cparici.com\/fr\/wp-json\/wp\/v2\/pages\/76684","targetHints":{"allow":["GET"]}}],"collection":[{"href":"https:\/\/cparici.com\/fr\/wp-json\/wp\/v2\/pages"}],"about":[{"href":"https:\/\/cparici.com\/fr\/wp-json\/wp\/v2\/types\/page"}],"author":[{"embeddable":true,"href":"https:\/\/cparici.com\/fr\/wp-json\/wp\/v2\/users\/4"}],"replies":[{"embeddable":true,"href":"https:\/\/cparici.com\/fr\/wp-json\/wp\/v2\/comments?post=76684"}],"version-history":[{"count":0,"href":"https:\/\/cparici.com\/fr\/wp-json\/wp\/v2\/pages\/76684\/revisions"}],"wp:attachment":[{"href":"https:\/\/cparici.com\/fr\/wp-json\/wp\/v2\/media?parent=76684"}],"curies":[{"name":"wp","href":"https:\/\/api.w.org\/{rel}","templated":true}]}}